{"id":15749,"date":"2023-07-15T07:42:45","date_gmt":"2023-07-15T07:42:45","guid":{"rendered":"https:\/\/www.ticketswhales.com\/los-haitises-national-park-tour-from-las-terrenas-samana-half-day-trip\/"},"modified":"2023-07-15T07:42:45","modified_gmt":"2023-07-15T07:42:45","slug":"los-haitises-national-park-tour-from-las-terrenas-samana-half-day-trip","status":"publish","type":"page","link":"https:\/\/www.boattoursamana.com\/ca\/excursio-parc-nacional-los-haitises-des-de-las-terrenas-samana-via-de-mig-dia-2","title":{"rendered":"Excursi\u00f3 al Parc Nacional Los Haitises des de Las Terrenas, Saman\u00e1. Excursi\u00f3 de mig dia."},"content":{"rendered":"<p><span style=\"vertical-align: inherit;\"><span style=\"vertical-align: inherit;\">Esta excursi\u00f3 des de Las Terrenas al Parque Nacional Los Haitises incluye Almuerzo y Transporte para una visita a las 3 cuevas principales, una exploraci\u00f3n de 2 manglares diferentes y por supuesto la observaci\u00f3n de aves para pescar.<\/span><\/span><br \/>\nn<br \/>\nn<span style=\"vertical-align: inherit;\"><span style=\"vertical-align: inherit;\">Viatge ecol\u00f2gic al Parc Nacional Los Haitises amb una guia tur\u00edstica local. <\/span><span style=\"vertical-align: inherit;\">Visitando los Cayos en el Parque Nacional Los Haitises, Manglares, Vegetaci\u00f3n, Observaci\u00f3n de aves, Cuevas, Pictogramas y las \u00e1reas hist\u00f3ricas de Sabana de la Mar en el Parque Nacional Los Haitises.<\/span><\/span><br \/>\nn<br \/>\nn&nbsp;<br \/>\nn<br \/>\nn<strong><span style=\"vertical-align: inherit;\"><span style=\"vertical-align: inherit;\">Seleccioneu la data per al Tour:\u00a0<\/span><\/span><\/strong><\/p>\n<p>&nbsp;<\/p>\n<div class=\"vc_row wpb_row vc_row-fluid\" ><div class=\"wpb_column vc_column_container vc_col-sm-12\"><div class=\"vc_column-inner\"><div class=\"wpb_wrapper\"><div class=\"mkdf-section-title-holder\" style=\"text-align: left\">\n\t<div class=\"mkdf-st-inner\">\n\t\t\t\t\t<h5 class=\"mkdf-st-subtitle\" >\n\t\t\t\tTransport i dinar inclosos\t\t\t<\/h5>\n\t\t\t\t\t\t\t<h3 class=\"mkdf-st-title\" >\n\t\t\t\tExcursi\u00f3 al Parc Nacional Los Haitises des de Las Terrenas de Samana. Excursi\u00f3 de mig dia.\t\t\t<\/h3>\n\t\t\t\t\t<\/div>\n<\/div><\/div><\/div><\/div><\/div><div class=\"vc_row wpb_row vc_row-fluid\" ><div class=\"wpb_column vc_column_container vc_col-sm-12\"><div class=\"vc_column-inner\"><div class=\"wpb_wrapper\"><div class=\"vc_btn3-container vc_btn3-inline\" ><button class=\"vc_general vc_btn3 vc_btn3-size-md vc_btn3-shape-rounded vc_btn3-style-modern vc_btn3-color-green\">RESERVAR ARA<\/button><\/div>\n\t<div class=\"wpb_text_column wpb_content_element\" >\n\t\t<div class=\"wpb_wrapper\">\n\t\t\t<p>\nn<\/p>\n<h3><\/h3>\n<p>n<\/p>\n<h4><b><i>Visi\u00f3 general <\/i><\/b><\/h4>\n<p>Excursi\u00f3 al Parc Nacional Los Haitises des de Las Terrenas de Samana. Excursi\u00f3 de mig dia. Sortint del vostre hotel a Las Terrenas a Samana. Ens dirigirem a la comunitat de S\u00e1nchez on el vaixell es portar\u00e0 a trav\u00e9s de la badia de Samana. Visitant Rio Naranjo, passant per la comunitat pesquera fins al parc nacional de Los Haitises, 3 coves, la cova de Boca Tiburon, l&#039;illa Birding Key i els manglars a la badia de Saman\u00e1.<br \/>\nn<br \/>\nDespr\u00e9s d&#039;aquesta experi\u00e8ncia, tornar\u00e0s a la comunitat de Las Terrenas des d&#039;on et recollirem.<br \/>\nn<\/p>\n<ul>\nn \t<\/p>\n<li style=\"font-weight: 400;\">Tarifes incloses<\/li>\n<p>n \t<\/p>\n<li>Dinar<\/li>\n<p>n \t<\/p>\n<li>Snacks<\/li>\n<p>n \t<\/p>\n<li style=\"font-weight: 400;\">Guia local en angl\u00e8s o franc\u00e8s<\/li>\n<p>n \t<\/p>\n<li>Transport<\/li>\n<p>n \t<\/p>\n<li>Viatge en vaixell<\/li>\n<p>n<\/ul>\n<p>n&nbsp;<br \/>\nn<\/p>\n<h4><b>Inclusions i exclusions<\/b><\/h4>\n<p>n&nbsp;<br \/>\nn<br \/>\nn<b>Inclusions<\/b><br \/>\nn<\/p>\n<ol>\nn \t<\/p>\n<li style=\"font-weight: 400;\">Visita Los Haitises + Coves i Pictogrames<\/li>\n<p>n \t<\/p>\n<li>Dinar<\/li>\n<p>n \t<\/p>\n<li style=\"font-weight: 400;\"><span style=\"font-weight: 400;\">Tots els impostos, taxes i despeses de gesti\u00f3<\/span><\/li>\n<p>n \t<\/p>\n<li style=\"font-weight: 400;\"><span style=\"font-weight: 400;\">Impostos locals<\/span><\/li>\n<p>n \t<\/p>\n<li style=\"font-weight: 400;\"><span style=\"font-weight: 400;\">Begudes<\/span><\/li>\n<p>n \t<\/p>\n<li>Snacks<\/li>\n<p>n \t<\/p>\n<li style=\"font-weight: 400;\"><span style=\"font-weight: 400;\">Totes les activitats<\/span><\/li>\n<p>n \t<\/p>\n<li style=\"font-weight: 400;\"><span style=\"font-weight: 400;\">Guia local<\/span><\/li>\n<p>n<\/ol>\n<p>n<b> Exclusions<\/b><br \/>\nn<\/p>\n<ol>\nn \t<\/p>\n<li style=\"font-weight: 400;\"><span style=\"font-weight: 400;\">Propostes<\/span><\/li>\n<p>n \t<\/p>\n<li style=\"font-weight: 400;\"><span style=\"font-weight: 400;\">Begudes alcoh\u00f2liques<\/span><\/li>\n<p>n<\/ol>\n<p>n&nbsp;<br \/>\nn<\/p>\n<h4><em><strong>Sortida i tornada<\/strong><\/em><\/h4>\n<p>n<span style=\"font-weight: 400;\">El viatger obtindr\u00e0 un punt de trobada despr\u00e9s del proc\u00e9s de reserva. Les visites comencen i acaben als vostres punts de trobada.<\/span><br \/>\nn<br \/>\nn&nbsp;<br \/>\nn<\/p>\n<h4><\/h4>\n<p>n<\/p>\n<h4><\/h4>\n<p>n<\/p>\n<h3>Parc Nacional Los Haitises des de Las Terrenas<\/h3>\n<p>n<\/p>\n<h4><b><i>Qu\u00e8 esperar?<\/i><\/b><\/h4>\n<p>n<em><strong>Aconsegueix les teves entrades<\/strong><\/em> per visitar el Parc Nacional Los Haitises des de Las Terrenas de Samana. Excursi\u00f3 de mig dia. Partint de Las Terrenas, Saman\u00e1 amb transport al port per a bord d&#039;un vaixell amb un guia local, passem la badia de Saman\u00e1 fins a Los Haitises, costat de Sabana de la Mar per visitar un dels parcs nacionals m\u00e9s bonics de la Rep\u00fablica Dominicana. <strong>Los<em>\u00a0Parc Nacional d&#039;Haitises<\/em>.<\/strong><br \/>\nn<br \/>\nEl recorregut, organitzat per \u201cBooking Adventures\u201d, comen\u00e7a al punt de trobada establert amb el Guia Tur\u00edstic. Vine amb Booking Adventures i comen\u00e7a a comprovar alguns manglars plens d&#039;ocells, turons ondulats de vegetaci\u00f3 exuberant i coves de <em><strong>Parc Nacional Los Haitises<\/strong><\/em>. Visitant l&#039;illa amb ocells al voltant. En \u00e8poca de nidificaci\u00f3, fins i tot podem veure els pollets de Pelecanos als nius. Entrar m\u00e9s dins de les Illes Rocoses i visitar les Coves amb pictogrames i petr\u00f2grafs dels pobles ind\u00edgenes.<br \/>\nn<br \/>\nnA trav\u00e9s dels manglars i Terra a la badia oberta de San Lorenzo, Sabana de la Mar des d&#039;on es pot fotografiar el paisatge forestal accidentat. Mireu l&#039;aigua per detectar-lo <em><strong>Manat\u00eds<\/strong><\/em>, crustacis, i <em><strong>dofins.<\/strong><\/em><br \/>\nn<\/p>\n<div class=\"body-description secondary\">\nn<br \/>\nEl nom del parc nacional prov\u00e9 dels seus habitants originals, els indis ta\u00efnos. En el seu idioma, &quot;Haitises&quot; es tradueix a les terres altes o turons, una refer\u00e8ncia a les escarpades formacions geol\u00f2giques de la costa amb calc\u00e0ries. Aventureu-vos m\u00e9s al parc per explorar coves com la Cova San Gabriel, <em><strong>Cueva de la Arena, <\/strong><\/em>i <strong><em>Cueva de la L\u00ednia.<\/em><\/strong><br \/>\nn<br \/>\nAquestes coves de la reserva van ser utilitzades com a refugi pels indis ta\u00ednos i, m\u00e9s tard, pels pirates amagats. Busca dibuixos d&#039;indis que decoren algunes de les parets. Despr\u00e9s de visitar el Parc Nacional Los Haitises tornarem a Sanchez, Saman\u00e1.<br \/>\nn<br \/>\nnPassament de la badia de Saman\u00e1 30 min. Farem un dinar t\u00edpic, si ets veg\u00e0 no et preocupis tamb\u00e9 tenim menjar per a tu!<br \/>\nn<br \/>\nnDespr\u00e9s de dinar, tornem a Las Terrenas!!<br \/>\nn<br \/>\nn<\/div>\n<p>En cas que us agradi aquest viatge m\u00e9s llarg o m\u00e9s curt tenim aquestes opcions:<br \/>\nn<\/p>\n<ol>\nn \t<\/p>\n<li><a href=\"https:\/\/www.boattoursamana.com\/ca\/gira\/the-haitises-national-park-tour-from-samana-port\/\">Just Los Haitises des del Port de Saman\u00e1.<\/a><\/li>\n<p>n \t<\/p>\n<li><a href=\"https:\/\/www.boattoursamana.com\/ca\/gira\/dinar-parc-nacional-los-haitises-a-cano-hondo-des-del-port-de-samana-2\/\">Los Haitises + Ca\u00f1o Hondo del Port de Saman\u00e1.<\/a><\/li>\n<p>n<\/ol>\n<p>n&nbsp;<br \/>\nn<\/p>\n<h4><em><strong>Qu\u00e8 hauries de portar?<\/strong><\/em><\/h4>\n<p>n<\/p>\n<ul>\nn \t<\/p>\n<li style=\"font-weight: 400;\"><span style=\"font-weight: 400;\">C\u00e0mera<\/span><\/li>\n<p>n \t<\/p>\n<li style=\"font-weight: 400;\"><span style=\"font-weight: 400;\">Brots repel\u00b7lents<\/span><\/li>\n<p>n \t<\/p>\n<li style=\"font-weight: 400;\"><span style=\"font-weight: 400;\">Crema per al sol<\/span><\/li>\n<p>n \t<\/p>\n<li style=\"font-weight: 400;\"><span style=\"font-weight: 400;\">Barret<\/span><\/li>\n<p>n \t<\/p>\n<li style=\"font-weight: 400;\"><span style=\"font-weight: 400;\">Pantalons c\u00f2modes<\/span><\/li>\n<p>n \t<\/p>\n<li style=\"font-weight: 400;\"><span style=\"font-weight: 400;\">Sabates de muntanya per al bosc<\/span><\/li>\n<p>n \t<\/p>\n<li style=\"font-weight: 400;\"><span style=\"font-weight: 400;\">Sand\u00e0lies a les zones de primavera.<\/span><\/li>\n<p>n \t<\/p>\n<li style=\"font-weight: 400;\"><span style=\"font-weight: 400;\">Roba de bany<\/span><\/li>\n<p>n<\/ul>\n<p>n&nbsp;<br \/>\nn<\/p>\n<h4><b><i>Recollida a l&#039;hotel <\/i><\/b><\/h4>\n<p>n<span style=\"font-weight: 400;\">No s&#039;ofereix servei de recollida a l&#039;hotel per a aquesta excursi\u00f3. <\/span><br \/>\nn<br \/>\nn&nbsp;<br \/>\nn<br \/>\nn<b>Nota:<\/b><span style=\"font-weight: 400;\"> Si feu la reserva dins de les 24 hores posteriors a l&#039;hora de sortida de l&#039;excursi\u00f3\/excursi\u00f3, podem organitzar la recollida a l&#039;hotel amb c\u00e0rrecs addicionals. Un cop completada la compra, us enviarem la informaci\u00f3 de contacte completa (n\u00famero de tel\u00e8fon, adre\u00e7a de correu electr\u00f2nic, etc.) perqu\u00e8 el nostre guia local organitzi la recollida.<\/span><br \/>\nn<\/p>\n<h4><b><i>Confirmaci\u00f3 d&#039;informaci\u00f3 addicional <\/i><\/b><\/h4>\n<p>n<\/p>\n<ol>\nn \t<\/p>\n<li>Les entrades s\u00f3n el Rebut despr\u00e9s de pagar aquest Tour. Podeu mostrar el pagament al vostre tel\u00e8fon.<\/li>\n<p>n \t<\/p>\n<li style=\"font-weight: 400;\"><span style=\"font-weight: 400;\">El punt de trobada es rebr\u00e0 despr\u00e9s del proc\u00e9s de reserva.<\/span><\/li>\n<p>n \t<\/p>\n<li style=\"font-weight: 400;\"><span style=\"font-weight: 400;\">Els nens han d&#039;anar acompanyats d&#039;un adult.<\/span><\/li>\n<p>n \t<\/p>\n<li style=\"font-weight: 400;\"><span style=\"font-weight: 400;\"> No accessible amb cadira de rodes <\/span><\/li>\n<p>n \t<\/p>\n<li style=\"font-weight: 400;\"><span style=\"font-weight: 400;\">Els nadons han de seure a les faldes <\/span><\/li>\n<p>n \t<\/p>\n<li style=\"font-weight: 400;\"><span style=\"font-weight: 400;\">No recomanat per a viatgers amb problemes d&#039;esquena<\/span><\/li>\n<p>n \t<\/p>\n<li style=\"font-weight: 400;\"><span style=\"font-weight: 400;\">No recomanat per a viatgers embarassades <\/span><\/li>\n<p>n \t<\/p>\n<li style=\"font-weight: 400;\"><span style=\"font-weight: 400;\"> Sense problemes card\u00edacs ni altres afeccions m\u00e8diques greus <\/span><\/li>\n<p>n \t<\/p>\n<li style=\"font-weight: 400;\"><span style=\"font-weight: 400;\">La majoria dels viatgers poden participar<\/span><\/li>\n<p>n<\/ol>\n<p>n<\/p>\n<h4><b><i>Pol\u00edtica de cancel \u00b7 laci\u00f3<\/i><\/b><\/h4>\n<p>nPer obtenir un reemborsament complet, llegiu les nostres pol\u00edtiques de cancel\u00b7lacions\u00a0<a href=\"https:\/\/www.boattoursamana.com\/ca\/reserva-en-linia\/\" target=\"_blank\" rel=\"noopener\" data-saferedirecturl=\"https:\/\/www.google.com\/url?q=https:\/\/www.boattoursamana.com\/online-booking\/&amp;source=gmail&amp;ust=1672529771100000&amp;usg=AOvVaw2NIGJBZ0qjB5RhPUl5Obc7\">Clica aqu\u00ed<\/a>. Els fons es perdran si la reserva es cancel\u00b7la el mateix dia del viatge.<\/p>\n\n\t\t<\/div>\n\t<\/div>\n<div class=\"vc_btn3-container vc_btn3-inline\" ><button class=\"vc_general vc_btn3 vc_btn3-size-md vc_btn3-shape-rounded vc_btn3-style-modern vc_btn3-color-green\">RESERVAR ARA<\/button><\/div><\/div><\/div><\/div><\/div><div class=\"vc_row wpb_row vc_row-fluid\" ><div class=\"wpb_column vc_column_container vc_col-sm-12\"><div class=\"vc_column-inner\"><div class=\"wpb_wrapper\">\n\t<div class=\"wpb_video_widget wpb_content_element vc_clearfix   vc_video-aspect-ratio-169 vc_video-el-width-100 vc_video-align-left\" >\n\t\t<div class=\"wpb_wrapper\">\n\t\t\t\n\t\t\t<div class=\"wpb_video_wrapper\"><iframe loading=\"lazy\" title=\"Parc Nacional Los Haitises, visites i excursions des de Samana o Sabana de la Mar. Reserva aqu\u00ed:\" src=\"https:\/\/player.vimeo.com\/video\/346508015?dnt=1&amp;app_id=122963\" width=\"1100\" height=\"619\" frameborder=\"0\" allow=\"autoplay; fullscreen; picture-in-picture\" allowfullscreen><\/iframe><\/div>\n\t\t<\/div>\n\t<\/div>\n<\/div><\/div><\/div><\/div><div class=\"vc_row wpb_row vc_row-fluid\" ><\/div><div class=\"wpb_column vc_column_container vc_col-sm-12\"><div class=\"vc_column-inner\"><div class=\"wpb_wrapper\"><\/div><\/div><\/div><div class=\"vc_empty_space\"   style=\"height: 32px\"><span class=\"vc_empty_space_inner\"><\/span><\/div><div class=\"vc_empty_space\"   style=\"height: 32px\"><span class=\"vc_empty_space_inner\"><\/span><\/div><div class=\"vc_row wpb_row vc_row-fluid\" ><div class=\"wpb_column vc_column_container vc_col-sm-12\"><div class=\"vc_column-inner\"><div class=\"wpb_wrapper\"><div class=\"vc_btn3-container vc_btn3-inline\" ><button class=\"vc_general vc_btn3 vc_btn3-size-md vc_btn3-shape-rounded vc_btn3-style-modern vc_btn3-color-green\">RESERVAR ARA<\/button><\/div><\/div><\/div><\/div><\/div>","protected":false},"excerpt":{"rendered":"<p>Esta excursi\u00f3n desde Las Terrenas al Parque Nacional Los Haitises incluye Almuerzo y Transporte para una visita a las 3 cuevas principales, una exploraci\u00f3n de 2 manglares diferentes y por supuesto la observaci\u00f3n de aves para pescar. n nViaje ecol\u00f3gico al Parque Nacional Los Haitises con un gu\u00eda tur\u00edstico local. Visitando los Cayos en el Parque Nacional Los Haitises, Manglares, Vegetaci\u00f3n, Observaci\u00f3n de aves, Cuevas, Pictogramas y las \u00e1reas hist\u00f3ricas de Sabana de la Mar en el Parque Nacional Los [&hellip;]<\/p>\n","protected":false},"author":2,"featured_media":0,"parent":0,"menu_order":0,"comment_status":"open","ping_status":"closed","template":"","meta":{"footnotes":""},"class_list":["post-15749","page","type-page","status-publish","hentry"],"_links":{"self":[{"href":"https:\/\/www.boattoursamana.com\/ca\/wp-json\/wp\/v2\/pages\/15749","targetHints":{"allow":["GET"]}}],"collection":[{"href":"https:\/\/www.boattoursamana.com\/ca\/wp-json\/wp\/v2\/pages"}],"about":[{"href":"https:\/\/www.boattoursamana.com\/ca\/wp-json\/wp\/v2\/types\/page"}],"author":[{"embeddable":true,"href":"https:\/\/www.boattoursamana.com\/ca\/wp-json\/wp\/v2\/users\/2"}],"replies":[{"embeddable":true,"href":"https:\/\/www.boattoursamana.com\/ca\/wp-json\/wp\/v2\/comments?post=15749"}],"version-history":[{"count":0,"href":"https:\/\/www.boattoursamana.com\/ca\/wp-json\/wp\/v2\/pages\/15749\/revisions"}],"wp:attachment":[{"href":"https:\/\/www.boattoursamana.com\/ca\/wp-json\/wp\/v2\/media?parent=15749"}],"curies":[{"name":"wp","href":"https:\/\/api.w.org\/{rel}","templated":true}]}}