{"id":13278,"date":"2021-11-05T08:14:19","date_gmt":"2021-11-05T08:14:19","guid":{"rendered":"https:\/\/www.ticketswhales.com\/?page_id=13278"},"modified":"2023-03-20T08:35:51","modified_gmt":"2023-03-20T08:35:51","slug":"los-haitises-national-park-birdwatching-check-list-update","status":"publish","type":"page","link":"https:\/\/www.boattoursamana.com\/fr\/los-haitises-national-park-birdwatching-check-list-mise-a-jour","title":{"rendered":"Mise \u00e0 jour de la liste de contr\u00f4le d&#039;observation des oiseaux du parc national Los Haitises"},"content":{"rendered":"<div class=\"vc_row wpb_row vc_row-fluid\" ><div class=\"wpb_column vc_column_container vc_col-sm-12\"><div class=\"vc_column-inner\"><div class=\"wpb_wrapper\"><div class=\"mkdf-section-title-holder\" style=\"text-align: left\">\n\t<div class=\"mkdf-st-inner\">\n\t\t\t\t\t<h5 class=\"mkdf-st-subtitle\" >\n\t\t\t\tR\u00e9servez avec un expert local de Los Haitises un voyage priv\u00e9 pour observer les oiseaux.\t\t\t<\/h5>\n\t\t\t\t\t\t\t<h3 class=\"mkdf-st-title\" >\n\t\t\t\tListe de contr\u00f4le de l&#039;observation des oiseaux \u00e0 Los Haitises\t\t\t<\/h3>\n\t\t\t\t\t\t\t<p class=\"mkdf-st-text\" >\n\t\t\t\tVoici la liste de contr\u00f4le mise \u00e0 jour du parc national Los Haitises.\t\t\t<\/p>\n\t\t\t<\/div>\n<\/div><div class=\"vc_empty_space\"   style=\"height: 32px\"><span class=\"vc_empty_space_inner\"><\/span><\/div>\n\t<div class=\"wpb_text_column wpb_content_element\" >\n\t\t<div class=\"wpb_wrapper\">\n\t\t\t<section id=\"has-det-0\" class=\"Observation Observation--placeSpeciesObserved u-flushInPageSection Observation--forHotspot\" aria-labelledby=\"species-heading-louwat\">\n<div class=\"Observation-numberObserved Color-text-neutral-3 u-text-2\">1.<\/div>\n<div class=\"Observation-species\">\n<h4 id=\"species-heading-louwat\" class=\"Heading Heading--h5\"><a href=\"https:\/\/ebird.org\/species\/louwat\/L352496\" data-species-code=\"louwat\" rel=\"noopener\"><span class=\"Heading-main\">Paruline hochequeue de Louisiane<\/span><\/a><\/h4>\n<\/div>\n<div class=\"Observation-meta GridFlex GridFlex--alignBaseline GridFlex--withGutterSmall GridFlex--grid\">\n<div class=\"Observation-meta-count GridFlex-cell\"><span class=\"is-visuallyHidden\">Compter\u00a0<\/span><span class=\"Observation-meta-count-label Color-text-neutral-4\">1<\/span><\/div>\n<div class=\"Observation-meta-date GridFlex-cell\"><a class=\"Observation-meta-date-label\" href=\"https:\/\/ebird.org\/checklist\/S96174447\" rel=\"noopener\">14 octobre 2021<\/a><\/div>\n<div class=\"Observation-meta-observer GridFlex-cell\"><span class=\"Observation-meta-observer-label\">Hector Andujar<\/span><\/div>\n<\/div>\n<\/section>\n<section id=\"has-det-1\" class=\"Observation Observation--placeSpeciesObserved u-flushInPageSection Observation--forHotspot\" aria-labelledby=\"species-heading-smbani\">\n<div class=\"Observation-numberObserved Color-text-neutral-3 u-text-2\"><span class=\"is-visuallyHidden\">esp\u00e8ces<\/span>2.<\/div>\n<div class=\"Observation-species\">\n<h4 id=\"species-heading-smbani\" class=\"Heading Heading--h5\"><a href=\"https:\/\/ebird.org\/species\/smbani\/L352496\" data-species-code=\"smbani\" rel=\"noopener\"><span class=\"Heading-main\">Ani \u00e0 bec lisse<\/span><\/a><\/h4>\n<\/div>\n<div class=\"Observation-meta GridFlex GridFlex--alignBaseline GridFlex--withGutterSmall GridFlex--grid\">\n<div class=\"Observation-meta-count GridFlex-cell\"><span class=\"is-visuallyHidden\">Compter\u00a0<\/span><span class=\"Observation-meta-count-label Color-text-neutral-4\">6<\/span><\/div>\n<div class=\"Observation-meta-date GridFlex-cell\"><a class=\"Observation-meta-date-label\" href=\"https:\/\/ebird.org\/checklist\/S96174472\" rel=\"noopener\">14 octobre 2021<\/a><\/div>\n<div class=\"Observation-meta-observer GridFlex-cell\"><span class=\"Observation-meta-observer-label\">Hector Andujar<\/span><\/div>\n<\/div>\n<\/section>\n<section id=\"has-det-2\" class=\"Observation Observation--placeSpeciesObserved u-flushInPageSection Observation--forHotspot\" aria-labelledby=\"species-heading-hislic1\">\n<div class=\"Observation-numberObserved Color-text-neutral-3 u-text-2\"><span class=\"is-visuallyHidden\">esp\u00e8ces<\/span>3.<\/div>\n<div class=\"Observation-species\">\n<h4 id=\"species-heading-hislic1\" class=\"Heading Heading--h5\"><a href=\"https:\/\/ebird.org\/species\/hislic1\/L352496\" data-species-code=\"hislic1\" rel=\"noopener\"><span class=\"Heading-main\">Coucou-l\u00e9zard d&#039;Hispaniola<\/span><\/a><\/h4>\n<\/div>\n<div class=\"Observation-meta GridFlex GridFlex--alignBaseline GridFlex--withGutterSmall GridFlex--grid\">\n<div class=\"Observation-meta-count GridFlex-cell\"><span class=\"is-visuallyHidden\">Compter\u00a0<\/span><span class=\"Observation-meta-count-label Color-text-neutral-4\">1<\/span><\/div>\n<div class=\"Observation-meta-date GridFlex-cell\"><a class=\"Observation-meta-date-label\" href=\"https:\/\/ebird.org\/checklist\/S96174472\" rel=\"noopener\">14 octobre 2021<\/a><\/div>\n<div class=\"Observation-meta-observer GridFlex-cell\"><span class=\"Observation-meta-observer-label\">Hector Andujar<\/span><\/div>\n<\/div>\n<\/section>\n<section id=\"has-det-3\" class=\"Observation Observation--placeSpeciesObserved u-flushInPageSection Observation--forHotspot\" aria-labelledby=\"species-heading-categr\">\n<div class=\"Observation-numberObserved Color-text-neutral-3 u-text-2\"><span class=\"is-visuallyHidden\">esp\u00e8ces<\/span>4.<\/div>\n<div class=\"Observation-species\">\n<h4 id=\"species-heading-categr\" class=\"Heading Heading--h5\"><a href=\"https:\/\/ebird.org\/species\/categr\/L352496\" data-species-code=\"categr\" rel=\"noopener\"><span class=\"Heading-main\">H\u00e9ron garde-boeuf<\/span><\/a><\/h4>\n<\/div>\n<div class=\"Observation-meta GridFlex GridFlex--alignBaseline GridFlex--withGutterSmall GridFlex--grid\">\n<div class=\"Observation-meta-count GridFlex-cell\"><span class=\"is-visuallyHidden\">Compter\u00a0<\/span><span class=\"Observation-meta-count-label Color-text-neutral-4\">5<\/span><\/div>\n<div class=\"Observation-meta-date GridFlex-cell\"><a class=\"Observation-meta-date-label\" href=\"https:\/\/ebird.org\/checklist\/S96174472\" rel=\"noopener\">14 octobre 2021<\/a><\/div>\n<div class=\"Observation-meta-observer GridFlex-cell\"><span class=\"Observation-meta-observer-label\">Hector Andujar<\/span><\/div>\n<\/div>\n<\/section>\n<section id=\"has-det-4\" class=\"Observation Observation--placeSpeciesObserved u-flushInPageSection Observation--forHotspot\" aria-labelledby=\"species-heading-turvul\">\n<div class=\"Observation-numberObserved Color-text-neutral-3 u-text-2\"><span class=\"is-visuallyHidden\">esp\u00e8ces<\/span>5.<\/div>\n<div class=\"Observation-species\">\n<h4 id=\"species-heading-turvul\" class=\"Heading Heading--h5\"><a href=\"https:\/\/ebird.org\/species\/turvul\/L352496\" data-species-code=\"turvul\" rel=\"noopener\"><span class=\"Heading-main\">Urubu \u00e0 t\u00eate rouge<\/span><\/a><\/h4>\n<\/div>\n<div class=\"Observation-meta GridFlex GridFlex--alignBaseline GridFlex--withGutterSmall GridFlex--grid\">\n<div class=\"Observation-meta-count GridFlex-cell\"><span class=\"is-visuallyHidden\">Compter\u00a0<\/span><span class=\"Observation-meta-count-label Color-text-neutral-4\">17<\/span><\/div>\n<div class=\"Observation-meta-date GridFlex-cell\"><a class=\"Observation-meta-date-label\" href=\"https:\/\/ebird.org\/checklist\/S96174472\" rel=\"noopener\">14 octobre 2021<\/a><\/div>\n<div class=\"Observation-meta-observer GridFlex-cell\"><span class=\"Observation-meta-observer-label\">Hector Andujar<\/span><\/div>\n<\/div>\n<\/section>\n<section id=\"has-det-5\" class=\"Observation Observation--placeSpeciesObserved u-flushInPageSection Observation--forHotspot u-showForLarge\" tabindex=\"-1\" aria-labelledby=\"species-heading-antpic1\" data-truncated=\"\" data-truncated-first=\"\">\n<div class=\"Observation-numberObserved Color-text-neutral-3 u-text-2\"><span class=\"is-visuallyHidden\">esp\u00e8ces<\/span>6.<\/div>\n<div class=\"Observation-species\">\n<h4 id=\"species-heading-antpic1\" class=\"Heading Heading--h5\"><a href=\"https:\/\/ebird.org\/species\/antpic1\/L352496\" data-species-code=\"antpic1\" rel=\"noopener\"><span class=\"Heading-main\">Piculet antillais<\/span><\/a><\/h4>\n<\/div>\n<div class=\"Observation-meta GridFlex GridFlex--alignBaseline GridFlex--withGutterSmall GridFlex--grid\">\n<div class=\"Observation-meta-count GridFlex-cell\"><span class=\"is-visuallyHidden\">Compter\u00a0<\/span><span class=\"Observation-meta-count-label Color-text-neutral-4\">3<\/span><\/div>\n<div class=\"Observation-meta-date GridFlex-cell\"><a class=\"Observation-meta-date-label\" href=\"https:\/\/ebird.org\/checklist\/S96174472\" rel=\"noopener\">14 octobre 2021<\/a><\/div>\n<div class=\"Observation-meta-observer GridFlex-cell\"><span class=\"Observation-meta-observer-label\">Hector Andujar<\/span><\/div>\n<\/div>\n<\/section>\n<section id=\"has-det-6\" class=\"Observation Observation--placeSpeciesObserved u-flushInPageSection Observation--forHotspot u-showForLarge\" aria-labelledby=\"species-heading-hiswoo1\" data-truncated=\"\">\n<div class=\"Observation-numberObserved Color-text-neutral-3 u-text-2\"><span class=\"is-visuallyHidden\">esp\u00e8ces<\/span>7.<\/div>\n<div class=\"Observation-species\">\n<h4 id=\"species-heading-hiswoo1\" class=\"Heading Heading--h5\"><a href=\"https:\/\/ebird.org\/species\/hiswoo1\/L352496\" data-species-code=\"hiswoo1\" rel=\"noopener\"><span class=\"Heading-main\">Pic d&#039;Hispaniole<\/span><\/a><\/h4>\n<\/div>\n<div class=\"Observation-meta GridFlex GridFlex--alignBaseline GridFlex--withGutterSmall GridFlex--grid\">\n<div class=\"Observation-meta-count GridFlex-cell\"><span class=\"is-visuallyHidden\">Compter\u00a0<\/span><span class=\"Observation-meta-count-label Color-text-neutral-4\">5<\/span><\/div>\n<div class=\"Observation-meta-date GridFlex-cell\"><a class=\"Observation-meta-date-label\" href=\"https:\/\/ebird.org\/checklist\/S96174472\" rel=\"noopener\">14 octobre 2021<\/a><\/div>\n<div class=\"Observation-meta-observer GridFlex-cell\"><span class=\"Observation-meta-observer-label\">Hector Andujar<\/span><\/div>\n<\/div>\n<\/section>\n<section id=\"has-det-7\" class=\"Observation Observation--placeSpeciesObserved u-flushInPageSection Observation--forHotspot u-showForLarge\" aria-labelledby=\"species-heading-palmch1\" data-truncated=\"\">\n<div class=\"Observation-numberObserved Color-text-neutral-3 u-text-2\"><span class=\"is-visuallyHidden\">esp\u00e8ces<\/span>8.<\/div>\n<div class=\"Observation-species\">\n<h4 id=\"species-heading-palmch1\" class=\"Heading Heading--h5\"><a href=\"https:\/\/ebird.org\/species\/palmch1\/L352496\" data-species-code=\"palmch1\" rel=\"noopener\"><span class=\"Heading-main\">Palmchat<\/span><\/a><\/h4>\n<\/div>\n<div class=\"Observation-meta GridFlex GridFlex--alignBaseline GridFlex--withGutterSmall GridFlex--grid\">\n<div class=\"Observation-meta-count GridFlex-cell\"><span class=\"is-visuallyHidden\">Compter\u00a0<\/span><span class=\"Observation-meta-count-label Color-text-neutral-4\">16<\/span><\/div>\n<div class=\"Observation-meta-date GridFlex-cell\"><a class=\"Observation-meta-date-label\" href=\"https:\/\/ebird.org\/checklist\/S96174472\" rel=\"noopener\">14 octobre 2021<\/a><\/div>\n<div class=\"Observation-meta-observer GridFlex-cell\"><span class=\"Observation-meta-observer-label\">Hector Andujar<\/span><\/div>\n<\/div>\n<\/section>\n<section id=\"has-det-8\" class=\"Observation Observation--placeSpeciesObserved u-flushInPageSection Observation--forHotspot u-showForLarge\" aria-labelledby=\"species-heading-bcptan1\" data-truncated=\"\">\n<div class=\"Observation-numberObserved Color-text-neutral-3 u-text-2\"><span class=\"is-visuallyHidden\">esp\u00e8ces<\/span>9.<\/div>\n<div class=\"Observation-species\">\n<h4 id=\"species-heading-bcptan1\" class=\"Heading Heading--h5\"><a href=\"https:\/\/ebird.org\/species\/bcptan1\/L352496\" data-species-code=\"bcptan1\" rel=\"noopener\"><span class=\"Heading-main\">Tangara \u00e0 couronne noire<\/span><\/a><\/h4>\n<\/div>\n<div class=\"Observation-meta GridFlex GridFlex--alignBaseline GridFlex--withGutterSmall GridFlex--grid\">\n<div class=\"Observation-meta-count GridFlex-cell\"><span class=\"is-visuallyHidden\">Compter\u00a0<\/span><span class=\"Observation-meta-count-label Color-text-neutral-4\">1<\/span><\/div>\n<div class=\"Observation-meta-date GridFlex-cell\"><a class=\"Observation-meta-date-label\" href=\"https:\/\/ebird.org\/checklist\/S96174472\" rel=\"noopener\">14 octobre 2021<\/a><\/div>\n<div class=\"Observation-meta-observer GridFlex-cell\"><span class=\"Observation-meta-observer-label\">Hector Andujar<\/span><\/div>\n<\/div>\n<\/section>\n<section id=\"has-det-9\" class=\"Observation Observation--placeSpeciesObserved u-flushInPageSection Observation--forHotspot u-showForLarge\" aria-labelledby=\"species-heading-ovenbi1\" data-truncated=\"\">\n<div class=\"Observation-numberObserved Color-text-neutral-3 u-text-2\"><span class=\"is-visuallyHidden\">esp\u00e8ces<\/span>10.<\/div>\n<div class=\"Observation-species\">\n<h4 id=\"species-heading-ovenbi1\" class=\"Heading Heading--h5\"><a href=\"https:\/\/ebird.org\/species\/ovenbi1\/L352496\" data-species-code=\"ovenbi1\" rel=\"noopener\"><span class=\"Heading-main\">Paruline couronn\u00e9e<\/span><\/a><\/h4>\n<\/div>\n<div class=\"Observation-meta GridFlex GridFlex--alignBaseline GridFlex--withGutterSmall GridFlex--grid\">\n<div class=\"Observation-meta-count GridFlex-cell\"><span class=\"is-visuallyHidden\">Compter\u00a0<\/span><span class=\"Observation-meta-count-label Color-text-neutral-4\">2<\/span><\/div>\n<div class=\"Observation-meta-date GridFlex-cell\"><a class=\"Observation-meta-date-label\" href=\"https:\/\/ebird.org\/checklist\/S96174472\" rel=\"noopener\">14 octobre 2021<\/a><\/div>\n<div class=\"Observation-meta-observer GridFlex-cell\"><span class=\"Observation-meta-observer-label\">Hector Andujar<\/span><\/div>\n<\/div>\n<\/section>\n<section id=\"has-det-10\" class=\"Observation Observation--placeSpeciesObserved u-flushInPageSection Observation--forHotspot u-showForLarge\" aria-labelledby=\"species-heading-magfri\" data-truncated=\"\">\n<div class=\"Observation-numberObserved Color-text-neutral-3 u-text-2\"><span class=\"is-visuallyHidden\">esp\u00e8ces<\/span>11.<\/div>\n<div class=\"Observation-species\">\n<h4 id=\"species-heading-magfri\" class=\"Heading Heading--h5\"><a href=\"https:\/\/ebird.org\/species\/magfri\/L352496\" data-species-code=\"magfri\" rel=\"noopener\"><span class=\"Heading-main\">Fr\u00e9gate superbe<\/span><\/a><\/h4>\n<\/div>\n<div class=\"Observation-meta GridFlex GridFlex--alignBaseline GridFlex--withGutterSmall GridFlex--grid\">\n<div class=\"Observation-meta-count GridFlex-cell\"><span class=\"is-visuallyHidden\">Compter\u00a0<\/span><span class=\"Observation-meta-count-label Color-text-neutral-4\">15<\/span><\/div>\n<div class=\"Observation-meta-date GridFlex-cell\"><a class=\"Observation-meta-date-label\" href=\"https:\/\/ebird.org\/checklist\/S96893647\" rel=\"noopener\">17 sept. 2021<\/a><\/div>\n<div class=\"Observation-meta-observer GridFlex-cell\"><span class=\"Observation-meta-observer-label\">Andrew Knapp<\/span><\/div>\n<\/div>\n<\/section>\n<section id=\"has-det-11\" class=\"Observation Observation--placeSpeciesObserved u-flushInPageSection Observation--forHotspot u-showForLarge\" aria-labelledby=\"species-heading-brnpel\" data-truncated=\"\">\n<div class=\"Observation-numberObserved Color-text-neutral-3 u-text-2\"><span class=\"is-visuallyHidden\">esp\u00e8ces<\/span>12.<\/div>\n<div class=\"Observation-species\">\n<h4 id=\"species-heading-brnpel\" class=\"Heading Heading--h5\"><a href=\"https:\/\/ebird.org\/species\/brnpel\/L352496\" data-species-code=\"brnpel\" rel=\"noopener\"><span class=\"Heading-main\">P\u00e9lican brun<\/span><\/a><\/h4>\n<\/div>\n<div class=\"Observation-meta GridFlex GridFlex--alignBaseline GridFlex--withGutterSmall GridFlex--grid\">\n<div class=\"Observation-meta-count GridFlex-cell\"><span class=\"is-visuallyHidden\">Compter\u00a0<\/span><span class=\"Observation-meta-count-label Color-text-neutral-4\">50<\/span><\/div>\n<div class=\"Observation-meta-date GridFlex-cell\"><a class=\"Observation-meta-date-label\" href=\"https:\/\/ebird.org\/checklist\/S96893647\" rel=\"noopener\">17 sept. 2021<\/a><\/div>\n<div class=\"Observation-meta-observer GridFlex-cell\"><span class=\"Observation-meta-observer-label\">Andrew Knapp<\/span><\/div>\n<\/div>\n<\/section>\n<section id=\"has-det-12\" class=\"Observation Observation--placeSpeciesObserved u-flushInPageSection Observation--forHotspot u-showForLarge\" aria-labelledby=\"species-heading-greegr\" data-truncated=\"\">\n<div class=\"Observation-numberObserved Color-text-neutral-3 u-text-2\"><span class=\"is-visuallyHidden\">esp\u00e8ces<\/span>13.<\/div>\n<div class=\"Observation-species\">\n<h4 id=\"species-heading-greegr\" class=\"Heading Heading--h5\"><a href=\"https:\/\/ebird.org\/species\/greegr\/L352496\" data-species-code=\"greegr\" rel=\"noopener\"><span class=\"Heading-main\">Grande Aigrette<\/span><\/a><\/h4>\n<\/div>\n<div class=\"Observation-meta GridFlex GridFlex--alignBaseline GridFlex--withGutterSmall GridFlex--grid\">\n<div class=\"Observation-meta-count GridFlex-cell\"><span class=\"is-visuallyHidden\">Compter\u00a0<\/span><span class=\"Observation-meta-count-label Color-text-neutral-4\">10<\/span><\/div>\n<div class=\"Observation-meta-date GridFlex-cell\"><a class=\"Observation-meta-date-label\" href=\"https:\/\/ebird.org\/checklist\/S96893647\" rel=\"noopener\">17 sept. 2021<\/a><\/div>\n<div class=\"Observation-meta-observer GridFlex-cell\"><span class=\"Observation-meta-observer-label\">Andrew Knapp<\/span><\/div>\n<\/div>\n<\/section>\n<section id=\"has-det-13\" class=\"Observation Observation--placeSpeciesObserved u-flushInPageSection Observation--forHotspot u-showForLarge\" aria-labelledby=\"species-heading-bcnher\" data-truncated=\"\">\n<div class=\"Observation-numberObserved Color-text-neutral-3 u-text-2\"><span class=\"is-visuallyHidden\">esp\u00e8ces<\/span>14.<\/div>\n<div class=\"Observation-species\">\n<h4 id=\"species-heading-bcnher\" class=\"Heading Heading--h5\"><a href=\"https:\/\/ebird.org\/species\/bcnher\/L352496\" data-species-code=\"bcnher\" rel=\"noopener\"><span class=\"Heading-main\">Bihoreau gris<\/span><\/a><\/h4>\n<\/div>\n<div class=\"Observation-meta GridFlex GridFlex--alignBaseline GridFlex--withGutterSmall GridFlex--grid\">\n<div class=\"Observation-meta-count GridFlex-cell\"><span class=\"is-visuallyHidden\">Compter\u00a0<\/span><span class=\"Observation-meta-count-label Color-text-neutral-4\">1<\/span><\/div>\n<div class=\"Observation-meta-date GridFlex-cell\"><a class=\"Observation-meta-date-label\" href=\"https:\/\/ebird.org\/checklist\/S96893647\" rel=\"noopener\">17 sept. 2021<\/a><\/div>\n<div class=\"Observation-meta-observer GridFlex-cell\"><span class=\"Observation-meta-observer-label\">Andrew Knapp<\/span><\/div>\n<\/div>\n<\/section>\n<section id=\"has-det-14\" class=\"Observation Observation--placeSpeciesObserved u-flushInPageSection Observation--forHotspot u-showForLarge\" aria-labelledby=\"species-heading-bkwvir\" data-truncated=\"\">\n<div class=\"Observation-numberObserved Color-text-neutral-3 u-text-2\"><span class=\"is-visuallyHidden\">esp\u00e8ces<\/span>15.<\/div>\n<div class=\"Observation-species\">\n<h4 id=\"species-heading-bkwvir\" class=\"Heading Heading--h5\"><a href=\"https:\/\/ebird.org\/species\/bkwvir\/L352496\" data-species-code=\"bkwvir\" rel=\"noopener\"><span class=\"Heading-main\">Vir\u00e9o \u00e0 moustaches noires<\/span><\/a><\/h4>\n<\/div>\n<div class=\"Observation-meta GridFlex GridFlex--alignBaseline GridFlex--withGutterSmall GridFlex--grid\">\n<div class=\"Observation-meta-count GridFlex-cell\"><span class=\"is-visuallyHidden\">Compter\u00a0<\/span><span class=\"Observation-meta-count-label Color-text-neutral-4\">1<\/span><\/div>\n<div class=\"Observation-meta-date GridFlex-cell\"><a class=\"Observation-meta-date-label\" href=\"https:\/\/ebird.org\/checklist\/S96893647\" rel=\"noopener\">17 sept. 2021<\/a><\/div>\n<div class=\"Observation-meta-observer GridFlex-cell\"><span class=\"Observation-meta-observer-label\">Andrew Knapp<\/span><\/div>\n<\/div>\n<\/section>\n<section id=\"has-det-15\" class=\"Observation Observation--placeSpeciesObserved u-flushInPageSection Observation--forHotspot u-showForLarge\" aria-labelledby=\"species-heading-wiwduc1\" data-truncated=\"\">\n<div class=\"Observation-numberObserved Color-text-neutral-3 u-text-2\"><span class=\"is-visuallyHidden\">esp\u00e8ces<\/span>16.<\/div>\n<div class=\"Observation-species\">\n<h4 id=\"species-heading-wiwduc1\" class=\"Heading Heading--h5\"><a href=\"https:\/\/ebird.org\/species\/wiwduc1\/L352496\" data-species-code=\"wiwduc1\" rel=\"noopener\"><span class=\"Heading-main\">Canard siffleur des Antilles<\/span><\/a><\/h4>\n<\/div>\n<div class=\"Observation-meta GridFlex GridFlex--alignBaseline GridFlex--withGutterSmall GridFlex--grid\">\n<div class=\"Observation-meta-count GridFlex-cell\"><span class=\"is-visuallyHidden\">Compter\u00a0<\/span><span class=\"Observation-meta-count-label Color-text-neutral-4\">X<\/span><\/div>\n<div class=\"Observation-meta-date GridFlex-cell\"><a class=\"Observation-meta-date-label\" href=\"https:\/\/ebird.org\/checklist\/S92469279\" rel=\"noopener\">23 juil. 2021<\/a><\/div>\n<div class=\"Observation-meta-observer GridFlex-cell\"><span class=\"Observation-meta-observer-label\">Alphonse Luengo<\/span><\/div>\n<\/div>\n<\/section>\n<section id=\"has-det-16\" class=\"Observation Observation--placeSpeciesObserved u-flushInPageSection Observation--forHotspot u-showForLarge\" aria-labelledby=\"species-heading-bknsti\" data-truncated=\"\">\n<div class=\"Observation-numberObserved Color-text-neutral-3 u-text-2\"><span class=\"is-visuallyHidden\">esp\u00e8ces<\/span>17.<\/div>\n<div class=\"Observation-species\">\n<h4 id=\"species-heading-bknsti\" class=\"Heading Heading--h5\"><a href=\"https:\/\/ebird.org\/species\/bknsti\/L352496\" data-species-code=\"bknsti\" rel=\"noopener\"><span class=\"Heading-main\">\u00c9chasse \u00e0 cou noir<\/span><\/a><\/h4>\n<\/div>\n<div class=\"Observation-meta GridFlex GridFlex--alignBaseline GridFlex--withGutterSmall GridFlex--grid\">\n<div class=\"Observation-meta-count GridFlex-cell\"><span class=\"is-visuallyHidden\">Compter\u00a0<\/span><span class=\"Observation-meta-count-label Color-text-neutral-4\">X<\/span><\/div>\n<div class=\"Observation-meta-date GridFlex-cell\"><a class=\"Observation-meta-date-label\" href=\"https:\/\/ebird.org\/checklist\/S92469279\" rel=\"noopener\">23 juil. 2021<\/a><\/div>\n<div class=\"Observation-meta-observer GridFlex-cell\"><span class=\"Observation-meta-observer-label\">Alphonse Luengo<\/span><\/div>\n<\/div>\n<\/section>\n<section id=\"has-det-17\" class=\"Observation Observation--placeSpeciesObserved u-flushInPageSection Observation--forHotspot u-showForLarge\" aria-labelledby=\"species-heading-libher\" data-truncated=\"\">\n<div class=\"Observation-numberObserved Color-text-neutral-3 u-text-2\"><span class=\"is-visuallyHidden\">esp\u00e8ces<\/span>18.<\/div>\n<div class=\"Observation-species\">\n<h4 id=\"species-heading-libher\" class=\"Heading Heading--h5\"><a href=\"https:\/\/ebird.org\/species\/libher\/L352496\" data-species-code=\"libher\" rel=\"noopener\"><span class=\"Heading-main\">Petit H\u00e9ron Bleu<\/span><\/a><\/h4>\n<\/div>\n<div class=\"Observation-meta GridFlex GridFlex--alignBaseline GridFlex--withGutterSmall GridFlex--grid\">\n<div class=\"Observation-meta-count GridFlex-cell\"><span class=\"is-visuallyHidden\">Compter\u00a0<\/span><span class=\"Observation-meta-count-label Color-text-neutral-4\">X<\/span><\/div>\n<div class=\"Observation-meta-date GridFlex-cell\"><a class=\"Observation-meta-date-label\" href=\"https:\/\/ebird.org\/checklist\/S92469279\" rel=\"noopener\">23 juil. 2021<\/a><\/div>\n<div class=\"Observation-meta-observer GridFlex-cell\"><span class=\"Observation-meta-observer-label\">Alphonse Luengo<\/span><\/div>\n<\/div>\n<\/section>\n<section id=\"has-det-18\" class=\"Observation Observation--placeSpeciesObserved u-flushInPageSection Observation--forHotspot u-showForLarge\" aria-labelledby=\"species-heading-redegr\" data-truncated=\"\">\n<div class=\"Observation-numberObserved Color-text-neutral-3 u-text-2\"><span class=\"is-visuallyHidden\">esp\u00e8ces<\/span>19.<\/div>\n<div class=\"Observation-species\">\n<h4 id=\"species-heading-redegr\" class=\"Heading Heading--h5\"><a href=\"https:\/\/ebird.org\/species\/redegr\/L352496\" data-species-code=\"redegr\" rel=\"noopener\"><span class=\"Heading-main\">Aigrette rouge\u00e2tre<\/span><\/a><\/h4>\n<\/div>\n<div class=\"Observation-meta GridFlex GridFlex--alignBaseline GridFlex--withGutterSmall GridFlex--grid\">\n<div class=\"Observation-meta-count GridFlex-cell\"><span class=\"is-visuallyHidden\">Compter\u00a0<\/span><span class=\"Observation-meta-count-label Color-text-neutral-4\">X<\/span><\/div>\n<div class=\"Observation-meta-date GridFlex-cell\"><a class=\"Observation-meta-date-label\" href=\"https:\/\/ebird.org\/checklist\/S92469279\" rel=\"noopener\">23 juil. 2021<\/a><\/div>\n<div class=\"Observation-meta-observer GridFlex-cell\"><span class=\"Observation-meta-observer-label\">Alphonse Luengo<\/span><\/div>\n<\/div>\n<\/section>\n<section id=\"has-det-19\" class=\"Observation Observation--placeSpeciesObserved u-flushInPageSection Observation--forHotspot u-showForLarge\" aria-labelledby=\"species-heading-whncro1\" data-truncated=\"\">\n<div class=\"Observation-numberObserved Color-text-neutral-3 u-text-2\"><span class=\"is-visuallyHidden\">esp\u00e8ces<\/span>20.<\/div>\n<div class=\"Observation-species\">\n<h4 id=\"species-heading-whncro1\" class=\"Heading Heading--h5\"><a href=\"https:\/\/ebird.org\/species\/whncro1\/L352496\" data-species-code=\"whncro1\" rel=\"noopener\"><span class=\"Heading-main\">Corneille \u00e0 cou blanc<\/span><\/a><\/h4>\n<\/div>\n<div class=\"Observation-meta GridFlex GridFlex--alignBaseline GridFlex--withGutterSmall GridFlex--grid\">\n<div class=\"Observation-meta-count GridFlex-cell\"><span class=\"is-visuallyHidden\">Compter\u00a0<\/span><span class=\"Observation-meta-count-label Color-text-neutral-4\">X<\/span><\/div>\n<div class=\"Observation-meta-date GridFlex-cell\"><a class=\"Observation-meta-date-label\" href=\"https:\/\/ebird.org\/checklist\/S92469279\" rel=\"noopener\">23 juil. 2021<\/a><\/div>\n<div class=\"Observation-meta-observer GridFlex-cell\"><span class=\"Observation-meta-observer-label\">Alphonse Luengo<\/span><\/div>\n<\/div>\n<\/section>\n<section id=\"has-det-20\" class=\"Observation Observation--placeSpeciesObserved u-flushInPageSection Observation--forHotspot u-showForLarge\" aria-labelledby=\"species-heading-normoc\" data-truncated=\"\">\n<div class=\"Observation-numberObserved Color-text-neutral-3 u-text-2\"><span class=\"is-visuallyHidden\">esp\u00e8ces<\/span>21.<\/div>\n<div class=\"Observation-species\">\n<h4 id=\"species-heading-normoc\" class=\"Heading Heading--h5\"><a href=\"https:\/\/ebird.org\/species\/normoc\/L352496\" data-species-code=\"normoc\" rel=\"noopener\"><span class=\"Heading-main\">Moqueur polyglotte<\/span><\/a><\/h4>\n<\/div>\n<div class=\"Observation-meta GridFlex GridFlex--alignBaseline GridFlex--withGutterSmall GridFlex--grid\">\n<div class=\"Observation-meta-count GridFlex-cell\"><span class=\"is-visuallyHidden\">Compter\u00a0<\/span><span class=\"Observation-meta-count-label Color-text-neutral-4\">X<\/span><\/div>\n<div class=\"Observation-meta-date GridFlex-cell\"><a class=\"Observation-meta-date-label\" href=\"https:\/\/ebird.org\/checklist\/S92469279\" rel=\"noopener\">23 juil. 2021<\/a><\/div>\n<div class=\"Observation-meta-observer GridFlex-cell\"><span class=\"Observation-meta-observer-label\">Alphonse Luengo<\/span><\/div>\n<\/div>\n<\/section>\n<section id=\"has-det-21\" class=\"Observation Observation--placeSpeciesObserved u-flushInPageSection Observation--forHotspot u-showForLarge\" aria-labelledby=\"species-heading-vilwea1\" data-truncated=\"\">\n<div class=\"Observation-numberObserved Color-text-neutral-3 u-text-2\"><span class=\"is-visuallyHidden\">esp\u00e8ces<\/span>22.<\/div>\n<div class=\"Observation-species\">\n<h4 id=\"species-heading-vilwea1\" class=\"Heading Heading--h5\"><a href=\"https:\/\/ebird.org\/species\/vilwea1\/L352496\" data-species-code=\"vilwea1\" rel=\"noopener\"><span class=\"Heading-main\">Tisserand du village<\/span><\/a><\/h4>\n<\/div>\n<div class=\"Observation-meta GridFlex GridFlex--alignBaseline GridFlex--withGutterSmall GridFlex--grid\">\n<div class=\"Observation-meta-count GridFlex-cell\"><span class=\"is-visuallyHidden\">Compter\u00a0<\/span><span class=\"Observation-meta-count-label Color-text-neutral-4\">X<\/span><\/div>\n<div class=\"Observation-meta-date GridFlex-cell\"><a class=\"Observation-meta-date-label\" href=\"https:\/\/ebird.org\/checklist\/S92469279\" rel=\"noopener\">23 juil. 2021<\/a><\/div>\n<div class=\"Observation-meta-observer GridFlex-cell\"><span class=\"Observation-meta-observer-label\">Alphonse Luengo<\/span><\/div>\n<\/div>\n<\/section>\n<section id=\"has-det-22\" class=\"Observation Observation--placeSpeciesObserved u-flushInPageSection Observation--forHotspot u-showForLarge\" aria-labelledby=\"species-heading-helgui\" data-truncated=\"\">\n<div class=\"Observation-numberObserved Color-text-neutral-3 u-text-2\"><span class=\"is-visuallyHidden\">esp\u00e8ces<\/span>23.<\/div>\n<div class=\"Observation-species\">\n<h4 id=\"species-heading-helgui\" class=\"Heading Heading--h5\"><a href=\"https:\/\/ebird.org\/species\/helgui\/L352496\" data-species-code=\"helgui\" rel=\"noopener\"><span class=\"Heading-main\">Pintade casqu\u00e9e<\/span><\/a><\/h4>\n<\/div>\n<div class=\"Observation-meta GridFlex GridFlex--alignBaseline GridFlex--withGutterSmall GridFlex--grid\">\n<div class=\"Observation-meta-count GridFlex-cell\"><span class=\"is-visuallyHidden\">Compter\u00a0<\/span><span class=\"Observation-meta-count-label Color-text-neutral-4\">1<\/span><\/div>\n<div class=\"Observation-meta-date GridFlex-cell\"><a class=\"Observation-meta-date-label\" href=\"https:\/\/ebird.org\/checklist\/S84094572\" rel=\"noopener\">25 mars 2021<\/a><\/div>\n<div class=\"Observation-meta-observer GridFlex-cell\"><span class=\"Observation-meta-observer-label\">Scott Coupland<\/span><\/div>\n<\/div>\n<\/section>\n<section id=\"has-det-23\" class=\"Observation Observation--placeSpeciesObserved u-flushInPageSection Observation--forHotspot u-showForLarge\" aria-labelledby=\"species-heading-plapig\" data-truncated=\"\">\n<div class=\"Observation-numberObserved Color-text-neutral-3 u-text-2\"><span class=\"is-visuallyHidden\">esp\u00e8ces<\/span>24.<\/div>\n<div class=\"Observation-species\">\n<h4 id=\"species-heading-plapig\" class=\"Heading Heading--h5\"><a href=\"https:\/\/ebird.org\/species\/plapig\/L352496\" data-species-code=\"plapig\" rel=\"noopener\"><span class=\"Heading-main\">Pigeon ordinaire<\/span><\/a><\/h4>\n<\/div>\n<div class=\"Observation-meta GridFlex GridFlex--alignBaseline GridFlex--withGutterSmall GridFlex--grid\">\n<div class=\"Observation-meta-count GridFlex-cell\"><span class=\"is-visuallyHidden\">Compter\u00a0<\/span><span class=\"Observation-meta-count-label Color-text-neutral-4\">1<\/span><\/div>\n<div class=\"Observation-meta-date GridFlex-cell\"><a class=\"Observation-meta-date-label\" href=\"https:\/\/ebird.org\/checklist\/S84094572\" rel=\"noopener\">25 mars 2021<\/a><\/div>\n<div class=\"Observation-meta-observer GridFlex-cell\"><span class=\"Observation-meta-observer-label\">Scott Coupland<\/span><\/div>\n<\/div>\n<\/section>\n<section id=\"has-det-24\" class=\"Observation Observation--placeSpeciesObserved u-flushInPageSection Observation--forHotspot u-showForLarge\" aria-labelledby=\"species-heading-cogdov\" data-truncated=\"\">\n<div class=\"Observation-numberObserved Color-text-neutral-3 u-text-2\"><span class=\"is-visuallyHidden\">esp\u00e8ces<\/span>25.<\/div>\n<div class=\"Observation-species\">\n<h4 id=\"species-heading-cogdov\" class=\"Heading Heading--h5\"><a href=\"https:\/\/ebird.org\/species\/cogdov\/L352496\" data-species-code=\"cogdov\" rel=\"noopener\"><span class=\"Heading-main\">Colombe commune<\/span><\/a><\/h4>\n<\/div>\n<div class=\"Observation-meta GridFlex GridFlex--alignBaseline GridFlex--withGutterSmall GridFlex--grid\">\n<div class=\"Observation-meta-count GridFlex-cell\"><span class=\"is-visuallyHidden\">Compter\u00a0<\/span><span class=\"Observation-meta-count-label Color-text-neutral-4\">2<\/span><\/div>\n<div class=\"Observation-meta-date GridFlex-cell\"><a class=\"Observation-meta-date-label\" href=\"https:\/\/ebird.org\/checklist\/S84094572\" rel=\"noopener\">25 mars 2021<\/a><\/div>\n<div class=\"Observation-meta-observer GridFlex-cell\"><span class=\"Observation-meta-observer-label\">Scott Coupland<\/span><\/div>\n<\/div>\n<\/section>\n<section id=\"has-det-25\" class=\"Observation Observation--placeSpeciesObserved u-flushInPageSection Observation--forHotspot u-showForLarge\" aria-labelledby=\"species-heading-ruqdov\" data-truncated=\"\">\n<div class=\"Observation-numberObserved Color-text-neutral-3 u-text-2\"><span class=\"is-visuallyHidden\">esp\u00e8ces<\/span>26.<\/div>\n<div class=\"Observation-species\">\n<h4 id=\"species-heading-ruqdov\" class=\"Heading Heading--h5\"><a href=\"https:\/\/ebird.org\/species\/ruqdov\/L352496\" data-species-code=\"ruqdov\" rel=\"noopener\"><span class=\"Heading-main\">Ruddy Caille-Dove<\/span><\/a><\/h4>\n<\/div>\n<div class=\"Observation-meta GridFlex GridFlex--alignBaseline GridFlex--withGutterSmall GridFlex--grid\">\n<div class=\"Observation-meta-count GridFlex-cell\"><span class=\"is-visuallyHidden\">Compter\u00a0<\/span><span class=\"Observation-meta-count-label Color-text-neutral-4\">1<\/span><\/div>\n<div class=\"Observation-meta-date GridFlex-cell\"><a class=\"Observation-meta-date-label\" href=\"https:\/\/ebird.org\/checklist\/S84094572\" rel=\"noopener\">25 mars 2021<\/a><\/div>\n<div class=\"Observation-meta-observer GridFlex-cell\"><span class=\"Observation-meta-observer-label\">Scott Coupland<\/span><\/div>\n<\/div>\n<\/section>\n<section id=\"has-det-26\" class=\"Observation Observation--placeSpeciesObserved u-flushInPageSection Observation--forHotspot u-showForLarge\" aria-labelledby=\"species-heading-whwdov\" data-truncated=\"\">\n<div class=\"Observation-numberObserved Color-text-neutral-3 u-text-2\"><span class=\"is-visuallyHidden\">esp\u00e8ces<\/span>27.<\/div>\n<div class=\"Observation-species\">\n<h4 id=\"species-heading-whwdov\" class=\"Heading Heading--h5\"><a href=\"https:\/\/ebird.org\/species\/whwdov\/L352496\" data-species-code=\"whwdov\" rel=\"noopener\"><span class=\"Heading-main\">Colombe \u00e0 ailes blanches<\/span><\/a><\/h4>\n<\/div>\n<div class=\"Observation-meta GridFlex GridFlex--alignBaseline GridFlex--withGutterSmall GridFlex--grid\">\n<div class=\"Observation-meta-count GridFlex-cell\"><span class=\"is-visuallyHidden\">Compter\u00a0<\/span><span class=\"Observation-meta-count-label Color-text-neutral-4\">1<\/span><\/div>\n<div class=\"Observation-meta-date GridFlex-cell\"><a class=\"Observation-meta-date-label\" href=\"https:\/\/ebird.org\/checklist\/S84094572\" rel=\"noopener\">25 mars 2021<\/a><\/div>\n<div class=\"Observation-meta-observer GridFlex-cell\"><span class=\"Observation-meta-observer-label\">Scott Coupland<\/span><\/div>\n<\/div>\n<\/section>\n<section id=\"has-det-27\" class=\"Observation Observation--placeSpeciesObserved u-flushInPageSection Observation--forHotspot u-showForLarge\" aria-labelledby=\"species-heading-moudov\" data-truncated=\"\">\n<div class=\"Observation-numberObserved Color-text-neutral-3 u-text-2\"><span class=\"is-visuallyHidden\">esp\u00e8ces<\/span>28.<\/div>\n<div class=\"Observation-species\">\n<h4 id=\"species-heading-moudov\" class=\"Heading Heading--h5\"><a href=\"https:\/\/ebird.org\/species\/moudov\/L352496\" data-species-code=\"moudov\" rel=\"noopener\"><span class=\"Heading-main\">Tourterelle triste<\/span><\/a><\/h4>\n<\/div>\n<div class=\"Observation-meta GridFlex GridFlex--alignBaseline GridFlex--withGutterSmall GridFlex--grid\">\n<div class=\"Observation-meta-count GridFlex-cell\"><span class=\"is-visuallyHidden\">Compter\u00a0<\/span><span class=\"Observation-meta-count-label Color-text-neutral-4\">5<\/span><\/div>\n<div class=\"Observation-meta-date GridFlex-cell\"><a class=\"Observation-meta-date-label\" href=\"https:\/\/ebird.org\/checklist\/S84094572\" rel=\"noopener\">25 mars 2021<\/a><\/div>\n<div class=\"Observation-meta-observer GridFlex-cell\"><span class=\"Observation-meta-observer-label\">Scott Coupland<\/span><\/div>\n<\/div>\n<\/section>\n<section id=\"has-det-28\" class=\"Observation Observation--placeSpeciesObserved u-flushInPageSection Observation--forHotspot u-showForLarge\" aria-labelledby=\"species-heading-antman1\" data-truncated=\"\">\n<div class=\"Observation-numberObserved Color-text-neutral-3 u-text-2\"><span class=\"is-visuallyHidden\">esp\u00e8ces<\/span>29.<\/div>\n<div class=\"Observation-species\">\n<h4 id=\"species-heading-antman1\" class=\"Heading Heading--h5\"><a href=\"https:\/\/ebird.org\/species\/antman1\/L352496\" data-species-code=\"antman1\" rel=\"noopener\"><span class=\"Heading-main\">Mangue des Antilles<\/span><\/a><\/h4>\n<\/div>\n<div class=\"Observation-meta GridFlex GridFlex--alignBaseline GridFlex--withGutterSmall GridFlex--grid\">\n<div class=\"Observation-meta-count GridFlex-cell\"><span class=\"is-visuallyHidden\">Compter\u00a0<\/span><span class=\"Observation-meta-count-label Color-text-neutral-4\">2<\/span><\/div>\n<div class=\"Observation-meta-date GridFlex-cell\"><a class=\"Observation-meta-date-label\" href=\"https:\/\/ebird.org\/checklist\/S84094572\" rel=\"noopener\">25 mars 2021<\/a><\/div>\n<div class=\"Observation-meta-observer GridFlex-cell\"><span class=\"Observation-meta-observer-label\">Scott Coupland<\/span><\/div>\n<\/div>\n<\/section>\n<section id=\"has-det-29\" class=\"Observation Observation--placeSpeciesObserved u-flushInPageSection Observation--forHotspot u-showForLarge\" aria-labelledby=\"species-heading-verhum1\" data-truncated=\"\">\n<div class=\"Observation-numberObserved Color-text-neutral-3 u-text-2\"><span class=\"is-visuallyHidden\">esp\u00e8ces<\/span>30.<\/div>\n<div class=\"Observation-species\">\n<h4 id=\"species-heading-verhum1\" class=\"Heading Heading--h5\"><a href=\"https:\/\/ebird.org\/species\/verhum1\/L352496\" data-species-code=\"verhum1\" rel=\"noopener\"><span class=\"Heading-main\">Verveine Colibri<\/span><\/a><\/h4>\n<\/div>\n<div class=\"Observation-meta GridFlex GridFlex--alignBaseline GridFlex--withGutterSmall GridFlex--grid\">\n<div class=\"Observation-meta-count GridFlex-cell\"><span class=\"is-visuallyHidden\">Compter\u00a0<\/span><span class=\"Observation-meta-count-label Color-text-neutral-4\">6<\/span><\/div>\n<div class=\"Observation-meta-date GridFlex-cell\"><a class=\"Observation-meta-date-label\" href=\"https:\/\/ebird.org\/checklist\/S84094572\" rel=\"noopener\">25 mars 2021<\/a><\/div>\n<div class=\"Observation-meta-observer GridFlex-cell\"><span class=\"Observation-meta-observer-label\">Scott Coupland<\/span><\/div>\n<\/div>\n<\/section>\n<section id=\"has-det-30\" class=\"Observation Observation--placeSpeciesObserved u-flushInPageSection Observation--forHotspot u-showForLarge\" aria-labelledby=\"species-heading-hiseme1\" data-truncated=\"\">\n<div class=\"Observation-numberObserved Color-text-neutral-3 u-text-2\"><span class=\"is-visuallyHidden\">esp\u00e8ces<\/span>31.<\/div>\n<div class=\"Observation-species\">\n<h4 id=\"species-heading-hiseme1\" class=\"Heading Heading--h5\"><a href=\"https:\/\/ebird.org\/species\/hiseme1\/L352496\" data-species-code=\"hiseme1\" rel=\"noopener\"><span class=\"Heading-main\">\u00c9meraude d&#039;Hispaniole<\/span><\/a><\/h4>\n<\/div>\n<div class=\"Observation-meta GridFlex GridFlex--alignBaseline GridFlex--withGutterSmall GridFlex--grid\">\n<div class=\"Observation-meta-count GridFlex-cell\"><span class=\"is-visuallyHidden\">Compter\u00a0<\/span><span class=\"Observation-meta-count-label Color-text-neutral-4\">2<\/span><\/div>\n<div class=\"Observation-meta-date GridFlex-cell\"><a class=\"Observation-meta-date-label\" href=\"https:\/\/ebird.org\/checklist\/S84094572\" rel=\"noopener\">25 mars 2021<\/a><\/div>\n<div class=\"Observation-meta-observer GridFlex-cell\"><span class=\"Observation-meta-observer-label\">Scott Coupland<\/span><\/div>\n<\/div>\n<\/section>\n<section id=\"has-det-31\" class=\"Observation Observation--placeSpeciesObserved u-flushInPageSection Observation--forHotspot u-showForLarge\" aria-labelledby=\"species-heading-killde\" data-truncated=\"\">\n<div class=\"Observation-numberObserved Color-text-neutral-3 u-text-2\"><span class=\"is-visuallyHidden\">esp\u00e8ces<\/span>32.<\/div>\n<div class=\"Observation-species\">\n<h4 id=\"species-heading-killde\" class=\"Heading Heading--h5\"><a href=\"https:\/\/ebird.org\/species\/killde\/L352496\" data-species-code=\"killde\" rel=\"noopener\"><span class=\"Heading-main\">Pluvier kildir<\/span><\/a><\/h4>\n<\/div>\n<div class=\"Observation-meta GridFlex GridFlex--alignBaseline GridFlex--withGutterSmall GridFlex--grid\">\n<div class=\"Observation-meta-count GridFlex-cell\"><span class=\"is-visuallyHidden\">Compter\u00a0<\/span><span class=\"Observation-meta-count-label Color-text-neutral-4\">1<\/span><\/div>\n<div class=\"Observation-meta-date GridFlex-cell\"><a class=\"Observation-meta-date-label\" href=\"https:\/\/ebird.org\/checklist\/S84094572\" rel=\"noopener\">25 mars 2021<\/a><\/div>\n<div class=\"Observation-meta-observer GridFlex-cell\"><span class=\"Observation-meta-observer-label\">Scott Coupland<\/span><\/div>\n<\/div>\n<\/section>\n<section id=\"has-det-32\" class=\"Observation Observation--placeSpeciesObserved u-flushInPageSection Observation--forHotspot u-showForLarge\" aria-labelledby=\"species-heading-ridhaw1\" data-truncated=\"\">\n<div class=\"Observation-numberObserved Color-text-neutral-3 u-text-2\"><span class=\"is-visuallyHidden\">esp\u00e8ces<\/span>33.<\/div>\n<div class=\"Observation-species\">\n<h4 id=\"species-heading-ridhaw1\" class=\"Heading Heading--h5\"><a href=\"https:\/\/ebird.org\/species\/ridhaw1\/L352496\" data-species-code=\"ridhaw1\" rel=\"noopener\"><span class=\"Heading-main\">Faucon de Ridgway<\/span><\/a><\/h4>\n<\/div>\n<div class=\"Observation-meta GridFlex GridFlex--alignBaseline GridFlex--withGutterSmall GridFlex--grid\">\n<div class=\"Observation-meta-count GridFlex-cell\"><span class=\"is-visuallyHidden\">Compter\u00a0<\/span><span class=\"Observation-meta-count-label Color-text-neutral-4\">2<\/span><\/div>\n<div class=\"Observation-meta-date GridFlex-cell\"><a class=\"Observation-meta-date-label\" href=\"https:\/\/ebird.org\/checklist\/S84094572\" rel=\"noopener\">25 mars 2021<\/a><\/div>\n<div class=\"Observation-meta-observer GridFlex-cell\"><span class=\"Observation-meta-observer-label\">Scott Coupland<\/span><\/div>\n<\/div>\n<\/section>\n<section id=\"has-det-33\" class=\"Observation Observation--placeSpeciesObserved u-flushInPageSection Observation--forHotspot u-showForLarge\" aria-labelledby=\"species-heading-brbtod1\" data-truncated=\"\">\n<div class=\"Observation-numberObserved Color-text-neutral-3 u-text-2\"><span class=\"is-visuallyHidden\">esp\u00e8ces<\/span>34.<\/div>\n<div class=\"Observation-species\">\n<h4 id=\"species-heading-brbtod1\" class=\"Heading Heading--h5\"><a href=\"https:\/\/ebird.org\/species\/brbtod1\/L352496\" data-species-code=\"brbtod1\" rel=\"noopener\"><span class=\"Heading-main\">Todier \u00e0 large bec<\/span><\/a><\/h4>\n<\/div>\n<div class=\"Observation-meta GridFlex GridFlex--alignBaseline GridFlex--withGutterSmall GridFlex--grid\">\n<div class=\"Observation-meta-count GridFlex-cell\"><span class=\"is-visuallyHidden\">Compter\u00a0<\/span><span class=\"Observation-meta-count-label Color-text-neutral-4\">6<\/span><\/div>\n<div class=\"Observation-meta-date GridFlex-cell\"><a class=\"Observation-meta-date-label\" href=\"https:\/\/ebird.org\/checklist\/S84094572\" rel=\"noopener\">25 mars 2021<\/a><\/div>\n<div class=\"Observation-meta-observer GridFlex-cell\"><span class=\"Observation-meta-observer-label\">Scott Coupland<\/span><\/div>\n<\/div>\n<\/section>\n<section id=\"has-det-34\" class=\"Observation Observation--placeSpeciesObserved u-flushInPageSection Observation--forHotspot u-showForLarge\" aria-labelledby=\"species-heading-hispar1\" data-truncated=\"\">\n<div class=\"Observation-numberObserved Color-text-neutral-3 u-text-2\"><span class=\"is-visuallyHidden\">esp\u00e8ces<\/span>35.<\/div>\n<div class=\"Observation-species\">\n<h4 id=\"species-heading-hispar1\" class=\"Heading Heading--h5\"><a href=\"https:\/\/ebird.org\/species\/hispar1\/L352496\" data-species-code=\"hispar1\" rel=\"noopener\"><span class=\"Heading-main\">Perroquet d&#039;Hispaniole<\/span><\/a><\/h4>\n<\/div>\n<div class=\"Observation-meta GridFlex GridFlex--alignBaseline GridFlex--withGutterSmall GridFlex--grid\">\n<div class=\"Observation-meta-count GridFlex-cell\"><span class=\"is-visuallyHidden\">Compter\u00a0<\/span><span class=\"Observation-meta-count-label Color-text-neutral-4\">2<\/span><\/div>\n<div class=\"Observation-meta-date GridFlex-cell\"><a class=\"Observation-meta-date-label\" href=\"https:\/\/ebird.org\/checklist\/S84094572\" rel=\"noopener\">25 mars 2021<\/a><\/div>\n<div class=\"Observation-meta-observer GridFlex-cell\"><span class=\"Observation-meta-observer-label\">Scott Coupland<\/span><\/div>\n<\/div>\n<\/section>\n<section id=\"has-det-35\" class=\"Observation Observation--placeSpeciesObserved u-flushInPageSection Observation--forHotspot u-showForLarge\" aria-labelledby=\"species-heading-stofly1\" data-truncated=\"\">\n<div class=\"Observation-numberObserved Color-text-neutral-3 u-text-2\"><span class=\"is-visuallyHidden\">esp\u00e8ces<\/span>36.<\/div>\n<div class=\"Observation-species\">\n<h4 id=\"species-heading-stofly1\" class=\"Heading Heading--h5\"><a href=\"https:\/\/ebird.org\/species\/stofly1\/L352496\" data-species-code=\"stofly1\" rel=\"noopener\"><span class=\"Heading-main\">Moucherolle immobile<\/span><\/a><\/h4>\n<\/div>\n<div class=\"Observation-meta GridFlex GridFlex--alignBaseline GridFlex--withGutterSmall GridFlex--grid\">\n<div class=\"Observation-meta-count GridFlex-cell\"><span class=\"is-visuallyHidden\">Compter\u00a0<\/span><span class=\"Observation-meta-count-label Color-text-neutral-4\">3<\/span><\/div>\n<div class=\"Observation-meta-date GridFlex-cell\"><a class=\"Observation-meta-date-label\" href=\"https:\/\/ebird.org\/checklist\/S84094572\" rel=\"noopener\">25 mars 2021<\/a><\/div>\n<div class=\"Observation-meta-observer GridFlex-cell\"><span class=\"Observation-meta-observer-label\">Scott Coupland<\/span><\/div>\n<\/div>\n<\/section>\n<section id=\"has-det-36\" class=\"Observation Observation--placeSpeciesObserved u-flushInPageSection Observation--forHotspot u-showForLarge\" aria-labelledby=\"species-heading-grykin\" data-truncated=\"\">\n<div class=\"Observation-numberObserved Color-text-neutral-3 u-text-2\"><span class=\"is-visuallyHidden\">esp\u00e8ces<\/span>37.<\/div>\n<div class=\"Observation-species\">\n<h4 id=\"species-heading-grykin\" class=\"Heading Heading--h5\"><a href=\"https:\/\/ebird.org\/species\/grykin\/L352496\" data-species-code=\"grykin\" rel=\"noopener\"><span class=\"Heading-main\">Tyran gris<\/span><\/a><\/h4>\n<\/div>\n<div class=\"Observation-meta GridFlex GridFlex--alignBaseline GridFlex--withGutterSmall GridFlex--grid\">\n<div class=\"Observation-meta-count GridFlex-cell\"><span class=\"is-visuallyHidden\">Compter\u00a0<\/span><span class=\"Observation-meta-count-label Color-text-neutral-4\">14<\/span><\/div>\n<div class=\"Observation-meta-date GridFlex-cell\"><a class=\"Observation-meta-date-label\" href=\"https:\/\/ebird.org\/checklist\/S84094572\" rel=\"noopener\">25 mars 2021<\/a><\/div>\n<div class=\"Observation-meta-observer GridFlex-cell\"><span class=\"Observation-meta-observer-label\">Scott Coupland<\/span><\/div>\n<\/div>\n<\/section>\n<section id=\"has-det-37\" class=\"Observation Observation--placeSpeciesObserved u-flushInPageSection Observation--forHotspot u-showForLarge\" aria-labelledby=\"species-heading-gragra1\" data-truncated=\"\">\n<div class=\"Observation-numberObserved Color-text-neutral-3 u-text-2\"><span class=\"is-visuallyHidden\">esp\u00e8ces<\/span>38.<\/div>\n<div class=\"Observation-species\">\n<h4 id=\"species-heading-gragra1\" class=\"Heading Heading--h5\"><a href=\"https:\/\/ebird.org\/species\/gragra1\/L352496\" data-species-code=\"gragra1\" rel=\"noopener\"><span class=\"Heading-main\">Quiscale bronz\u00e9 des Antilles<\/span><\/a><\/h4>\n<\/div>\n<div class=\"Observation-meta GridFlex GridFlex--alignBaseline GridFlex--withGutterSmall GridFlex--grid\">\n<div class=\"Observation-meta-count GridFlex-cell\"><span class=\"is-visuallyHidden\">Compter\u00a0<\/span><span class=\"Observation-meta-count-label Color-text-neutral-4\">3<\/span><\/div>\n<div class=\"Observation-meta-date GridFlex-cell\"><a class=\"Observation-meta-date-label\" href=\"https:\/\/ebird.org\/checklist\/S84094572\" rel=\"noopener\">25 mars 2021<\/a><\/div>\n<div class=\"Observation-meta-observer GridFlex-cell\"><span class=\"Observation-meta-observer-label\">Scott Coupland<\/span><\/div>\n<\/div>\n<\/section>\n<section id=\"has-det-38\" class=\"Observation Observation--placeSpeciesObserved u-flushInPageSection Observation--forHotspot u-showForLarge\" aria-labelledby=\"species-heading-norwat\" data-truncated=\"\">\n<div class=\"Observation-numberObserved Color-text-neutral-3 u-text-2\"><span class=\"is-visuallyHidden\">esp\u00e8ces<\/span>39.<\/div>\n<div class=\"Observation-species\">\n<h4 id=\"species-heading-norwat\" class=\"Heading Heading--h5\"><a href=\"https:\/\/ebird.org\/species\/norwat\/L352496\" data-species-code=\"norwat\" rel=\"noopener\"><span class=\"Heading-main\">Paruline hochequeue<\/span><\/a><\/h4>\n<\/div>\n<div class=\"Observation-meta GridFlex GridFlex--alignBaseline GridFlex--withGutterSmall GridFlex--grid\">\n<div class=\"Observation-meta-count GridFlex-cell\"><span class=\"is-visuallyHidden\">Compter\u00a0<\/span><span class=\"Observation-meta-count-label Color-text-neutral-4\">3<\/span><\/div>\n<div class=\"Observation-meta-date GridFlex-cell\"><a class=\"Observation-meta-date-label\" href=\"https:\/\/ebird.org\/checklist\/S84094572\" rel=\"noopener\">25 mars 2021<\/a><\/div>\n<div class=\"Observation-meta-observer GridFlex-cell\"><span class=\"Observation-meta-observer-label\">Scott Coupland<\/span><\/div>\n<\/div>\n<\/section>\n<section id=\"has-det-39\" class=\"Observation Observation--placeSpeciesObserved u-flushInPageSection Observation--forHotspot u-showForLarge\" aria-labelledby=\"species-heading-bawwar\" data-truncated=\"\">\n<div class=\"Observation-numberObserved Color-text-neutral-3 u-text-2\"><span class=\"is-visuallyHidden\">esp\u00e8ces<\/span>40.<\/div>\n<div class=\"Observation-species\">\n<h4 id=\"species-heading-bawwar\" class=\"Heading Heading--h5\"><a href=\"https:\/\/ebird.org\/species\/bawwar\/L352496\" data-species-code=\"bawwar\" rel=\"noopener\"><span class=\"Heading-main\">Paruline noir et blanc<\/span><\/a><\/h4>\n<\/div>\n<div class=\"Observation-meta GridFlex GridFlex--alignBaseline GridFlex--withGutterSmall GridFlex--grid\">\n<div class=\"Observation-meta-count GridFlex-cell\"><span class=\"is-visuallyHidden\">Compter\u00a0<\/span><span class=\"Observation-meta-count-label Color-text-neutral-4\">2<\/span><\/div>\n<div class=\"Observation-meta-date GridFlex-cell\"><a class=\"Observation-meta-date-label\" href=\"https:\/\/ebird.org\/checklist\/S84094572\" rel=\"noopener\">25 mars 2021<\/a><\/div>\n<div class=\"Observation-meta-observer GridFlex-cell\"><span class=\"Observation-meta-observer-label\">Scott Coupland<\/span><\/div>\n<\/div>\n<\/section>\n<section id=\"has-det-40\" class=\"Observation Observation--placeSpeciesObserved u-flushInPageSection Observation--forHotspot u-showForLarge\" aria-labelledby=\"species-heading-norpar\" data-truncated=\"\">\n<div class=\"Observation-numberObserved Color-text-neutral-3 u-text-2\"><span class=\"is-visuallyHidden\">esp\u00e8ces<\/span>41.<\/div>\n<div class=\"Observation-species\">\n<h4 id=\"species-heading-norpar\" class=\"Heading Heading--h5\"><a href=\"https:\/\/ebird.org\/species\/norpar\/L352496\" data-species-code=\"norpar\" rel=\"noopener\"><span class=\"Heading-main\">Parula du Nord<\/span><\/a><\/h4>\n<\/div>\n<div class=\"Observation-meta GridFlex GridFlex--alignBaseline GridFlex--withGutterSmall GridFlex--grid\">\n<div class=\"Observation-meta-count GridFlex-cell\"><span class=\"is-visuallyHidden\">Compter\u00a0<\/span><span class=\"Observation-meta-count-label Color-text-neutral-4\">2<\/span><\/div>\n<div class=\"Observation-meta-date GridFlex-cell\"><a class=\"Observation-meta-date-label\" href=\"https:\/\/ebird.org\/checklist\/S84094572\" rel=\"noopener\">25 mars 2021<\/a><\/div>\n<div class=\"Observation-meta-observer GridFlex-cell\"><span class=\"Observation-meta-observer-label\">Scott Coupland<\/span><\/div>\n<\/div>\n<\/section>\n<section id=\"has-det-41\" class=\"Observation Observation--placeSpeciesObserved u-flushInPageSection Observation--forHotspot u-showForLarge\" aria-labelledby=\"species-heading-yerwar\" data-truncated=\"\">\n<div class=\"Observation-numberObserved Color-text-neutral-3 u-text-2\"><span class=\"is-visuallyHidden\">esp\u00e8ces<\/span>42.<\/div>\n<div class=\"Observation-species\">\n<h4 id=\"species-heading-yerwar\" class=\"Heading Heading--h5\"><a href=\"https:\/\/ebird.org\/species\/yerwar\/L352496\" data-species-code=\"yerwar\" rel=\"noopener\"><span class=\"Heading-main\">Paruline \u00e0 croupion jaune<\/span><\/a><\/h4>\n<\/div>\n<div class=\"Observation-meta GridFlex GridFlex--alignBaseline GridFlex--withGutterSmall GridFlex--grid\">\n<div class=\"Observation-meta-count GridFlex-cell\"><span class=\"is-visuallyHidden\">Compter\u00a0<\/span><span class=\"Observation-meta-count-label Color-text-neutral-4\">1<\/span><\/div>\n<div class=\"Observation-meta-date GridFlex-cell\"><a class=\"Observation-meta-date-label\" href=\"https:\/\/ebird.org\/checklist\/S84094572\" rel=\"noopener\">25 mars 2021<\/a><\/div>\n<div class=\"Observation-meta-observer GridFlex-cell\"><span class=\"Observation-meta-observer-label\">Scott Coupland<\/span><\/div>\n<\/div>\n<\/section>\n<section id=\"has-det-42\" class=\"Observation Observation--placeSpeciesObserved u-flushInPageSection Observation--forHotspot u-showForLarge\" aria-labelledby=\"species-heading-btnwar\" data-truncated=\"\">\n<div class=\"Observation-numberObserved Color-text-neutral-3 u-text-2\"><span class=\"is-visuallyHidden\">esp\u00e8ces<\/span>43.<\/div>\n<div class=\"Observation-species\">\n<h4 id=\"species-heading-btnwar\" class=\"Heading Heading--h5\"><a href=\"https:\/\/ebird.org\/species\/btnwar\/L352496\" data-species-code=\"btnwar\" rel=\"noopener\"><span class=\"Heading-main\">Paruline \u00e0 gorge noire<\/span><\/a><\/h4>\n<\/div>\n<div class=\"Observation-meta GridFlex GridFlex--alignBaseline GridFlex--withGutterSmall GridFlex--grid\">\n<div class=\"Observation-meta-count GridFlex-cell\"><span class=\"is-visuallyHidden\">Compter\u00a0<\/span><span class=\"Observation-meta-count-label Color-text-neutral-4\">1<\/span><\/div>\n<div class=\"Observation-meta-date GridFlex-cell\"><a class=\"Observation-meta-date-label\" href=\"https:\/\/ebird.org\/checklist\/S84094572\" rel=\"noopener\">25 mars 2021<\/a><\/div>\n<div class=\"Observation-meta-observer GridFlex-cell\"><span class=\"Observation-meta-observer-label\">Scott Coupland<\/span><\/div>\n<\/div>\n<\/section>\n<section id=\"has-det-43\" class=\"Observation Observation--placeSpeciesObserved u-flushInPageSection Observation--forHotspot u-showForLarge\" aria-labelledby=\"species-heading-banana\" data-truncated=\"\">\n<div class=\"Observation-numberObserved Color-text-neutral-3 u-text-2\"><span class=\"is-visuallyHidden\">esp\u00e8ces<\/span>44.<\/div>\n<div class=\"Observation-species\">\n<h4 id=\"species-heading-banana\" class=\"Heading Heading--h5\"><a href=\"https:\/\/ebird.org\/species\/banana\/L352496\" data-species-code=\"banana\" rel=\"noopener\"><span class=\"Heading-main\">Quitte \u00e0 la banane<\/span><\/a><\/h4>\n<\/div>\n<div class=\"Observation-meta GridFlex GridFlex--alignBaseline GridFlex--withGutterSmall GridFlex--grid\">\n<div class=\"Observation-meta-count GridFlex-cell\"><span class=\"is-visuallyHidden\">Compter\u00a0<\/span><span class=\"Observation-meta-count-label Color-text-neutral-4\">6<\/span><\/div>\n<div class=\"Observation-meta-date GridFlex-cell\"><a class=\"Observation-meta-date-label\" href=\"https:\/\/ebird.org\/checklist\/S84094572\" rel=\"noopener\">25 mars 2021<\/a><\/div>\n<div class=\"Observation-meta-observer GridFlex-cell\"><span class=\"Observation-meta-observer-label\">Scott Coupland<\/span><\/div>\n<\/div>\n<\/section>\n<section id=\"has-det-44\" class=\"Observation Observation--placeSpeciesObserved u-flushInPageSection Observation--forHotspot u-showForLarge\" aria-labelledby=\"species-heading-yefgra1\" data-truncated=\"\">\n<div class=\"Observation-numberObserved Color-text-neutral-3 u-text-2\"><span class=\"is-visuallyHidden\">esp\u00e8ces<\/span>45.<\/div>\n<div class=\"Observation-species\">\n<h4 id=\"species-heading-yefgra1\" class=\"Heading Heading--h5\"><a href=\"https:\/\/ebird.org\/species\/yefgra1\/L352496\" data-species-code=\"yefgra1\" rel=\"noopener\"><span class=\"Heading-main\">Grassquit \u00e0 face jaune<\/span><\/a><\/h4>\n<\/div>\n<div class=\"Observation-meta GridFlex GridFlex--alignBaseline GridFlex--withGutterSmall GridFlex--grid\">\n<div class=\"Observation-meta-count GridFlex-cell\"><span class=\"is-visuallyHidden\">Compter\u00a0<\/span><span class=\"Observation-meta-count-label Color-text-neutral-4\">13<\/span><\/div>\n<div class=\"Observation-meta-date GridFlex-cell\"><a class=\"Observation-meta-date-label\" href=\"https:\/\/ebird.org\/checklist\/S84094572\" rel=\"noopener\">25 mars 2021<\/a><\/div>\n<div class=\"Observation-meta-observer GridFlex-cell\"><span class=\"Observation-meta-observer-label\">Scott Coupland<\/span><\/div>\n<\/div>\n<\/section>\n<section id=\"has-det-45\" class=\"Observation Observation--placeSpeciesObserved u-flushInPageSection Observation--forHotspot u-showForLarge\" aria-labelledby=\"species-heading-asfowl1\" data-truncated=\"\">\n<div class=\"Observation-numberObserved Color-text-neutral-3 u-text-2\"><span class=\"is-visuallyHidden\">esp\u00e8ces<\/span>46.<\/div>\n<div class=\"Observation-species\">\n<h4 id=\"species-heading-asfowl1\" class=\"Heading Heading--h5\"><a href=\"https:\/\/ebird.org\/species\/asfowl1\/L352496\" data-species-code=\"asfowl1\" rel=\"noopener\"><span class=\"Heading-main\">Chouette \u00e0 face cendr\u00e9e<\/span><\/a><\/h4>\n<\/div>\n<div class=\"Observation-meta GridFlex GridFlex--alignBaseline GridFlex--withGutterSmall GridFlex--grid\">\n<div class=\"Observation-meta-count GridFlex-cell\"><span class=\"is-visuallyHidden\">Compter\u00a0<\/span><span class=\"Observation-meta-count-label Color-text-neutral-4\">1<\/span><\/div>\n<div class=\"Observation-meta-date GridFlex-cell\"><a class=\"Observation-meta-date-label\" href=\"https:\/\/ebird.org\/checklist\/S83277633\" rel=\"noopener\">12 mars 2021<\/a><\/div>\n<div class=\"Observation-meta-observer GridFlex-cell\"><span class=\"Observation-meta-observer-label\">Johannes Nelson<\/span><\/div>\n<\/div>\n<\/section>\n<section id=\"has-det-46\" class=\"Observation Observation--placeSpeciesObserved u-flushInPageSection Observation--forHotspot u-showForLarge\" aria-labelledby=\"species-heading-royter1\" data-truncated=\"\">\n<div class=\"Observation-numberObserved Color-text-neutral-3 u-text-2\"><span class=\"is-visuallyHidden\">esp\u00e8ces<\/span>47.<\/div>\n<div class=\"Observation-species\">\n<h4 id=\"species-heading-royter1\" class=\"Heading Heading--h5\"><a href=\"https:\/\/ebird.org\/species\/royter1\/L352496\" data-species-code=\"royter1\" rel=\"noopener\"><span class=\"Heading-main\">Sterne royale<\/span><\/a><\/h4>\n<\/div>\n<div class=\"Observation-meta GridFlex GridFlex--alignBaseline GridFlex--withGutterSmall GridFlex--grid\">\n<div class=\"Observation-meta-count GridFlex-cell\"><span class=\"is-visuallyHidden\">Compter\u00a0<\/span><span class=\"Observation-meta-count-label Color-text-neutral-4\">16<\/span><\/div>\n<div class=\"Observation-meta-date GridFlex-cell\"><a class=\"Observation-meta-date-label\" href=\"https:\/\/ebird.org\/checklist\/S79870403\" rel=\"noopener\">24 janv. 2021<\/a><\/div>\n<div class=\"Observation-meta-observer GridFlex-cell\"><span class=\"Observation-meta-observer-label\">Johannes Nelson<\/span><\/div>\n<\/div>\n<\/section>\n<section id=\"has-det-47\" class=\"Observation Observation--placeSpeciesObserved u-flushInPageSection Observation--forHotspot u-showForLarge\" aria-labelledby=\"species-heading-snoegr\" data-truncated=\"\">\n<div class=\"Observation-numberObserved Color-text-neutral-3 u-text-2\"><span class=\"is-visuallyHidden\">esp\u00e8ces<\/span>48.<\/div>\n<div class=\"Observation-species\">\n<h4 id=\"species-heading-snoegr\" class=\"Heading Heading--h5\"><a href=\"https:\/\/ebird.org\/species\/snoegr\/L352496\" data-species-code=\"snoegr\" rel=\"noopener\"><span class=\"Heading-main\">Aigrette neigeuse<\/span><\/a><\/h4>\n<\/div>\n<div class=\"Observation-meta GridFlex GridFlex--alignBaseline GridFlex--withGutterSmall GridFlex--grid\">\n<div class=\"Observation-meta-count GridFlex-cell\"><span class=\"is-visuallyHidden\">Compter\u00a0<\/span><span class=\"Observation-meta-count-label Color-text-neutral-4\">1<\/span><\/div>\n<div class=\"Observation-meta-date GridFlex-cell\"><a class=\"Observation-meta-date-label\" href=\"https:\/\/ebird.org\/checklist\/S79870403\" rel=\"noopener\">24 janv. 2021<\/a><\/div>\n<div class=\"Observation-meta-observer GridFlex-cell\"><span class=\"Observation-meta-observer-label\">Johannes Nelson<\/span><\/div>\n<\/div>\n<\/section>\n<section id=\"has-det-48\" class=\"Observation Observation--placeSpeciesObserved u-flushInPageSection Observation--forHotspot u-showForLarge\" aria-labelledby=\"species-heading-belkin1\" data-truncated=\"\">\n<div class=\"Observation-numberObserved Color-text-neutral-3 u-text-2\"><span class=\"is-visuallyHidden\">esp\u00e8ces<\/span>49.<\/div>\n<div class=\"Observation-species\">\n<h4 id=\"species-heading-belkin1\" class=\"Heading Heading--h5\"><a href=\"https:\/\/ebird.org\/species\/belkin1\/L352496\" data-species-code=\"belkin1\" rel=\"noopener\"><span class=\"Heading-main\">Martin-p\u00eacheur \u00e0 ceinture<\/span><\/a><\/h4>\n<\/div>\n<div class=\"Observation-meta GridFlex GridFlex--alignBaseline GridFlex--withGutterSmall GridFlex--grid\">\n<div class=\"Observation-meta-count GridFlex-cell\"><span class=\"is-visuallyHidden\">Compter\u00a0<\/span><span class=\"Observation-meta-count-label Color-text-neutral-4\">2<\/span><\/div>\n<div class=\"Observation-meta-date GridFlex-cell\"><a class=\"Observation-meta-date-label\" href=\"https:\/\/ebird.org\/checklist\/S79870403\" rel=\"noopener\">24 janv. 2021<\/a><\/div>\n<div class=\"Observation-meta-observer GridFlex-cell\"><span class=\"Observation-meta-observer-label\">Johannes Nelson<\/span><\/div>\n<\/div>\n<\/section>\n<section id=\"has-det-49\" class=\"Observation Observation--placeSpeciesObserved u-flushInPageSection Observation--forHotspot u-showForLarge\" aria-labelledby=\"species-heading-cavswa\" data-truncated=\"\">\n<div class=\"Observation-numberObserved Color-text-neutral-3 u-text-2\"><span class=\"is-visuallyHidden\">esp\u00e8ces<\/span>50.<\/div>\n<div class=\"Observation-species\">\n<h4 id=\"species-heading-cavswa\" class=\"Heading Heading--h5\"><a href=\"https:\/\/ebird.org\/species\/cavswa\/L352496\" data-species-code=\"cavswa\" rel=\"noopener\"><span class=\"Heading-main\">Hirondelle des cavernes<\/span><\/a><\/h4>\n<\/div>\n<div class=\"Observation-meta GridFlex GridFlex--alignBaseline GridFlex--withGutterSmall GridFlex--grid\">\n<div class=\"Observation-meta-count GridFlex-cell\"><span class=\"is-visuallyHidden\">Compter\u00a0<\/span><span class=\"Observation-meta-count-label Color-text-neutral-4\">2<\/span><\/div>\n<div class=\"Observation-meta-date GridFlex-cell\"><a class=\"Observation-meta-date-label\" href=\"https:\/\/ebird.org\/checklist\/S79870403\" rel=\"noopener\">24 janv. 2021<\/a><\/div>\n<div class=\"Observation-meta-observer GridFlex-cell\"><span class=\"Observation-meta-observer-label\">Johannes Nelson<\/span><\/div>\n<\/div>\n<\/section>\n<section id=\"has-det-50\" class=\"Observation Observation--placeSpeciesObserved u-flushInPageSection Observation--forHotspot u-showForLarge\" aria-labelledby=\"species-heading-amered\" data-truncated=\"\">\n<div class=\"Observation-numberObserved Color-text-neutral-3 u-text-2\"><span class=\"is-visuallyHidden\">esp\u00e8ces<\/span>51.<\/div>\n<div class=\"Observation-species\">\n<h4 id=\"species-heading-amered\" class=\"Heading Heading--h5\"><a href=\"https:\/\/ebird.org\/species\/amered\/L352496\" data-species-code=\"amered\" rel=\"noopener\"><span class=\"Heading-main\">Rougequeue d&#039;Am\u00e9rique<\/span><\/a><\/h4>\n<\/div>\n<div class=\"Observation-meta GridFlex GridFlex--alignBaseline GridFlex--withGutterSmall GridFlex--grid\">\n<div class=\"Observation-meta-count GridFlex-cell\"><span class=\"is-visuallyHidden\">Compter\u00a0<\/span><span class=\"Observation-meta-count-label Color-text-neutral-4\">1<\/span><\/div>\n<div class=\"Observation-meta-date GridFlex-cell\"><a class=\"Observation-meta-date-label\" href=\"https:\/\/ebird.org\/checklist\/S79870403\" rel=\"noopener\">24 janv. 2021<\/a><\/div>\n<div class=\"Observation-meta-observer GridFlex-cell\"><span class=\"Observation-meta-observer-label\">Johannes Nelson<\/span><\/div>\n<\/div>\n<\/section>\n<section id=\"has-det-51\" class=\"Observation Observation--placeSpeciesObserved u-flushInPageSection Observation--forHotspot u-showForLarge\" aria-labelledby=\"species-heading-yelwar\" data-truncated=\"\">\n<div class=\"Observation-numberObserved Color-text-neutral-3 u-text-2\"><span class=\"is-visuallyHidden\">esp\u00e8ces<\/span>52.<\/div>\n<div class=\"Observation-species\">\n<h4 id=\"species-heading-yelwar\" class=\"Heading Heading--h5\"><a href=\"https:\/\/ebird.org\/species\/yelwar\/L352496\" data-species-code=\"yelwar\" rel=\"noopener\"><span class=\"Heading-main\">Paruline jaune<\/span><\/a><\/h4>\n<\/div>\n<div class=\"Observation-meta GridFlex GridFlex--alignBaseline GridFlex--withGutterSmall GridFlex--grid\">\n<div class=\"Observation-meta-count GridFlex-cell\"><span class=\"is-visuallyHidden\">Compter\u00a0<\/span><span class=\"Observation-meta-count-label Color-text-neutral-4\">1<\/span><\/div>\n<div class=\"Observation-meta-date GridFlex-cell\"><a class=\"Observation-meta-date-label\" href=\"https:\/\/ebird.org\/checklist\/S79870403\" rel=\"noopener\">24 janv. 2021<\/a><\/div>\n<div class=\"Observation-meta-observer GridFlex-cell\"><span class=\"Observation-meta-observer-label\">Johannes Nelson<\/span><\/div>\n<\/div>\n<\/section>\n<section id=\"has-det-52\" class=\"Observation Observation--placeSpeciesObserved u-flushInPageSection Observation--forHotspot u-showForLarge\" aria-labelledby=\"species-heading-scnpig1\" data-truncated=\"\">\n<div class=\"Observation-numberObserved Color-text-neutral-3 u-text-2\"><span class=\"is-visuallyHidden\">esp\u00e8ces<\/span>53.<\/div>\n<div class=\"Observation-species\">\n<h4 id=\"species-heading-scnpig1\" class=\"Heading Heading--h5\"><a href=\"https:\/\/ebird.org\/species\/scnpig1\/L352496\" data-species-code=\"scnpig1\" rel=\"noopener\"><span class=\"Heading-main\">Pigeon \u00e0 nuque \u00e9cailleuse<\/span><\/a><\/h4>\n<\/div>\n<div class=\"Observation-meta GridFlex GridFlex--alignBaseline GridFlex--withGutterSmall GridFlex--grid\">\n<div class=\"Observation-meta-count GridFlex-cell\"><span class=\"is-visuallyHidden\">Compter\u00a0<\/span><span class=\"Observation-meta-count-label Color-text-neutral-4\">2<\/span><\/div>\n<div class=\"Observation-meta-date GridFlex-cell\"><a class=\"Observation-meta-date-label\" href=\"https:\/\/ebird.org\/checklist\/S79774179\" rel=\"noopener\">23 janv. 2021<\/a><\/div>\n<div class=\"Observation-meta-observer GridFlex-cell\"><span class=\"Observation-meta-observer-label\">Rhonda Schwartz<\/span><\/div>\n<\/div>\n<\/section>\n<section id=\"has-det-53\" class=\"Observation Observation--placeSpeciesObserved u-flushInPageSection Observation--forHotspot u-showForLarge\" aria-labelledby=\"species-heading-osprey\" data-truncated=\"\">\n<div class=\"Observation-numberObserved Color-text-neutral-3 u-text-2\"><span class=\"is-visuallyHidden\">esp\u00e8ces<\/span>54.<\/div>\n<div class=\"Observation-species\">\n<h4 id=\"species-heading-osprey\" class=\"Heading Heading--h5\"><a href=\"https:\/\/ebird.org\/species\/osprey\/L352496\" data-species-code=\"osprey\" rel=\"noopener\"><span class=\"Heading-main\">Balbuzard<\/span><\/a><\/h4>\n<\/div>\n<div class=\"Observation-meta GridFlex GridFlex--alignBaseline GridFlex--withGutterSmall GridFlex--grid\">\n<div class=\"Observation-meta-count GridFlex-cell\"><span class=\"is-visuallyHidden\">Compter\u00a0<\/span><span class=\"Observation-meta-count-label Color-text-neutral-4\">1<\/span><\/div>\n<div class=\"Observation-meta-date GridFlex-cell\"><a class=\"Observation-meta-date-label\" href=\"https:\/\/ebird.org\/checklist\/S79774179\" rel=\"noopener\">23 janv. 2021<\/a><\/div>\n<div class=\"Observation-meta-observer GridFlex-cell\"><span class=\"Observation-meta-observer-label\">Rhonda Schwartz<\/span><\/div>\n<\/div>\n<\/section>\n<section id=\"has-det-54\" class=\"Observation Observation--placeSpeciesObserved u-flushInPageSection Observation--forHotspot u-showForLarge\" aria-labelledby=\"species-heading-rethaw\" data-truncated=\"\">\n<div class=\"Observation-numberObserved Color-text-neutral-3 u-text-2\"><span class=\"is-visuallyHidden\">esp\u00e8ces<\/span>55.<\/div>\n<div class=\"Observation-species\">\n<h4 id=\"species-heading-rethaw\" class=\"Heading Heading--h5\"><a href=\"https:\/\/ebird.org\/species\/rethaw\/L352496\" data-species-code=\"rethaw\" rel=\"noopener\"><span class=\"Heading-main\">Faucon \u00e0 queue rouge<\/span><\/a><\/h4>\n<\/div>\n<div class=\"Observation-meta GridFlex GridFlex--alignBaseline GridFlex--withGutterSmall GridFlex--grid\">\n<div class=\"Observation-meta-count GridFlex-cell\"><span class=\"is-visuallyHidden\">Compter\u00a0<\/span><span class=\"Observation-meta-count-label Color-text-neutral-4\">1<\/span><\/div>\n<div class=\"Observation-meta-date GridFlex-cell\"><a class=\"Observation-meta-date-label\" href=\"https:\/\/ebird.org\/checklist\/S79774179\" rel=\"noopener\">23 janv. 2021<\/a><\/div>\n<div class=\"Observation-meta-observer GridFlex-cell\"><span class=\"Observation-meta-observer-label\">Rhonda Schwartz<\/span><\/div>\n<\/div>\n<\/section>\n<section id=\"has-det-55\" class=\"Observation Observation--placeSpeciesObserved u-flushInPageSection Observation--forHotspot u-showForLarge\" aria-labelledby=\"species-heading-perfal\" data-truncated=\"\">\n<div class=\"Observation-numberObserved Color-text-neutral-3 u-text-2\"><span class=\"is-visuallyHidden\">esp\u00e8ces<\/span>56.<\/div>\n<div class=\"Observation-species\">\n<h4 id=\"species-heading-perfal\" class=\"Heading Heading--h5\"><a href=\"https:\/\/ebird.org\/species\/perfal\/L352496\" data-species-code=\"perfal\" rel=\"noopener\"><span class=\"Heading-main\">Faucon p\u00e8lerin<\/span><\/a><\/h4>\n<\/div>\n<div class=\"Observation-meta GridFlex GridFlex--alignBaseline GridFlex--withGutterSmall GridFlex--grid\">\n<div class=\"Observation-meta-count GridFlex-cell\"><span class=\"is-visuallyHidden\">Compter\u00a0<\/span><span class=\"Observation-meta-count-label Color-text-neutral-4\">1<\/span><\/div>\n<div class=\"Observation-meta-date GridFlex-cell\"><a class=\"Observation-meta-date-label\" href=\"https:\/\/ebird.org\/checklist\/S79774179\" rel=\"noopener\">23 janv. 2021<\/a><\/div>\n<div class=\"Observation-meta-observer GridFlex-cell\"><span class=\"Observation-meta-observer-label\">Rhonda Schwartz<\/span><\/div>\n<\/div>\n<\/section>\n<section id=\"has-det-56\" class=\"Observation Observation--placeSpeciesObserved u-flushInPageSection Observation--forHotspot u-showForLarge\" aria-labelledby=\"species-heading-yetvir\" data-truncated=\"\">\n<div class=\"Observation-numberObserved Color-text-neutral-3 u-text-2\"><span class=\"is-visuallyHidden\">esp\u00e8ces<\/span>57.<\/div>\n<div class=\"Observation-species\">\n<h4 id=\"species-heading-yetvir\" class=\"Heading Heading--h5\"><a href=\"https:\/\/ebird.org\/species\/yetvir\/L352496\" data-species-code=\"yetvir\" rel=\"noopener\"><span class=\"Heading-main\">Vir\u00e9o \u00e0 gorge jaune<\/span><\/a><\/h4>\n<\/div>\n<div class=\"Observation-meta GridFlex GridFlex--alignBaseline GridFlex--withGutterSmall GridFlex--grid\">\n<div class=\"Observation-meta-count GridFlex-cell\"><span class=\"is-visuallyHidden\">Compter\u00a0<\/span><span class=\"Observation-meta-count-label Color-text-neutral-4\">1<\/span><\/div>\n<div class=\"Observation-meta-date GridFlex-cell\"><a class=\"Observation-meta-date-label\" href=\"https:\/\/ebird.org\/checklist\/S79774179\" rel=\"noopener\">23 janv. 2021<\/a><\/div>\n<div class=\"Observation-meta-observer GridFlex-cell\"><span class=\"Observation-meta-observer-label\">Rhonda Schwartz<\/span><\/div>\n<\/div>\n<\/section>\n<section id=\"has-det-57\" class=\"Observation Observation--placeSpeciesObserved u-flushInPageSection Observation--forHotspot u-showForLarge\" aria-labelledby=\"species-heading-btbwar\" data-truncated=\"\">\n<div class=\"Observation-numberObserved Color-text-neutral-3 u-text-2\"><span class=\"is-visuallyHidden\">esp\u00e8ces<\/span>58.<\/div>\n<div class=\"Observation-species\">\n<h4 id=\"species-heading-btbwar\" class=\"Heading Heading--h5\"><a href=\"https:\/\/ebird.org\/species\/btbwar\/L352496\" data-species-code=\"btbwar\" rel=\"noopener\"><span class=\"Heading-main\">Paruline bleue \u00e0 gorge noire<\/span><\/a><\/h4>\n<\/div>\n<div class=\"Observation-meta GridFlex GridFlex--alignBaseline GridFlex--withGutterSmall GridFlex--grid\">\n<div class=\"Observation-meta-count GridFlex-cell\"><span class=\"is-visuallyHidden\">Compter\u00a0<\/span><span class=\"Observation-meta-count-label Color-text-neutral-4\">1<\/span><\/div>\n<div class=\"Observation-meta-date GridFlex-cell\"><a class=\"Observation-meta-date-label\" href=\"https:\/\/ebird.org\/checklist\/S79774179\" rel=\"noopener\">23 janv. 2021<\/a><\/div>\n<div class=\"Observation-meta-observer GridFlex-cell\"><span class=\"Observation-meta-observer-label\">Rhonda Schwartz<\/span><\/div>\n<\/div>\n<\/section>\n<section id=\"has-det-58\" class=\"Observation Observation--placeSpeciesObserved u-flushInPageSection Observation--forHotspot u-showForLarge\" aria-labelledby=\"species-heading-limpki\" data-truncated=\"\">\n<div class=\"Observation-numberObserved Color-text-neutral-3 u-text-2\"><span class=\"is-visuallyHidden\">esp\u00e8ces<\/span>59.<\/div>\n<div class=\"Observation-species\">\n<h4 id=\"species-heading-limpki\" class=\"Heading Heading--h5\"><a href=\"https:\/\/ebird.org\/species\/limpki\/L352496\" data-species-code=\"limpki\" rel=\"noopener\"><span class=\"Heading-main\">Limpkin<\/span><\/a><\/h4>\n<\/div>\n<div class=\"Observation-meta GridFlex GridFlex--alignBaseline GridFlex--withGutterSmall GridFlex--grid\">\n<div class=\"Observation-meta-count GridFlex-cell\"><span class=\"is-visuallyHidden\">Compter\u00a0<\/span><span class=\"Observation-meta-count-label Color-text-neutral-4\">1<\/span><\/div>\n<div class=\"Observation-meta-date GridFlex-cell\"><a class=\"Observation-meta-date-label\" href=\"https:\/\/ebird.org\/checklist\/S73475545\" rel=\"noopener\">11 sept. 2020<\/a><\/div>\n<div class=\"Observation-meta-observer GridFlex-cell\"><span class=\"Observation-meta-observer-label\">Luis Indacochea<\/span><\/div>\n<\/div>\n<\/section>\n<section id=\"has-det-59\" class=\"Observation Observation--placeSpeciesObserved u-flushInPageSection Observation--forHotspot u-showForLarge\" aria-labelledby=\"species-heading-hispew1\" data-truncated=\"\">\n<div class=\"Observation-numberObserved Color-text-neutral-3 u-text-2\"><span class=\"is-visuallyHidden\">esp\u00e8ces<\/span>60.<\/div>\n<div class=\"Observation-species\">\n<h4 id=\"species-heading-hispew1\" class=\"Heading Heading--h5\"><a href=\"https:\/\/ebird.org\/species\/hispew1\/L352496\" data-species-code=\"hispew1\" rel=\"noopener\"><span class=\"Heading-main\">Pewee d&#039;Hispaniole<\/span><\/a><\/h4>\n<\/div>\n<div class=\"Observation-meta GridFlex GridFlex--alignBaseline GridFlex--withGutterSmall GridFlex--grid\">\n<div class=\"Observation-meta-count GridFlex-cell\"><span class=\"is-visuallyHidden\">Compter\u00a0<\/span><span class=\"Observation-meta-count-label Color-text-neutral-4\">1<\/span><\/div>\n<div class=\"Observation-meta-date GridFlex-cell\"><a class=\"Observation-meta-date-label\" href=\"https:\/\/ebird.org\/checklist\/S73475545\" rel=\"noopener\">11 sept. 2020<\/a><\/div>\n<div class=\"Observation-meta-observer GridFlex-cell\"><span class=\"Observation-meta-observer-label\">Luis Indacochea<\/span><\/div>\n<\/div>\n<\/section>\n<section id=\"has-det-60\" class=\"Observation Observation--placeSpeciesObserved u-flushInPageSection Observation--forHotspot u-showForLarge\" aria-labelledby=\"species-heading-relthr1\" data-truncated=\"\">\n<div class=\"Observation-numberObserved Color-text-neutral-3 u-text-2\"><span class=\"is-visuallyHidden\">esp\u00e8ces<\/span>61.<\/div>\n<div class=\"Observation-species\">\n<h4 id=\"species-heading-relthr1\" class=\"Heading Heading--h5\"><a href=\"https:\/\/ebird.org\/species\/relthr1\/L352496\" data-species-code=\"relthr1\" rel=\"noopener\"><span class=\"Heading-main\">Grive \u00e0 pattes rouges<\/span><\/a><\/h4>\n<\/div>\n<div class=\"Observation-meta GridFlex GridFlex--alignBaseline GridFlex--withGutterSmall GridFlex--grid\">\n<div class=\"Observation-meta-count GridFlex-cell\"><span class=\"is-visuallyHidden\">Compter\u00a0<\/span><span class=\"Observation-meta-count-label Color-text-neutral-4\">2<\/span><\/div>\n<div class=\"Observation-meta-date GridFlex-cell\"><a class=\"Observation-meta-date-label\" href=\"https:\/\/ebird.org\/checklist\/S73475545\" rel=\"noopener\">11 sept. 2020<\/a><\/div>\n<div class=\"Observation-meta-observer GridFlex-cell\"><span class=\"Observation-meta-observer-label\">Luis Indacochea<\/span><\/div>\n<\/div>\n<\/section>\n<section id=\"has-det-61\" class=\"Observation Observation--placeSpeciesObserved u-flushInPageSection Observation--forHotspot u-showForLarge\" aria-labelledby=\"species-heading-graori1\" data-truncated=\"\">\n<div class=\"Observation-numberObserved Color-text-neutral-3 u-text-2\"><span class=\"is-visuallyHidden\">esp\u00e8ces<\/span>62.<\/div>\n<div class=\"Observation-species\">\n<h4 id=\"species-heading-graori1\" class=\"Heading Heading--h5\"><a href=\"https:\/\/ebird.org\/species\/graori1\/L352496\" data-species-code=\"graori1\" rel=\"noopener\"><span class=\"Heading-main\">Oriole hispaniolienne<\/span><\/a><\/h4>\n<\/div>\n<div class=\"Observation-meta GridFlex GridFlex--alignBaseline GridFlex--withGutterSmall GridFlex--grid\">\n<div class=\"Observation-meta-count GridFlex-cell\"><span class=\"is-visuallyHidden\">Compter\u00a0<\/span><span class=\"Observation-meta-count-label Color-text-neutral-4\">2<\/span><\/div>\n<div class=\"Observation-meta-date GridFlex-cell\"><a class=\"Observation-meta-date-label\" href=\"https:\/\/ebird.org\/checklist\/S73475545\" rel=\"noopener\">11 sept. 2020<\/a><\/div>\n<div class=\"Observation-meta-observer GridFlex-cell\"><span class=\"Observation-meta-observer-label\">Luis Indacochea<\/span><\/div>\n<\/div>\n<\/section>\n<section id=\"has-det-62\" class=\"Observation Observation--placeSpeciesObserved u-flushInPageSection Observation--forHotspot u-showForLarge\" aria-labelledby=\"species-heading-rocpig\" data-truncated=\"\">\n<div class=\"Observation-numberObserved Color-text-neutral-3 u-text-2\"><span class=\"is-visuallyHidden\">esp\u00e8ces<\/span>63.<\/div>\n<div class=\"Observation-species\">\n<h4 id=\"species-heading-rocpig\" class=\"Heading Heading--h5\"><a href=\"https:\/\/ebird.org\/species\/rocpig\/L352496\" data-species-code=\"rocpig\" rel=\"noopener\"><span class=\"Heading-main\">Pigeon biset<\/span><\/a><\/h4>\n<\/div>\n<div class=\"Observation-meta GridFlex GridFlex--alignBaseline GridFlex--withGutterSmall GridFlex--grid\">\n<div class=\"Observation-meta-count GridFlex-cell\"><span class=\"is-visuallyHidden\">Compter\u00a0<\/span><span class=\"Observation-meta-count-label Color-text-neutral-4\">2<\/span><\/div>\n<div class=\"Observation-meta-date GridFlex-cell\"><a class=\"Observation-meta-date-label\" href=\"https:\/\/ebird.org\/checklist\/S64929280\" rel=\"noopener\">23 f\u00e9vrier 2020<\/a><\/div>\n<div class=\"Observation-meta-observer GridFlex-cell\"><span class=\"Observation-meta-observer-label\">Hector Andujar<\/span><\/div>\n<\/div>\n<\/section>\n<section id=\"has-det-63\" class=\"Observation Observation--placeSpeciesObserved u-flushInPageSection Observation--forHotspot u-showForLarge\" aria-labelledby=\"species-heading-zendov\" data-truncated=\"\">\n<div class=\"Observation-numberObserved Color-text-neutral-3 u-text-2\"><span class=\"is-visuallyHidden\">esp\u00e8ces<\/span>64.<\/div>\n<div class=\"Observation-species\">\n<h4 id=\"species-heading-zendov\" class=\"Heading Heading--h5\"><a href=\"https:\/\/ebird.org\/species\/zendov\/L352496\" data-species-code=\"zendov\" rel=\"noopener\"><span class=\"Heading-main\">Colombe Zenaida<\/span><\/a><\/h4>\n<\/div>\n<div class=\"Observation-meta GridFlex GridFlex--alignBaseline GridFlex--withGutterSmall GridFlex--grid\">\n<div class=\"Observation-meta-count GridFlex-cell\"><span class=\"is-visuallyHidden\">Compter\u00a0<\/span><span class=\"Observation-meta-count-label Color-text-neutral-4\">10<\/span><\/div>\n<div class=\"Observation-meta-date GridFlex-cell\"><a class=\"Observation-meta-date-label\" href=\"https:\/\/ebird.org\/checklist\/S64929280\" rel=\"noopener\">23 f\u00e9vrier 2020<\/a><\/div>\n<div class=\"Observation-meta-observer GridFlex-cell\"><span class=\"Observation-meta-observer-label\">Hector Andujar<\/span><\/div>\n<\/div>\n<\/section>\n<section id=\"has-det-64\" class=\"Observation Observation--placeSpeciesObserved u-flushInPageSection Observation--forHotspot u-showForLarge\" aria-labelledby=\"species-heading-leabit\" data-truncated=\"\">\n<div class=\"Observation-numberObserved Color-text-neutral-3 u-text-2\"><span class=\"is-visuallyHidden\">esp\u00e8ces<\/span>65.<\/div>\n<div class=\"Observation-species\">\n<h4 id=\"species-heading-leabit\" class=\"Heading Heading--h5\"><a href=\"https:\/\/ebird.org\/species\/leabit\/L352496\" data-species-code=\"leabit\" rel=\"noopener\"><span class=\"Heading-main\">Petit Blongios<\/span><\/a><\/h4>\n<\/div>\n<div class=\"Observation-meta GridFlex GridFlex--alignBaseline GridFlex--withGutterSmall GridFlex--grid\">\n<div class=\"Observation-meta-count GridFlex-cell\"><span class=\"is-visuallyHidden\">Compter\u00a0<\/span><span class=\"Observation-meta-count-label Color-text-neutral-4\">1<\/span><\/div>\n<div class=\"Observation-meta-date GridFlex-cell\"><a class=\"Observation-meta-date-label\" href=\"https:\/\/ebird.org\/checklist\/S64929280\" rel=\"noopener\">23 f\u00e9vrier 2020<\/a><\/div>\n<div class=\"Observation-meta-observer GridFlex-cell\"><span class=\"Observation-meta-observer-label\">Hector Andujar<\/span><\/div>\n<\/div>\n<\/section>\n<section id=\"has-det-65\" class=\"Observation Observation--placeSpeciesObserved u-flushInPageSection Observation--forHotspot u-showForLarge\" aria-labelledby=\"species-heading-amekes\" data-truncated=\"\">\n<div class=\"Observation-numberObserved Color-text-neutral-3 u-text-2\"><span class=\"is-visuallyHidden\">esp\u00e8ces<\/span>66.<\/div>\n<div class=\"Observation-species\">\n<h4 id=\"species-heading-amekes\" class=\"Heading Heading--h5\"><a href=\"https:\/\/ebird.org\/species\/amekes\/L352496\" data-species-code=\"amekes\" rel=\"noopener\"><span class=\"Heading-main\">Cr\u00e9cerelle d&#039;Am\u00e9rique<\/span><\/a><\/h4>\n<\/div>\n<div class=\"Observation-meta GridFlex GridFlex--alignBaseline GridFlex--withGutterSmall GridFlex--grid\">\n<div class=\"Observation-meta-count GridFlex-cell\"><span class=\"is-visuallyHidden\">Compter\u00a0<\/span><span class=\"Observation-meta-count-label Color-text-neutral-4\">1<\/span><\/div>\n<div class=\"Observation-meta-date GridFlex-cell\"><a class=\"Observation-meta-date-label\" href=\"https:\/\/ebird.org\/checklist\/S64929280\" rel=\"noopener\">23 f\u00e9vrier 2020<\/a><\/div>\n<div class=\"Observation-meta-observer GridFlex-cell\"><span class=\"Observation-meta-observer-label\">Hector Andujar<\/span><\/div>\n<\/div>\n<\/section>\n<section id=\"has-det-66\" class=\"Observation Observation--placeSpeciesObserved u-flushInPageSection Observation--forHotspot u-showForLarge\" aria-labelledby=\"species-heading-graspa\" data-truncated=\"\">\n<div class=\"Observation-numberObserved Color-text-neutral-3 u-text-2\"><span class=\"is-visuallyHidden\">esp\u00e8ces<\/span>67.<\/div>\n<div class=\"Observation-species\">\n<h4 id=\"species-heading-graspa\" class=\"Heading Heading--h5\"><a href=\"https:\/\/ebird.org\/species\/graspa\/L352496\" data-species-code=\"graspa\" rel=\"noopener\"><span class=\"Heading-main\">Moineau sauterelle<\/span><\/a><\/h4>\n<\/div>\n<div class=\"Observation-meta GridFlex GridFlex--alignBaseline GridFlex--withGutterSmall GridFlex--grid\">\n<div class=\"Observation-meta-count GridFlex-cell\"><span class=\"is-visuallyHidden\">Compter\u00a0<\/span><span class=\"Observation-meta-count-label Color-text-neutral-4\">1<\/span><\/div>\n<div class=\"Observation-meta-date GridFlex-cell\"><a class=\"Observation-meta-date-label\" href=\"https:\/\/ebird.org\/checklist\/S64929280\" rel=\"noopener\">23 f\u00e9vrier 2020<\/a><\/div>\n<div class=\"Observation-meta-observer GridFlex-cell\"><span class=\"Observation-meta-observer-label\">Hector Andujar<\/span><\/div>\n<\/div>\n<\/section>\n<section id=\"has-det-67\" class=\"Observation Observation--placeSpeciesObserved u-flushInPageSection Observation--forHotspot u-showForLarge\" aria-labelledby=\"species-heading-comyel\" data-truncated=\"\">\n<div class=\"Observation-numberObserved Color-text-neutral-3 u-text-2\"><span class=\"is-visuallyHidden\">esp\u00e8ces<\/span>68.<\/div>\n<div class=\"Observation-species\">\n<h4 id=\"species-heading-comyel\" class=\"Heading Heading--h5\"><a href=\"https:\/\/ebird.org\/species\/comyel\/L352496\" data-species-code=\"comyel\" rel=\"noopener\"><span class=\"Heading-main\">Paruline masqu\u00e9e<\/span><\/a><\/h4>\n<\/div>\n<div class=\"Observation-meta GridFlex GridFlex--alignBaseline GridFlex--withGutterSmall GridFlex--grid\">\n<div class=\"Observation-meta-count GridFlex-cell\"><span class=\"is-visuallyHidden\">Compter\u00a0<\/span><span class=\"Observation-meta-count-label Color-text-neutral-4\">1<\/span><\/div>\n<div class=\"Observation-meta-date GridFlex-cell\"><a class=\"Observation-meta-date-label\" href=\"https:\/\/ebird.org\/checklist\/S64929280\" rel=\"noopener\">23 f\u00e9vrier 2020<\/a><\/div>\n<div class=\"Observation-meta-observer GridFlex-cell\"><span class=\"Observation-meta-observer-label\">Hector Andujar<\/span><\/div>\n<\/div>\n<\/section>\n<section id=\"has-det-68\" class=\"Observation Observation--placeSpeciesObserved u-flushInPageSection Observation--forHotspot u-showForLarge\" aria-labelledby=\"species-heading-camwar\" data-truncated=\"\">\n<div class=\"Observation-numberObserved Color-text-neutral-3 u-text-2\"><span class=\"is-visuallyHidden\">esp\u00e8ces<\/span>69.<\/div>\n<div class=\"Observation-species\">\n<h4 id=\"species-heading-camwar\" class=\"Heading Heading--h5\"><a href=\"https:\/\/ebird.org\/species\/camwar\/L352496\" data-species-code=\"camwar\" rel=\"noopener\"><span class=\"Heading-main\">Paruline du Cap<\/span><\/a><\/h4>\n<\/div>\n<div class=\"Observation-meta GridFlex GridFlex--alignBaseline GridFlex--withGutterSmall GridFlex--grid\">\n<div class=\"Observation-meta-count GridFlex-cell\"><span class=\"is-visuallyHidden\">Compter\u00a0<\/span><span class=\"Observation-meta-count-label Color-text-neutral-4\">2<\/span><\/div>\n<div class=\"Observation-meta-date GridFlex-cell\"><a class=\"Observation-meta-date-label\" href=\"https:\/\/ebird.org\/checklist\/S64929280\" rel=\"noopener\">23 f\u00e9vrier 2020<\/a><\/div>\n<div class=\"Observation-meta-observer GridFlex-cell\"><span class=\"Observation-meta-observer-label\">Hector Andujar<\/span><\/div>\n<\/div>\n<\/section>\n<section id=\"has-det-69\" class=\"Observation Observation--placeSpeciesObserved u-flushInPageSection Observation--forHotspot u-showForLarge\" aria-labelledby=\"species-heading-warble\" data-truncated=\"\">\n<div class=\"Observation-numberObserved Color-text-neutral-3 u-text-2\"><\/div>\n<div class=\"Observation-species\">\n<h4 id=\"species-heading-warble\" class=\"Heading Heading--h5\"><span class=\"Heading-main\">paruline sp. (Parulid\u00e9s sp.)<\/span><\/h4>\n<\/div>\n<div class=\"Observation-meta GridFlex GridFlex--alignBaseline GridFlex--withGutterSmall GridFlex--grid\">\n<div class=\"Observation-meta-count GridFlex-cell\"><span class=\"is-visuallyHidden\">Compter\u00a0<\/span><span class=\"Observation-meta-count-label Color-text-neutral-4\">2<\/span><\/div>\n<div class=\"Observation-meta-date GridFlex-cell\"><a class=\"Observation-meta-date-label\" href=\"https:\/\/ebird.org\/checklist\/S64929280\" rel=\"noopener\">23 f\u00e9vrier 2020<\/a><\/div>\n<div class=\"Observation-meta-observer GridFlex-cell\"><span class=\"Observation-meta-observer-label\">Hector Andujar<\/span><\/div>\n<\/div>\n<\/section>\n<section id=\"has-det-70\" class=\"Observation Observation--placeSpeciesObserved u-flushInPageSection Observation--forHotspot u-showForLarge\" aria-labelledby=\"species-heading-bkfgra\" data-truncated=\"\">\n<div class=\"Observation-numberObserved Color-text-neutral-3 u-text-2\"><span class=\"is-visuallyHidden\">esp\u00e8ces<\/span>70.<\/div>\n<div class=\"Observation-species\">\n<h4 id=\"species-heading-bkfgra\" class=\"Heading Heading--h5\"><a href=\"https:\/\/ebird.org\/species\/bkfgra\/L352496\" data-species-code=\"bkfgra\" rel=\"noopener\"><span class=\"Heading-main\">Grassquit \u00e0 face noire<\/span><\/a><\/h4>\n<\/div>\n<div class=\"Observation-meta GridFlex GridFlex--alignBaseline GridFlex--withGutterSmall GridFlex--grid\">\n<div class=\"Observation-meta-count GridFlex-cell\"><span class=\"is-visuallyHidden\">Compter\u00a0<\/span><span class=\"Observation-meta-count-label Color-text-neutral-4\">1<\/span><\/div>\n<div class=\"Observation-meta-date GridFlex-cell\"><a class=\"Observation-meta-date-label\" href=\"https:\/\/ebird.org\/checklist\/S64929280\" rel=\"noopener\">23 f\u00e9vrier 2020<\/a><\/div>\n<div class=\"Observation-meta-observer GridFlex-cell\"><span class=\"Observation-meta-observer-label\">Hector Andujar<\/span><\/div>\n<\/div>\n<\/section>\n<section id=\"has-det-71\" class=\"Observation Observation--placeSpeciesObserved u-flushInPageSection Observation--forHotspot u-showForLarge\" aria-labelledby=\"species-heading-anteup1\" data-truncated=\"\">\n<div class=\"Observation-numberObserved Color-text-neutral-3 u-text-2\"><span class=\"is-visuallyHidden\">esp\u00e8ces<\/span>71.<\/div>\n<div class=\"Observation-species\">\n<h4 id=\"species-heading-anteup1\" class=\"Heading Heading--h5\"><a href=\"https:\/\/ebird.org\/species\/anteup1\/L352496\" data-species-code=\"anteup1\" rel=\"noopener\"><span class=\"Heading-main\">Euphonie antillaise<\/span><\/a><\/h4>\n<\/div>\n<div class=\"Observation-meta GridFlex GridFlex--alignBaseline GridFlex--withGutterSmall GridFlex--grid\">\n<div class=\"Observation-meta-count GridFlex-cell\"><span class=\"is-visuallyHidden\">Compter\u00a0<\/span><span class=\"Observation-meta-count-label Color-text-neutral-4\">1<\/span><\/div>\n<div class=\"Observation-meta-date GridFlex-cell\"><a class=\"Observation-meta-date-label\" href=\"https:\/\/ebird.org\/checklist\/S64880933\" rel=\"noopener\">22 f\u00e9vrier 2020<\/a><\/div>\n<div class=\"Observation-meta-observer GridFlex-cell\"><span class=\"Observation-meta-observer-label\">Hector Andujar<\/span><\/div>\n<\/div>\n<\/section>\n<section id=\"has-det-72\" class=\"Observation Observation--placeSpeciesObserved u-flushInPageSection Observation--forHotspot u-showForLarge\" aria-labelledby=\"species-heading-whcpig2\" data-truncated=\"\">\n<div class=\"Observation-numberObserved Color-text-neutral-3 u-text-2\"><span class=\"is-visuallyHidden\">esp\u00e8ces<\/span>72.<\/div>\n<div class=\"Observation-species\">\n<h4 id=\"species-heading-whcpig2\" class=\"Heading Heading--h5\"><a href=\"https:\/\/ebird.org\/species\/whcpig2\/L352496\" data-species-code=\"whcpig2\" rel=\"noopener\"><span class=\"Heading-main\">Pigeon \u00e0 couronne blanche<\/span><\/a><\/h4>\n<\/div>\n<div class=\"Observation-meta GridFlex GridFlex--alignBaseline GridFlex--withGutterSmall GridFlex--grid\">\n<div class=\"Observation-meta-count GridFlex-cell\"><span class=\"is-visuallyHidden\">Compter\u00a0<\/span><span class=\"Observation-meta-count-label Color-text-neutral-4\">1<\/span><\/div>\n<div class=\"Observation-meta-date GridFlex-cell\"><a class=\"Observation-meta-date-label\" href=\"https:\/\/ebird.org\/checklist\/S59182849\" rel=\"noopener\">22 ao\u00fbt 2019<\/a><\/div>\n<div class=\"Observation-meta-observer GridFlex-cell\"><span class=\"Observation-meta-observer-label\">Eric Baldo<\/span><\/div>\n<\/div>\n<\/section>\n<section id=\"has-det-73\" class=\"Observation Observation--placeSpeciesObserved u-flushInPageSection Observation--forHotspot u-showForLarge\" aria-labelledby=\"species-heading-anpswi\" data-truncated=\"\">\n<div class=\"Observation-numberObserved Color-text-neutral-3 u-text-2\"><span class=\"is-visuallyHidden\">esp\u00e8ces<\/span>73.<\/div>\n<div class=\"Observation-species\">\n<h4 id=\"species-heading-anpswi\" class=\"Heading Heading--h5\"><a href=\"https:\/\/ebird.org\/species\/anpswi\/L352496\" data-species-code=\"anpswi\" rel=\"noopener\"><span class=\"Heading-main\">Martinet des Antilles<\/span><\/a><\/h4>\n<\/div>\n<div class=\"Observation-meta GridFlex GridFlex--alignBaseline GridFlex--withGutterSmall GridFlex--grid\">\n<div class=\"Observation-meta-count GridFlex-cell\"><span class=\"is-visuallyHidden\">Compter\u00a0<\/span><span class=\"Observation-meta-count-label Color-text-neutral-4\">4<\/span><\/div>\n<div class=\"Observation-meta-date GridFlex-cell\"><a class=\"Observation-meta-date-label\" href=\"https:\/\/ebird.org\/checklist\/S59182849\" rel=\"noopener\">22 ao\u00fbt 2019<\/a><\/div>\n<div class=\"Observation-meta-observer GridFlex-cell\"><span class=\"Observation-meta-observer-label\">Eric Baldo<\/span><\/div>\n<\/div>\n<\/section>\n<section id=\"has-det-74\" class=\"Observation Observation--placeSpeciesObserved u-flushInPageSection Observation--forHotspot u-showForLarge\" aria-labelledby=\"species-heading-carmar1\" data-truncated=\"\">\n<div class=\"Observation-numberObserved Color-text-neutral-3 u-text-2\"><span class=\"is-visuallyHidden\">esp\u00e8ces<\/span>74.<\/div>\n<div class=\"Observation-species\">\n<h4 id=\"species-heading-carmar1\" class=\"Heading Heading--h5\"><a href=\"https:\/\/ebird.org\/species\/carmar1\/L352496\" data-species-code=\"carmar1\" rel=\"noopener\"><span class=\"Heading-main\">Martin des Cara\u00efbes<\/span><\/a><\/h4>\n<\/div>\n<div class=\"Observation-meta GridFlex GridFlex--alignBaseline GridFlex--withGutterSmall GridFlex--grid\">\n<div class=\"Observation-meta-count GridFlex-cell\"><span class=\"is-visuallyHidden\">Compter\u00a0<\/span><span class=\"Observation-meta-count-label Color-text-neutral-4\">1<\/span><\/div>\n<div class=\"Observation-meta-date GridFlex-cell\"><a class=\"Observation-meta-date-label\" href=\"https:\/\/ebird.org\/checklist\/S59182849\" rel=\"noopener\">22 ao\u00fbt 2019<\/a><\/div>\n<div class=\"Observation-meta-observer GridFlex-cell\"><span class=\"Observation-meta-observer-label\">Eric Baldo<\/span><\/div>\n<\/div>\n<\/section>\n<section id=\"has-det-75\" class=\"Observation Observation--placeSpeciesObserved u-flushInPageSection Observation--forHotspot u-showForLarge\" aria-labelledby=\"species-heading-shicow\" data-truncated=\"\">\n<div class=\"Observation-numberObserved Color-text-neutral-3 u-text-2\"><span class=\"is-visuallyHidden\">esp\u00e8ces<\/span>75.<\/div>\n<div class=\"Observation-species\">\n<h4 id=\"species-heading-shicow\" class=\"Heading Heading--h5\"><a href=\"https:\/\/ebird.org\/species\/shicow\/L352496\" data-species-code=\"shicow\" rel=\"noopener\"><span class=\"Heading-main\">Vacher brillant<\/span><\/a><\/h4>\n<\/div>\n<div class=\"Observation-meta GridFlex GridFlex--alignBaseline GridFlex--withGutterSmall GridFlex--grid\">\n<div class=\"Observation-meta-count GridFlex-cell\"><span class=\"is-visuallyHidden\">Compter\u00a0<\/span><span class=\"Observation-meta-count-label Color-text-neutral-4\">X<\/span><\/div>\n<div class=\"Observation-meta-date GridFlex-cell\"><a class=\"Observation-meta-date-label\" href=\"https:\/\/ebird.org\/checklist\/S54967472\" rel=\"noopener\">15 f\u00e9vrier 2019<\/a><\/div>\n<div class=\"Observation-meta-observer GridFlex-cell\"><span class=\"Observation-meta-observer-label\">Matt Van Wallene<\/span><\/div>\n<\/div>\n<\/section>\n<section id=\"has-det-76\" class=\"Observation Observation--placeSpeciesObserved u-flushInPageSection Observation--forHotspot u-showForLarge\" aria-labelledby=\"species-heading-grnher\" data-truncated=\"\">\n<div class=\"Observation-numberObserved Color-text-neutral-3 u-text-2\"><span class=\"is-visuallyHidden\">esp\u00e8ces<\/span>76.<\/div>\n<div class=\"Observation-species\">\n<h4 id=\"species-heading-grnher\" class=\"Heading Heading--h5\"><a href=\"https:\/\/ebird.org\/species\/grnher\/L352496\" data-species-code=\"grnher\" rel=\"noopener\"><span class=\"Heading-main\">H\u00e9ron vert<\/span><\/a><\/h4>\n<\/div>\n<div class=\"Observation-meta GridFlex GridFlex--alignBaseline GridFlex--withGutterSmall GridFlex--grid\">\n<div class=\"Observation-meta-count GridFlex-cell\"><span class=\"is-visuallyHidden\">Compter\u00a0<\/span><span class=\"Observation-meta-count-label Color-text-neutral-4\">X<\/span><\/div>\n<div class=\"Observation-meta-date GridFlex-cell\"><a class=\"Observation-meta-date-label\" href=\"https:\/\/ebird.org\/checklist\/S58498530\" rel=\"noopener\">29 novembre 2018<\/a><\/div>\n<div class=\"Observation-meta-observer GridFlex-cell\"><span class=\"Observation-meta-observer-label\">Mike Tuer<\/span><\/div>\n<\/div>\n<\/section>\n<section id=\"has-det-77\" class=\"Observation Observation--placeSpeciesObserved u-flushInPageSection Observation--forHotspot u-showForLarge\" aria-labelledby=\"species-heading-hispar\" data-truncated=\"\">\n<div class=\"Observation-numberObserved Color-text-neutral-3 u-text-2\"><span class=\"is-visuallyHidden\">esp\u00e8ces<\/span>77.<\/div>\n<div class=\"Observation-species\">\n<h4 id=\"species-heading-hispar\" class=\"Heading Heading--h5\"><a href=\"https:\/\/ebird.org\/species\/hispar\/L352496\" data-species-code=\"hispar\" rel=\"noopener\"><span class=\"Heading-main\">Perruche hispaniolienne<\/span><\/a><\/h4>\n<\/div>\n<div class=\"Observation-meta GridFlex GridFlex--alignBaseline GridFlex--withGutterSmall GridFlex--grid\">\n<div class=\"Observation-meta-count GridFlex-cell\"><span class=\"is-visuallyHidden\">Compter\u00a0<\/span><span class=\"Observation-meta-count-label Color-text-neutral-4\">X<\/span><\/div>\n<div class=\"Observation-meta-date GridFlex-cell\"><a class=\"Observation-meta-date-label\" href=\"https:\/\/ebird.org\/checklist\/S58498530\" rel=\"noopener\">29 novembre 2018<\/a><\/div>\n<div class=\"Observation-meta-observer GridFlex-cell\"><span class=\"Observation-meta-observer-label\">Mike Tuer<\/span><\/div>\n<\/div>\n<\/section>\n<section id=\"has-det-78\" class=\"Observation Observation--placeSpeciesObserved u-flushInPageSection Observation--forHotspot u-showForLarge\" aria-labelledby=\"species-heading-logkin\" data-truncated=\"\">\n<div class=\"Observation-numberObserved Color-text-neutral-3 u-text-2\"><span class=\"is-visuallyHidden\">esp\u00e8ces<\/span>78.<\/div>\n<div class=\"Observation-species\">\n<h4 id=\"species-heading-logkin\" class=\"Heading Heading--h5\"><a href=\"https:\/\/ebird.org\/species\/logkin\/L352496\" data-species-code=\"logkin\" rel=\"noopener\"><span class=\"Heading-main\">Tyran caouanne<\/span><\/a><\/h4>\n<\/div>\n<div class=\"Observation-meta GridFlex GridFlex--alignBaseline GridFlex--withGutterSmall GridFlex--grid\">\n<div class=\"Observation-meta-count GridFlex-cell\"><span class=\"is-visuallyHidden\">Compter\u00a0<\/span><span class=\"Observation-meta-count-label Color-text-neutral-4\">X<\/span><\/div>\n<div class=\"Observation-meta-date GridFlex-cell\"><a class=\"Observation-meta-date-label\" href=\"https:\/\/ebird.org\/checklist\/S58498149\" rel=\"noopener\">28 novembre 2018<\/a><\/div>\n<div class=\"Observation-meta-observer GridFlex-cell\"><span class=\"Observation-meta-observer-label\">Mike Tuer<\/span><\/div>\n<\/div>\n<\/section>\n<section id=\"has-det-79\" class=\"Observation Observation--placeSpeciesObserved u-flushInPageSection Observation--forHotspot u-showForLarge\" aria-labelledby=\"species-heading-barswa\" data-truncated=\"\">\n<div class=\"Observation-numberObserved Color-text-neutral-3 u-text-2\"><span class=\"is-visuallyHidden\">esp\u00e8ces<\/span>79.<\/div>\n<div class=\"Observation-species\">\n<h4 id=\"species-heading-barswa\" class=\"Heading Heading--h5\"><a href=\"https:\/\/ebird.org\/species\/barswa\/L352496\" data-species-code=\"barswa\" rel=\"noopener\"><span class=\"Heading-main\">Hirondelle rustique<\/span><\/a><\/h4>\n<\/div>\n<div class=\"Observation-meta GridFlex GridFlex--alignBaseline GridFlex--withGutterSmall GridFlex--grid\">\n<div class=\"Observation-meta-count GridFlex-cell\"><span class=\"is-visuallyHidden\">Compter\u00a0<\/span><span class=\"Observation-meta-count-label Color-text-neutral-4\">X<\/span><\/div>\n<div class=\"Observation-meta-date GridFlex-cell\"><a class=\"Observation-meta-date-label\" href=\"https:\/\/ebird.org\/checklist\/S58498149\" rel=\"noopener\">28 novembre 2018<\/a><\/div>\n<div class=\"Observation-meta-observer GridFlex-cell\"><span class=\"Observation-meta-observer-label\">Mike Tuer<\/span><\/div>\n<\/div>\n<\/section>\n<section id=\"has-det-80\" class=\"Observation Observation--placeSpeciesObserved u-flushInPageSection Observation--forHotspot u-showForLarge\" aria-labelledby=\"species-heading-houspa\" data-truncated=\"\">\n<div class=\"Observation-numberObserved Color-text-neutral-3 u-text-2\"><span class=\"is-visuallyHidden\">esp\u00e8ces<\/span>80.<\/div>\n<div class=\"Observation-species\">\n<h4 id=\"species-heading-houspa\" class=\"Heading Heading--h5\"><a href=\"https:\/\/ebird.org\/species\/houspa\/L352496\" data-species-code=\"houspa\" rel=\"noopener\"><span class=\"Heading-main\">Moineau de maison<\/span><\/a><\/h4>\n<\/div>\n<div class=\"Observation-meta GridFlex GridFlex--alignBaseline GridFlex--withGutterSmall GridFlex--grid\">\n<div class=\"Observation-meta-count GridFlex-cell\"><span class=\"is-visuallyHidden\">Compter\u00a0<\/span><span class=\"Observation-meta-count-label Color-text-neutral-4\">X<\/span><\/div>\n<div class=\"Observation-meta-date GridFlex-cell\"><a class=\"Observation-meta-date-label\" href=\"https:\/\/ebird.org\/checklist\/S58498149\" rel=\"noopener\">28 novembre 2018<\/a><\/div>\n<div class=\"Observation-meta-observer GridFlex-cell\"><span class=\"Observation-meta-observer-label\">Mike Tuer<\/span><\/div>\n<\/div>\n<\/section>\n<section id=\"has-det-81\" class=\"Observation Observation--placeSpeciesObserved u-flushInPageSection Observation--forHotspot u-showForLarge\" aria-labelledby=\"species-heading-mancuc\" data-truncated=\"\">\n<div class=\"Observation-numberObserved Color-text-neutral-3 u-text-2\"><span class=\"is-visuallyHidden\">esp\u00e8ces<\/span>81.<\/div>\n<div class=\"Observation-species\">\n<h4 id=\"species-heading-mancuc\" class=\"Heading Heading--h5\"><a href=\"https:\/\/ebird.org\/species\/mancuc\/L352496\" data-species-code=\"mancuc\" rel=\"noopener\"><span class=\"Heading-main\">Coucou de la mangrove<\/span><\/a><\/h4>\n<\/div>\n<div class=\"Observation-meta GridFlex GridFlex--alignBaseline GridFlex--withGutterSmall GridFlex--grid\">\n<div class=\"Observation-meta-count GridFlex-cell\"><span class=\"is-visuallyHidden\">Compter\u00a0<\/span><span class=\"Observation-meta-count-label Color-text-neutral-4\">1<\/span><\/div>\n<div class=\"Observation-meta-date GridFlex-cell\"><a class=\"Observation-meta-date-label\" href=\"https:\/\/ebird.org\/checklist\/S47541932\" rel=\"noopener\">30 juil. 2018<\/a><\/div>\n<div class=\"Observation-meta-observer GridFlex-cell\"><span class=\"Observation-meta-observer-label\">Mary Caporal Dunn<\/span><\/div>\n<\/div>\n<\/section>\n<section id=\"has-det-82\" class=\"Observation Observation--placeSpeciesObserved u-flushInPageSection Observation--forHotspot u-showForLarge\" aria-labelledby=\"species-heading-trimun\" data-truncated=\"\">\n<div class=\"Observation-numberObserved Color-text-neutral-3 u-text-2\"><span class=\"is-visuallyHidden\">esp\u00e8ces<\/span>82.<\/div>\n<div class=\"Observation-species\">\n<h4 id=\"species-heading-trimun\" class=\"Heading Heading--h5\"><a href=\"https:\/\/ebird.org\/species\/trimun\/L352496\" data-species-code=\"trimun\" rel=\"noopener\"><span class=\"Heading-main\">Munia tricolore<\/span><\/a><\/h4>\n<\/div>\n<div class=\"Observation-meta GridFlex GridFlex--alignBaseline GridFlex--withGutterSmall GridFlex--grid\">\n<div class=\"Observation-meta-count GridFlex-cell\"><span class=\"is-visuallyHidden\">Compter\u00a0<\/span><span class=\"Observation-meta-count-label Color-text-neutral-4\">4<\/span><\/div>\n<div class=\"Observation-meta-date GridFlex-cell\"><a class=\"Observation-meta-date-label\" href=\"https:\/\/ebird.org\/checklist\/S47541932\" rel=\"noopener\">30 juil. 2018<\/a><\/div>\n<div class=\"Observation-meta-observer GridFlex-cell\"><span class=\"Observation-meta-observer-label\">Mary Caporal Dunn<\/span><\/div>\n<\/div>\n<\/section>\n<section id=\"has-det-83\" class=\"Observation Observation--placeSpeciesObserved u-flushInPageSection Observation--forHotspot u-showForLarge\" aria-labelledby=\"species-heading-eucdov\" data-truncated=\"\">\n<div class=\"Observation-numberObserved Color-text-neutral-3 u-text-2\"><span class=\"is-visuallyHidden\">esp\u00e8ces<\/span>83.<\/div>\n<div class=\"Observation-species\">\n<h4 id=\"species-heading-eucdov\" class=\"Heading Heading--h5\"><a href=\"https:\/\/ebird.org\/species\/eucdov\/L352496\" data-species-code=\"eucdov\" rel=\"noopener\"><span class=\"Heading-main\">Tourterelle \u00e0 collier<\/span><\/a><\/h4>\n<\/div>\n<div class=\"Observation-meta GridFlex GridFlex--alignBaseline GridFlex--withGutterSmall GridFlex--grid\">\n<div class=\"Observation-meta-count GridFlex-cell\"><span class=\"is-visuallyHidden\">Compter\u00a0<\/span><span class=\"Observation-meta-count-label Color-text-neutral-4\">2<\/span><\/div>\n<div class=\"Observation-meta-date GridFlex-cell\"><a class=\"Observation-meta-date-label\" href=\"https:\/\/ebird.org\/checklist\/S47452071\" rel=\"noopener\">25 juil. 2018<\/a><\/div>\n<div class=\"Observation-meta-observer GridFlex-cell\"><span class=\"Observation-meta-observer-label\">Eric Baldo<\/span><\/div>\n<\/div>\n<\/section>\n<section id=\"has-det-84\" class=\"Observation Observation--placeSpeciesObserved u-flushInPageSection Observation--forHotspot u-showForLarge\" aria-labelledby=\"species-heading-sposan\" data-truncated=\"\">\n<div class=\"Observation-numberObserved Color-text-neutral-3 u-text-2\"><span class=\"is-visuallyHidden\">esp\u00e8ces<\/span>84.<\/div>\n<div class=\"Observation-species\">\n<h4 id=\"species-heading-sposan\" class=\"Heading Heading--h5\"><a href=\"https:\/\/ebird.org\/species\/sposan\/L352496\" data-species-code=\"sposan\" rel=\"noopener\"><span class=\"Heading-main\">B\u00e9casseau tachet\u00e9<\/span><\/a><\/h4>\n<\/div>\n<div class=\"Observation-meta GridFlex GridFlex--alignBaseline GridFlex--withGutterSmall GridFlex--grid\">\n<div class=\"Observation-meta-count GridFlex-cell\"><span class=\"is-visuallyHidden\">Compter\u00a0<\/span><span class=\"Observation-meta-count-label Color-text-neutral-4\">1<\/span><\/div>\n<div class=\"Observation-meta-date GridFlex-cell\"><a class=\"Observation-meta-date-label\" href=\"https:\/\/ebird.org\/checklist\/S47452071\" rel=\"noopener\">25 juil. 2018<\/a><\/div>\n<div class=\"Observation-meta-observer GridFlex-cell\"><span class=\"Observation-meta-observer-label\">Eric Baldo<\/span><\/div>\n<\/div>\n<\/section>\n<section id=\"has-det-85\" class=\"Observation Observation--placeSpeciesObserved u-flushInPageSection Observation--forHotspot u-showForLarge\" aria-labelledby=\"species-heading-triher\" data-truncated=\"\">\n<div class=\"Observation-numberObserved Color-text-neutral-3 u-text-2\"><span class=\"is-visuallyHidden\">esp\u00e8ces<\/span>85.<\/div>\n<div class=\"Observation-species\">\n<h4 id=\"species-heading-triher\" class=\"Heading Heading--h5\"><a href=\"https:\/\/ebird.org\/species\/triher\/L352496\" data-species-code=\"triher\" rel=\"noopener\"><span class=\"Heading-main\">H\u00e9ron tricolore<\/span><\/a><\/h4>\n<\/div>\n<div class=\"Observation-meta GridFlex GridFlex--alignBaseline GridFlex--withGutterSmall GridFlex--grid\">\n<div class=\"Observation-meta-count GridFlex-cell\"><span class=\"is-visuallyHidden\">Compter\u00a0<\/span><span class=\"Observation-meta-count-label Color-text-neutral-4\">2<\/span><\/div>\n<div class=\"Observation-meta-date GridFlex-cell\"><a class=\"Observation-meta-date-label\" href=\"https:\/\/ebird.org\/checklist\/S47452071\" rel=\"noopener\">25 juil. 2018<\/a><\/div>\n<div class=\"Observation-meta-observer GridFlex-cell\"><span class=\"Observation-meta-observer-label\">Eric Baldo<\/span><\/div>\n<\/div>\n<\/section>\n<section id=\"has-det-86\" class=\"Observation Observation--placeSpeciesObserved u-flushInPageSection Observation--forHotspot u-showForLarge\" aria-labelledby=\"species-heading-grabul1\" data-truncated=\"\">\n<div class=\"Observation-numberObserved Color-text-neutral-3 u-text-2\"><span class=\"is-visuallyHidden\">esp\u00e8ces<\/span>86.<\/div>\n<div class=\"Observation-species\">\n<h4 id=\"species-heading-grabul1\" class=\"Heading Heading--h5\"><a href=\"https:\/\/ebird.org\/species\/grabul1\/L352496\" data-species-code=\"grabul1\" rel=\"noopener\"><span class=\"Heading-main\">Bouvreuil du Grand Antillais<\/span><\/a><\/h4>\n<\/div>\n<div class=\"Observation-meta GridFlex GridFlex--alignBaseline GridFlex--withGutterSmall GridFlex--grid\">\n<div class=\"Observation-meta-count GridFlex-cell\"><span class=\"is-visuallyHidden\">Compter\u00a0<\/span><span class=\"Observation-meta-count-label Color-text-neutral-4\">2<\/span><\/div>\n<div class=\"Observation-meta-date GridFlex-cell\"><a class=\"Observation-meta-date-label\" href=\"https:\/\/ebird.org\/checklist\/S47452071\" rel=\"noopener\">25 juil. 2018<\/a><\/div>\n<div class=\"Observation-meta-observer GridFlex-cell\"><span class=\"Observation-meta-observer-label\">Eric Baldo<\/span><\/div>\n<\/div>\n<\/section>\n<section id=\"has-det-87\" class=\"Observation Observation--placeSpeciesObserved u-flushInPageSection Observation--forHotspot u-showForLarge\" aria-labelledby=\"species-heading-redjun1\" data-truncated=\"\">\n<div class=\"Observation-numberObserved Color-text-neutral-3 u-text-2\"><\/div>\n<div class=\"Observation-species\">\n<h4 id=\"species-heading-redjun1\" class=\"Heading Heading--h5\"><span class=\"Heading-main\">Coq rouge (type domestique)<\/span><\/h4>\n<\/div>\n<div class=\"Observation-meta GridFlex GridFlex--alignBaseline GridFlex--withGutterSmall GridFlex--grid\">\n<div class=\"Observation-meta-count GridFlex-cell\"><span class=\"is-visuallyHidden\">Compter\u00a0<\/span><span class=\"Observation-meta-count-label Color-text-neutral-4\">X<\/span><\/div>\n<div class=\"Observation-meta-date GridFlex-cell\"><a class=\"Observation-meta-date-label\" href=\"https:\/\/ebird.org\/checklist\/S43482567\" rel=\"noopener\">8 mars 2018<\/a><\/div>\n<div class=\"Observation-meta-observer GridFlex-cell\"><span class=\"Observation-meta-observer-label\">Sarah Preston<\/span><\/div>\n<\/div>\n<\/section>\n<section id=\"has-det-88\" class=\"Observation Observation--placeSpeciesObserved u-flushInPageSection Observation--forHotspot u-showForLarge\" aria-labelledby=\"species-heading-prawar\" data-truncated=\"\">\n<div class=\"Observation-numberObserved Color-text-neutral-3 u-text-2\"><span class=\"is-visuallyHidden\">esp\u00e8ces<\/span>87.<\/div>\n<div class=\"Observation-species\">\n<h4 id=\"species-heading-prawar\" class=\"Heading Heading--h5\"><a href=\"https:\/\/ebird.org\/species\/prawar\/L352496\" data-species-code=\"prawar\" rel=\"noopener\"><span class=\"Heading-main\">Paruline des prairies<\/span><\/a><\/h4>\n<\/div>\n<div class=\"Observation-meta GridFlex GridFlex--alignBaseline GridFlex--withGutterSmall GridFlex--grid\">\n<div class=\"Observation-meta-count GridFlex-cell\"><span class=\"is-visuallyHidden\">Compter\u00a0<\/span><span class=\"Observation-meta-count-label Color-text-neutral-4\">1<\/span><\/div>\n<div class=\"Observation-meta-date GridFlex-cell\"><a class=\"Observation-meta-date-label\" href=\"https:\/\/ebird.org\/checklist\/S43482567\" rel=\"noopener\">8 mars 2018<\/a><\/div>\n<div class=\"Observation-meta-observer GridFlex-cell\"><span class=\"Observation-meta-observer-label\">Sarah Preston<\/span><\/div>\n<\/div>\n<\/section>\n<section id=\"has-det-89\" class=\"Observation Observation--placeSpeciesObserved u-flushInPageSection Observation--forHotspot u-showForLarge\" aria-labelledby=\"species-heading-grbher3\" data-truncated=\"\">\n<div class=\"Observation-numberObserved Color-text-neutral-3 u-text-2\"><span class=\"is-visuallyHidden\">esp\u00e8ces<\/span>88.<\/div>\n<div class=\"Observation-species\">\n<h4 id=\"species-heading-grbher3\" class=\"Heading Heading--h5\"><a href=\"https:\/\/ebird.org\/species\/grbher3\/L352496\" data-species-code=\"grbher3\" rel=\"noopener\"><span class=\"Heading-main\">Grand H\u00e9ron<\/span><\/a><\/h4>\n<\/div>\n<div class=\"Observation-meta GridFlex GridFlex--alignBaseline GridFlex--withGutterSmall GridFlex--grid\">\n<div class=\"Observation-meta-count GridFlex-cell\"><span class=\"is-visuallyHidden\">Compter\u00a0<\/span><span class=\"Observation-meta-count-label Color-text-neutral-4\">3<\/span><\/div>\n<div class=\"Observation-meta-date GridFlex-cell\"><a class=\"Observation-meta-date-label\" href=\"https:\/\/ebird.org\/checklist\/S42606774\" rel=\"noopener\">8 f\u00e9vrier 2018<\/a><\/div>\n<div class=\"Observation-meta-observer GridFlex-cell\"><span class=\"Observation-meta-observer-label\">Kay s&#039;inscrire<\/span><\/div>\n<\/div>\n<\/section>\n<section id=\"has-det-90\" class=\"Observation Observation--placeSpeciesObserved u-flushInPageSection Observation--forHotspot u-showForLarge\" aria-labelledby=\"species-heading-ycnher\" data-truncated=\"\">\n<div class=\"Observation-numberObserved Color-text-neutral-3 u-text-2\"><span class=\"is-visuallyHidden\">esp\u00e8ces<\/span>89.<\/div>\n<div class=\"Observation-species\">\n<h4 id=\"species-heading-ycnher\" class=\"Heading Heading--h5\"><a href=\"https:\/\/ebird.org\/species\/ycnher\/L352496\" data-species-code=\"ycnher\" rel=\"noopener\"><span class=\"Heading-main\">Bihoreau gris<\/span><\/a><\/h4>\n<\/div>\n<div class=\"Observation-meta GridFlex GridFlex--alignBaseline GridFlex--withGutterSmall GridFlex--grid\">\n<div class=\"Observation-meta-count GridFlex-cell\"><span class=\"is-visuallyHidden\">Compter\u00a0<\/span><span class=\"Observation-meta-count-label Color-text-neutral-4\">5<\/span><\/div>\n<div class=\"Observation-meta-date GridFlex-cell\"><a class=\"Observation-meta-date-label\" href=\"https:\/\/ebird.org\/checklist\/S37917615\" rel=\"noopener\">1 juil. 2017<\/a><\/div>\n<div class=\"Observation-meta-observer GridFlex-cell\"><span class=\"Observation-meta-observer-label\">Richard Trinker<\/span><\/div>\n<\/div>\n<\/section>\n<section id=\"has-det-91\" class=\"Observation Observation--placeSpeciesObserved u-flushInPageSection Observation--forHotspot u-showForLarge\" aria-labelledby=\"species-heading-purgal2\" data-truncated=\"\">\n<div class=\"Observation-numberObserved Color-text-neutral-3 u-text-2\"><span class=\"is-visuallyHidden\">esp\u00e8ces<\/span>90.<\/div>\n<div class=\"Observation-species\">\n<h4 id=\"species-heading-purgal2\" class=\"Heading Heading--h5\"><a href=\"https:\/\/ebird.org\/species\/purgal2\/L352496\" data-species-code=\"purgal2\" rel=\"noopener\"><span class=\"Heading-main\">Gallinule pourpre<\/span><\/a><\/h4>\n<\/div>\n<div class=\"Observation-meta GridFlex GridFlex--alignBaseline GridFlex--withGutterSmall GridFlex--grid\">\n<div class=\"Observation-meta-count GridFlex-cell\"><span class=\"is-visuallyHidden\">Compter\u00a0<\/span><span class=\"Observation-meta-count-label Color-text-neutral-4\">1<\/span><\/div>\n<div class=\"Observation-meta-date GridFlex-cell\"><a class=\"Observation-meta-date-label\" href=\"https:\/\/ebird.org\/checklist\/S31041939\" rel=\"noopener\">7 ao\u00fbt 2016<\/a><\/div>\n<div class=\"Observation-meta-observer GridFlex-cell\"><span class=\"Observation-meta-observer-label\">James Boccia<\/span><\/div>\n<\/div>\n<\/section>\n<section id=\"has-det-92\" class=\"Observation Observation--placeSpeciesObserved u-flushInPageSection Observation--forHotspot u-showForLarge\" aria-labelledby=\"species-heading-pecsan\" data-truncated=\"\">\n<div class=\"Observation-numberObserved Color-text-neutral-3 u-text-2\"><span class=\"is-visuallyHidden\">esp\u00e8ces<\/span>91.<\/div>\n<div class=\"Observation-species\">\n<h4 id=\"species-heading-pecsan\" class=\"Heading Heading--h5\"><a href=\"https:\/\/ebird.org\/species\/pecsan\/L352496\" data-species-code=\"pecsan\" rel=\"noopener\"><span class=\"Heading-main\">B\u00e9casseau pectoral<\/span><\/a><\/h4>\n<\/div>\n<div class=\"Observation-meta GridFlex GridFlex--alignBaseline GridFlex--withGutterSmall GridFlex--grid\">\n<div class=\"Observation-meta-count GridFlex-cell\"><span class=\"is-visuallyHidden\">Compter\u00a0<\/span><span class=\"Observation-meta-count-label Color-text-neutral-4\">7<\/span><\/div>\n<div class=\"Observation-meta-date GridFlex-cell\"><a class=\"Observation-meta-date-label\" href=\"https:\/\/ebird.org\/checklist\/S31041939\" rel=\"noopener\">7 ao\u00fbt 2016<\/a><\/div>\n<div class=\"Observation-meta-observer GridFlex-cell\"><span class=\"Observation-meta-observer-label\">James Boccia<\/span><\/div>\n<\/div>\n<\/section>\n<section id=\"has-det-93\" class=\"Observation Observation--placeSpeciesObserved u-flushInPageSection Observation--forHotspot u-showForLarge\" aria-labelledby=\"species-heading-santer1\" data-truncated=\"\">\n<div class=\"Observation-numberObserved Color-text-neutral-3 u-text-2\"><span class=\"is-visuallyHidden\">esp\u00e8ces<\/span>92.<\/div>\n<div class=\"Observation-species\">\n<h4 id=\"species-heading-santer1\" class=\"Heading Heading--h5\"><a href=\"https:\/\/ebird.org\/species\/santer1\/L352496\" data-species-code=\"santer1\" rel=\"noopener\"><span class=\"Heading-main\">Sterne caugek<\/span><\/a><\/h4>\n<\/div>\n<div class=\"Observation-meta GridFlex GridFlex--alignBaseline GridFlex--withGutterSmall GridFlex--grid\">\n<div class=\"Observation-meta-count GridFlex-cell\"><span class=\"is-visuallyHidden\">Compter\u00a0<\/span><span class=\"Observation-meta-count-label Color-text-neutral-4\">4<\/span><\/div>\n<div class=\"Observation-meta-date GridFlex-cell\"><a class=\"Observation-meta-date-label\" href=\"https:\/\/ebird.org\/checklist\/S31041939\" rel=\"noopener\">7 ao\u00fbt 2016<\/a><\/div>\n<div class=\"Observation-meta-observer GridFlex-cell\"><span class=\"Observation-meta-observer-label\">James Boccia<\/span><\/div>\n<\/div>\n<\/section>\n<section id=\"has-det-94\" class=\"Observation Observation--placeSpeciesObserved u-flushInPageSection Observation--forHotspot u-showForLarge\" aria-labelledby=\"species-heading-gloibi\" data-truncated=\"\">\n<div class=\"Observation-numberObserved Color-text-neutral-3 u-text-2\"><span class=\"is-visuallyHidden\">esp\u00e8ces<\/span>93.<\/div>\n<div class=\"Observation-species\">\n<h4 id=\"species-heading-gloibi\" class=\"Heading Heading--h5\"><a href=\"https:\/\/ebird.org\/species\/gloibi\/L352496\" data-species-code=\"gloibi\" rel=\"noopener\"><span class=\"Heading-main\">Ibis brillant<\/span><\/a><\/h4>\n<\/div>\n<div class=\"Observation-meta GridFlex GridFlex--alignBaseline GridFlex--withGutterSmall GridFlex--grid\">\n<div class=\"Observation-meta-count GridFlex-cell\"><span class=\"is-visuallyHidden\">Compter\u00a0<\/span><span class=\"Observation-meta-count-label Color-text-neutral-4\">5<\/span><\/div>\n<div class=\"Observation-meta-date GridFlex-cell\"><a class=\"Observation-meta-date-label\" href=\"https:\/\/ebird.org\/checklist\/S31041939\" rel=\"noopener\">7 ao\u00fbt 2016<\/a><\/div>\n<div class=\"Observation-meta-observer GridFlex-cell\"><span class=\"Observation-meta-observer-label\">James Boccia<\/span><\/div>\n<\/div>\n<\/section>\n<section id=\"has-det-95\" class=\"Observation Observation--placeSpeciesObserved u-flushInPageSection Observation--forHotspot u-showForLarge\" aria-labelledby=\"species-heading-brnboo\" data-truncated=\"\">\n<div class=\"Observation-numberObserved Color-text-neutral-3 u-text-2\"><span class=\"is-visuallyHidden\">esp\u00e8ces<\/span>94.<\/div>\n<div class=\"Observation-species\">\n<h4 id=\"species-heading-brnboo\" class=\"Heading Heading--h5\"><a href=\"https:\/\/ebird.org\/species\/brnboo\/L352496\" data-species-code=\"brnboo\" rel=\"noopener\"><span class=\"Heading-main\">Fou brun<\/span><\/a><\/h4>\n<\/div>\n<div class=\"Observation-meta GridFlex GridFlex--alignBaseline GridFlex--withGutterSmall GridFlex--grid\">\n<div class=\"Observation-meta-count GridFlex-cell\"><span class=\"is-visuallyHidden\">Compter\u00a0<\/span><span class=\"Observation-meta-count-label Color-text-neutral-4\">1<\/span><\/div>\n<div class=\"Observation-meta-date GridFlex-cell\"><a class=\"Observation-meta-date-label\" href=\"https:\/\/ebird.org\/checklist\/S31044383\" rel=\"noopener\">27 mai 2016<\/a><\/div>\n<div class=\"Observation-meta-observer GridFlex-cell\"><span class=\"Observation-meta-observer-label\">Daniel Sawatsky<\/span><\/div>\n<\/div>\n<\/section>\n<section id=\"has-det-96\" class=\"Observation Observation--placeSpeciesObserved u-flushInPageSection Observation--forHotspot u-showForLarge\" aria-labelledby=\"species-heading-nabtod1\" data-truncated=\"\">\n<div class=\"Observation-numberObserved Color-text-neutral-3 u-text-2\"><span class=\"is-visuallyHidden\">esp\u00e8ces<\/span>95.<\/div>\n<div class=\"Observation-species\">\n<h4 id=\"species-heading-nabtod1\" class=\"Heading Heading--h5\"><a href=\"https:\/\/ebird.org\/species\/nabtod1\/L352496\" data-species-code=\"nabtod1\" rel=\"noopener\"><span class=\"Heading-main\">Todier \u00e0 bec \u00e9troit<\/span><\/a><\/h4>\n<\/div>\n<div class=\"Observation-meta GridFlex GridFlex--alignBaseline GridFlex--withGutterSmall GridFlex--grid\">\n<div class=\"Observation-meta-count GridFlex-cell\"><span class=\"is-visuallyHidden\">Compter\u00a0<\/span><span class=\"Observation-meta-count-label Color-text-neutral-4\">2<\/span><\/div>\n<div class=\"Observation-meta-date GridFlex-cell\"><a class=\"Observation-meta-date-label\" href=\"https:\/\/ebird.org\/checklist\/S31044383\" rel=\"noopener\">27 mai 2016<\/a><\/div>\n<div class=\"Observation-meta-observer GridFlex-cell\"><span class=\"Observation-meta-observer-label\">Daniel Sawatsky<\/span><\/div>\n<\/div>\n<\/section>\n<section id=\"has-det-97\" class=\"Observation Observation--placeSpeciesObserved u-flushInPageSection Observation--forHotspot u-showForLarge\" aria-labelledby=\"species-heading-calidr\" data-truncated=\"\">\n<div class=\"Observation-numberObserved Color-text-neutral-3 u-text-2\"><\/div>\n<div class=\"Observation-species\">\n<h4 id=\"species-heading-calidr\" class=\"Heading Heading--h5\"><span class=\"Heading-main\">piaulement sp.<\/span><\/h4>\n<\/div>\n<div class=\"Observation-meta GridFlex GridFlex--alignBaseline GridFlex--withGutterSmall GridFlex--grid\">\n<div class=\"Observation-meta-count GridFlex-cell\"><span class=\"is-visuallyHidden\">Compter\u00a0<\/span><span class=\"Observation-meta-count-label Color-text-neutral-4\">1<\/span><\/div>\n<div class=\"Observation-meta-date GridFlex-cell\"><a class=\"Observation-meta-date-label\" href=\"https:\/\/ebird.org\/checklist\/S24394779\" rel=\"noopener\">23 juil. 2015<\/a><\/div>\n<div class=\"Observation-meta-observer GridFlex-cell\"><span class=\"Observation-meta-observer-label\">Bernie Monette<\/span><\/div>\n<\/div>\n<\/section>\n<section id=\"has-det-98\" class=\"Observation Observation--placeSpeciesObserved u-flushInPageSection Observation--forHotspot u-showForLarge\" aria-labelledby=\"species-heading-palcro2\" data-truncated=\"\">\n<div class=\"Observation-numberObserved Color-text-neutral-3 u-text-2\"><span class=\"is-visuallyHidden\">esp\u00e8ces<\/span>96.<\/div>\n<div class=\"Observation-species\">\n<h4 id=\"species-heading-palcro2\" class=\"Heading Heading--h5\"><a href=\"https:\/\/ebird.org\/species\/palcro2\/L352496\" data-species-code=\"palcro2\" rel=\"noopener\"><span class=\"Heading-main\">Corbeau des palmiers<\/span><\/a><\/h4>\n<\/div>\n<div class=\"Observation-meta GridFlex GridFlex--alignBaseline GridFlex--withGutterSmall GridFlex--grid\">\n<div class=\"Observation-meta-count GridFlex-cell\"><span class=\"is-visuallyHidden\">Compter\u00a0<\/span><span class=\"Observation-meta-count-label Color-text-neutral-4\">1<\/span><\/div>\n<div class=\"Observation-meta-date GridFlex-cell\"><a class=\"Observation-meta-date-label\" href=\"https:\/\/ebird.org\/checklist\/S24710812\" rel=\"noopener\">16 mars 2015<\/a><\/div>\n<div class=\"Observation-meta-observer GridFlex-cell\"><span class=\"Observation-meta-observer-label\">Isabelle Apkarian<\/span><\/div>\n<\/div>\n<\/section>\n<section id=\"has-det-99\" class=\"Observation Observation--placeSpeciesObserved u-flushInPageSection Observation--forHotspot u-showForLarge\" aria-labelledby=\"species-heading-palwar\" data-truncated=\"\">\n<div class=\"Observation-numberObserved Color-text-neutral-3 u-text-2\"><span class=\"is-visuallyHidden\">esp\u00e8ces<\/span>97.<\/div>\n<div class=\"Observation-species\">\n<h4 id=\"species-heading-palwar\" class=\"Heading Heading--h5\"><a href=\"https:\/\/ebird.org\/species\/palwar\/L352496\" data-species-code=\"palwar\" rel=\"noopener\"><span class=\"Heading-main\">Paruline des palmiers<\/span><\/a><\/h4>\n<\/div>\n<div class=\"Observation-meta GridFlex GridFlex--alignBaseline GridFlex--withGutterSmall GridFlex--grid\">\n<div class=\"Observation-meta-count GridFlex-cell\"><span class=\"is-visuallyHidden\">Compter\u00a0<\/span><span class=\"Observation-meta-count-label Color-text-neutral-4\">2<\/span><\/div>\n<div class=\"Observation-meta-date GridFlex-cell\"><a class=\"Observation-meta-date-label\" href=\"https:\/\/ebird.org\/checklist\/S28412979\" rel=\"noopener\">2 mars 2015<\/a><\/div>\n<div class=\"Observation-meta-observer GridFlex-cell\"><span class=\"Observation-meta-observer-label\">Chris Bergman<\/span><\/div>\n<\/div>\n<\/section>\n<section id=\"has-det-100\" class=\"Observation Observation--placeSpeciesObserved u-flushInPageSection Observation--forHotspot u-showForLarge\" aria-labelledby=\"species-heading-ribgul\" data-truncated=\"\">\n<div class=\"Observation-numberObserved Color-text-neutral-3 u-text-2\"><span class=\"is-visuallyHidden\">esp\u00e8ces<\/span>98.<\/div>\n<div class=\"Observation-species\">\n<h4 id=\"species-heading-ribgul\" class=\"Heading Heading--h5\"><a href=\"https:\/\/ebird.org\/species\/ribgul\/L352496\" data-species-code=\"ribgul\" rel=\"noopener\"><span class=\"Heading-main\">Go\u00e9land \u00e0 bec cercl\u00e9<\/span><\/a><\/h4>\n<\/div>\n<div class=\"Observation-meta GridFlex GridFlex--alignBaseline GridFlex--withGutterSmall GridFlex--grid\">\n<div class=\"Observation-meta-count GridFlex-cell\"><span class=\"is-visuallyHidden\">Compter\u00a0<\/span><span class=\"Observation-meta-count-label Color-text-neutral-4\">X<\/span><\/div>\n<div class=\"Observation-meta-date GridFlex-cell\"><a class=\"Observation-meta-date-label\" href=\"https:\/\/ebird.org\/checklist\/S51349739\" rel=\"noopener\">30 d\u00e9cembre 2014<\/a><\/div>\n<div class=\"Observation-meta-observer GridFlex-cell\"><span class=\"Observation-meta-observer-label\">Colin Gerber<\/span><\/div>\n<\/div>\n<\/section>\n<section id=\"has-det-101\" class=\"Observation Observation--placeSpeciesObserved u-flushInPageSection Observation--forHotspot u-showForLarge\" aria-labelledby=\"species-heading-blkswi\" data-truncated=\"\">\n<div class=\"Observation-numberObserved Color-text-neutral-3 u-text-2\"><span class=\"is-visuallyHidden\">esp\u00e8ces<\/span>99.<\/div>\n<div class=\"Observation-species\">\n<h4 id=\"species-heading-blkswi\" class=\"Heading Heading--h5\"><a href=\"https:\/\/ebird.org\/species\/blkswi\/L352496\" data-species-code=\"blkswi\" rel=\"noopener\"><span class=\"Heading-main\">Martinet noir<\/span><\/a><\/h4>\n<\/div>\n<div class=\"Observation-meta GridFlex GridFlex--alignBaseline GridFlex--withGutterSmall GridFlex--grid\">\n<div class=\"Observation-meta-count GridFlex-cell\"><span class=\"is-visuallyHidden\">Compter\u00a0<\/span><span class=\"Observation-meta-count-label Color-text-neutral-4\">8<\/span><\/div>\n<div class=\"Observation-meta-date GridFlex-cell\"><a class=\"Observation-meta-date-label\" href=\"https:\/\/ebird.org\/checklist\/S18310988\" rel=\"noopener\">9 mai 2014<\/a><\/div>\n<div class=\"Observation-meta-observer GridFlex-cell\"><span class=\"Observation-meta-observer-label\">Jo-Anna Ghadban<\/span><\/div>\n<\/div>\n<\/section>\n<section id=\"has-det-102\" class=\"Observation Observation--placeSpeciesObserved u-flushInPageSection Observation--forHotspot u-showForLarge\" aria-labelledby=\"species-heading-whcswi\" data-truncated=\"\">\n<div class=\"Observation-numberObserved Color-text-neutral-3 u-text-2\"><span class=\"is-visuallyHidden\">esp\u00e8ces<\/span>100.<\/div>\n<div class=\"Observation-species\">\n<h4 id=\"species-heading-whcswi\" class=\"Heading Heading--h5\"><a href=\"https:\/\/ebird.org\/species\/whcswi\/L352496\" data-species-code=\"whcswi\" rel=\"noopener\"><span class=\"Heading-main\">Martinet \u00e0 collier blanc<\/span><\/a><\/h4>\n<\/div>\n<div class=\"Observation-meta GridFlex GridFlex--alignBaseline GridFlex--withGutterSmall GridFlex--grid\">\n<div class=\"Observation-meta-count GridFlex-cell\"><span class=\"is-visuallyHidden\">Compter\u00a0<\/span><span class=\"Observation-meta-count-label Color-text-neutral-4\">4<\/span><\/div>\n<div class=\"Observation-meta-date GridFlex-cell\"><a class=\"Observation-meta-date-label\" href=\"https:\/\/ebird.org\/checklist\/S18310988\" rel=\"noopener\">9 mai 2014<\/a><\/div>\n<div class=\"Observation-meta-observer GridFlex-cell\"><span class=\"Observation-meta-observer-label\">Jo-Anna Ghadban<\/span><\/div>\n<\/div>\n<\/section>\n<section id=\"has-det-103\" class=\"Observation Observation--placeSpeciesObserved u-flushInPageSection Observation--forHotspot u-showForLarge\" aria-labelledby=\"species-heading-comgal1\" data-truncated=\"\">\n<div class=\"Observation-numberObserved Color-text-neutral-3 u-text-2\"><span class=\"is-visuallyHidden\">esp\u00e8ces<\/span>101.<\/div>\n<div class=\"Observation-species\">\n<h4 id=\"species-heading-comgal1\" class=\"Heading Heading--h5\"><a href=\"https:\/\/ebird.org\/species\/comgal1\/L352496\" data-species-code=\"comgal1\" rel=\"noopener\"><span class=\"Heading-main\">Gallinule commune<\/span><\/a><\/h4>\n<\/div>\n<div class=\"Observation-meta GridFlex GridFlex--alignBaseline GridFlex--withGutterSmall GridFlex--grid\">\n<div class=\"Observation-meta-count GridFlex-cell\"><span class=\"is-visuallyHidden\">Compter\u00a0<\/span><span class=\"Observation-meta-count-label Color-text-neutral-4\">2<\/span><\/div>\n<div class=\"Observation-meta-date GridFlex-cell\"><a class=\"Observation-meta-date-label\" href=\"https:\/\/ebird.org\/checklist\/S18310988\" rel=\"noopener\">9 mai 2014<\/a><\/div>\n<div class=\"Observation-meta-observer GridFlex-cell\"><span class=\"Observation-meta-observer-label\">Jo-Anna Ghadban<\/span><\/div>\n<\/div>\n<\/section>\n<section id=\"has-det-104\" class=\"Observation Observation--placeSpeciesObserved u-flushInPageSection Observation--forHotspot u-showForLarge\" aria-labelledby=\"species-heading-whiibi\" data-truncated=\"\">\n<div class=\"Observation-numberObserved Color-text-neutral-3 u-text-2\"><span class=\"is-visuallyHidden\">esp\u00e8ces<\/span>102.<\/div>\n<div class=\"Observation-species\">\n<h4 id=\"species-heading-whiibi\" class=\"Heading Heading--h5\"><a href=\"https:\/\/ebird.org\/species\/whiibi\/L352496\" data-species-code=\"whiibi\" rel=\"noopener\"><span class=\"Heading-main\">Ibis blanc<\/span><\/a><\/h4>\n<\/div>\n<div class=\"Observation-meta GridFlex GridFlex--alignBaseline GridFlex--withGutterSmall GridFlex--grid\">\n<div class=\"Observation-meta-count GridFlex-cell\"><span class=\"is-visuallyHidden\">Compter\u00a0<\/span><span class=\"Observation-meta-count-label Color-text-neutral-4\">X<\/span><\/div>\n<div class=\"Observation-meta-date GridFlex-cell\"><a class=\"Observation-meta-date-label\" href=\"https:\/\/ebird.org\/checklist\/S20982186\" rel=\"noopener\">16 mars 2014<\/a><\/div>\n<div class=\"Observation-meta-observer GridFlex-cell\"><span class=\"Observation-meta-observer-label\">\u00c7a\u011fan Hakk\u0131 \u015eekercio\u011flu<\/span><\/div>\n<\/div>\n<\/section>\n<section id=\"has-det-105\" class=\"Observation Observation--placeSpeciesObserved u-flushInPageSection Observation--forHotspot u-showForLarge\" aria-labelledby=\"species-heading-nutman\" data-truncated=\"\">\n<div class=\"Observation-numberObserved Color-text-neutral-3 u-text-2\"><span class=\"is-visuallyHidden\">esp\u00e8ces<\/span>103.<\/div>\n<div class=\"Observation-species\">\n<h4 id=\"species-heading-nutman\" class=\"Heading Heading--h5\"><a href=\"https:\/\/ebird.org\/species\/nutman\/L352496\" data-species-code=\"nutman\" rel=\"noopener\"><span class=\"Heading-main\">Munia \u00e0 poitrine \u00e9cailleuse<\/span><\/a><\/h4>\n<\/div>\n<div class=\"Observation-meta GridFlex GridFlex--alignBaseline GridFlex--withGutterSmall GridFlex--grid\">\n<div class=\"Observation-meta-count GridFlex-cell\"><span class=\"is-visuallyHidden\">Compter\u00a0<\/span><span class=\"Observation-meta-count-label Color-text-neutral-4\">X<\/span><\/div>\n<div class=\"Observation-meta-date GridFlex-cell\"><a class=\"Observation-meta-date-label\" href=\"https:\/\/ebird.org\/checklist\/S20982186\" rel=\"noopener\">16 mars 2014<\/a><\/div>\n<div class=\"Observation-meta-observer GridFlex-cell\"><span class=\"Observation-meta-observer-label\">\u00c7a\u011fan Hakk\u0131 \u015eekercio\u011flu<\/span><\/div>\n<\/div>\n<\/section>\n<section id=\"has-det-106\" class=\"Observation Observation--placeSpeciesObserved u-flushInPageSection Observation--forHotspot u-showForLarge\" aria-labelledby=\"species-heading-merlin\" data-truncated=\"\">\n<div class=\"Observation-numberObserved Color-text-neutral-3 u-text-2\"><span class=\"is-visuallyHidden\">esp\u00e8ces<\/span>104.<\/div>\n<div class=\"Observation-species\">\n<h4 id=\"species-heading-merlin\" class=\"Heading Heading--h5\"><a href=\"https:\/\/ebird.org\/species\/merlin\/L352496\" data-species-code=\"merlin\" rel=\"noopener\"><span class=\"Heading-main\">Merlin<\/span><\/a><\/h4>\n<\/div>\n<div class=\"Observation-meta GridFlex GridFlex--alignBaseline GridFlex--withGutterSmall GridFlex--grid\">\n<div class=\"Observation-meta-count GridFlex-cell\"><span class=\"is-visuallyHidden\">Compter\u00a0<\/span><span class=\"Observation-meta-count-label Color-text-neutral-4\">1<\/span><\/div>\n<div class=\"Observation-meta-date GridFlex-cell\"><a class=\"Observation-meta-date-label\" href=\"https:\/\/ebird.org\/checklist\/S30250571\" rel=\"noopener\">15 janv. 2014<\/a><\/div>\n<div class=\"Observation-meta-observer GridFlex-cell\"><span class=\"Observation-meta-observer-label\">Dominique Mitchell<\/span><\/div>\n<\/div>\n<\/section>\n<section id=\"has-det-107\" class=\"Observation Observation--placeSpeciesObserved u-flushInPageSection Observation--forHotspot u-showForLarge\" aria-labelledby=\"species-heading-dstkne\" data-truncated=\"\">\n<div class=\"Observation-numberObserved Color-text-neutral-3 u-text-2\"><span class=\"is-visuallyHidden\">esp\u00e8ces<\/span>105.<\/div>\n<div class=\"Observation-species\">\n<h4 id=\"species-heading-dstkne\" class=\"Heading Heading--h5\"><a href=\"https:\/\/ebird.org\/species\/dstkne\/L352496\" data-species-code=\"dstkne\" rel=\"noopener\"><span class=\"Heading-main\">Genou \u00e9pais \u00e0 double rayures<\/span><\/a><\/h4>\n<\/div>\n<div class=\"Observation-meta GridFlex GridFlex--alignBaseline GridFlex--withGutterSmall GridFlex--grid\">\n<div class=\"Observation-meta-count GridFlex-cell\"><span class=\"is-visuallyHidden\">Compter\u00a0<\/span><span class=\"Observation-meta-count-label Color-text-neutral-4\">X<\/span><\/div>\n<div class=\"Observation-meta-date GridFlex-cell\"><a class=\"Observation-meta-date-label\" href=\"https:\/\/ebird.org\/checklist\/S22430286\" rel=\"noopener\">3 mars 2013<\/a><\/div>\n<div class=\"Observation-meta-observer GridFlex-cell\"><span class=\"Observation-meta-observer-label\">Pam Rasmussen<\/span><\/div>\n<\/div>\n<\/section>\n<section id=\"has-det-108\" class=\"Observation Observation--placeSpeciesObserved u-flushInPageSection Observation--forHotspot u-showForLarge\" aria-labelledby=\"species-heading-norjac\" data-truncated=\"\">\n<div class=\"Observation-numberObserved Color-text-neutral-3 u-text-2\"><span class=\"is-visuallyHidden\">esp\u00e8ces<\/span>106.<\/div>\n<div class=\"Observation-species\">\n<h4 id=\"species-heading-norjac\" class=\"Heading Heading--h5\"><a href=\"https:\/\/ebird.org\/species\/norjac\/L352496\" data-species-code=\"norjac\" rel=\"noopener\"><span class=\"Heading-main\">Jacana du Nord<\/span><\/a><\/h4>\n<\/div>\n<div class=\"Observation-meta GridFlex GridFlex--alignBaseline GridFlex--withGutterSmall GridFlex--grid\">\n<div class=\"Observation-meta-count GridFlex-cell\"><span class=\"is-visuallyHidden\">Compter\u00a0<\/span><span class=\"Observation-meta-count-label Color-text-neutral-4\">X<\/span><\/div>\n<div class=\"Observation-meta-date GridFlex-cell\"><a class=\"Observation-meta-date-label\" href=\"https:\/\/ebird.org\/checklist\/S22430286\" rel=\"noopener\">3 mars 2013<\/a><\/div>\n<div class=\"Observation-meta-observer GridFlex-cell\"><span class=\"Observation-meta-observer-label\">Pam Rasmussen<\/span><\/div>\n<\/div>\n<\/section>\n<section id=\"has-det-109\" class=\"Observation Observation--placeSpeciesObserved u-flushInPageSection Observation--forHotspot u-showForLarge\" aria-labelledby=\"species-heading-leasan\" data-truncated=\"\">\n<div class=\"Observation-numberObserved Color-text-neutral-3 u-text-2\"><span class=\"is-visuallyHidden\">esp\u00e8ces<\/span>107.<\/div>\n<div class=\"Observation-species\">\n<h4 id=\"species-heading-leasan\" class=\"Heading Heading--h5\"><a href=\"https:\/\/ebird.org\/species\/leasan\/L352496\" data-species-code=\"leasan\" rel=\"noopener\"><span class=\"Heading-main\">B\u00e9casseau mineur<\/span><\/a><\/h4>\n<\/div>\n<div class=\"Observation-meta GridFlex GridFlex--alignBaseline GridFlex--withGutterSmall GridFlex--grid\">\n<div class=\"Observation-meta-count GridFlex-cell\"><span class=\"is-visuallyHidden\">Compter\u00a0<\/span><span class=\"Observation-meta-count-label Color-text-neutral-4\">X<\/span><\/div>\n<div class=\"Observation-meta-date GridFlex-cell\"><a class=\"Observation-meta-date-label\" href=\"https:\/\/ebird.org\/checklist\/S22430286\" rel=\"noopener\">3 mars 2013<\/a><\/div>\n<div class=\"Observation-meta-observer GridFlex-cell\"><span class=\"Observation-meta-observer-label\">Pam Rasmussen<\/span><\/div>\n<\/div>\n<\/section>\n<section id=\"has-det-110\" class=\"Observation Observation--placeSpeciesObserved u-flushInPageSection Observation--forHotspot u-showForLarge\" aria-labelledby=\"species-heading-solsan\" data-truncated=\"\">\n<div class=\"Observation-numberObserved Color-text-neutral-3 u-text-2\"><span class=\"is-visuallyHidden\">esp\u00e8ces<\/span>108.<\/div>\n<div class=\"Observation-species\">\n<h4 id=\"species-heading-solsan\" class=\"Heading Heading--h5\"><a href=\"https:\/\/ebird.org\/species\/solsan\/L352496\" data-species-code=\"solsan\" rel=\"noopener\"><span class=\"Heading-main\">B\u00e9casseau solitaire<\/span><\/a><\/h4>\n<\/div>\n<div class=\"Observation-meta GridFlex GridFlex--alignBaseline GridFlex--withGutterSmall GridFlex--grid\">\n<div class=\"Observation-meta-count GridFlex-cell\"><span class=\"is-visuallyHidden\">Compter\u00a0<\/span><span class=\"Observation-meta-count-label Color-text-neutral-4\">X<\/span><\/div>\n<div class=\"Observation-meta-date GridFlex-cell\"><a class=\"Observation-meta-date-label\" href=\"https:\/\/ebird.org\/checklist\/S22430286\" rel=\"noopener\">3 mars 2013<\/a><\/div>\n<div class=\"Observation-meta-observer GridFlex-cell\"><span class=\"Observation-meta-observer-label\">Pam Rasmussen<\/span><\/div>\n<\/div>\n<\/section>\n<section id=\"has-det-111\" class=\"Observation Observation--placeSpeciesObserved u-flushInPageSection Observation--forHotspot u-showForLarge\" aria-labelledby=\"species-heading-brnowl\" data-truncated=\"\">\n<div class=\"Observation-numberObserved Color-text-neutral-3 u-text-2\"><span class=\"is-visuallyHidden\">esp\u00e8ces<\/span>109.<\/div>\n<div class=\"Observation-species\">\n<h4 id=\"species-heading-brnowl\" class=\"Heading Heading--h5\"><a href=\"https:\/\/ebird.org\/species\/brnowl\/L352496\" data-species-code=\"brnowl\" rel=\"noopener\"><span class=\"Heading-main\">Effraie des clochers<\/span><\/a><\/h4>\n<\/div>\n<div class=\"Observation-meta GridFlex GridFlex--alignBaseline GridFlex--withGutterSmall GridFlex--grid\">\n<div class=\"Observation-meta-count GridFlex-cell\"><span class=\"is-visuallyHidden\">Compter\u00a0<\/span><span class=\"Observation-meta-count-label Color-text-neutral-4\">X<\/span><\/div>\n<div class=\"Observation-meta-date GridFlex-cell\"><a class=\"Observation-meta-date-label\" href=\"https:\/\/ebird.org\/checklist\/S22430286\" rel=\"noopener\">3 mars 2013<\/a><\/div>\n<div class=\"Observation-meta-observer GridFlex-cell\"><span class=\"Observation-meta-observer-label\">Pam Rasmussen<\/span><\/div>\n<\/div>\n<\/section>\n<section id=\"has-det-112\" class=\"Observation Observation--placeSpeciesObserved u-flushInPageSection Observation--forHotspot u-showForLarge\" aria-labelledby=\"species-heading-refboo\" data-truncated=\"\">\n<div class=\"Observation-numberObserved Color-text-neutral-3 u-text-2\"><span class=\"is-visuallyHidden\">esp\u00e8ces<\/span>110.<\/div>\n<div class=\"Observation-species\">\n<h4 id=\"species-heading-refboo\" class=\"Heading Heading--h5\"><a href=\"https:\/\/ebird.org\/species\/refboo\/L352496\" data-species-code=\"refboo\" rel=\"noopener\"><span class=\"Heading-main\">Fou \u00e0 pieds rouges<\/span><\/a><\/h4>\n<\/div>\n<div class=\"Observation-meta GridFlex GridFlex--alignBaseline GridFlex--withGutterSmall GridFlex--grid\">\n<div class=\"Observation-meta-count GridFlex-cell\"><span class=\"is-visuallyHidden\">Compter\u00a0<\/span><span class=\"Observation-meta-count-label Color-text-neutral-4\">X<\/span><\/div>\n<div class=\"Observation-meta-date GridFlex-cell\"><a class=\"Observation-meta-date-label\" href=\"https:\/\/ebird.org\/checklist\/S18900760\" rel=\"noopener\">31 d\u00e9cembre 2012<\/a><\/div>\n<div class=\"Observation-meta-observer GridFlex-cell\"><span class=\"Observation-meta-observer-label\">Mike Young<\/span><\/div>\n<\/div>\n<\/section>\n<section id=\"has-det-113\" class=\"Observation Observation--placeSpeciesObserved u-flushInPageSection Observation--forHotspot u-showForLarge\" aria-labelledby=\"species-heading-shoreb1\" data-truncated=\"\">\n<div class=\"Observation-numberObserved Color-text-neutral-3 u-text-2\"><\/div>\n<div class=\"Observation-species\">\n<h4 id=\"species-heading-shoreb1\" class=\"Heading Heading--h5\"><span class=\"Heading-main\">oiseau de rivage sp.<\/span><\/h4>\n<\/div>\n<div class=\"Observation-meta GridFlex GridFlex--alignBaseline GridFlex--withGutterSmall GridFlex--grid\">\n<div class=\"Observation-meta-count GridFlex-cell\"><span class=\"is-visuallyHidden\">Compter\u00a0<\/span><span class=\"Observation-meta-count-label Color-text-neutral-4\">1<\/span><\/div>\n<div class=\"Observation-meta-date GridFlex-cell\"><a class=\"Observation-meta-date-label\" href=\"https:\/\/ebird.org\/checklist\/S13204280\" rel=\"noopener\">6 d\u00e9cembre 2012<\/a><\/div>\n<div class=\"Observation-meta-observer GridFlex-cell\"><span class=\"Observation-meta-observer-label\">Michel Schrimpf<\/span><\/div>\n<\/div>\n<\/section>\n<section id=\"has-det-114\" class=\"Observation Observation--placeSpeciesObserved u-flushInPageSection Observation--forHotspot u-showForLarge\" aria-labelledby=\"species-heading-y00610\" data-truncated=\"\">\n<div class=\"Observation-species\">\n<h4 id=\"species-heading-y00610\" class=\"Heading Heading--h5\"><span class=\"Heading-main\">Bihoreau gris\/jaune<\/span><\/h4>\n<\/div>\n<div class=\"Observation-meta GridFlex GridFlex--alignBaseline GridFlex--withGutterSmall GridFlex--grid\">\n<div class=\"Observation-meta-count GridFlex-cell\"><span class=\"is-visuallyHidden\">Compter\u00a0<\/span><span class=\"Observation-meta-count-label Color-text-neutral-4\">1<\/span><\/div>\n<div class=\"Observation-meta-date GridFlex-cell\"><a class=\"Observation-meta-date-label\" href=\"https:\/\/ebird.org\/checklist\/S13204280\" rel=\"noopener\">6 d\u00e9cembre 2012<\/a><\/div>\n<div class=\"Observation-meta-observer GridFlex-cell\"><span class=\"Observation-meta-observer-label\">Michel Schrimpf<\/span><\/div>\n<\/div>\n<\/section>\n<section id=\"has-det-115\" class=\"Observation Observation--placeSpeciesObserved u-flushInPageSection Observation--forHotspot u-showForLarge\" aria-labelledby=\"species-heading-oltpar1\" data-truncated=\"\">\n<div class=\"Observation-numberObserved Color-text-neutral-3 u-text-2\"><span class=\"is-visuallyHidden\">esp\u00e8ces<\/span>111.<\/div>\n<div class=\"Observation-species\">\n<h4 id=\"species-heading-oltpar1\" class=\"Heading Heading--h5\"><a href=\"https:\/\/ebird.org\/species\/oltpar1\/L352496\" data-species-code=\"oltpar1\" rel=\"noopener\"><span class=\"Heading-main\">Perruche \u00e0 gorge olive<\/span><\/a><\/h4>\n<\/div>\n<div class=\"Observation-meta GridFlex GridFlex--alignBaseline GridFlex--withGutterSmall GridFlex--grid\">\n<div class=\"Observation-meta-count GridFlex-cell\"><span class=\"is-visuallyHidden\">Compter\u00a0<\/span><span class=\"Observation-meta-count-label Color-text-neutral-4\">1<\/span><\/div>\n<div class=\"Observation-meta-date GridFlex-cell\"><a class=\"Observation-meta-date-label\" href=\"https:\/\/ebird.org\/checklist\/S10624392\" rel=\"noopener\">10 avril 2012<\/a><\/div>\n<div class=\"Observation-meta-observer GridFlex-cell\"><span class=\"Observation-meta-observer-label\">Bill Etter<\/span><\/div>\n<\/div>\n<\/section>\n<section id=\"has-det-116\" class=\"Observation Observation--placeSpeciesObserved u-flushInPageSection Observation--forHotspot u-showForLarge\" aria-labelledby=\"species-heading-swawar\" data-truncated=\"\">\n<div class=\"Observation-numberObserved Color-text-neutral-3 u-text-2\"><span class=\"is-visuallyHidden\">esp\u00e8ces<\/span>112.<\/div>\n<div class=\"Observation-species\">\n<h4 id=\"species-heading-swawar\" class=\"Heading Heading--h5\"><a href=\"https:\/\/ebird.org\/species\/swawar\/L352496\" data-species-code=\"swawar\" rel=\"noopener\"><span class=\"Heading-main\">Paruline de Swainson<\/span><\/a><\/h4>\n<\/div>\n<div class=\"Observation-meta GridFlex GridFlex--alignBaseline GridFlex--withGutterSmall GridFlex--grid\">\n<div class=\"Observation-meta-count GridFlex-cell\"><span class=\"is-visuallyHidden\">Compter\u00a0<\/span><span class=\"Observation-meta-count-label Color-text-neutral-4\">1<\/span><\/div>\n<div class=\"Observation-meta-date GridFlex-cell\"><a class=\"Observation-meta-date-label\" href=\"https:\/\/ebird.org\/checklist\/S10624392\" rel=\"noopener\">10 avril 2012<\/a><\/div>\n<div class=\"Observation-meta-observer GridFlex-cell\"><span class=\"Observation-meta-observer-label\">Bill Etter<\/span><\/div>\n<\/div>\n<\/section>\n<section id=\"has-det-117\" class=\"Observation Observation--placeSpeciesObserved u-flushInPageSection Observation--forHotspot u-showForLarge\" aria-labelledby=\"species-heading-histro1\" data-truncated=\"\">\n<div class=\"Observation-numberObserved Color-text-neutral-3 u-text-2\"><span class=\"is-visuallyHidden\">esp\u00e8ces<\/span>113.<\/div>\n<div class=\"Observation-species\">\n<h4 id=\"species-heading-histro1\" class=\"Heading Heading--h5\"><a href=\"https:\/\/ebird.org\/species\/histro1\/L352496\" data-species-code=\"histro1\" rel=\"noopener\"><span class=\"Heading-main\">Trogon hispaniolienne<\/span><\/a><\/h4>\n<\/div>\n<div class=\"Observation-meta GridFlex GridFlex--alignBaseline GridFlex--withGutterSmall GridFlex--grid\">\n<div class=\"Observation-meta-count GridFlex-cell\"><span class=\"is-visuallyHidden\">Compter\u00a0<\/span><span class=\"Observation-meta-count-label Color-text-neutral-4\">1<\/span><\/div>\n<div class=\"Observation-meta-date GridFlex-cell\"><a class=\"Observation-meta-date-label\" href=\"https:\/\/ebird.org\/checklist\/S25101095\" rel=\"noopener\">18 avril 2011<\/a><\/div>\n<div class=\"Observation-meta-observer GridFlex-cell\"><span class=\"Observation-meta-observer-label\">Sandra Leffler<\/span><\/div>\n<\/div>\n<\/section>\n<section id=\"has-det-118\" class=\"Observation Observation--placeSpeciesObserved u-flushInPageSection Observation--forHotspot u-showForLarge\" aria-labelledby=\"species-heading-bkbplo\" data-truncated=\"\">\n<div class=\"Observation-numberObserved Color-text-neutral-3 u-text-2\"><span class=\"is-visuallyHidden\">esp\u00e8ces<\/span>114.<\/div>\n<div class=\"Observation-species\">\n<h4 id=\"species-heading-bkbplo\" class=\"Heading Heading--h5\"><a href=\"https:\/\/ebird.org\/species\/bkbplo\/L352496\" data-species-code=\"bkbplo\" rel=\"noopener\"><span class=\"Heading-main\">Pluvier argent\u00e9<\/span><\/a><\/h4>\n<\/div>\n<div class=\"Observation-meta GridFlex GridFlex--alignBaseline GridFlex--withGutterSmall GridFlex--grid\">\n<div class=\"Observation-meta-count GridFlex-cell\"><span class=\"is-visuallyHidden\">Compter\u00a0<\/span><span class=\"Observation-meta-count-label Color-text-neutral-4\">1<\/span><\/div>\n<div class=\"Observation-meta-date GridFlex-cell\"><a class=\"Observation-meta-date-label\" href=\"https:\/\/ebird.org\/checklist\/S40996927\" rel=\"noopener\">5 mai 2010<\/a><\/div>\n<div class=\"Observation-meta-observer GridFlex-cell\"><span class=\"Observation-meta-observer-label\">Bord Wade<\/span><\/div>\n<\/div>\n<\/section>\n<section id=\"has-det-119\" class=\"Observation Observation--placeSpeciesObserved u-flushInPageSection Observation--forHotspot u-showForLarge\" aria-labelledby=\"species-heading-whttro\" data-truncated=\"\">\n<div class=\"Observation-numberObserved Color-text-neutral-3 u-text-2\"><span class=\"is-visuallyHidden\">esp\u00e8ces<\/span>115.<\/div>\n<div class=\"Observation-species\">\n<h4 id=\"species-heading-whttro\" class=\"Heading Heading--h5\"><a href=\"https:\/\/ebird.org\/species\/whttro\/L352496\" data-species-code=\"whttro\" rel=\"noopener\"><span class=\"Heading-main\">Tropicbird \u00e0 queue blanche<\/span><\/a><\/h4>\n<\/div>\n<div class=\"Observation-meta GridFlex GridFlex--alignBaseline GridFlex--withGutterSmall GridFlex--grid\">\n<div class=\"Observation-meta-count GridFlex-cell\"><span class=\"is-visuallyHidden\">Compter\u00a0<\/span><span class=\"Observation-meta-count-label Color-text-neutral-4\">X<\/span><\/div>\n<div class=\"Observation-meta-date GridFlex-cell\"><a class=\"Observation-meta-date-label\" href=\"https:\/\/ebird.org\/checklist\/S4881701\" rel=\"noopener\">13 avril 2009<\/a><\/div>\n<div class=\"Observation-meta-observer GridFlex-cell\"><span class=\"Observation-meta-observer-label\">David Clark<\/span><\/div>\n<\/div>\n<\/section>\n<section id=\"has-det-120\" class=\"Observation Observation--placeSpeciesObserved u-flushInPageSection Observation--forHotspot u-showForLarge\" aria-labelledby=\"species-heading-kwqdov\" data-truncated=\"\">\n<div class=\"Observation-numberObserved Color-text-neutral-3 u-text-2\"><span class=\"is-visuallyHidden\">esp\u00e8ces<\/span>116.<\/div>\n<div class=\"Observation-species\">\n<h4 id=\"species-heading-kwqdov\" class=\"Heading Heading--h5\"><a href=\"https:\/\/ebird.org\/species\/kwqdov\/L352496\" data-species-code=\"kwqdov\" rel=\"noopener\"><span class=\"Heading-main\">Colombe de Key West<\/span><\/a><\/h4>\n<\/div>\n<div class=\"Observation-meta GridFlex GridFlex--alignBaseline GridFlex--withGutterSmall GridFlex--grid\">\n<div class=\"Observation-meta-count GridFlex-cell\"><span class=\"is-visuallyHidden\">Compter\u00a0<\/span><span class=\"Observation-meta-count-label Color-text-neutral-4\">1<\/span><\/div>\n<div class=\"Observation-meta-date GridFlex-cell\"><a class=\"Observation-meta-date-label\" href=\"https:\/\/ebird.org\/checklist\/S4986006\" rel=\"noopener\">18 avril 2008<\/a><\/div>\n<div class=\"Observation-meta-observer GridFlex-cell\"><span class=\"Observation-meta-observer-label\">john fitch<\/span><\/div>\n<\/div>\n<\/section>\n<section id=\"has-det-121\" class=\"Observation Observation--placeSpeciesObserved u-flushInPageSection Observation--forHotspot u-showForLarge\" aria-labelledby=\"species-heading-roster\" data-truncated=\"\">\n<div class=\"Observation-numberObserved Color-text-neutral-3 u-text-2\"><span class=\"is-visuallyHidden\">esp\u00e8ces<\/span>117.<\/div>\n<div class=\"Observation-species\">\n<h4 id=\"species-heading-roster\" class=\"Heading Heading--h5\"><a href=\"https:\/\/ebird.org\/species\/roster\/L352496\" data-species-code=\"roster\" rel=\"noopener\"><span class=\"Heading-main\">Sterne de Dougall<\/span><\/a><\/h4>\n<\/div>\n<div class=\"Observation-meta GridFlex GridFlex--alignBaseline GridFlex--withGutterSmall GridFlex--grid\">\n<div class=\"Observation-meta-count GridFlex-cell\"><span class=\"is-visuallyHidden\">Compter\u00a0<\/span><span class=\"Observation-meta-count-label Color-text-neutral-4\">10<\/span><\/div>\n<div class=\"Observation-meta-date GridFlex-cell\"><a class=\"Observation-meta-date-label\" href=\"https:\/\/ebird.org\/checklist\/S3037934\" rel=\"noopener\">3 mai 2007<\/a><\/div>\n<div class=\"Observation-meta-observer GridFlex-cell\"><span class=\"Observation-meta-observer-label\">Paul Scofield<\/span><\/div>\n<\/div>\n<\/section>\n<section id=\"has-det-122\" class=\"Observation Observation--placeSpeciesObserved u-flushInPageSection Observation--forHotspot u-showForLarge\" aria-labelledby=\"species-heading-comter\" data-truncated=\"\">\n<div class=\"Observation-numberObserved Color-text-neutral-3 u-text-2\"><span class=\"is-visuallyHidden\">esp\u00e8ces<\/span>118.<\/div>\n<div class=\"Observation-species\">\n<h4 id=\"species-heading-comter\" class=\"Heading Heading--h5\"><a href=\"https:\/\/ebird.org\/species\/comter\/L352496\" data-species-code=\"comter\" rel=\"noopener\"><span class=\"Heading-main\">Sterne pierregarin<\/span><\/a><\/h4>\n<\/div>\n<div class=\"Observation-meta GridFlex GridFlex--alignBaseline GridFlex--withGutterSmall GridFlex--grid\">\n<div class=\"Observation-meta-count GridFlex-cell\"><span class=\"is-visuallyHidden\">Compter\u00a0<\/span><span class=\"Observation-meta-count-label Color-text-neutral-4\">1<\/span><\/div>\n<div class=\"Observation-meta-date GridFlex-cell\"><a class=\"Observation-meta-date-label\" href=\"https:\/\/ebird.org\/checklist\/S3037929\" rel=\"noopener\">1 mai 2007<\/a><\/div>\n<div class=\"Observation-meta-observer GridFlex-cell\"><span class=\"Observation-meta-observer-label\">Paul Scofield<\/span><\/div>\n<\/div>\n<\/section>\n<section id=\"has-det-123\" class=\"Observation Observation--placeSpeciesObserved u-flushInPageSection Observation--forHotspot u-showForLarge\" aria-labelledby=\"species-heading-yebcuc\" data-truncated=\"\">\n<div class=\"Observation-numberObserved Color-text-neutral-3 u-text-2\"><span class=\"is-visuallyHidden\">esp\u00e8ces<\/span>119.<\/div>\n<div class=\"Observation-species\">\n<h4 id=\"species-heading-yebcuc\" class=\"Heading Heading--h5\"><a href=\"https:\/\/ebird.org\/species\/yebcuc\/L352496\" data-species-code=\"yebcuc\" rel=\"noopener\"><span class=\"Heading-main\">Coucou \u00e0 bec jaune<\/span><\/a><\/h4>\n<\/div>\n<div class=\"Observation-meta GridFlex GridFlex--alignBaseline GridFlex--withGutterSmall GridFlex--grid\">\n<div class=\"Observation-meta-count GridFlex-cell\"><span class=\"is-visuallyHidden\">Compter\u00a0<\/span><span class=\"Observation-meta-count-label Color-text-neutral-4\">X<\/span><\/div>\n<div class=\"Observation-meta-date GridFlex-cell\"><a class=\"Observation-meta-date-label\" href=\"https:\/\/ebird.org\/checklist\/S19225439\" rel=\"noopener\">30 mai 2004<\/a><\/div>\n<div class=\"Observation-meta-observer GridFlex-cell\"><span class=\"Observation-meta-observer-label\">Allen Lewis<\/span><\/div>\n<\/div>\n<\/section>\n<section id=\"has-det-124\" class=\"Observation Observation--placeSpeciesObserved u-flushInPageSection Observation--forHotspot u-showForLarge\" aria-labelledby=\"species-heading-laugul\" data-truncated=\"\">\n<div class=\"Observation-numberObserved Color-text-neutral-3 u-text-2\"><span class=\"is-visuallyHidden\">esp\u00e8ces<\/span>120.<\/div>\n<div class=\"Observation-species\">\n<h4 id=\"species-heading-laugul\" class=\"Heading Heading--h5\"><a href=\"https:\/\/ebird.org\/species\/laugul\/L352496\" data-species-code=\"laugul\" rel=\"noopener\"><span class=\"Heading-main\">Mouette qui rit<\/span><\/a><\/h4>\n<\/div>\n<div class=\"Observation-meta GridFlex GridFlex--alignBaseline GridFlex--withGutterSmall GridFlex--grid\">\n<div class=\"Observation-meta-count GridFlex-cell\"><span class=\"is-visuallyHidden\">Compter\u00a0<\/span><span class=\"Observation-meta-count-label Color-text-neutral-4\">X<\/span><\/div>\n<div class=\"Observation-meta-date GridFlex-cell\"><a class=\"Observation-meta-date-label\" href=\"https:\/\/ebird.org\/checklist\/S19225439\" rel=\"noopener\">30 mai 2004<\/a><\/div>\n<div class=\"Observation-meta-observer GridFlex-cell\"><span class=\"Observation-meta-observer-label\">Allen Lewis<\/span><\/div>\n<\/div>\n<\/section>\n<section id=\"has-det-125\" class=\"Observation Observation--placeSpeciesObserved u-flushInPageSection Observation--forHotspot u-showForLarge\" aria-labelledby=\"species-heading-grefla2\" data-truncated=\"\">\n<div class=\"Observation-numberObserved Color-text-neutral-3 u-text-2\"><span class=\"is-visuallyHidden\">esp\u00e8ces<\/span>121.<\/div>\n<div class=\"Observation-species\">\n<h4 id=\"species-heading-grefla2\" class=\"Heading Heading--h5\"><a href=\"https:\/\/ebird.org\/species\/grefla2\/L352496\" data-species-code=\"grefla2\" rel=\"noopener\"><span class=\"Heading-main\">Flamant am\u00e9ricain<\/span><\/a><\/h4>\n<\/div>\n<div class=\"Observation-meta GridFlex GridFlex--alignBaseline GridFlex--withGutterSmall GridFlex--grid\">\n<div class=\"Observation-meta-count GridFlex-cell\"><span class=\"is-visuallyHidden\">Compter\u00a0<\/span><span class=\"Observation-meta-count-label Color-text-neutral-4\">X<\/span><\/div>\n<div class=\"Observation-meta-date GridFlex-cell\"><a class=\"Observation-meta-date-label\" href=\"https:\/\/ebird.org\/checklist\/S41024143\" rel=\"noopener\">1 mai 2004<\/a><\/div>\n<div class=\"Observation-meta-observer GridFlex-cell\"><span class=\"Observation-meta-observer-label\">Paul Heath<\/span><\/div>\n<\/div>\n<\/section>\n<section id=\"has-det-126\" class=\"Observation Observation--placeSpeciesObserved u-flushInPageSection Observation--forHotspot u-showForLarge\" aria-labelledby=\"species-heading-leagre\" data-truncated=\"\">\n<div class=\"Observation-numberObserved Color-text-neutral-3 u-text-2\"><span class=\"is-visuallyHidden\">esp\u00e8ces<\/span>122.<\/div>\n<div class=\"Observation-species\">\n<h4 id=\"species-heading-leagre\" class=\"Heading Heading--h5\"><a href=\"https:\/\/ebird.org\/species\/leagre\/L352496\" data-species-code=\"leagre\" rel=\"noopener\"><span class=\"Heading-main\">Le moindre gr\u00e8be<\/span><\/a><\/h4>\n<\/div>\n<div class=\"Observation-meta GridFlex GridFlex--alignBaseline GridFlex--withGutterSmall GridFlex--grid\">\n<div class=\"Observation-meta-count GridFlex-cell\"><span class=\"is-visuallyHidden\">Compter\u00a0<\/span><span class=\"Observation-meta-count-label Color-text-neutral-4\">X<\/span><\/div>\n<div class=\"Observation-meta-date GridFlex-cell\"><a class=\"Observation-meta-date-label\" href=\"https:\/\/ebird.org\/checklist\/S41024143\" rel=\"noopener\">1 mai 2004<\/a><\/div>\n<div class=\"Observation-meta-observer GridFlex-cell\"><span class=\"Observation-meta-observer-label\">Paul Heath<\/span><\/div>\n<\/div>\n<\/section>\n<section id=\"has-det-127\" class=\"Observation Observation--placeSpeciesObserved u-flushInPageSection Observation--forHotspot u-showForLarge\" aria-labelledby=\"species-heading-pibgre\" data-truncated=\"\">\n<div class=\"Observation-numberObserved Color-text-neutral-3 u-text-2\"><span class=\"is-visuallyHidden\">esp\u00e8ces<\/span>123.<\/div>\n<div class=\"Observation-species\">\n<h4 id=\"species-heading-pibgre\" class=\"Heading Heading--h5\"><a href=\"https:\/\/ebird.org\/species\/pibgre\/L352496\" data-species-code=\"pibgre\" rel=\"noopener\"><span class=\"Heading-main\">Gr\u00e8be \u00e0 bec bigarr\u00e9<\/span><\/a><\/h4>\n<\/div>\n<div class=\"Observation-meta GridFlex GridFlex--alignBaseline GridFlex--withGutterSmall GridFlex--grid\">\n<div class=\"Observation-meta-count GridFlex-cell\"><span class=\"is-visuallyHidden\">Compter\u00a0<\/span><span class=\"Observation-meta-count-label Color-text-neutral-4\">X<\/span><\/div>\n<div class=\"Observation-meta-date GridFlex-cell\"><a class=\"Observation-meta-date-label\" href=\"https:\/\/ebird.org\/checklist\/S41024143\" rel=\"noopener\">1 mai 2004<\/a><\/div>\n<div class=\"Observation-meta-observer GridFlex-cell\"><span class=\"Observation-meta-observer-label\">Paul Heath<\/span><\/div>\n<\/div>\n<\/section>\n<section id=\"has-det-128\" class=\"Observation Observation--placeSpeciesObserved u-flushInPageSection Observation--forHotspot u-showForLarge\" aria-labelledby=\"species-heading-whimbr\" data-truncated=\"\">\n<div class=\"Observation-numberObserved Color-text-neutral-3 u-text-2\"><span class=\"is-visuallyHidden\">esp\u00e8ces<\/span>124.<\/div>\n<div class=\"Observation-species\">\n<h4 id=\"species-heading-whimbr\" class=\"Heading Heading--h5\"><a href=\"https:\/\/ebird.org\/species\/whimbr\/L352496\" data-species-code=\"whimbr\" rel=\"noopener\"><span class=\"Heading-main\">Courlis corlieu<\/span><\/a><\/h4>\n<\/div>\n<div class=\"Observation-meta GridFlex GridFlex--alignBaseline GridFlex--withGutterSmall GridFlex--grid\">\n<div class=\"Observation-meta-count GridFlex-cell\"><span class=\"is-visuallyHidden\">Compter\u00a0<\/span><span class=\"Observation-meta-count-label Color-text-neutral-4\">X<\/span><\/div>\n<div class=\"Observation-meta-date GridFlex-cell\"><a class=\"Observation-meta-date-label\" href=\"https:\/\/ebird.org\/checklist\/S41024143\" rel=\"noopener\">1 mai 2004<\/a><\/div>\n<div class=\"Observation-meta-observer GridFlex-cell\"><span class=\"Observation-meta-observer-label\">Paul Heath<\/span><\/div>\n<\/div>\n<\/section>\n<section id=\"has-det-129\" class=\"Observation Observation--placeSpeciesObserved u-flushInPageSection Observation--forHotspot u-showForLarge\" aria-labelledby=\"species-heading-sooter1\" data-truncated=\"\">\n<div class=\"Observation-numberObserved Color-text-neutral-3 u-text-2\"><span class=\"is-visuallyHidden\">esp\u00e8ces<\/span>125.<\/div>\n<div class=\"Observation-species\">\n<h4 id=\"species-heading-sooter1\" class=\"Heading Heading--h5\"><a href=\"https:\/\/ebird.org\/species\/sooter1\/L352496\" data-species-code=\"sooter1\" rel=\"noopener\"><span class=\"Heading-main\">Sterne fuligineuse<\/span><\/a><\/h4>\n<\/div>\n<div class=\"Observation-meta GridFlex GridFlex--alignBaseline GridFlex--withGutterSmall GridFlex--grid\">\n<div class=\"Observation-meta-count GridFlex-cell\"><span class=\"is-visuallyHidden\">Compter\u00a0<\/span><span class=\"Observation-meta-count-label Color-text-neutral-4\">X<\/span><\/div>\n<div class=\"Observation-meta-date GridFlex-cell\"><a class=\"Observation-meta-date-label\" href=\"https:\/\/ebird.org\/checklist\/S41024143\" rel=\"noopener\">1 mai 2004<\/a><\/div>\n<div class=\"Observation-meta-observer GridFlex-cell\"><span class=\"Observation-meta-observer-label\">Paul Heath<\/span><\/div>\n<\/div>\n<\/section>\n<section id=\"has-det-130\" class=\"Observation Observation--placeSpeciesObserved u-flushInPageSection Observation--forHotspot u-showForLarge\" aria-labelledby=\"species-heading-masboo\" data-truncated=\"\">\n<div class=\"Observation-numberObserved Color-text-neutral-3 u-text-2\"><span class=\"is-visuallyHidden\">esp\u00e8ces<\/span>126.<\/div>\n<div class=\"Observation-species\">\n<h4 id=\"species-heading-masboo\" class=\"Heading Heading--h5\"><a href=\"https:\/\/ebird.org\/species\/masboo\/L352496\" data-species-code=\"masboo\" rel=\"noopener\"><span class=\"Heading-main\">Fou masqu\u00e9<\/span><\/a><\/h4>\n<\/div>\n<div class=\"Observation-meta GridFlex GridFlex--alignBaseline GridFlex--withGutterSmall GridFlex--grid\">\n<div class=\"Observation-meta-count GridFlex-cell\"><span class=\"is-visuallyHidden\">Compter\u00a0<\/span><span class=\"Observation-meta-count-label Color-text-neutral-4\">X<\/span><\/div>\n<div class=\"Observation-meta-date GridFlex-cell\"><a class=\"Observation-meta-date-label\" href=\"https:\/\/ebird.org\/checklist\/S41024143\" rel=\"noopener\">1 mai 2004<\/a><\/div>\n<div class=\"Observation-meta-observer GridFlex-cell\"><span class=\"Observation-meta-observer-label\">Paul Heath<\/span><\/div>\n<\/div>\n<\/section>\n<section id=\"has-det-131\" class=\"Observation Observation--placeSpeciesObserved u-flushInPageSection Observation--forHotspot u-showForLarge\" aria-labelledby=\"species-heading-rosspo1\" data-truncated=\"\">\n<div class=\"Observation-numberObserved Color-text-neutral-3 u-text-2\"><span class=\"is-visuallyHidden\">esp\u00e8ces<\/span>127.<\/div>\n<div class=\"Observation-species\">\n<h4 id=\"species-heading-rosspo1\" class=\"Heading Heading--h5\"><a href=\"https:\/\/ebird.org\/species\/rosspo1\/L352496\" data-species-code=\"rosspo1\" rel=\"noopener\"><span class=\"Heading-main\">Spatule ros\u00e9e<\/span><\/a><\/h4>\n<\/div>\n<div class=\"Observation-meta GridFlex GridFlex--alignBaseline GridFlex--withGutterSmall GridFlex--grid\">\n<div class=\"Observation-meta-count GridFlex-cell\"><span class=\"is-visuallyHidden\">Compter\u00a0<\/span><span class=\"Observation-meta-count-label Color-text-neutral-4\">X<\/span><\/div>\n<div class=\"Observation-meta-date GridFlex-cell\"><a class=\"Observation-meta-date-label\" href=\"https:\/\/ebird.org\/checklist\/S41024143\" rel=\"noopener\">1 mai 2004<\/a><\/div>\n<div class=\"Observation-meta-observer GridFlex-cell\"><span class=\"Observation-meta-observer-label\">Paul Heath<\/span><\/div>\n<\/div>\n<\/section>\n<section id=\"has-det-132\" class=\"Observation Observation--placeSpeciesObserved u-flushInPageSection Observation--forHotspot u-showForLarge\" aria-labelledby=\"species-heading-graela1\" data-truncated=\"\">\n<div class=\"Observation-numberObserved Color-text-neutral-3 u-text-2\"><span class=\"is-visuallyHidden\">esp\u00e8ces<\/span>128.<\/div>\n<div class=\"Observation-species\">\n<h4 id=\"species-heading-graela1\" class=\"Heading Heading--h5\"><a href=\"https:\/\/ebird.org\/species\/graela1\/L352496\" data-species-code=\"graela1\" rel=\"noopener\"><span class=\"Heading-main\">Grand Antillais Elenia<\/span><\/a><\/h4>\n<\/div>\n<div class=\"Observation-meta GridFlex GridFlex--alignBaseline GridFlex--withGutterSmall GridFlex--grid\">\n<div class=\"Observation-meta-count GridFlex-cell\"><span class=\"is-visuallyHidden\">Compter\u00a0<\/span><span class=\"Observation-meta-count-label Color-text-neutral-4\">X<\/span><\/div>\n<div class=\"Observation-meta-date GridFlex-cell\"><a class=\"Observation-meta-date-label\" href=\"https:\/\/ebird.org\/checklist\/S41024143\" rel=\"noopener\">1 mai 2004<\/a><\/div>\n<div class=\"Observation-meta-observer GridFlex-cell\"><span class=\"Observation-meta-observer-label\">Paul Heath<\/span><\/div>\n<\/div>\n<\/section>\n<section id=\"has-det-133\" class=\"Observation Observation--placeSpeciesObserved u-flushInPageSection Observation--forHotspot u-showForLarge\" aria-labelledby=\"species-heading-hisspi\" data-truncated=\"\">\n<div class=\"Observation-numberObserved Color-text-neutral-3 u-text-2\"><span class=\"is-visuallyHidden\">esp\u00e8ces<\/span>129.<\/div>\n<div class=\"Observation-species\">\n<h4 id=\"species-heading-hisspi\" class=\"Heading Heading--h5\"><a href=\"https:\/\/ebird.org\/species\/hisspi\/L352496\" data-species-code=\"hisspi\" rel=\"noopener\"><span class=\"Heading-main\">Spindalis hispaniolienne<\/span><\/a><\/h4>\n<\/div>\n<div class=\"Observation-meta GridFlex GridFlex--alignBaseline GridFlex--withGutterSmall GridFlex--grid\">\n<div class=\"Observation-meta-count GridFlex-cell\"><span class=\"is-visuallyHidden\">Compter\u00a0<\/span><span class=\"Observation-meta-count-label Color-text-neutral-4\">X<\/span><\/div>\n<div class=\"Observation-meta-date GridFlex-cell\"><a class=\"Observation-meta-date-label\" href=\"https:\/\/ebird.org\/checklist\/S41024143\" rel=\"noopener\">1 mai 2004<\/a><\/div>\n<div class=\"Observation-meta-observer GridFlex-cell\"><span class=\"Observation-meta-observer-label\">Paul Heath<\/span><\/div>\n<\/div>\n<\/section>\n<section id=\"has-det-134\" class=\"Observation Observation--placeSpeciesObserved u-flushInPageSection Observation--forHotspot u-showForLarge\" aria-labelledby=\"species-heading-blugrb1\" data-truncated=\"\">\n<div class=\"Observation-numberObserved Color-text-neutral-3 u-text-2\"><span class=\"is-visuallyHidden\">esp\u00e8ces<\/span>130.<\/div>\n<div class=\"Observation-species\">\n<h4 id=\"species-heading-blugrb1\" class=\"Heading Heading--h5\"><a href=\"https:\/\/ebird.org\/species\/blugrb1\/L352496\" data-species-code=\"blugrb1\" rel=\"noopener\"><span class=\"Heading-main\">Guiraca bleu<\/span><\/a><\/h4>\n<\/div>\n<div class=\"Observation-meta GridFlex GridFlex--alignBaseline GridFlex--withGutterSmall GridFlex--grid\">\n<div class=\"Observation-meta-count GridFlex-cell\"><span class=\"is-visuallyHidden\">Compter\u00a0<\/span><span class=\"Observation-meta-count-label Color-text-neutral-4\">X<\/span><\/div>\n<div class=\"Observation-meta-date GridFlex-cell\"><a class=\"Observation-meta-date-label\" href=\"https:\/\/ebird.org\/checklist\/S41024143\" rel=\"noopener\">1 mai 2004<\/a><\/div>\n<div class=\"Observation-meta-observer GridFlex-cell\"><span class=\"Observation-meta-observer-label\">Paul Heath<\/span><\/div>\n<\/div>\n<\/section>\n<section id=\"has-det-135\" class=\"Observation Observation--placeSpeciesObserved u-flushInPageSection Observation--forHotspot u-showForLarge\" aria-labelledby=\"species-heading-indbun\" data-truncated=\"\">\n<div class=\"Observation-numberObserved Color-text-neutral-3 u-text-2\"><span class=\"is-visuallyHidden\">esp\u00e8ces<\/span>131.<\/div>\n<div class=\"Observation-species\">\n<h4 id=\"species-heading-indbun\" class=\"Heading Heading--h5\"><a href=\"https:\/\/ebird.org\/species\/indbun\/L352496\" data-species-code=\"indbun\" rel=\"noopener\"><span class=\"Heading-main\">Bruant indigo<\/span><\/a><\/h4>\n<\/div>\n<div class=\"Observation-meta GridFlex GridFlex--alignBaseline GridFlex--withGutterSmall GridFlex--grid\">\n<div class=\"Observation-meta-count GridFlex-cell\"><span class=\"is-visuallyHidden\">Compter\u00a0<\/span><span class=\"Observation-meta-count-label Color-text-neutral-4\">X<\/span><\/div>\n<div class=\"Observation-meta-date GridFlex-cell\"><a class=\"Observation-meta-date-label\" href=\"https:\/\/ebird.org\/checklist\/S41024143\" rel=\"noopener\">1 mai 2004<\/a><\/div>\n<div class=\"Observation-meta-observer GridFlex-cell\"><span class=\"Observation-meta-observer-label\">Paul Heath<\/span><\/div>\n<\/div>\n<\/section>\n<section id=\"has-det-136\" class=\"Observation Observation--placeSpeciesObserved u-flushInPageSection Observation--forHotspot u-showForLarge\" aria-labelledby=\"species-heading-flbvir1\" data-truncated=\"\">\n<div class=\"Observation-numberObserved Color-text-neutral-3 u-text-2\"><span class=\"is-visuallyHidden\">esp\u00e8ces<\/span>132.<\/div>\n<div class=\"Observation-species\">\n<h4 id=\"species-heading-flbvir1\" class=\"Heading Heading--h5\"><a href=\"https:\/\/ebird.org\/species\/flbvir1\/L352496\" data-species-code=\"flbvir1\" rel=\"noopener\"><span class=\"Heading-main\">Vir\u00e9o \u00e0 bec plat<\/span><\/a><\/h4>\n<\/div>\n<div class=\"Observation-meta GridFlex GridFlex--alignBaseline GridFlex--withGutterSmall GridFlex--grid\">\n<div class=\"Observation-meta-count GridFlex-cell\"><span class=\"is-visuallyHidden\">Compter\u00a0<\/span><span class=\"Observation-meta-count-label Color-text-neutral-4\">2<\/span><\/div>\n<div class=\"Observation-meta-date GridFlex-cell\"><a class=\"Observation-meta-date-label\" href=\"https:\/\/ebird.org\/checklist\/S64425813\" rel=\"noopener\">10 f\u00e9vrier 2003<\/a><\/div>\n<div class=\"Observation-meta-observer GridFlex-cell\"><span class=\"Observation-meta-observer-label\">Paul Wieczoreck<\/span><\/div>\n<\/div>\n<\/section>\n<section id=\"has-det-137\" class=\"Observation Observation--placeSpeciesObserved u-flushInPageSection Observation--forHotspot u-showForLarge\" aria-labelledby=\"species-heading-grtwar1\" data-truncated=\"\">\n<div class=\"Observation-numberObserved Color-text-neutral-3 u-text-2\"><span class=\"is-visuallyHidden\">esp\u00e8ces<\/span>133.<\/div>\n<div class=\"Observation-species\">\n<h4 id=\"species-heading-grtwar1\" class=\"Heading Heading--h5\"><a href=\"https:\/\/ebird.org\/species\/grtwar1\/L352496\" data-species-code=\"grtwar1\" rel=\"noopener\"><span class=\"Heading-main\">Paruline \u00e0 queue verte<\/span><\/a><\/h4>\n<\/div>\n<div class=\"Observation-meta GridFlex GridFlex--alignBaseline GridFlex--withGutterSmall GridFlex--grid\">\n<div class=\"Observation-meta-count GridFlex-cell\"><span class=\"is-visuallyHidden\">Compter\u00a0<\/span><span class=\"Observation-meta-count-label Color-text-neutral-4\">3<\/span><\/div>\n<div class=\"Observation-meta-date GridFlex-cell\"><a class=\"Observation-meta-date-label\" href=\"https:\/\/ebird.org\/checklist\/S64425813\" rel=\"noopener\">10 f\u00e9vrier 2003<\/a><\/div>\n<div class=\"Observation-meta-observer GridFlex-cell\"><span class=\"Observation-meta-observer-label\">Paul Wieczoreck<\/span><\/div>\n<\/div>\n<\/section>\n<section id=\"has-det-138\" class=\"Observation Observation--placeSpeciesObserved u-flushInPageSection Observation--forHotspot u-showForLarge\" aria-labelledby=\"species-heading-y00598\" data-truncated=\"\">\n<div class=\"Observation-numberObserved Color-text-neutral-3 u-text-2\"><\/div>\n<div class=\"Observation-species\">\n<h4 id=\"species-heading-y00598\" class=\"Heading Heading--h5\"><span class=\"Heading-main\">Louisiane \/ Paruline hochequeue<\/span><\/h4>\n<\/div>\n<div class=\"Observation-meta GridFlex GridFlex--alignBaseline GridFlex--withGutterSmall GridFlex--grid\">\n<div class=\"Observation-meta-count GridFlex-cell\"><span class=\"is-visuallyHidden\">Compter\u00a0<\/span><span class=\"Observation-meta-count-label Color-text-neutral-4\">2<\/span><\/div>\n<div class=\"Observation-meta-date GridFlex-cell\"><a class=\"Observation-meta-date-label\" href=\"https:\/\/ebird.org\/checklist\/S64425813\" rel=\"noopener\">10 f\u00e9vrier 2003<\/a><\/div>\n<div class=\"Observation-meta-observer GridFlex-cell\"><span class=\"Observation-meta-observer-label\">Paul Wieczoreck<\/span><\/div>\n<\/div>\n<\/section>\n<section id=\"has-det-139\" class=\"Observation Observation--placeSpeciesObserved u-flushInPageSection Observation--forHotspot u-showForLarge\" aria-labelledby=\"species-heading-shshaw\" data-truncated=\"\">\n<div class=\"Observation-numberObserved Color-text-neutral-3 u-text-2\"><span class=\"is-visuallyHidden\">esp\u00e8ces<\/span>134.<\/div>\n<div class=\"Observation-species\">\n<h4 id=\"species-heading-shshaw\" class=\"Heading Heading--h5\"><a href=\"https:\/\/ebird.org\/species\/shshaw\/L352496\" data-species-code=\"shshaw\" rel=\"noopener\"><span class=\"Heading-main\">Buse brun<\/span><\/a><\/h4>\n<\/div>\n<div class=\"Observation-meta GridFlex GridFlex--alignBaseline GridFlex--withGutterSmall GridFlex--grid\">\n<div class=\"Observation-meta-count GridFlex-cell\"><span class=\"is-visuallyHidden\">Compter\u00a0<\/span><span class=\"Observation-meta-count-label Color-text-neutral-4\">1<\/span><\/div>\n<div class=\"Observation-meta-date GridFlex-cell\"><a class=\"Observation-meta-date-label\" href=\"https:\/\/ebird.org\/checklist\/S12854947\" rel=\"noopener\">19 avril 2002<\/a><\/div>\n<div class=\"Observation-meta-observer GridFlex-cell\"><span class=\"Observation-meta-observer-label\">Jay Vander Gaast<\/span><\/div>\n<\/div>\n<\/section>\n<section id=\"has-det-140\" class=\"Observation Observation--placeSpeciesObserved u-flushInPageSection Observation--forHotspot u-showForLarge\" aria-labelledby=\"species-heading-buwtea\" data-truncated=\"\">\n<div class=\"Observation-numberObserved Color-text-neutral-3 u-text-2\"><span class=\"is-visuallyHidden\">esp\u00e8ces<\/span>135.<\/div>\n<div class=\"Observation-species\">\n<h4 id=\"species-heading-buwtea\" class=\"Heading Heading--h5\"><a href=\"https:\/\/ebird.org\/species\/buwtea\/L352496\" data-species-code=\"buwtea\" rel=\"noopener\"><span class=\"Heading-main\">Sarcelle \u00e0 ailes bleues<\/span><\/a><\/h4>\n<\/div>\n<div class=\"Observation-meta GridFlex GridFlex--alignBaseline GridFlex--withGutterSmall GridFlex--grid\">\n<div class=\"Observation-meta-count GridFlex-cell\"><span class=\"is-visuallyHidden\">Compter\u00a0<\/span><span class=\"Observation-meta-count-label Color-text-neutral-4\">1<\/span><\/div>\n<div class=\"Observation-meta-date GridFlex-cell\"><a class=\"Observation-meta-date-label\" href=\"https:\/\/ebird.org\/checklist\/S38085655\" rel=\"noopener\">21 avril 2000<\/a><\/div>\n<div class=\"Observation-meta-observer GridFlex-cell\"><span class=\"Observation-meta-observer-label\">David Stejskal<\/span><\/div>\n<\/div>\n<\/section>\n<section id=\"has-det-141\" class=\"Observation Observation--placeSpeciesObserved u-flushInPageSection Observation--forHotspot u-showForLarge\" aria-labelledby=\"species-heading-whcpin\" data-truncated=\"\">\n<div class=\"Observation-numberObserved Color-text-neutral-3 u-text-2\"><span class=\"is-visuallyHidden\">esp\u00e8ces<\/span>136.<\/div>\n<div class=\"Observation-species\">\n<h4 id=\"species-heading-whcpin\" class=\"Heading Heading--h5\"><a href=\"https:\/\/ebird.org\/species\/whcpin\/L352496\" data-species-code=\"whcpin\" rel=\"noopener\"><span class=\"Heading-main\">Canard pilet \u00e0 joues blanches<\/span><\/a><\/h4>\n<\/div>\n<div class=\"Observation-meta GridFlex GridFlex--alignBaseline GridFlex--withGutterSmall GridFlex--grid\">\n<div class=\"Observation-meta-count GridFlex-cell\"><span class=\"is-visuallyHidden\">Compter\u00a0<\/span><span class=\"Observation-meta-count-label Color-text-neutral-4\">3<\/span><\/div>\n<div class=\"Observation-meta-date GridFlex-cell\"><a class=\"Observation-meta-date-label\" href=\"https:\/\/ebird.org\/checklist\/S38085655\" rel=\"noopener\">21 avril 2000<\/a><\/div>\n<div class=\"Observation-meta-observer GridFlex-cell\"><span class=\"Observation-meta-observer-label\">David Stejskal<\/span><\/div>\n<\/div>\n<\/section>\n<section id=\"has-det-142\" class=\"Observation Observation--placeSpeciesObserved u-flushInPageSection Observation--forHotspot u-showForLarge\" aria-labelledby=\"species-heading-y00475\" data-truncated=\"\">\n<div class=\"Observation-numberObserved Color-text-neutral-3 u-text-2\"><span class=\"is-visuallyHidden\">esp\u00e8ces<\/span>137.<\/div>\n<div class=\"Observation-species\">\n<h4 id=\"species-heading-y00475\" class=\"Heading Heading--h5\"><a href=\"https:\/\/ebird.org\/species\/y00475\/L352496\" data-species-code=\"y00475\" rel=\"noopener\"><span class=\"Heading-main\">Foulque d&#039;Am\u00e9rique<\/span><\/a><\/h4>\n<\/div>\n<div class=\"Observation-meta GridFlex GridFlex--alignBaseline GridFlex--withGutterSmall GridFlex--grid\">\n<div class=\"Observation-meta-count GridFlex-cell\"><span class=\"is-visuallyHidden\">Compter\u00a0<\/span><span class=\"Observation-meta-count-label Color-text-neutral-4\">1<\/span><\/div>\n<div class=\"Observation-meta-date GridFlex-cell\"><a class=\"Observation-meta-date-label\" href=\"https:\/\/ebird.org\/checklist\/S38085655\" rel=\"noopener\">21 avril 2000<\/a><\/div>\n<div class=\"Observation-meta-observer GridFlex-cell\"><span class=\"Observation-meta-observer-label\">David Stejskal<\/span><\/div>\n<\/div>\n<\/section>\n<section id=\"has-det-143\" class=\"Observation Observation--placeSpeciesObserved u-flushInPageSection Observation--forHotspot u-showForLarge\" aria-labelledby=\"species-heading-greyel\" data-truncated=\"\">\n<div class=\"Observation-numberObserved Color-text-neutral-3 u-text-2\"><span class=\"is-visuallyHidden\">esp\u00e8ces<\/span>138.<\/div>\n<div class=\"Observation-species\">\n<h4 id=\"species-heading-greyel\" class=\"Heading Heading--h5\"><a href=\"https:\/\/ebird.org\/species\/greyel\/L352496\" data-species-code=\"greyel\" rel=\"noopener\"><span class=\"Heading-main\">Grand Chevalier<\/span><\/a><\/h4>\n<\/div>\n<div class=\"Observation-meta GridFlex GridFlex--alignBaseline GridFlex--withGutterSmall GridFlex--grid\">\n<div class=\"Observation-meta-count GridFlex-cell\"><span class=\"is-visuallyHidden\">Compter\u00a0<\/span><span class=\"Observation-meta-count-label Color-text-neutral-4\">X<\/span><\/div>\n<div class=\"Observation-meta-date GridFlex-cell\"><a class=\"Observation-meta-date-label\" href=\"https:\/\/ebird.org\/checklist\/S38085655\" rel=\"noopener\">21 avril 2000<\/a><\/div>\n<div class=\"Observation-meta-observer GridFlex-cell\"><span class=\"Observation-meta-observer-label\">David Stejskal<\/span><\/div>\n<\/div>\n<\/section>\n<section id=\"has-det-144\" class=\"Observation Observation--placeSpeciesObserved u-flushInPageSection Observation--forHotspot u-showForLarge\" aria-labelledby=\"species-heading-lesyel\" data-truncated=\"\">\n<div class=\"Observation-numberObserved Color-text-neutral-3 u-text-2\"><span class=\"is-visuallyHidden\">esp\u00e8ces<\/span>139.<\/div>\n<div class=\"Observation-species\">\n<h4 id=\"species-heading-lesyel\" class=\"Heading Heading--h5\"><a href=\"https:\/\/ebird.org\/species\/lesyel\/L352496\" data-species-code=\"lesyel\" rel=\"noopener\"><span class=\"Heading-main\">Petit Chevalier<\/span><\/a><\/h4>\n<\/div>\n<div class=\"Observation-meta GridFlex GridFlex--alignBaseline GridFlex--withGutterSmall GridFlex--grid\">\n<div class=\"Observation-meta-count GridFlex-cell\"><span class=\"is-visuallyHidden\">Compter\u00a0<\/span><span class=\"Observation-meta-count-label Color-text-neutral-4\">X<\/span><\/div>\n<div class=\"Observation-meta-date GridFlex-cell\"><a class=\"Observation-meta-date-label\" href=\"https:\/\/ebird.org\/checklist\/S38085655\" rel=\"noopener\">21 avril 2000<\/a><\/div>\n<div class=\"Observation-meta-observer GridFlex-cell\"><span class=\"Observation-meta-observer-label\">David Stejskal<\/span><\/div>\n<\/div>\n<\/section>\n<section id=\"has-det-145\" class=\"Observation Observation--placeSpeciesObserved u-flushInPageSection Observation--forHotspot u-showForLarge\" aria-labelledby=\"species-heading-pinwar\" data-truncated=\"\">\n<div class=\"Observation-numberObserved Color-text-neutral-3 u-text-2\"><span class=\"is-visuallyHidden\">esp\u00e8ces<\/span>140.<\/div>\n<div class=\"Observation-species\">\n<h4 id=\"species-heading-pinwar\" class=\"Heading Heading--h5\"><a href=\"https:\/\/ebird.org\/species\/pinwar\/L352496\" data-species-code=\"pinwar\" rel=\"noopener\"><span class=\"Heading-main\">Paruline des pins<\/span><\/a><\/h4>\n<\/div>\n<div class=\"Observation-meta GridFlex GridFlex--alignBaseline GridFlex--withGutterSmall GridFlex--grid\">\n<div class=\"Observation-meta-count GridFlex-cell\"><span class=\"is-visuallyHidden\">Compter\u00a0<\/span><span class=\"Observation-meta-count-label Color-text-neutral-4\">1<\/span><\/div>\n<div class=\"Observation-meta-date GridFlex-cell\"><a class=\"Observation-meta-date-label\" href=\"https:\/\/ebird.org\/checklist\/S24189626\" rel=\"noopener\">29 d\u00e9cembre 1987<\/a><\/div>\n<div class=\"Observation-meta-observer GridFlex-cell\"><span class=\"Observation-meta-observer-label\">Lucio &#039;Luc&#039; Fazio<\/span><\/div>\n<\/div>\n<\/section>\n\n\t\t<\/div>\n\t<\/div>\n<div class=\"vc_empty_space\"   style=\"height: 32px\"><span class=\"vc_empty_space_inner\"><\/span><\/div><div class=\"mkdf-section-title-holder\" style=\"text-align: left\">\n\t<div class=\"mkdf-st-inner\">\n\t\t\t\t\t<h5 class=\"mkdf-st-subtitle\" >\n\t\t\t\tHalle Jackson et Misael Calcano\t\t\t<\/h5>\n\t\t\t\t\t\t\t<h3 class=\"mkdf-st-title\" >\n\t\t\t\tVoyage priv\u00e9 d&#039;observation des oiseaux \u00e0 Los Haitises\t\t\t<\/h3>\n\t\t\t\t\t\t\t<p class=\"mkdf-st-text\" >\n\t\t\t\tR\u00e9servez une activit\u00e9 priv\u00e9e pour l&#039;observation des oiseaux dans le parc national Los Haitises avec deux experts locaux.\t\t\t<\/p>\n\t\t\t<\/div>\n<\/div><div class=\"vc_empty_space\"   style=\"height: 32px\"><span class=\"vc_empty_space_inner\"><\/span><\/div><div class=\"woocommerce columns-4\"><ul class=\"products columns-4\">\n<li class=\"product type-product post-8848 status-publish first instock product_cat-hiking product_cat-1-sabana-de-la-mar product_cat-birdwatching-los-haitises product_cat-caves product_cat-fees-entrace product_cat-local-tour-guides product_cat-mangroves product_cat-tours-and-excursions product_cat-tours-excursions-los-haitises-national-park product_cat-tours-excursions-samana-bay-dominican-republic product_tag-biding-sabana-de-la-mar product_tag-birding product_tag-birding-dominican-republic product_tag-birding-in-los-haitises product_tag-los-haitises-national-park-birding-tour-from-punta-cana product_tag-birdwatching product_tag-birdwatching-dominicana product_tag-birdwtaching product_tag-boat-tour-birding product_tag-carretera-cano-hondo product_tag-eco-lodge-paraiso-cano-hondo product_tag-hire-a-guide-in-los-haitises product_tag-los-haitises product_tag-los-haitises-birding product_tag-los-haitises-national-park product_tag-los-haitises-national-park-cano-hondo product_tag-los-haitises-samana product_tag-nature product_tag-ridgways-hawk product_tag-sabana-de-la-mar product_tag-samana product_tag-samana-bay product_tag-wildlife has-post-thumbnail sale sold-individually shipping-taxable product-type-external\">\n\t<div class=\"mkdf-pl-inner\"><div class=\"mkdf-pl-image\"><div class=\"mkdf-pl-text\"><div class=\"mkdf-pl-text-outer\"><div class=\"mkdf-pl-text-inner\"><a href=\"https:\/\/bookingadventures.tours\/booking.php?tour_id=ba22ca77a6307e3f7dfd43d2873c8f4d\" data-quantity=\"1\" class=\"button wp-element-button product_type_external\" data-product_id=\"8848\" data-product_sku=\"\" aria-label=\"RESERVE MAINTENANT\" rel=\"nofollow noopener\">RESERVE MAINTENANT<\/a><\/div><\/div><\/div><\/div><a href=\"https:\/\/www.boattoursamana.com\/fr\/tournee\/observation-des-oiseaux-dans-le-parc-national-los-haiteses-2\" class=\"woocommerce-LoopProduct-link woocommerce-loop-product__link\"><\/a><\/div><div class=\"mkdf-pl-text-wrapper\"><div class=\"mkdf-pl-rating-holder\"><\/div><h4 class=\"mkdf-product-list-title\"><a href=\"https:\/\/www.boattoursamana.com\/fr\/tournee\/observation-des-oiseaux-dans-le-parc-national-los-haiteses-2\">Observation des oiseaux dans le parc national Los Haitises<\/a><\/h4>\n\t<span class=\"price\"><del aria-hidden=\"true\"><span class=\"woocommerce-Price-amount amount\"><bdi><span class=\"woocommerce-Price-currencySymbol\">&#36;<\/span>75.00<\/bdi><\/span><\/del> <ins><span class=\"woocommerce-Price-amount amount\"><bdi><span class=\"woocommerce-Price-currencySymbol\">&#36;<\/span>65.99<\/bdi><\/span><\/ins><\/span>\n<\/div><\/li><li class=\"product type-product post-9918 status-publish instock product_cat-hiking product_cat-1-punta-cana product_cat-1-sabana-de-la-mar product_cat-birdwatching-los-haitises product_cat-caves product_cat-fees-entrace product_cat-hiking-los-haitises product_cat-local-tour-guides product_cat-mangroves product_cat-private-tours-excursions product_cat-punta-cana-private-tours product_cat-punta-cana-los-haitises product_cat-tours-and-excursions product_cat-tours-excursions-los-haitises-national-park product_cat-tours-excursions-samana-bay-dominican-republic product_tag-biding-sabana-de-la-mar product_tag-birding product_tag-birding-dominican-republic product_tag-birding-in-los-haitises product_tag-los-haitises-national-park-birding-tour-from-punta-cana product_tag-birdwatching product_tag-birdwatching-dominicana product_tag-birdwtaching product_tag-carretera-cano-hondo product_tag-eco-lodge-paraiso-cano-hondo product_tag-hire-a-guide-in-los-haitises product_tag-los-haitises product_tag-los-haitises-birding product_tag-los-haitises-national-park product_tag-los-haitises-national-park-cano-hondo product_tag-nature product_tag-ridgways-hawk product_tag-sabana-de-la-mar product_tag-wildlife has-post-thumbnail sale sold-individually shipping-taxable product-type-external\">\n\t<div class=\"mkdf-pl-inner\"><div class=\"mkdf-pl-image\"><div class=\"mkdf-pl-text\"><div class=\"mkdf-pl-text-outer\"><div class=\"mkdf-pl-text-inner\"><a href=\"https:\/\/bookingadventures.tours\/booking.php?tour_id=7508224bb326afaef3e2c26d0a22b762\" data-quantity=\"1\" class=\"button wp-element-button product_type_external\" data-product_id=\"9918\" data-product_sku=\"\" aria-label=\"RESERVE MAINTENANT\" rel=\"nofollow noopener\">RESERVE MAINTENANT<\/a><\/div><\/div><\/div><\/div><a href=\"https:\/\/www.boattoursamana.com\/fr\/tournee\/observation-des-oiseaux-punta-cana-excursions-ornithologiques-de-punta-cana-au-parc-national-los-haitises-2\" class=\"woocommerce-LoopProduct-link woocommerce-loop-product__link\"><\/a><\/div><div class=\"mkdf-pl-text-wrapper\"><h4 class=\"mkdf-product-list-title\"><a href=\"https:\/\/www.boattoursamana.com\/fr\/tournee\/observation-des-oiseaux-punta-cana-excursions-ornithologiques-de-punta-cana-au-parc-national-los-haitises-2\">Observation des oiseaux \u00e0 Punta Cana - Excursions d&#039;observation des oiseaux de Punta Cana au parc national Los Haitises<\/a><\/h4>\n\t<span class=\"price\"><del aria-hidden=\"true\"><span class=\"woocommerce-Price-amount amount\"><bdi><span class=\"woocommerce-Price-currencySymbol\">&#36;<\/span>195.00<\/bdi><\/span><\/del> <ins><span class=\"woocommerce-Price-amount amount\"><bdi><span class=\"woocommerce-Price-currencySymbol\">&#36;<\/span>145.00<\/bdi><\/span><\/ins><\/span>\n<\/div><\/li><li class=\"product type-product post-8850 status-publish instock product_cat-tours-excursions-samana-bay-dominican-republic product_cat-1-sabana-de-la-mar product_cat-birdwatching-los-haitises product_cat-hiking-los-haitises product_cat-tours-and-excursions product_cat-tours-excursions-los-haitises-national-park product_tag-birding product_tag-birdwatching product_tag-los-haitises product_tag-los-haitises-national-park product_tag-nature product_tag-ridgways-hawk product_tag-sabana-de-la-mar product_tag-samana product_tag-samana-bay product_tag-wildlife has-post-thumbnail sale shipping-taxable product-type-external\">\n\t<div class=\"mkdf-pl-inner\"><div class=\"mkdf-pl-image\"><div class=\"mkdf-pl-text\"><div class=\"mkdf-pl-text-outer\"><div class=\"mkdf-pl-text-inner\"><a href=\"https:\/\/bookingadventures.tours\/booking.php?tour_id=3f582351e669d76f309c91a7d64fcfca\" data-quantity=\"1\" class=\"button wp-element-button product_type_external\" data-product_id=\"8850\" data-product_sku=\"\" aria-label=\"RESERVE MAINTENANT\" rel=\"nofollow noopener\">RESERVE MAINTENANT<\/a><\/div><\/div><\/div><\/div><a href=\"https:\/\/www.boattoursamana.com\/fr\/tournee\/ridgways-hawk-tour-observation-des-oiseaux-los-haitises-visite-du-parc-national\" class=\"woocommerce-LoopProduct-link woocommerce-loop-product__link\"><\/a><\/div><div class=\"mkdf-pl-text-wrapper\"><div class=\"mkdf-pl-rating-holder\"><\/div><h4 class=\"mkdf-product-list-title\"><a href=\"https:\/\/www.boattoursamana.com\/fr\/tournee\/ridgways-hawk-tour-observation-des-oiseaux-los-haitises-visite-du-parc-national\">Ridgway&#039;s Hawk Tour - Excursion d&#039;observation des oiseaux dans le parc national Los Haitises<\/a><\/h4>\n\t<span class=\"price\"><del aria-hidden=\"true\"><span class=\"woocommerce-Price-amount amount\"><bdi><span class=\"woocommerce-Price-currencySymbol\">&#36;<\/span>65.00<\/bdi><\/span><\/del> <ins><span class=\"woocommerce-Price-amount amount\"><bdi><span class=\"woocommerce-Price-currencySymbol\">&#36;<\/span>49.00<\/bdi><\/span><\/ins><\/span>\n<\/div><\/li><\/ul>\n<\/div><div class=\"vc_empty_space\"   style=\"height: 32px\"><span class=\"vc_empty_space_inner\"><\/span><\/div><div class=\"mkdf-section-title-holder\" style=\"text-align: left\">\n\t<div class=\"mkdf-st-inner\">\n\t\t\t\t\t<h5 class=\"mkdf-st-subtitle\" >\n\t\t\t\tListe des zones Sabana de la Mar\t\t\t<\/h5>\n\t\t\t\t\t\t\t<h3 class=\"mkdf-st-title\" >\n\t\t\t\tCe sont dans les zones de Cano Hondo\t\t\t<\/h3>\n\t\t\t\t\t\t\t<p class=\"mkdf-st-text\" >\n\t\t\t\tR\u00e9servez une activit\u00e9 priv\u00e9e pour l&#039;observation des oiseaux dans le parc national Los Haitises avec deux experts locaux.\t\t\t<\/p>\n\t\t\t<\/div>\n<\/div><div class=\"vc_empty_space\"   style=\"height: 32px\"><span class=\"vc_empty_space_inner\"><\/span><\/div>\n\t<div class=\"wpb_text_column wpb_content_element\" >\n\t\t<div class=\"wpb_wrapper\">\n\t\t\t<section id=\"has-det-0\" class=\"Observation Observation--placeSpeciesObserved u-flushInPageSection Observation--forHotspot\" aria-labelledby=\"species-heading-plapig\">\n<div class=\"Observation-numberObserved Color-text-neutral-3 u-text-2\">1.<\/div>\n<div class=\"Observation-species\">\n<h4 id=\"species-heading-plapig\" class=\"Heading Heading--h5\"><a href=\"https:\/\/ebird.org\/species\/plapig\/L296465\" data-species-code=\"plapig\" rel=\"noopener\"><span class=\"Heading-main\">Pigeon ordinaire<\/span><\/a><\/h4>\n<\/div>\n<div class=\"Observation-meta GridFlex GridFlex--alignBaseline GridFlex--withGutterSmall GridFlex--grid\">\n<div class=\"Observation-meta-count GridFlex-cell\"><span class=\"is-visuallyHidden\">Compter\u00a0<\/span><span class=\"Observation-meta-count-label Color-text-neutral-4\">4<\/span><\/div>\n<div class=\"Observation-meta-date GridFlex-cell\"><a class=\"Observation-meta-date-label\" href=\"https:\/\/ebird.org\/checklist\/S96094458\" rel=\"noopener\">13 octobre 2021<\/a><\/div>\n<div class=\"Observation-meta-observer GridFlex-cell\"><span class=\"Observation-meta-observer-label\">Hector Andujar<\/span><\/div>\n<\/div>\n<\/section>\n<section id=\"has-det-1\" class=\"Observation Observation--placeSpeciesObserved u-flushInPageSection Observation--forHotspot\" aria-labelledby=\"species-heading-ruqdov\">\n<div class=\"Observation-numberObserved Color-text-neutral-3 u-text-2\"><span class=\"is-visuallyHidden\">esp\u00e8ces<\/span>2.<\/div>\n<div class=\"Observation-species\">\n<h4 id=\"species-heading-ruqdov\" class=\"Heading Heading--h5\"><a href=\"https:\/\/ebird.org\/species\/ruqdov\/L296465\" data-species-code=\"ruqdov\" rel=\"noopener\"><span class=\"Heading-main\">Ruddy Caille-Dove<\/span><\/a><\/h4>\n<\/div>\n<div class=\"Observation-meta GridFlex GridFlex--alignBaseline GridFlex--withGutterSmall GridFlex--grid\">\n<div class=\"Observation-meta-count GridFlex-cell\"><span class=\"is-visuallyHidden\">Compter\u00a0<\/span><span class=\"Observation-meta-count-label Color-text-neutral-4\">1<\/span><\/div>\n<div class=\"Observation-meta-date GridFlex-cell\"><a class=\"Observation-meta-date-label\" href=\"https:\/\/ebird.org\/checklist\/S96094458\" rel=\"noopener\">13 octobre 2021<\/a><\/div>\n<div class=\"Observation-meta-observer GridFlex-cell\"><span class=\"Observation-meta-observer-label\">Hector Andujar<\/span><\/div>\n<\/div>\n<\/section>\n<section id=\"has-det-2\" class=\"Observation Observation--placeSpeciesObserved u-flushInPageSection Observation--forHotspot\" aria-labelledby=\"species-heading-turvul\">\n<div class=\"Observation-numberObserved Color-text-neutral-3 u-text-2\"><span class=\"is-visuallyHidden\">esp\u00e8ces<\/span>3.<\/div>\n<div class=\"Observation-species\">\n<h4 id=\"species-heading-turvul\" class=\"Heading Heading--h5\"><a href=\"https:\/\/ebird.org\/species\/turvul\/L296465\" data-species-code=\"turvul\" rel=\"noopener\"><span class=\"Heading-main\">Urubu \u00e0 t\u00eate rouge<\/span><\/a><\/h4>\n<\/div>\n<div class=\"Observation-meta GridFlex GridFlex--alignBaseline GridFlex--withGutterSmall GridFlex--grid\">\n<div class=\"Observation-meta-count GridFlex-cell\"><span class=\"is-visuallyHidden\">Compter\u00a0<\/span><span class=\"Observation-meta-count-label Color-text-neutral-4\">17<\/span><\/div>\n<div class=\"Observation-meta-date GridFlex-cell\"><a class=\"Observation-meta-date-label\" href=\"https:\/\/ebird.org\/checklist\/S96094458\" rel=\"noopener\">13 octobre 2021<\/a><\/div>\n<div class=\"Observation-meta-observer GridFlex-cell\"><span class=\"Observation-meta-observer-label\">Hector Andujar<\/span><\/div>\n<\/div>\n<\/section>\n<section id=\"has-det-3\" class=\"Observation Observation--placeSpeciesObserved u-flushInPageSection Observation--forHotspot\" aria-labelledby=\"species-heading-brbtod1\">\n<div class=\"Observation-numberObserved Color-text-neutral-3 u-text-2\"><span class=\"is-visuallyHidden\">esp\u00e8ces<\/span>4.<\/div>\n<div class=\"Observation-species\">\n<h4 id=\"species-heading-brbtod1\" class=\"Heading Heading--h5\"><a href=\"https:\/\/ebird.org\/species\/brbtod1\/L296465\" data-species-code=\"brbtod1\" rel=\"noopener\"><span class=\"Heading-main\">Todier \u00e0 large bec<\/span><\/a><\/h4>\n<\/div>\n<div class=\"Observation-meta GridFlex GridFlex--alignBaseline GridFlex--withGutterSmall GridFlex--grid\">\n<div class=\"Observation-meta-count GridFlex-cell\"><span class=\"is-visuallyHidden\">Compter\u00a0<\/span><span class=\"Observation-meta-count-label Color-text-neutral-4\">3<\/span><\/div>\n<div class=\"Observation-meta-date GridFlex-cell\"><a class=\"Observation-meta-date-label\" href=\"https:\/\/ebird.org\/checklist\/S96094458\" rel=\"noopener\">13 octobre 2021<\/a><\/div>\n<div class=\"Observation-meta-observer GridFlex-cell\"><span class=\"Observation-meta-observer-label\">Hector Andujar<\/span><\/div>\n<\/div>\n<\/section>\n<section id=\"has-det-4\" class=\"Observation Observation--placeSpeciesObserved u-flushInPageSection Observation--forHotspot\" aria-labelledby=\"species-heading-antpic1\">\n<div class=\"Observation-numberObserved Color-text-neutral-3 u-text-2\"><span class=\"is-visuallyHidden\">esp\u00e8ces<\/span>5.<\/div>\n<div class=\"Observation-species\">\n<h4 id=\"species-heading-antpic1\" class=\"Heading Heading--h5\"><a href=\"https:\/\/ebird.org\/species\/antpic1\/L296465\" data-species-code=\"antpic1\" rel=\"noopener\"><span class=\"Heading-main\">Piculet antillais<\/span><\/a><\/h4>\n<\/div>\n<div class=\"Observation-meta GridFlex GridFlex--alignBaseline GridFlex--withGutterSmall GridFlex--grid\">\n<div class=\"Observation-meta-count GridFlex-cell\"><span class=\"is-visuallyHidden\">Compter\u00a0<\/span><span class=\"Observation-meta-count-label Color-text-neutral-4\">18<\/span><\/div>\n<div class=\"Observation-meta-date GridFlex-cell\"><a class=\"Observation-meta-date-label\" href=\"https:\/\/ebird.org\/checklist\/S96094458\" rel=\"noopener\">13 octobre 2021<\/a><\/div>\n<div class=\"Observation-meta-observer GridFlex-cell\"><span class=\"Observation-meta-observer-label\">Hector Andujar<\/span><\/div>\n<\/div>\n<\/section>\n<section id=\"has-det-5\" class=\"Observation Observation--placeSpeciesObserved u-flushInPageSection Observation--forHotspot u-showForLarge\" tabindex=\"-1\" aria-labelledby=\"species-heading-hiswoo1\" data-truncated=\"\" data-truncated-first=\"\">\n<div class=\"Observation-numberObserved Color-text-neutral-3 u-text-2\"><span class=\"is-visuallyHidden\">esp\u00e8ces<\/span>6.<\/div>\n<div class=\"Observation-species\">\n<h4 id=\"species-heading-hiswoo1\" class=\"Heading Heading--h5\"><a href=\"https:\/\/ebird.org\/species\/hiswoo1\/L296465\" data-species-code=\"hiswoo1\" rel=\"noopener\"><span class=\"Heading-main\">Pic d&#039;Hispaniole<\/span><\/a><\/h4>\n<\/div>\n<div class=\"Observation-meta GridFlex GridFlex--alignBaseline GridFlex--withGutterSmall GridFlex--grid\">\n<div class=\"Observation-meta-count GridFlex-cell\"><span class=\"is-visuallyHidden\">Compter\u00a0<\/span><span class=\"Observation-meta-count-label Color-text-neutral-4\">10<\/span><\/div>\n<div class=\"Observation-meta-date GridFlex-cell\"><a class=\"Observation-meta-date-label\" href=\"https:\/\/ebird.org\/checklist\/S96094458\" rel=\"noopener\">13 octobre 2021<\/a><\/div>\n<div class=\"Observation-meta-observer GridFlex-cell\"><span class=\"Observation-meta-observer-label\">Hector Andujar<\/span><\/div>\n<\/div>\n<\/section>\n<section id=\"has-det-6\" class=\"Observation Observation--placeSpeciesObserved u-flushInPageSection Observation--forHotspot u-showForLarge\" aria-labelledby=\"species-heading-hispar1\" data-truncated=\"\">\n<div class=\"Observation-numberObserved Color-text-neutral-3 u-text-2\"><span class=\"is-visuallyHidden\">esp\u00e8ces<\/span>7.<\/div>\n<div class=\"Observation-species\">\n<h4 id=\"species-heading-hispar1\" class=\"Heading Heading--h5\"><a href=\"https:\/\/ebird.org\/species\/hispar1\/L296465\" data-species-code=\"hispar1\" rel=\"noopener\"><span class=\"Heading-main\">Perroquet d&#039;Hispaniole<\/span><\/a><\/h4>\n<\/div>\n<div class=\"Observation-meta GridFlex GridFlex--alignBaseline GridFlex--withGutterSmall GridFlex--grid\">\n<div class=\"Observation-meta-count GridFlex-cell\"><span class=\"is-visuallyHidden\">Compter\u00a0<\/span><span class=\"Observation-meta-count-label Color-text-neutral-4\">4<\/span><\/div>\n<div class=\"Observation-meta-date GridFlex-cell\"><a class=\"Observation-meta-date-label\" href=\"https:\/\/ebird.org\/checklist\/S96094458\" rel=\"noopener\">13 octobre 2021<\/a><\/div>\n<div class=\"Observation-meta-observer GridFlex-cell\"><span class=\"Observation-meta-observer-label\">Hector Andujar<\/span><\/div>\n<\/div>\n<\/section>\n<section id=\"has-det-7\" class=\"Observation Observation--placeSpeciesObserved u-flushInPageSection Observation--forHotspot u-showForLarge\" aria-labelledby=\"species-heading-bkwvir\" data-truncated=\"\">\n<div class=\"Observation-numberObserved Color-text-neutral-3 u-text-2\"><span class=\"is-visuallyHidden\">esp\u00e8ces<\/span>8.<\/div>\n<div class=\"Observation-species\">\n<h4 id=\"species-heading-bkwvir\" class=\"Heading Heading--h5\"><a href=\"https:\/\/ebird.org\/species\/bkwvir\/L296465\" data-species-code=\"bkwvir\" rel=\"noopener\"><span class=\"Heading-main\">Vir\u00e9o \u00e0 moustaches noires<\/span><\/a><\/h4>\n<\/div>\n<div class=\"Observation-meta GridFlex GridFlex--alignBaseline GridFlex--withGutterSmall GridFlex--grid\">\n<div class=\"Observation-meta-count GridFlex-cell\"><span class=\"is-visuallyHidden\">Compter\u00a0<\/span><span class=\"Observation-meta-count-label Color-text-neutral-4\">4<\/span><\/div>\n<div class=\"Observation-meta-date GridFlex-cell\"><a class=\"Observation-meta-date-label\" href=\"https:\/\/ebird.org\/checklist\/S96094458\" rel=\"noopener\">13 octobre 2021<\/a><\/div>\n<div class=\"Observation-meta-observer GridFlex-cell\"><span class=\"Observation-meta-observer-label\">Hector Andujar<\/span><\/div>\n<\/div>\n<\/section>\n<section id=\"has-det-8\" class=\"Observation Observation--placeSpeciesObserved u-flushInPageSection Observation--forHotspot u-showForLarge\" aria-labelledby=\"species-heading-whncro1\" data-truncated=\"\">\n<div class=\"Observation-numberObserved Color-text-neutral-3 u-text-2\"><span class=\"is-visuallyHidden\">esp\u00e8ces<\/span>9.<\/div>\n<div class=\"Observation-species\">\n<h4 id=\"species-heading-whncro1\" class=\"Heading Heading--h5\"><a href=\"https:\/\/ebird.org\/species\/whncro1\/L296465\" data-species-code=\"whncro1\" rel=\"noopener\"><span class=\"Heading-main\">Corneille \u00e0 cou blanc<\/span><\/a><\/h4>\n<\/div>\n<div class=\"Observation-meta GridFlex GridFlex--alignBaseline GridFlex--withGutterSmall GridFlex--grid\">\n<div class=\"Observation-meta-count GridFlex-cell\"><span class=\"is-visuallyHidden\">Compter\u00a0<\/span><span class=\"Observation-meta-count-label Color-text-neutral-4\">31<\/span><\/div>\n<div class=\"Observation-meta-date GridFlex-cell\"><a class=\"Observation-meta-date-label\" href=\"https:\/\/ebird.org\/checklist\/S96094458\" rel=\"noopener\">13 octobre 2021<\/a><\/div>\n<div class=\"Observation-meta-observer GridFlex-cell\"><span class=\"Observation-meta-observer-label\">Hector Andujar<\/span><\/div>\n<\/div>\n<\/section>\n<section id=\"has-det-9\" class=\"Observation Observation--placeSpeciesObserved u-flushInPageSection Observation--forHotspot u-showForLarge\" aria-labelledby=\"species-heading-normoc\" data-truncated=\"\">\n<div class=\"Observation-numberObserved Color-text-neutral-3 u-text-2\"><span class=\"is-visuallyHidden\">esp\u00e8ces<\/span>10.<\/div>\n<div class=\"Observation-species\">\n<h4 id=\"species-heading-normoc\" class=\"Heading Heading--h5\"><a href=\"https:\/\/ebird.org\/species\/normoc\/L296465\" data-species-code=\"normoc\" rel=\"noopener\"><span class=\"Heading-main\">Moqueur polyglotte<\/span><\/a><\/h4>\n<\/div>\n<div class=\"Observation-meta GridFlex GridFlex--alignBaseline GridFlex--withGutterSmall GridFlex--grid\">\n<div class=\"Observation-meta-count GridFlex-cell\"><span class=\"is-visuallyHidden\">Compter\u00a0<\/span><span class=\"Observation-meta-count-label Color-text-neutral-4\">1<\/span><\/div>\n<div class=\"Observation-meta-date GridFlex-cell\"><a class=\"Observation-meta-date-label\" href=\"https:\/\/ebird.org\/checklist\/S96094458\" rel=\"noopener\">13 octobre 2021<\/a><\/div>\n<div class=\"Observation-meta-observer GridFlex-cell\"><span class=\"Observation-meta-observer-label\">Hector Andujar<\/span><\/div>\n<\/div>\n<\/section>\n<section id=\"has-det-10\" class=\"Observation Observation--placeSpeciesObserved u-flushInPageSection Observation--forHotspot u-showForLarge\" aria-labelledby=\"species-heading-palmch1\" data-truncated=\"\">\n<div class=\"Observation-numberObserved Color-text-neutral-3 u-text-2\"><span class=\"is-visuallyHidden\">esp\u00e8ces<\/span>11.<\/div>\n<div class=\"Observation-species\">\n<h4 id=\"species-heading-palmch1\" class=\"Heading Heading--h5\"><a href=\"https:\/\/ebird.org\/species\/palmch1\/L296465\" data-species-code=\"palmch1\" rel=\"noopener\"><span class=\"Heading-main\">Palmchat<\/span><\/a><\/h4>\n<\/div>\n<div class=\"Observation-meta GridFlex GridFlex--alignBaseline GridFlex--withGutterSmall GridFlex--grid\">\n<div class=\"Observation-meta-count GridFlex-cell\"><span class=\"is-visuallyHidden\">Compter\u00a0<\/span><span class=\"Observation-meta-count-label Color-text-neutral-4\">14<\/span><\/div>\n<div class=\"Observation-meta-date GridFlex-cell\"><a class=\"Observation-meta-date-label\" href=\"https:\/\/ebird.org\/checklist\/S96094458\" rel=\"noopener\">13 octobre 2021<\/a><\/div>\n<div class=\"Observation-meta-observer GridFlex-cell\"><span class=\"Observation-meta-observer-label\">Hector Andujar<\/span><\/div>\n<\/div>\n<\/section>\n<section id=\"has-det-11\" class=\"Observation Observation--placeSpeciesObserved u-flushInPageSection Observation--forHotspot u-showForLarge\" aria-labelledby=\"species-heading-bcptan1\" data-truncated=\"\">\n<div class=\"Observation-numberObserved Color-text-neutral-3 u-text-2\"><span class=\"is-visuallyHidden\">esp\u00e8ces<\/span>12.<\/div>\n<div class=\"Observation-species\">\n<h4 id=\"species-heading-bcptan1\" class=\"Heading Heading--h5\"><a href=\"https:\/\/ebird.org\/species\/bcptan1\/L296465\" data-species-code=\"bcptan1\" rel=\"noopener\"><span class=\"Heading-main\">Tangara \u00e0 couronne noire<\/span><\/a><\/h4>\n<\/div>\n<div class=\"Observation-meta GridFlex GridFlex--alignBaseline GridFlex--withGutterSmall GridFlex--grid\">\n<div class=\"Observation-meta-count GridFlex-cell\"><span class=\"is-visuallyHidden\">Compter\u00a0<\/span><span class=\"Observation-meta-count-label Color-text-neutral-4\">2<\/span><\/div>\n<div class=\"Observation-meta-date GridFlex-cell\"><a class=\"Observation-meta-date-label\" href=\"https:\/\/ebird.org\/checklist\/S96094458\" rel=\"noopener\">13 octobre 2021<\/a><\/div>\n<div class=\"Observation-meta-observer GridFlex-cell\"><span class=\"Observation-meta-observer-label\">Hector Andujar<\/span><\/div>\n<\/div>\n<\/section>\n<section id=\"has-det-12\" class=\"Observation Observation--placeSpeciesObserved u-flushInPageSection Observation--forHotspot u-showForLarge\" aria-labelledby=\"species-heading-ovenbi1\" data-truncated=\"\">\n<div class=\"Observation-numberObserved Color-text-neutral-3 u-text-2\"><span class=\"is-visuallyHidden\">esp\u00e8ces<\/span>13.<\/div>\n<div class=\"Observation-species\">\n<h4 id=\"species-heading-ovenbi1\" class=\"Heading Heading--h5\"><a href=\"https:\/\/ebird.org\/species\/ovenbi1\/L296465\" data-species-code=\"ovenbi1\" rel=\"noopener\"><span class=\"Heading-main\">Paruline couronn\u00e9e<\/span><\/a><\/h4>\n<\/div>\n<div class=\"Observation-meta GridFlex GridFlex--alignBaseline GridFlex--withGutterSmall GridFlex--grid\">\n<div class=\"Observation-meta-count GridFlex-cell\"><span class=\"is-visuallyHidden\">Compter\u00a0<\/span><span class=\"Observation-meta-count-label Color-text-neutral-4\">1<\/span><\/div>\n<div class=\"Observation-meta-date GridFlex-cell\"><a class=\"Observation-meta-date-label\" href=\"https:\/\/ebird.org\/checklist\/S96094458\" rel=\"noopener\">13 octobre 2021<\/a><\/div>\n<div class=\"Observation-meta-observer GridFlex-cell\"><span class=\"Observation-meta-observer-label\">Hector Andujar<\/span><\/div>\n<\/div>\n<\/section>\n<section id=\"has-det-13\" class=\"Observation Observation--placeSpeciesObserved u-flushInPageSection Observation--forHotspot u-showForLarge\" aria-labelledby=\"species-heading-bawwar\" data-truncated=\"\">\n<div class=\"Observation-numberObserved Color-text-neutral-3 u-text-2\"><span class=\"is-visuallyHidden\">esp\u00e8ces<\/span>14.<\/div>\n<div class=\"Observation-species\">\n<h4 id=\"species-heading-bawwar\" class=\"Heading Heading--h5\"><a href=\"https:\/\/ebird.org\/species\/bawwar\/L296465\" data-species-code=\"bawwar\" rel=\"noopener\"><span class=\"Heading-main\">Paruline noir et blanc<\/span><\/a><\/h4>\n<\/div>\n<div class=\"Observation-meta GridFlex GridFlex--alignBaseline GridFlex--withGutterSmall GridFlex--grid\">\n<div class=\"Observation-meta-count GridFlex-cell\"><span class=\"is-visuallyHidden\">Compter\u00a0<\/span><span class=\"Observation-meta-count-label Color-text-neutral-4\">1<\/span><\/div>\n<div class=\"Observation-meta-date GridFlex-cell\"><a class=\"Observation-meta-date-label\" href=\"https:\/\/ebird.org\/checklist\/S96094458\" rel=\"noopener\">13 octobre 2021<\/a><\/div>\n<div class=\"Observation-meta-observer GridFlex-cell\"><span class=\"Observation-meta-observer-label\">Hector Andujar<\/span><\/div>\n<\/div>\n<\/section>\n<section id=\"has-det-14\" class=\"Observation Observation--placeSpeciesObserved u-flushInPageSection Observation--forHotspot u-showForLarge\" aria-labelledby=\"species-heading-amered\" data-truncated=\"\">\n<div class=\"Observation-numberObserved Color-text-neutral-3 u-text-2\"><span class=\"is-visuallyHidden\">esp\u00e8ces<\/span>15.<\/div>\n<div class=\"Observation-species\">\n<h4 id=\"species-heading-amered\" class=\"Heading Heading--h5\"><a href=\"https:\/\/ebird.org\/species\/amered\/L296465\" data-species-code=\"amered\" rel=\"noopener\"><span class=\"Heading-main\">Rougequeue d&#039;Am\u00e9rique<\/span><\/a><\/h4>\n<\/div>\n<div class=\"Observation-meta GridFlex GridFlex--alignBaseline GridFlex--withGutterSmall GridFlex--grid\">\n<div class=\"Observation-meta-count GridFlex-cell\"><span class=\"is-visuallyHidden\">Compter\u00a0<\/span><span class=\"Observation-meta-count-label Color-text-neutral-4\">1<\/span><\/div>\n<div class=\"Observation-meta-date GridFlex-cell\"><a class=\"Observation-meta-date-label\" href=\"https:\/\/ebird.org\/checklist\/S96094458\" rel=\"noopener\">13 octobre 2021<\/a><\/div>\n<div class=\"Observation-meta-observer GridFlex-cell\"><span class=\"Observation-meta-observer-label\">Hector Andujar<\/span><\/div>\n<\/div>\n<\/section>\n<section id=\"has-det-15\" class=\"Observation Observation--placeSpeciesObserved u-flushInPageSection Observation--forHotspot u-showForLarge\" aria-labelledby=\"species-heading-banana\" data-truncated=\"\">\n<div class=\"Observation-numberObserved Color-text-neutral-3 u-text-2\"><span class=\"is-visuallyHidden\">esp\u00e8ces<\/span>16.<\/div>\n<div class=\"Observation-species\">\n<h4 id=\"species-heading-banana\" class=\"Heading Heading--h5\"><a href=\"https:\/\/ebird.org\/species\/banana\/L296465\" data-species-code=\"banana\" rel=\"noopener\"><span class=\"Heading-main\">Quitte \u00e0 la banane<\/span><\/a><\/h4>\n<\/div>\n<div class=\"Observation-meta GridFlex GridFlex--alignBaseline GridFlex--withGutterSmall GridFlex--grid\">\n<div class=\"Observation-meta-count GridFlex-cell\"><span class=\"is-visuallyHidden\">Compter\u00a0<\/span><span class=\"Observation-meta-count-label Color-text-neutral-4\">7<\/span><\/div>\n<div class=\"Observation-meta-date GridFlex-cell\"><a class=\"Observation-meta-date-label\" href=\"https:\/\/ebird.org\/checklist\/S96094458\" rel=\"noopener\">13 octobre 2021<\/a><\/div>\n<div class=\"Observation-meta-observer GridFlex-cell\"><span class=\"Observation-meta-observer-label\">Hector Andujar<\/span><\/div>\n<\/div>\n<\/section>\n<section id=\"has-det-16\" class=\"Observation Observation--placeSpeciesObserved u-flushInPageSection Observation--forHotspot u-showForLarge\" aria-labelledby=\"species-heading-whwdov\" data-truncated=\"\">\n<div class=\"Observation-numberObserved Color-text-neutral-3 u-text-2\"><span class=\"is-visuallyHidden\">esp\u00e8ces<\/span>17.<\/div>\n<div class=\"Observation-species\">\n<h4 id=\"species-heading-whwdov\" class=\"Heading Heading--h5\"><a href=\"https:\/\/ebird.org\/species\/whwdov\/L296465\" data-species-code=\"whwdov\" rel=\"noopener\"><span class=\"Heading-main\">Colombe \u00e0 ailes blanches<\/span><\/a><\/h4>\n<\/div>\n<div class=\"Observation-meta GridFlex GridFlex--alignBaseline GridFlex--withGutterSmall GridFlex--grid\">\n<div class=\"Observation-meta-count GridFlex-cell\"><span class=\"is-visuallyHidden\">Compter\u00a0<\/span><span class=\"Observation-meta-count-label Color-text-neutral-4\">25<\/span><\/div>\n<div class=\"Observation-meta-date GridFlex-cell\"><a class=\"Observation-meta-date-label\" href=\"https:\/\/ebird.org\/checklist\/S93481254\" rel=\"noopener\">18 ao\u00fbt 2021<\/a><\/div>\n<div class=\"Observation-meta-observer GridFlex-cell\"><span class=\"Observation-meta-observer-label\">Ignacio Torres Ruiz Huerta<\/span><\/div>\n<\/div>\n<\/section>\n<section id=\"has-det-17\" class=\"Observation Observation--placeSpeciesObserved u-flushInPageSection Observation--forHotspot u-showForLarge\" aria-labelledby=\"species-heading-antman1\" data-truncated=\"\">\n<div class=\"Observation-numberObserved Color-text-neutral-3 u-text-2\"><span class=\"is-visuallyHidden\">esp\u00e8ces<\/span>18.<\/div>\n<div class=\"Observation-species\">\n<h4 id=\"species-heading-antman1\" class=\"Heading Heading--h5\"><a href=\"https:\/\/ebird.org\/species\/antman1\/L296465\" data-species-code=\"antman1\" rel=\"noopener\"><span class=\"Heading-main\">Mangue des Antilles<\/span><\/a><\/h4>\n<\/div>\n<div class=\"Observation-meta GridFlex GridFlex--alignBaseline GridFlex--withGutterSmall GridFlex--grid\">\n<div class=\"Observation-meta-count GridFlex-cell\"><span class=\"is-visuallyHidden\">Compter\u00a0<\/span><span class=\"Observation-meta-count-label Color-text-neutral-4\">3<\/span><\/div>\n<div class=\"Observation-meta-date GridFlex-cell\"><a class=\"Observation-meta-date-label\" href=\"https:\/\/ebird.org\/checklist\/S93481254\" rel=\"noopener\">18 ao\u00fbt 2021<\/a><\/div>\n<div class=\"Observation-meta-observer GridFlex-cell\"><span class=\"Observation-meta-observer-label\">Ignacio Torres Ruiz Huerta<\/span><\/div>\n<\/div>\n<\/section>\n<section id=\"has-det-18\" class=\"Observation Observation--placeSpeciesObserved u-flushInPageSection Observation--forHotspot u-showForLarge\" aria-labelledby=\"species-heading-grykin\" data-truncated=\"\">\n<div class=\"Observation-numberObserved Color-text-neutral-3 u-text-2\"><span class=\"is-visuallyHidden\">esp\u00e8ces<\/span>19.<\/div>\n<div class=\"Observation-species\">\n<h4 id=\"species-heading-grykin\" class=\"Heading Heading--h5\"><a href=\"https:\/\/ebird.org\/species\/grykin\/L296465\" data-species-code=\"grykin\" rel=\"noopener\"><span class=\"Heading-main\">Tyran gris<\/span><\/a><\/h4>\n<\/div>\n<div class=\"Observation-meta GridFlex GridFlex--alignBaseline GridFlex--withGutterSmall GridFlex--grid\">\n<div class=\"Observation-meta-count GridFlex-cell\"><span class=\"is-visuallyHidden\">Compter\u00a0<\/span><span class=\"Observation-meta-count-label Color-text-neutral-4\">1<\/span><\/div>\n<div class=\"Observation-meta-date GridFlex-cell\"><a class=\"Observation-meta-date-label\" href=\"https:\/\/ebird.org\/checklist\/S93481254\" rel=\"noopener\">18 ao\u00fbt 2021<\/a><\/div>\n<div class=\"Observation-meta-observer GridFlex-cell\"><span class=\"Observation-meta-observer-label\">Ignacio Torres Ruiz Huerta<\/span><\/div>\n<\/div>\n<\/section>\n<section id=\"has-det-19\" class=\"Observation Observation--placeSpeciesObserved u-flushInPageSection Observation--forHotspot u-showForLarge\" aria-labelledby=\"species-heading-wfqdov\" data-truncated=\"\">\n<div class=\"Observation-numberObserved Color-text-neutral-3 u-text-2\"><span class=\"is-visuallyHidden\">esp\u00e8ces<\/span>20.<\/div>\n<div class=\"Observation-species\">\n<h4 id=\"species-heading-wfqdov\" class=\"Heading Heading--h5\"><a href=\"https:\/\/ebird.org\/species\/wfqdov\/L296465\" data-species-code=\"wfqdov\" rel=\"noopener\"><span class=\"Heading-main\">Colombe \u00e0 front blanc<\/span><\/a><\/h4>\n<\/div>\n<div class=\"Observation-meta GridFlex GridFlex--alignBaseline GridFlex--withGutterSmall GridFlex--grid\">\n<div class=\"Observation-meta-count GridFlex-cell\"><span class=\"is-visuallyHidden\">Compter\u00a0<\/span><span class=\"Observation-meta-count-label Color-text-neutral-4\">1<\/span><\/div>\n<div class=\"Observation-meta-date GridFlex-cell\"><a class=\"Observation-meta-date-label\" href=\"https:\/\/ebird.org\/checklist\/S93385782\" rel=\"noopener\">17 ao\u00fbt 2021<\/a><\/div>\n<div class=\"Observation-meta-observer GridFlex-cell\"><span class=\"Observation-meta-observer-label\">Ignacio Torres Ruiz Huerta<\/span><\/div>\n<\/div>\n<div class=\"Observation-tools\"><\/div>\n<\/section>\n<section id=\"has-det-20\" class=\"Observation Observation--placeSpeciesObserved u-flushInPageSection Observation--forHotspot u-showForLarge\" aria-labelledby=\"species-heading-limpki\" data-truncated=\"\">\n<div class=\"Observation-numberObserved Color-text-neutral-3 u-text-2\"><span class=\"is-visuallyHidden\">esp\u00e8ces<\/span>21.<\/div>\n<div class=\"Observation-species\">\n<h4 id=\"species-heading-limpki\" class=\"Heading Heading--h5\"><a href=\"https:\/\/ebird.org\/species\/limpki\/L296465\" data-species-code=\"limpki\" rel=\"noopener\"><span class=\"Heading-main\">Limpkin<\/span><\/a><\/h4>\n<\/div>\n<div class=\"Observation-meta GridFlex GridFlex--alignBaseline GridFlex--withGutterSmall GridFlex--grid\">\n<div class=\"Observation-meta-count GridFlex-cell\"><span class=\"is-visuallyHidden\">Compter\u00a0<\/span><span class=\"Observation-meta-count-label Color-text-neutral-4\">1<\/span><\/div>\n<div class=\"Observation-meta-date GridFlex-cell\"><a class=\"Observation-meta-date-label\" href=\"https:\/\/ebird.org\/checklist\/S93388339\" rel=\"noopener\">16 ao\u00fbt 2021<\/a><\/div>\n<div class=\"Observation-meta-observer GridFlex-cell\"><span class=\"Observation-meta-observer-label\">Ignacio Torres Ruiz Huerta<\/span><\/div>\n<\/div>\n<\/section>\n<section id=\"has-det-21\" class=\"Observation Observation--placeSpeciesObserved u-flushInPageSection Observation--forHotspot u-showForLarge\" aria-labelledby=\"species-heading-asfowl1\" data-truncated=\"\">\n<div class=\"Observation-numberObserved Color-text-neutral-3 u-text-2\"><span class=\"is-visuallyHidden\">esp\u00e8ces<\/span>22.<\/div>\n<div class=\"Observation-species\">\n<h4 id=\"species-heading-asfowl1\" class=\"Heading Heading--h5\"><a href=\"https:\/\/ebird.org\/species\/asfowl1\/L296465\" data-species-code=\"asfowl1\" rel=\"noopener\"><span class=\"Heading-main\">Chouette \u00e0 face cendr\u00e9e<\/span><\/a><\/h4>\n<\/div>\n<div class=\"Observation-meta GridFlex GridFlex--alignBaseline GridFlex--withGutterSmall GridFlex--grid\">\n<div class=\"Observation-meta-count GridFlex-cell\"><span class=\"is-visuallyHidden\">Compter\u00a0<\/span><span class=\"Observation-meta-count-label Color-text-neutral-4\">1<\/span><\/div>\n<div class=\"Observation-meta-date GridFlex-cell\"><a class=\"Observation-meta-date-label\" href=\"https:\/\/ebird.org\/checklist\/S93388339\" rel=\"noopener\">16 ao\u00fbt 2021<\/a><\/div>\n<div class=\"Observation-meta-observer GridFlex-cell\"><span class=\"Observation-meta-observer-label\">Ignacio Torres Ruiz Huerta<\/span><\/div>\n<\/div>\n<\/section>\n<section id=\"has-det-22\" class=\"Observation Observation--placeSpeciesObserved u-flushInPageSection Observation--forHotspot u-showForLarge\" aria-labelledby=\"species-heading-helgui\" data-truncated=\"\">\n<div class=\"Observation-numberObserved Color-text-neutral-3 u-text-2\"><span class=\"is-visuallyHidden\">esp\u00e8ces<\/span>23.<\/div>\n<div class=\"Observation-species\">\n<h4 id=\"species-heading-helgui\" class=\"Heading Heading--h5\"><a href=\"https:\/\/ebird.org\/species\/helgui\/L296465\" data-species-code=\"helgui\" rel=\"noopener\"><span class=\"Heading-main\">Pintade casqu\u00e9e<\/span><\/a><\/h4>\n<\/div>\n<div class=\"Observation-meta GridFlex GridFlex--alignBaseline GridFlex--withGutterSmall GridFlex--grid\">\n<div class=\"Observation-meta-count GridFlex-cell\"><span class=\"is-visuallyHidden\">Compter\u00a0<\/span><span class=\"Observation-meta-count-label Color-text-neutral-4\">1<\/span><\/div>\n<div class=\"Observation-meta-date GridFlex-cell\"><a class=\"Observation-meta-date-label\" href=\"https:\/\/ebird.org\/checklist\/S92921924\" rel=\"noopener\">26 juil. 2021<\/a><\/div>\n<div class=\"Observation-meta-observer GridFlex-cell\"><span class=\"Observation-meta-observer-label\">Thomas Jackmann<\/span><\/div>\n<\/div>\n<\/section>\n<section id=\"has-det-23\" class=\"Observation Observation--placeSpeciesObserved u-flushInPageSection Observation--forHotspot u-showForLarge\" aria-labelledby=\"species-heading-redjun1\" data-truncated=\"\">\n<div class=\"Observation-numberObserved Color-text-neutral-3 u-text-2\"><\/div>\n<div class=\"Observation-species\">\n<h4 id=\"species-heading-redjun1\" class=\"Heading Heading--h5\"><span class=\"Heading-main\">Coq rouge (type domestique)<\/span><\/h4>\n<\/div>\n<div class=\"Observation-meta GridFlex GridFlex--alignBaseline GridFlex--withGutterSmall GridFlex--grid\">\n<div class=\"Observation-meta-count GridFlex-cell\"><span class=\"is-visuallyHidden\">Compter\u00a0<\/span><span class=\"Observation-meta-count-label Color-text-neutral-4\">1<\/span><\/div>\n<div class=\"Observation-meta-date GridFlex-cell\"><a class=\"Observation-meta-date-label\" href=\"https:\/\/ebird.org\/checklist\/S92921924\" rel=\"noopener\">26 juil. 2021<\/a><\/div>\n<div class=\"Observation-meta-observer GridFlex-cell\"><span class=\"Observation-meta-observer-label\">Thomas Jackmann<\/span><\/div>\n<\/div>\n<\/section>\n<section id=\"has-det-24\" class=\"Observation Observation--placeSpeciesObserved u-flushInPageSection Observation--forHotspot u-showForLarge\" aria-labelledby=\"species-heading-smbani\" data-truncated=\"\">\n<div class=\"Observation-numberObserved Color-text-neutral-3 u-text-2\"><span class=\"is-visuallyHidden\">esp\u00e8ces<\/span>24.<\/div>\n<div class=\"Observation-species\">\n<h4 id=\"species-heading-smbani\" class=\"Heading Heading--h5\"><a href=\"https:\/\/ebird.org\/species\/smbani\/L296465\" data-species-code=\"smbani\" rel=\"noopener\"><span class=\"Heading-main\">Ani \u00e0 bec lisse<\/span><\/a><\/h4>\n<\/div>\n<div class=\"Observation-meta GridFlex GridFlex--alignBaseline GridFlex--withGutterSmall GridFlex--grid\">\n<div class=\"Observation-meta-count GridFlex-cell\"><span class=\"is-visuallyHidden\">Compter\u00a0<\/span><span class=\"Observation-meta-count-label Color-text-neutral-4\">3<\/span><\/div>\n<div class=\"Observation-meta-date GridFlex-cell\"><a class=\"Observation-meta-date-label\" href=\"https:\/\/ebird.org\/checklist\/S92921924\" rel=\"noopener\">26 juil. 2021<\/a><\/div>\n<div class=\"Observation-meta-observer GridFlex-cell\"><span class=\"Observation-meta-observer-label\">Thomas Jackmann<\/span><\/div>\n<\/div>\n<\/section>\n<section id=\"has-det-25\" class=\"Observation Observation--placeSpeciesObserved u-flushInPageSection Observation--forHotspot u-showForLarge\" aria-labelledby=\"species-heading-hislic1\" data-truncated=\"\">\n<div class=\"Observation-numberObserved Color-text-neutral-3 u-text-2\"><span class=\"is-visuallyHidden\">esp\u00e8ces<\/span>25.<\/div>\n<div class=\"Observation-species\">\n<h4 id=\"species-heading-hislic1\" class=\"Heading Heading--h5\"><a href=\"https:\/\/ebird.org\/species\/hislic1\/L296465\" data-species-code=\"hislic1\" rel=\"noopener\"><span class=\"Heading-main\">Coucou-l\u00e9zard d&#039;Hispaniola<\/span><\/a><\/h4>\n<\/div>\n<div class=\"Observation-meta GridFlex GridFlex--alignBaseline GridFlex--withGutterSmall GridFlex--grid\">\n<div class=\"Observation-meta-count GridFlex-cell\"><span class=\"is-visuallyHidden\">Compter\u00a0<\/span><span class=\"Observation-meta-count-label Color-text-neutral-4\">2<\/span><\/div>\n<div class=\"Observation-meta-date GridFlex-cell\"><a class=\"Observation-meta-date-label\" href=\"https:\/\/ebird.org\/checklist\/S92921924\" rel=\"noopener\">26 juil. 2021<\/a><\/div>\n<div class=\"Observation-meta-observer GridFlex-cell\"><span class=\"Observation-meta-observer-label\">Thomas Jackmann<\/span><\/div>\n<\/div>\n<\/section>\n<section id=\"has-det-26\" class=\"Observation Observation--placeSpeciesObserved u-flushInPageSection Observation--forHotspot u-showForLarge\" aria-labelledby=\"species-heading-categr\" data-truncated=\"\">\n<div class=\"Observation-numberObserved Color-text-neutral-3 u-text-2\"><span class=\"is-visuallyHidden\">esp\u00e8ces<\/span>26.<\/div>\n<div class=\"Observation-species\">\n<h4 id=\"species-heading-categr\" class=\"Heading Heading--h5\"><a href=\"https:\/\/ebird.org\/species\/categr\/L296465\" data-species-code=\"categr\" rel=\"noopener\"><span class=\"Heading-main\">H\u00e9ron garde-boeuf<\/span><\/a><\/h4>\n<\/div>\n<div class=\"Observation-meta GridFlex GridFlex--alignBaseline GridFlex--withGutterSmall GridFlex--grid\">\n<div class=\"Observation-meta-count GridFlex-cell\"><span class=\"is-visuallyHidden\">Compter\u00a0<\/span><span class=\"Observation-meta-count-label Color-text-neutral-4\">1<\/span><\/div>\n<div class=\"Observation-meta-date GridFlex-cell\"><a class=\"Observation-meta-date-label\" href=\"https:\/\/ebird.org\/checklist\/S92921924\" rel=\"noopener\">26 juil. 2021<\/a><\/div>\n<div class=\"Observation-meta-observer GridFlex-cell\"><span class=\"Observation-meta-observer-label\">Thomas Jackmann<\/span><\/div>\n<\/div>\n<\/section>\n<section id=\"has-det-27\" class=\"Observation Observation--placeSpeciesObserved u-flushInPageSection Observation--forHotspot u-showForLarge\" aria-labelledby=\"species-heading-amekes\" data-truncated=\"\">\n<div class=\"Observation-numberObserved Color-text-neutral-3 u-text-2\"><span class=\"is-visuallyHidden\">esp\u00e8ces<\/span>27.<\/div>\n<div class=\"Observation-species\">\n<h4 id=\"species-heading-amekes\" class=\"Heading Heading--h5\"><a href=\"https:\/\/ebird.org\/species\/amekes\/L296465\" data-species-code=\"amekes\" rel=\"noopener\"><span class=\"Heading-main\">Cr\u00e9cerelle d&#039;Am\u00e9rique<\/span><\/a><\/h4>\n<\/div>\n<div class=\"Observation-meta GridFlex GridFlex--alignBaseline GridFlex--withGutterSmall GridFlex--grid\">\n<div class=\"Observation-meta-count GridFlex-cell\"><span class=\"is-visuallyHidden\">Compter\u00a0<\/span><span class=\"Observation-meta-count-label Color-text-neutral-4\">1<\/span><\/div>\n<div class=\"Observation-meta-date GridFlex-cell\"><a class=\"Observation-meta-date-label\" href=\"https:\/\/ebird.org\/checklist\/S92921924\" rel=\"noopener\">26 juil. 2021<\/a><\/div>\n<div class=\"Observation-meta-observer GridFlex-cell\"><span class=\"Observation-meta-observer-label\">Thomas Jackmann<\/span><\/div>\n<\/div>\n<\/section>\n<section id=\"has-det-28\" class=\"Observation Observation--placeSpeciesObserved u-flushInPageSection Observation--forHotspot u-showForLarge\" aria-labelledby=\"species-heading-yefgra1\" data-truncated=\"\">\n<div class=\"Observation-numberObserved Color-text-neutral-3 u-text-2\"><span class=\"is-visuallyHidden\">esp\u00e8ces<\/span>28.<\/div>\n<div class=\"Observation-species\">\n<h4 id=\"species-heading-yefgra1\" class=\"Heading Heading--h5\"><a href=\"https:\/\/ebird.org\/species\/yefgra1\/L296465\" data-species-code=\"yefgra1\" rel=\"noopener\"><span class=\"Heading-main\">Grassquit \u00e0 face jaune<\/span><\/a><\/h4>\n<\/div>\n<div class=\"Observation-meta GridFlex GridFlex--alignBaseline GridFlex--withGutterSmall GridFlex--grid\">\n<div class=\"Observation-meta-count GridFlex-cell\"><span class=\"is-visuallyHidden\">Compter\u00a0<\/span><span class=\"Observation-meta-count-label Color-text-neutral-4\">5<\/span><\/div>\n<div class=\"Observation-meta-date GridFlex-cell\"><a class=\"Observation-meta-date-label\" href=\"https:\/\/ebird.org\/checklist\/S92921924\" rel=\"noopener\">26 juil. 2021<\/a><\/div>\n<div class=\"Observation-meta-observer GridFlex-cell\"><span class=\"Observation-meta-observer-label\">Thomas Jackmann<\/span><\/div>\n<\/div>\n<\/section>\n<section id=\"has-det-29\" class=\"Observation Observation--placeSpeciesObserved u-flushInPageSection Observation--forHotspot u-showForLarge\" aria-labelledby=\"species-heading-cogdov\" data-truncated=\"\">\n<div class=\"Observation-numberObserved Color-text-neutral-3 u-text-2\"><span class=\"is-visuallyHidden\">esp\u00e8ces<\/span>29.<\/div>\n<div class=\"Observation-species\">\n<h4 id=\"species-heading-cogdov\" class=\"Heading Heading--h5\"><a href=\"https:\/\/ebird.org\/species\/cogdov\/L296465\" data-species-code=\"cogdov\" rel=\"noopener\"><span class=\"Heading-main\">Colombe commune<\/span><\/a><\/h4>\n<\/div>\n<div class=\"Observation-meta GridFlex GridFlex--alignBaseline GridFlex--withGutterSmall GridFlex--grid\">\n<div class=\"Observation-meta-count GridFlex-cell\"><span class=\"is-visuallyHidden\">Compter\u00a0<\/span><span class=\"Observation-meta-count-label Color-text-neutral-4\">2<\/span><\/div>\n<div class=\"Observation-meta-date GridFlex-cell\"><a class=\"Observation-meta-date-label\" href=\"https:\/\/ebird.org\/checklist\/S92921646\" rel=\"noopener\">26 juil. 2021<\/a><\/div>\n<div class=\"Observation-meta-observer GridFlex-cell\"><span class=\"Observation-meta-observer-label\">Thomas Jackmann<\/span><\/div>\n<\/div>\n<\/section>\n<section id=\"has-det-30\" class=\"Observation Observation--placeSpeciesObserved u-flushInPageSection Observation--forHotspot u-showForLarge\" aria-labelledby=\"species-heading-hiseme1\" data-truncated=\"\">\n<div class=\"Observation-numberObserved Color-text-neutral-3 u-text-2\"><span class=\"is-visuallyHidden\">esp\u00e8ces<\/span>30.<\/div>\n<div class=\"Observation-species\">\n<h4 id=\"species-heading-hiseme1\" class=\"Heading Heading--h5\"><a href=\"https:\/\/ebird.org\/species\/hiseme1\/L296465\" data-species-code=\"hiseme1\" rel=\"noopener\"><span class=\"Heading-main\">\u00c9meraude d&#039;Hispaniole<\/span><\/a><\/h4>\n<\/div>\n<div class=\"Observation-meta GridFlex GridFlex--alignBaseline GridFlex--withGutterSmall GridFlex--grid\">\n<div class=\"Observation-meta-count GridFlex-cell\"><span class=\"is-visuallyHidden\">Compter\u00a0<\/span><span class=\"Observation-meta-count-label Color-text-neutral-4\">1<\/span><\/div>\n<div class=\"Observation-meta-date GridFlex-cell\"><a class=\"Observation-meta-date-label\" href=\"https:\/\/ebird.org\/checklist\/S92921400\" rel=\"noopener\">25 juil. 2021<\/a><\/div>\n<div class=\"Observation-meta-observer GridFlex-cell\"><span class=\"Observation-meta-observer-label\">Thomas Jackmann<\/span><\/div>\n<\/div>\n<\/section>\n<section id=\"has-det-31\" class=\"Observation Observation--placeSpeciesObserved u-flushInPageSection Observation--forHotspot u-showForLarge\" aria-labelledby=\"species-heading-ridhaw1\" data-truncated=\"\">\n<div class=\"Observation-numberObserved Color-text-neutral-3 u-text-2\"><span class=\"is-visuallyHidden\">esp\u00e8ces<\/span>31.<\/div>\n<div class=\"Observation-species\">\n<h4 id=\"species-heading-ridhaw1\" class=\"Heading Heading--h5\"><a href=\"https:\/\/ebird.org\/species\/ridhaw1\/L296465\" data-species-code=\"ridhaw1\" rel=\"noopener\"><span class=\"Heading-main\">Faucon de Ridgway<\/span><\/a><\/h4>\n<\/div>\n<div class=\"Observation-meta GridFlex GridFlex--alignBaseline GridFlex--withGutterSmall GridFlex--grid\">\n<div class=\"Observation-meta-count GridFlex-cell\"><span class=\"is-visuallyHidden\">Compter\u00a0<\/span><span class=\"Observation-meta-count-label Color-text-neutral-4\">2<\/span><\/div>\n<div class=\"Observation-meta-date GridFlex-cell\"><a class=\"Observation-meta-date-label\" href=\"https:\/\/ebird.org\/checklist\/S92823795\" rel=\"noopener\">25 juil. 2021<\/a><\/div>\n<div class=\"Observation-meta-observer GridFlex-cell\"><span class=\"Observation-meta-observer-label\">Thomas Jackmann<\/span><\/div>\n<\/div>\n<\/section>\n<section id=\"has-det-32\" class=\"Observation Observation--placeSpeciesObserved u-flushInPageSection Observation--forHotspot u-showForLarge\" aria-labelledby=\"species-heading-hispew1\" data-truncated=\"\">\n<div class=\"Observation-numberObserved Color-text-neutral-3 u-text-2\"><span class=\"is-visuallyHidden\">esp\u00e8ces<\/span>32.<\/div>\n<div class=\"Observation-species\">\n<h4 id=\"species-heading-hispew1\" class=\"Heading Heading--h5\"><a href=\"https:\/\/ebird.org\/species\/hispew1\/L296465\" data-species-code=\"hispew1\" rel=\"noopener\"><span class=\"Heading-main\">Pewee d&#039;Hispaniole<\/span><\/a><\/h4>\n<\/div>\n<div class=\"Observation-meta GridFlex GridFlex--alignBaseline GridFlex--withGutterSmall GridFlex--grid\">\n<div class=\"Observation-meta-count GridFlex-cell\"><span class=\"is-visuallyHidden\">Compter\u00a0<\/span><span class=\"Observation-meta-count-label Color-text-neutral-4\">1<\/span><\/div>\n<div class=\"Observation-meta-date GridFlex-cell\"><a class=\"Observation-meta-date-label\" href=\"https:\/\/ebird.org\/checklist\/S92823795\" rel=\"noopener\">25 juil. 2021<\/a><\/div>\n<div class=\"Observation-meta-observer GridFlex-cell\"><span class=\"Observation-meta-observer-label\">Thomas Jackmann<\/span><\/div>\n<\/div>\n<\/section>\n<section id=\"has-det-33\" class=\"Observation Observation--placeSpeciesObserved u-flushInPageSection Observation--forHotspot u-showForLarge\" aria-labelledby=\"species-heading-musduc2\" data-truncated=\"\">\n<div class=\"Observation-numberObserved Color-text-neutral-3 u-text-2\"><\/div>\n<div class=\"Observation-species\">\n<h4 id=\"species-heading-musduc2\" class=\"Heading Heading--h5\"><span class=\"Heading-main\">Canard de Barbarie (type Domestique)<\/span><\/h4>\n<\/div>\n<div class=\"Observation-meta GridFlex GridFlex--alignBaseline GridFlex--withGutterSmall GridFlex--grid\">\n<div class=\"Observation-meta-count GridFlex-cell\"><span class=\"is-visuallyHidden\">Compter\u00a0<\/span><span class=\"Observation-meta-count-label Color-text-neutral-4\">1<\/span><\/div>\n<div class=\"Observation-meta-date GridFlex-cell\"><a class=\"Observation-meta-date-label\" href=\"https:\/\/ebird.org\/checklist\/S92822616\" rel=\"noopener\">25 juil. 2021<\/a><\/div>\n<div class=\"Observation-meta-observer GridFlex-cell\"><span class=\"Observation-meta-observer-label\">Thomas Jackmann<\/span><\/div>\n<\/div>\n<\/section>\n<section id=\"has-det-34\" class=\"Observation Observation--placeSpeciesObserved u-flushInPageSection Observation--forHotspot u-showForLarge\" aria-labelledby=\"species-heading-scnpig1\" data-truncated=\"\">\n<div class=\"Observation-numberObserved Color-text-neutral-3 u-text-2\"><span class=\"is-visuallyHidden\">esp\u00e8ces<\/span>33.<\/div>\n<div class=\"Observation-species\">\n<h4 id=\"species-heading-scnpig1\" class=\"Heading Heading--h5\"><a href=\"https:\/\/ebird.org\/species\/scnpig1\/L296465\" data-species-code=\"scnpig1\" rel=\"noopener\"><span class=\"Heading-main\">Pigeon \u00e0 nuque \u00e9cailleuse<\/span><\/a><\/h4>\n<\/div>\n<div class=\"Observation-meta GridFlex GridFlex--alignBaseline GridFlex--withGutterSmall GridFlex--grid\">\n<div class=\"Observation-meta-count GridFlex-cell\"><span class=\"is-visuallyHidden\">Compter\u00a0<\/span><span class=\"Observation-meta-count-label Color-text-neutral-4\">1<\/span><\/div>\n<div class=\"Observation-meta-date GridFlex-cell\"><a class=\"Observation-meta-date-label\" href=\"https:\/\/ebird.org\/checklist\/S92822616\" rel=\"noopener\">25 juil. 2021<\/a><\/div>\n<div class=\"Observation-meta-observer GridFlex-cell\"><span class=\"Observation-meta-observer-label\">Thomas Jackmann<\/span><\/div>\n<\/div>\n<\/section>\n<section id=\"has-det-35\" class=\"Observation Observation--placeSpeciesObserved u-flushInPageSection Observation--forHotspot u-showForLarge\" aria-labelledby=\"species-heading-snoegr\" data-truncated=\"\">\n<div class=\"Observation-numberObserved Color-text-neutral-3 u-text-2\"><span class=\"is-visuallyHidden\">esp\u00e8ces<\/span>34.<\/div>\n<div class=\"Observation-species\">\n<h4 id=\"species-heading-snoegr\" class=\"Heading Heading--h5\"><a href=\"https:\/\/ebird.org\/species\/snoegr\/L296465\" data-species-code=\"snoegr\" rel=\"noopener\"><span class=\"Heading-main\">Aigrette neigeuse<\/span><\/a><\/h4>\n<\/div>\n<div class=\"Observation-meta GridFlex GridFlex--alignBaseline GridFlex--withGutterSmall GridFlex--grid\">\n<div class=\"Observation-meta-count GridFlex-cell\"><span class=\"is-visuallyHidden\">Compter\u00a0<\/span><span class=\"Observation-meta-count-label Color-text-neutral-4\">1<\/span><\/div>\n<div class=\"Observation-meta-date GridFlex-cell\"><a class=\"Observation-meta-date-label\" href=\"https:\/\/ebird.org\/checklist\/S92822616\" rel=\"noopener\">25 juil. 2021<\/a><\/div>\n<div class=\"Observation-meta-observer GridFlex-cell\"><span class=\"Observation-meta-observer-label\">Thomas Jackmann<\/span><\/div>\n<\/div>\n<\/section>\n<section id=\"has-det-36\" class=\"Observation Observation--placeSpeciesObserved u-flushInPageSection Observation--forHotspot u-showForLarge\" aria-labelledby=\"species-heading-houspa\" data-truncated=\"\">\n<div class=\"Observation-numberObserved Color-text-neutral-3 u-text-2\"><span class=\"is-visuallyHidden\">esp\u00e8ces<\/span>35.<\/div>\n<div class=\"Observation-species\">\n<h4 id=\"species-heading-houspa\" class=\"Heading Heading--h5\"><a href=\"https:\/\/ebird.org\/species\/houspa\/L296465\" data-species-code=\"houspa\" rel=\"noopener\"><span class=\"Heading-main\">Moineau de maison<\/span><\/a><\/h4>\n<\/div>\n<div class=\"Observation-meta GridFlex GridFlex--alignBaseline GridFlex--withGutterSmall GridFlex--grid\">\n<div class=\"Observation-meta-count GridFlex-cell\"><span class=\"is-visuallyHidden\">Compter\u00a0<\/span><span class=\"Observation-meta-count-label Color-text-neutral-4\">1<\/span><\/div>\n<div class=\"Observation-meta-date GridFlex-cell\"><a class=\"Observation-meta-date-label\" href=\"https:\/\/ebird.org\/checklist\/S92822616\" rel=\"noopener\">25 juil. 2021<\/a><\/div>\n<div class=\"Observation-meta-observer GridFlex-cell\"><span class=\"Observation-meta-observer-label\">Thomas Jackmann<\/span><\/div>\n<\/div>\n<\/section>\n<section id=\"has-det-37\" class=\"Observation Observation--placeSpeciesObserved u-flushInPageSection Observation--forHotspot u-showForLarge\" aria-labelledby=\"species-heading-verhum1\" data-truncated=\"\">\n<div class=\"Observation-numberObserved Color-text-neutral-3 u-text-2\"><span class=\"is-visuallyHidden\">esp\u00e8ces<\/span>36.<\/div>\n<div class=\"Observation-species\">\n<h4 id=\"species-heading-verhum1\" class=\"Heading Heading--h5\"><a href=\"https:\/\/ebird.org\/species\/verhum1\/L296465\" data-species-code=\"verhum1\" rel=\"noopener\"><span class=\"Heading-main\">Verveine Colibri<\/span><\/a><\/h4>\n<\/div>\n<div class=\"Observation-meta GridFlex GridFlex--alignBaseline GridFlex--withGutterSmall GridFlex--grid\">\n<div class=\"Observation-meta-count GridFlex-cell\"><span class=\"is-visuallyHidden\">Compter\u00a0<\/span><span class=\"Observation-meta-count-label Color-text-neutral-4\">1<\/span><\/div>\n<div class=\"Observation-meta-date GridFlex-cell\"><a class=\"Observation-meta-date-label\" href=\"https:\/\/ebird.org\/checklist\/S80573121\" rel=\"noopener\">7 f\u00e9vrier 2021<\/a><\/div>\n<div class=\"Observation-meta-observer GridFlex-cell\"><span class=\"Observation-meta-observer-label\">St\u00e9phane Brauning<\/span><\/div>\n<\/div>\n<\/section>\n<section id=\"has-det-38\" class=\"Observation Observation--placeSpeciesObserved u-flushInPageSection Observation--forHotspot u-showForLarge\" aria-labelledby=\"species-heading-grnher\" data-truncated=\"\">\n<div class=\"Observation-numberObserved Color-text-neutral-3 u-text-2\"><span class=\"is-visuallyHidden\">esp\u00e8ces<\/span>37.<\/div>\n<div class=\"Observation-species\">\n<h4 id=\"species-heading-grnher\" class=\"Heading Heading--h5\"><a href=\"https:\/\/ebird.org\/species\/grnher\/L296465\" data-species-code=\"grnher\" rel=\"noopener\"><span class=\"Heading-main\">H\u00e9ron vert<\/span><\/a><\/h4>\n<\/div>\n<div class=\"Observation-meta GridFlex GridFlex--alignBaseline GridFlex--withGutterSmall GridFlex--grid\">\n<div class=\"Observation-meta-count GridFlex-cell\"><span class=\"is-visuallyHidden\">Compter\u00a0<\/span><span class=\"Observation-meta-count-label Color-text-neutral-4\">1<\/span><\/div>\n<div class=\"Observation-meta-date GridFlex-cell\"><a class=\"Observation-meta-date-label\" href=\"https:\/\/ebird.org\/checklist\/S80573121\" rel=\"noopener\">7 f\u00e9vrier 2021<\/a><\/div>\n<div class=\"Observation-meta-observer GridFlex-cell\"><span class=\"Observation-meta-observer-label\">St\u00e9phane Brauning<\/span><\/div>\n<\/div>\n<\/section>\n<section id=\"has-det-39\" class=\"Observation Observation--placeSpeciesObserved u-flushInPageSection Observation--forHotspot u-showForLarge\" aria-labelledby=\"species-heading-stofly1\" data-truncated=\"\">\n<div class=\"Observation-numberObserved Color-text-neutral-3 u-text-2\"><span class=\"is-visuallyHidden\">esp\u00e8ces<\/span>38.<\/div>\n<div class=\"Observation-species\">\n<h4 id=\"species-heading-stofly1\" class=\"Heading Heading--h5\"><a href=\"https:\/\/ebird.org\/species\/stofly1\/L296465\" data-species-code=\"stofly1\" rel=\"noopener\"><span class=\"Heading-main\">Moucherolle immobile<\/span><\/a><\/h4>\n<\/div>\n<div class=\"Observation-meta GridFlex GridFlex--alignBaseline GridFlex--withGutterSmall GridFlex--grid\">\n<div class=\"Observation-meta-count GridFlex-cell\"><span class=\"is-visuallyHidden\">Compter\u00a0<\/span><span class=\"Observation-meta-count-label Color-text-neutral-4\">2<\/span><\/div>\n<div class=\"Observation-meta-date GridFlex-cell\"><a class=\"Observation-meta-date-label\" href=\"https:\/\/ebird.org\/checklist\/S80573121\" rel=\"noopener\">7 f\u00e9vrier 2021<\/a><\/div>\n<div class=\"Observation-meta-observer GridFlex-cell\"><span class=\"Observation-meta-observer-label\">St\u00e9phane Brauning<\/span><\/div>\n<\/div>\n<\/section>\n<section id=\"has-det-40\" class=\"Observation Observation--placeSpeciesObserved u-flushInPageSection Observation--forHotspot u-showForLarge\" aria-labelledby=\"species-heading-peethr1\" data-truncated=\"\">\n<div class=\"Observation-numberObserved Color-text-neutral-3 u-text-2\"><span class=\"is-visuallyHidden\">esp\u00e8ces<\/span>39.<\/div>\n<div class=\"Observation-species\">\n<h4 id=\"species-heading-peethr1\" class=\"Heading Heading--h5\"><a href=\"https:\/\/ebird.org\/species\/peethr1\/L296465\" data-species-code=\"peethr1\" rel=\"noopener\"><span class=\"Heading-main\">Moqueur aux yeux nacr\u00e9s<\/span><\/a><\/h4>\n<\/div>\n<div class=\"Observation-meta GridFlex GridFlex--alignBaseline GridFlex--withGutterSmall GridFlex--grid\">\n<div class=\"Observation-meta-count GridFlex-cell\"><span class=\"is-visuallyHidden\">Compter\u00a0<\/span><span class=\"Observation-meta-count-label Color-text-neutral-4\">1<\/span><\/div>\n<div class=\"Observation-meta-date GridFlex-cell\"><a class=\"Observation-meta-date-label\" href=\"https:\/\/ebird.org\/checklist\/S80573121\" rel=\"noopener\">7 f\u00e9vrier 2021<\/a><\/div>\n<div class=\"Observation-meta-observer GridFlex-cell\"><span class=\"Observation-meta-observer-label\">St\u00e9phane Brauning<\/span><\/div>\n<\/div>\n<\/section>\n<section id=\"has-det-41\" class=\"Observation Observation--placeSpeciesObserved u-flushInPageSection Observation--forHotspot u-showForLarge\" aria-labelledby=\"species-heading-relthr1\" data-truncated=\"\">\n<div class=\"Observation-numberObserved Color-text-neutral-3 u-text-2\"><span class=\"is-visuallyHidden\">esp\u00e8ces<\/span>40.<\/div>\n<div class=\"Observation-species\">\n<h4 id=\"species-heading-relthr1\" class=\"Heading Heading--h5\"><a href=\"https:\/\/ebird.org\/species\/relthr1\/L296465\" data-species-code=\"relthr1\" rel=\"noopener\"><span class=\"Heading-main\">Grive \u00e0 pattes rouges<\/span><\/a><\/h4>\n<\/div>\n<div class=\"Observation-meta GridFlex GridFlex--alignBaseline GridFlex--withGutterSmall GridFlex--grid\">\n<div class=\"Observation-meta-count GridFlex-cell\"><span class=\"is-visuallyHidden\">Compter\u00a0<\/span><span class=\"Observation-meta-count-label Color-text-neutral-4\">1<\/span><\/div>\n<div class=\"Observation-meta-date GridFlex-cell\"><a class=\"Observation-meta-date-label\" href=\"https:\/\/ebird.org\/checklist\/S80573121\" rel=\"noopener\">7 f\u00e9vrier 2021<\/a><\/div>\n<div class=\"Observation-meta-observer GridFlex-cell\"><span class=\"Observation-meta-observer-label\">St\u00e9phane Brauning<\/span><\/div>\n<\/div>\n<\/section>\n<section id=\"has-det-42\" class=\"Observation Observation--placeSpeciesObserved u-flushInPageSection Observation--forHotspot u-showForLarge\" aria-labelledby=\"species-heading-gragra1\" data-truncated=\"\">\n<div class=\"Observation-numberObserved Color-text-neutral-3 u-text-2\"><span class=\"is-visuallyHidden\">esp\u00e8ces<\/span>41.<\/div>\n<div class=\"Observation-species\">\n<h4 id=\"species-heading-gragra1\" class=\"Heading Heading--h5\"><a href=\"https:\/\/ebird.org\/species\/gragra1\/L296465\" data-species-code=\"gragra1\" rel=\"noopener\"><span class=\"Heading-main\">Quiscale bronz\u00e9 des Antilles<\/span><\/a><\/h4>\n<\/div>\n<div class=\"Observation-meta GridFlex GridFlex--alignBaseline GridFlex--withGutterSmall GridFlex--grid\">\n<div class=\"Observation-meta-count GridFlex-cell\"><span class=\"is-visuallyHidden\">Compter\u00a0<\/span><span class=\"Observation-meta-count-label Color-text-neutral-4\">1<\/span><\/div>\n<div class=\"Observation-meta-date GridFlex-cell\"><a class=\"Observation-meta-date-label\" href=\"https:\/\/ebird.org\/checklist\/S80573121\" rel=\"noopener\">7 f\u00e9vrier 2021<\/a><\/div>\n<div class=\"Observation-meta-observer GridFlex-cell\"><span class=\"Observation-meta-observer-label\">St\u00e9phane Brauning<\/span><\/div>\n<\/div>\n<\/section>\n<section id=\"has-det-43\" class=\"Observation Observation--placeSpeciesObserved u-flushInPageSection Observation--forHotspot u-showForLarge\" aria-labelledby=\"species-heading-norpar\" data-truncated=\"\">\n<div class=\"Observation-numberObserved Color-text-neutral-3 u-text-2\"><span class=\"is-visuallyHidden\">esp\u00e8ces<\/span>42.<\/div>\n<div class=\"Observation-species\">\n<h4 id=\"species-heading-norpar\" class=\"Heading Heading--h5\"><a href=\"https:\/\/ebird.org\/species\/norpar\/L296465\" data-species-code=\"norpar\" rel=\"noopener\"><span class=\"Heading-main\">Parula du Nord<\/span><\/a><\/h4>\n<\/div>\n<div class=\"Observation-meta GridFlex GridFlex--alignBaseline GridFlex--withGutterSmall GridFlex--grid\">\n<div class=\"Observation-meta-count GridFlex-cell\"><span class=\"is-visuallyHidden\">Compter\u00a0<\/span><span class=\"Observation-meta-count-label Color-text-neutral-4\">1<\/span><\/div>\n<div class=\"Observation-meta-date GridFlex-cell\"><a class=\"Observation-meta-date-label\" href=\"https:\/\/ebird.org\/checklist\/S80573121\" rel=\"noopener\">7 f\u00e9vrier 2021<\/a><\/div>\n<div class=\"Observation-meta-observer GridFlex-cell\"><span class=\"Observation-meta-observer-label\">St\u00e9phane Brauning<\/span><\/div>\n<\/div>\n<\/section>\n<section id=\"has-det-44\" class=\"Observation Observation--placeSpeciesObserved u-flushInPageSection Observation--forHotspot u-showForLarge\" aria-labelledby=\"species-heading-rocpig\" data-truncated=\"\">\n<div class=\"Observation-numberObserved Color-text-neutral-3 u-text-2\"><span class=\"is-visuallyHidden\">esp\u00e8ces<\/span>43.<\/div>\n<div class=\"Observation-species\">\n<h4 id=\"species-heading-rocpig\" class=\"Heading Heading--h5\"><a href=\"https:\/\/ebird.org\/species\/rocpig\/L296465\" data-species-code=\"rocpig\" rel=\"noopener\"><span class=\"Heading-main\">Pigeon biset<\/span><\/a><\/h4>\n<\/div>\n<div class=\"Observation-meta GridFlex GridFlex--alignBaseline GridFlex--withGutterSmall GridFlex--grid\">\n<div class=\"Observation-meta-count GridFlex-cell\"><span class=\"is-visuallyHidden\">Compter\u00a0<\/span><span class=\"Observation-meta-count-label Color-text-neutral-4\">3<\/span><\/div>\n<div class=\"Observation-meta-date GridFlex-cell\"><a class=\"Observation-meta-date-label\" href=\"https:\/\/ebird.org\/checklist\/S80613326\" rel=\"noopener\">6 f\u00e9vrier 2021<\/a><\/div>\n<div class=\"Observation-meta-observer GridFlex-cell\"><span class=\"Observation-meta-observer-label\">St\u00e9phane Brauning<\/span><\/div>\n<\/div>\n<\/section>\n<section id=\"has-det-45\" class=\"Observation Observation--placeSpeciesObserved u-flushInPageSection Observation--forHotspot u-showForLarge\" aria-labelledby=\"species-heading-moudov\" data-truncated=\"\">\n<div class=\"Observation-numberObserved Color-text-neutral-3 u-text-2\"><span class=\"is-visuallyHidden\">esp\u00e8ces<\/span>44.<\/div>\n<div class=\"Observation-species\">\n<h4 id=\"species-heading-moudov\" class=\"Heading Heading--h5\"><a href=\"https:\/\/ebird.org\/species\/moudov\/L296465\" data-species-code=\"moudov\" rel=\"noopener\"><span class=\"Heading-main\">Tourterelle triste<\/span><\/a><\/h4>\n<\/div>\n<div class=\"Observation-meta GridFlex GridFlex--alignBaseline GridFlex--withGutterSmall GridFlex--grid\">\n<div class=\"Observation-meta-count GridFlex-cell\"><span class=\"is-visuallyHidden\">Compter\u00a0<\/span><span class=\"Observation-meta-count-label Color-text-neutral-4\">2<\/span><\/div>\n<div class=\"Observation-meta-date GridFlex-cell\"><a class=\"Observation-meta-date-label\" href=\"https:\/\/ebird.org\/checklist\/S80613326\" rel=\"noopener\">6 f\u00e9vrier 2021<\/a><\/div>\n<div class=\"Observation-meta-observer GridFlex-cell\"><span class=\"Observation-meta-observer-label\">St\u00e9phane Brauning<\/span><\/div>\n<\/div>\n<\/section>\n<section id=\"has-det-46\" class=\"Observation Observation--placeSpeciesObserved u-flushInPageSection Observation--forHotspot u-showForLarge\" aria-labelledby=\"species-heading-wiwduc1\" data-truncated=\"\">\n<div class=\"Observation-numberObserved Color-text-neutral-3 u-text-2\"><span class=\"is-visuallyHidden\">esp\u00e8ces<\/span>45.<\/div>\n<div class=\"Observation-species\">\n<h4 id=\"species-heading-wiwduc1\" class=\"Heading Heading--h5\"><a href=\"https:\/\/ebird.org\/species\/wiwduc1\/L296465\" data-species-code=\"wiwduc1\" rel=\"noopener\"><span class=\"Heading-main\">Canard siffleur des Antilles<\/span><\/a><\/h4>\n<\/div>\n<div class=\"Observation-meta GridFlex GridFlex--alignBaseline GridFlex--withGutterSmall GridFlex--grid\">\n<div class=\"Observation-meta-count GridFlex-cell\"><span class=\"is-visuallyHidden\">Compter\u00a0<\/span><span class=\"Observation-meta-count-label Color-text-neutral-4\">3<\/span><\/div>\n<div class=\"Observation-meta-date GridFlex-cell\"><a class=\"Observation-meta-date-label\" href=\"https:\/\/ebird.org\/checklist\/S80540084\" rel=\"noopener\">6 f\u00e9vrier 2021<\/a><\/div>\n<div class=\"Observation-meta-observer GridFlex-cell\"><span class=\"Observation-meta-observer-label\">St\u00e9phane Brauning<\/span><\/div>\n<\/div>\n<\/section>\n<section id=\"has-det-47\" class=\"Observation Observation--placeSpeciesObserved u-flushInPageSection Observation--forHotspot u-showForLarge\" aria-labelledby=\"species-heading-wiltur1\" data-truncated=\"\">\n<div class=\"Observation-numberObserved Color-text-neutral-3 u-text-2\"><\/div>\n<div class=\"Observation-species\">\n<h4 id=\"species-heading-wiltur1\" class=\"Heading Heading--h5\"><span class=\"Heading-main\">Dindon sauvage (type domestique)<\/span><\/h4>\n<\/div>\n<div class=\"Observation-meta GridFlex GridFlex--alignBaseline GridFlex--withGutterSmall GridFlex--grid\">\n<div class=\"Observation-meta-count GridFlex-cell\"><span class=\"is-visuallyHidden\">Compter\u00a0<\/span><span class=\"Observation-meta-count-label Color-text-neutral-4\">11<\/span><\/div>\n<div class=\"Observation-meta-date GridFlex-cell\"><a class=\"Observation-meta-date-label\" href=\"https:\/\/ebird.org\/checklist\/S80540084\" rel=\"noopener\">6 f\u00e9vrier 2021<\/a><\/div>\n<div class=\"Observation-meta-observer GridFlex-cell\"><span class=\"Observation-meta-observer-label\">St\u00e9phane Brauning<\/span><\/div>\n<\/div>\n<\/section>\n<section id=\"has-det-48\" class=\"Observation Observation--placeSpeciesObserved u-flushInPageSection Observation--forHotspot u-showForLarge\" aria-labelledby=\"species-heading-indpea1\" data-truncated=\"\">\n<div class=\"Observation-numberObserved Color-text-neutral-3 u-text-2\"><\/div>\n<div class=\"Observation-species\">\n<h4 id=\"species-heading-indpea1\" class=\"Heading Heading--h5\"><span class=\"Heading-main\">Paons indiens (type domestique)<\/span><\/h4>\n<\/div>\n<div class=\"Observation-meta GridFlex GridFlex--alignBaseline GridFlex--withGutterSmall GridFlex--grid\">\n<div class=\"Observation-meta-count GridFlex-cell\"><span class=\"is-visuallyHidden\">Compter\u00a0<\/span><span class=\"Observation-meta-count-label Color-text-neutral-4\">7<\/span><\/div>\n<div class=\"Observation-meta-date GridFlex-cell\"><a class=\"Observation-meta-date-label\" href=\"https:\/\/ebird.org\/checklist\/S80540084\" rel=\"noopener\">6 f\u00e9vrier 2021<\/a><\/div>\n<div class=\"Observation-meta-observer GridFlex-cell\"><span class=\"Observation-meta-observer-label\">St\u00e9phane Brauning<\/span><\/div>\n<\/div>\n<\/section>\n<section id=\"has-det-49\" class=\"Observation Observation--placeSpeciesObserved u-flushInPageSection Observation--forHotspot u-showForLarge\" aria-labelledby=\"species-heading-anpswi\" data-truncated=\"\">\n<div class=\"Observation-numberObserved Color-text-neutral-3 u-text-2\"><span class=\"is-visuallyHidden\">esp\u00e8ces<\/span>46.<\/div>\n<div class=\"Observation-species\">\n<h4 id=\"species-heading-anpswi\" class=\"Heading Heading--h5\"><a href=\"https:\/\/ebird.org\/species\/anpswi\/L296465\" data-species-code=\"anpswi\" rel=\"noopener\"><span class=\"Heading-main\">Martinet des Antilles<\/span><\/a><\/h4>\n<\/div>\n<div class=\"Observation-meta GridFlex GridFlex--alignBaseline GridFlex--withGutterSmall GridFlex--grid\">\n<div class=\"Observation-meta-count GridFlex-cell\"><span class=\"is-visuallyHidden\">Compter\u00a0<\/span><span class=\"Observation-meta-count-label Color-text-neutral-4\">2<\/span><\/div>\n<div class=\"Observation-meta-date GridFlex-cell\"><a class=\"Observation-meta-date-label\" href=\"https:\/\/ebird.org\/checklist\/S80540084\" rel=\"noopener\">6 f\u00e9vrier 2021<\/a><\/div>\n<div class=\"Observation-meta-observer GridFlex-cell\"><span class=\"Observation-meta-observer-label\">St\u00e9phane Brauning<\/span><\/div>\n<\/div>\n<\/section>\n<section id=\"has-det-50\" class=\"Observation Observation--placeSpeciesObserved u-flushInPageSection Observation--forHotspot u-showForLarge\" aria-labelledby=\"species-heading-killde\" data-truncated=\"\">\n<div class=\"Observation-numberObserved Color-text-neutral-3 u-text-2\"><span class=\"is-visuallyHidden\">esp\u00e8ces<\/span>47.<\/div>\n<div class=\"Observation-species\">\n<h4 id=\"species-heading-killde\" class=\"Heading Heading--h5\"><a href=\"https:\/\/ebird.org\/species\/killde\/L296465\" data-species-code=\"killde\" rel=\"noopener\"><span class=\"Heading-main\">Pluvier kildir<\/span><\/a><\/h4>\n<\/div>\n<div class=\"Observation-meta GridFlex GridFlex--alignBaseline GridFlex--withGutterSmall GridFlex--grid\">\n<div class=\"Observation-meta-count GridFlex-cell\"><span class=\"is-visuallyHidden\">Compter\u00a0<\/span><span class=\"Observation-meta-count-label Color-text-neutral-4\">3<\/span><\/div>\n<div class=\"Observation-meta-date GridFlex-cell\"><a class=\"Observation-meta-date-label\" href=\"https:\/\/ebird.org\/checklist\/S80540084\" rel=\"noopener\">6 f\u00e9vrier 2021<\/a><\/div>\n<div class=\"Observation-meta-observer GridFlex-cell\"><span class=\"Observation-meta-observer-label\">St\u00e9phane Brauning<\/span><\/div>\n<\/div>\n<\/section>\n<section id=\"has-det-51\" class=\"Observation Observation--placeSpeciesObserved u-flushInPageSection Observation--forHotspot u-showForLarge\" aria-labelledby=\"species-heading-solsan\" data-truncated=\"\">\n<div class=\"Observation-numberObserved Color-text-neutral-3 u-text-2\"><span class=\"is-visuallyHidden\">esp\u00e8ces<\/span>48.<\/div>\n<div class=\"Observation-species\">\n<h4 id=\"species-heading-solsan\" class=\"Heading Heading--h5\"><a href=\"https:\/\/ebird.org\/species\/solsan\/L296465\" data-species-code=\"solsan\" rel=\"noopener\"><span class=\"Heading-main\">B\u00e9casseau solitaire<\/span><\/a><\/h4>\n<\/div>\n<div class=\"Observation-meta GridFlex GridFlex--alignBaseline GridFlex--withGutterSmall GridFlex--grid\">\n<div class=\"Observation-meta-count GridFlex-cell\"><span class=\"is-visuallyHidden\">Compter\u00a0<\/span><span class=\"Observation-meta-count-label Color-text-neutral-4\">2<\/span><\/div>\n<div class=\"Observation-meta-date GridFlex-cell\"><a class=\"Observation-meta-date-label\" href=\"https:\/\/ebird.org\/checklist\/S80540084\" rel=\"noopener\">6 f\u00e9vrier 2021<\/a><\/div>\n<div class=\"Observation-meta-observer GridFlex-cell\"><span class=\"Observation-meta-observer-label\">St\u00e9phane Brauning<\/span><\/div>\n<\/div>\n<\/section>\n<section id=\"has-det-52\" class=\"Observation Observation--placeSpeciesObserved u-flushInPageSection Observation--forHotspot u-showForLarge\" aria-labelledby=\"species-heading-magfri\" data-truncated=\"\">\n<div class=\"Observation-numberObserved Color-text-neutral-3 u-text-2\"><span class=\"is-visuallyHidden\">esp\u00e8ces<\/span>49.<\/div>\n<div class=\"Observation-species\">\n<h4 id=\"species-heading-magfri\" class=\"Heading Heading--h5\"><a href=\"https:\/\/ebird.org\/species\/magfri\/L296465\" data-species-code=\"magfri\" rel=\"noopener\"><span class=\"Heading-main\">Fr\u00e9gate superbe<\/span><\/a><\/h4>\n<\/div>\n<div class=\"Observation-meta GridFlex GridFlex--alignBaseline GridFlex--withGutterSmall GridFlex--grid\">\n<div class=\"Observation-meta-count GridFlex-cell\"><span class=\"is-visuallyHidden\">Compter\u00a0<\/span><span class=\"Observation-meta-count-label Color-text-neutral-4\">1<\/span><\/div>\n<div class=\"Observation-meta-date GridFlex-cell\"><a class=\"Observation-meta-date-label\" href=\"https:\/\/ebird.org\/checklist\/S80540084\" rel=\"noopener\">6 f\u00e9vrier 2021<\/a><\/div>\n<div class=\"Observation-meta-observer GridFlex-cell\"><span class=\"Observation-meta-observer-label\">St\u00e9phane Brauning<\/span><\/div>\n<\/div>\n<\/section>\n<section id=\"has-det-53\" class=\"Observation Observation--placeSpeciesObserved u-flushInPageSection Observation--forHotspot u-showForLarge\" aria-labelledby=\"species-heading-greegr\" data-truncated=\"\">\n<div class=\"Observation-numberObserved Color-text-neutral-3 u-text-2\"><span class=\"is-visuallyHidden\">esp\u00e8ces<\/span>50.<\/div>\n<div class=\"Observation-species\">\n<h4 id=\"species-heading-greegr\" class=\"Heading Heading--h5\"><a href=\"https:\/\/ebird.org\/species\/greegr\/L296465\" data-species-code=\"greegr\" rel=\"noopener\"><span class=\"Heading-main\">Grande Aigrette<\/span><\/a><\/h4>\n<\/div>\n<div class=\"Observation-meta GridFlex GridFlex--alignBaseline GridFlex--withGutterSmall GridFlex--grid\">\n<div class=\"Observation-meta-count GridFlex-cell\"><span class=\"is-visuallyHidden\">Compter\u00a0<\/span><span class=\"Observation-meta-count-label Color-text-neutral-4\">1<\/span><\/div>\n<div class=\"Observation-meta-date GridFlex-cell\"><a class=\"Observation-meta-date-label\" href=\"https:\/\/ebird.org\/checklist\/S80540084\" rel=\"noopener\">6 f\u00e9vrier 2021<\/a><\/div>\n<div class=\"Observation-meta-observer GridFlex-cell\"><span class=\"Observation-meta-observer-label\">St\u00e9phane Brauning<\/span><\/div>\n<\/div>\n<\/section>\n<section id=\"has-det-54\" class=\"Observation Observation--placeSpeciesObserved u-flushInPageSection Observation--forHotspot u-showForLarge\" aria-labelledby=\"species-heading-louwat\" data-truncated=\"\">\n<div class=\"Observation-numberObserved Color-text-neutral-3 u-text-2\"><span class=\"is-visuallyHidden\">esp\u00e8ces<\/span>51.<\/div>\n<div class=\"Observation-species\">\n<h4 id=\"species-heading-louwat\" class=\"Heading Heading--h5\"><a href=\"https:\/\/ebird.org\/species\/louwat\/L296465\" data-species-code=\"louwat\" rel=\"noopener\"><span class=\"Heading-main\">Paruline hochequeue de Louisiane<\/span><\/a><\/h4>\n<\/div>\n<div class=\"Observation-meta GridFlex GridFlex--alignBaseline GridFlex--withGutterSmall GridFlex--grid\">\n<div class=\"Observation-meta-count GridFlex-cell\"><span class=\"is-visuallyHidden\">Compter\u00a0<\/span><span class=\"Observation-meta-count-label Color-text-neutral-4\">1<\/span><\/div>\n<div class=\"Observation-meta-date GridFlex-cell\"><a class=\"Observation-meta-date-label\" href=\"https:\/\/ebird.org\/checklist\/S80540084\" rel=\"noopener\">6 f\u00e9vrier 2021<\/a><\/div>\n<div class=\"Observation-meta-observer GridFlex-cell\"><span class=\"Observation-meta-observer-label\">St\u00e9phane Brauning<\/span><\/div>\n<\/div>\n<\/section>\n<section id=\"has-det-55\" class=\"Observation Observation--placeSpeciesObserved u-flushInPageSection Observation--forHotspot u-showForLarge\" aria-labelledby=\"species-heading-rethaw\" data-truncated=\"\">\n<div class=\"Observation-numberObserved Color-text-neutral-3 u-text-2\"><span class=\"is-visuallyHidden\">esp\u00e8ces<\/span>52.<\/div>\n<div class=\"Observation-species\">\n<h4 id=\"species-heading-rethaw\" class=\"Heading Heading--h5\"><a href=\"https:\/\/ebird.org\/species\/rethaw\/L296465\" data-species-code=\"rethaw\" rel=\"noopener\"><span class=\"Heading-main\">Faucon \u00e0 queue rouge<\/span><\/a><\/h4>\n<\/div>\n<div class=\"Observation-meta GridFlex GridFlex--alignBaseline GridFlex--withGutterSmall GridFlex--grid\">\n<div class=\"Observation-meta-count GridFlex-cell\"><span class=\"is-visuallyHidden\">Compter\u00a0<\/span><span class=\"Observation-meta-count-label Color-text-neutral-4\">1<\/span><\/div>\n<div class=\"Observation-meta-date GridFlex-cell\"><a class=\"Observation-meta-date-label\" href=\"https:\/\/ebird.org\/checklist\/S79775309\" rel=\"noopener\">23 janv. 2021<\/a><\/div>\n<div class=\"Observation-meta-observer GridFlex-cell\"><span class=\"Observation-meta-observer-label\">Johannes Nelson<\/span><\/div>\n<\/div>\n<\/section>\n<section id=\"has-det-56\" class=\"Observation Observation--placeSpeciesObserved u-flushInPageSection Observation--forHotspot u-showForLarge\" aria-labelledby=\"species-heading-norwat\" data-truncated=\"\">\n<div class=\"Observation-numberObserved Color-text-neutral-3 u-text-2\"><span class=\"is-visuallyHidden\">esp\u00e8ces<\/span>53.<\/div>\n<div class=\"Observation-species\">\n<h4 id=\"species-heading-norwat\" class=\"Heading Heading--h5\"><a href=\"https:\/\/ebird.org\/species\/norwat\/L296465\" data-species-code=\"norwat\" rel=\"noopener\"><span class=\"Heading-main\">Paruline hochequeue<\/span><\/a><\/h4>\n<\/div>\n<div class=\"Observation-meta GridFlex GridFlex--alignBaseline GridFlex--withGutterSmall GridFlex--grid\">\n<div class=\"Observation-meta-count GridFlex-cell\"><span class=\"is-visuallyHidden\">Compter\u00a0<\/span><span class=\"Observation-meta-count-label Color-text-neutral-4\">1<\/span><\/div>\n<div class=\"Observation-meta-date GridFlex-cell\"><a class=\"Observation-meta-date-label\" href=\"https:\/\/ebird.org\/checklist\/S79775309\" rel=\"noopener\">23 janv. 2021<\/a><\/div>\n<div class=\"Observation-meta-observer GridFlex-cell\"><span class=\"Observation-meta-observer-label\">Johannes Nelson<\/span><\/div>\n<\/div>\n<\/section>\n<section id=\"has-det-57\" class=\"Observation Observation--placeSpeciesObserved u-flushInPageSection Observation--forHotspot u-showForLarge\" aria-labelledby=\"species-heading-y00866\" data-truncated=\"\">\n<div class=\"Observation-numberObserved Color-text-neutral-3 u-text-2\"><\/div>\n<div class=\"Observation-species\">\n<h4 id=\"species-heading-y00866\" class=\"Heading Heading--h5\"><span class=\"Heading-main\">Todier \u00e0 bec large\/\u00e0 bec \u00e9troit<\/span><\/h4>\n<\/div>\n<div class=\"Observation-meta GridFlex GridFlex--alignBaseline GridFlex--withGutterSmall GridFlex--grid\">\n<div class=\"Observation-meta-count GridFlex-cell\"><span class=\"is-visuallyHidden\">Compter\u00a0<\/span><span class=\"Observation-meta-count-label Color-text-neutral-4\">1<\/span><\/div>\n<div class=\"Observation-meta-date GridFlex-cell\"><a class=\"Observation-meta-date-label\" href=\"https:\/\/ebird.org\/checklist\/S79733953\" rel=\"noopener\">23 janv. 2021<\/a><\/div>\n<div class=\"Observation-meta-observer GridFlex-cell\"><span class=\"Observation-meta-observer-label\">Kenneth Schwartz<\/span><\/div>\n<\/div>\n<\/section>\n<section id=\"has-det-58\" class=\"Observation Observation--placeSpeciesObserved u-flushInPageSection Observation--forHotspot u-showForLarge\" aria-labelledby=\"species-heading-belkin1\" data-truncated=\"\">\n<div class=\"Observation-numberObserved Color-text-neutral-3 u-text-2\"><span class=\"is-visuallyHidden\">esp\u00e8ces<\/span>54.<\/div>\n<div class=\"Observation-species\">\n<h4 id=\"species-heading-belkin1\" class=\"Heading Heading--h5\"><a href=\"https:\/\/ebird.org\/species\/belkin1\/L296465\" data-species-code=\"belkin1\" rel=\"noopener\"><span class=\"Heading-main\">Martin-p\u00eacheur \u00e0 ceinture<\/span><\/a><\/h4>\n<\/div>\n<div class=\"Observation-meta GridFlex GridFlex--alignBaseline GridFlex--withGutterSmall GridFlex--grid\">\n<div class=\"Observation-meta-count GridFlex-cell\"><span class=\"is-visuallyHidden\">Compter\u00a0<\/span><span class=\"Observation-meta-count-label Color-text-neutral-4\">1<\/span><\/div>\n<div class=\"Observation-meta-date GridFlex-cell\"><a class=\"Observation-meta-date-label\" href=\"https:\/\/ebird.org\/checklist\/S79709329\" rel=\"noopener\">22 janv. 2021<\/a><\/div>\n<div class=\"Observation-meta-observer GridFlex-cell\"><span class=\"Observation-meta-observer-label\">Rhonda Schwartz<\/span><\/div>\n<\/div>\n<\/section>\n<section id=\"has-det-59\" class=\"Observation Observation--placeSpeciesObserved u-flushInPageSection Observation--forHotspot u-showForLarge\" aria-labelledby=\"species-heading-vilwea1\" data-truncated=\"\">\n<div class=\"Observation-numberObserved Color-text-neutral-3 u-text-2\"><span class=\"is-visuallyHidden\">esp\u00e8ces<\/span>55.<\/div>\n<div class=\"Observation-species\">\n<h4 id=\"species-heading-vilwea1\" class=\"Heading Heading--h5\"><a href=\"https:\/\/ebird.org\/species\/vilwea1\/L296465\" data-species-code=\"vilwea1\" rel=\"noopener\"><span class=\"Heading-main\">Tisserand du village<\/span><\/a><\/h4>\n<\/div>\n<div class=\"Observation-meta GridFlex GridFlex--alignBaseline GridFlex--withGutterSmall GridFlex--grid\">\n<div class=\"Observation-meta-count GridFlex-cell\"><span class=\"is-visuallyHidden\">Compter\u00a0<\/span><span class=\"Observation-meta-count-label Color-text-neutral-4\">1<\/span><\/div>\n<div class=\"Observation-meta-date GridFlex-cell\"><a class=\"Observation-meta-date-label\" href=\"https:\/\/ebird.org\/checklist\/S79709329\" rel=\"noopener\">22 janv. 2021<\/a><\/div>\n<div class=\"Observation-meta-observer GridFlex-cell\"><span class=\"Observation-meta-observer-label\">Rhonda Schwartz<\/span><\/div>\n<\/div>\n<\/section>\n<section id=\"has-det-60\" class=\"Observation Observation--placeSpeciesObserved u-flushInPageSection Observation--forHotspot u-showForLarge\" aria-labelledby=\"species-heading-comyel\" data-truncated=\"\">\n<div class=\"Observation-numberObserved Color-text-neutral-3 u-text-2\"><span class=\"is-visuallyHidden\">esp\u00e8ces<\/span>56.<\/div>\n<div class=\"Observation-species\">\n<h4 id=\"species-heading-comyel\" class=\"Heading Heading--h5\"><a href=\"https:\/\/ebird.org\/species\/comyel\/L296465\" data-species-code=\"comyel\" rel=\"noopener\"><span class=\"Heading-main\">Paruline masqu\u00e9e<\/span><\/a><\/h4>\n<\/div>\n<div class=\"Observation-meta GridFlex GridFlex--alignBaseline GridFlex--withGutterSmall GridFlex--grid\">\n<div class=\"Observation-meta-count GridFlex-cell\"><span class=\"is-visuallyHidden\">Compter\u00a0<\/span><span class=\"Observation-meta-count-label Color-text-neutral-4\">2<\/span><\/div>\n<div class=\"Observation-meta-date GridFlex-cell\"><a class=\"Observation-meta-date-label\" href=\"https:\/\/ebird.org\/checklist\/S79709329\" rel=\"noopener\">22 janv. 2021<\/a><\/div>\n<div class=\"Observation-meta-observer GridFlex-cell\"><span class=\"Observation-meta-observer-label\">Rhonda Schwartz<\/span><\/div>\n<\/div>\n<\/section>\n<section id=\"has-det-61\" class=\"Observation Observation--placeSpeciesObserved u-flushInPageSection Observation--forHotspot u-showForLarge\" aria-labelledby=\"species-heading-merlin\" data-truncated=\"\">\n<div class=\"Observation-numberObserved Color-text-neutral-3 u-text-2\"><span class=\"is-visuallyHidden\">esp\u00e8ces<\/span>57.<\/div>\n<div class=\"Observation-species\">\n<h4 id=\"species-heading-merlin\" class=\"Heading Heading--h5\"><a href=\"https:\/\/ebird.org\/species\/merlin\/L296465\" data-species-code=\"merlin\" rel=\"noopener\"><span class=\"Heading-main\">Merlin<\/span><\/a><\/h4>\n<\/div>\n<div class=\"Observation-meta GridFlex GridFlex--alignBaseline GridFlex--withGutterSmall GridFlex--grid\">\n<div class=\"Observation-meta-count GridFlex-cell\"><span class=\"is-visuallyHidden\">Compter\u00a0<\/span><span class=\"Observation-meta-count-label Color-text-neutral-4\">1<\/span><\/div>\n<div class=\"Observation-meta-date GridFlex-cell\"><a class=\"Observation-meta-date-label\" href=\"https:\/\/ebird.org\/checklist\/S79683212\" rel=\"noopener\">22 janv. 2021<\/a><\/div>\n<div class=\"Observation-meta-observer GridFlex-cell\"><span class=\"Observation-meta-observer-label\">Kenneth Schwartz<\/span><\/div>\n<\/div>\n<\/section>\n<section id=\"has-det-62\" class=\"Observation Observation--placeSpeciesObserved u-flushInPageSection Observation--forHotspot u-showForLarge\" aria-labelledby=\"species-heading-graori1\" data-truncated=\"\">\n<div class=\"Observation-numberObserved Color-text-neutral-3 u-text-2\"><span class=\"is-visuallyHidden\">esp\u00e8ces<\/span>58.<\/div>\n<div class=\"Observation-species\">\n<h4 id=\"species-heading-graori1\" class=\"Heading Heading--h5\"><a href=\"https:\/\/ebird.org\/species\/graori1\/L296465\" data-species-code=\"graori1\" rel=\"noopener\"><span class=\"Heading-main\">Oriole hispaniolienne<\/span><\/a><\/h4>\n<\/div>\n<div class=\"Observation-meta GridFlex GridFlex--alignBaseline GridFlex--withGutterSmall GridFlex--grid\">\n<div class=\"Observation-meta-count GridFlex-cell\"><span class=\"is-visuallyHidden\">Compter\u00a0<\/span><span class=\"Observation-meta-count-label Color-text-neutral-4\">1<\/span><\/div>\n<div class=\"Observation-meta-date GridFlex-cell\"><a class=\"Observation-meta-date-label\" href=\"https:\/\/ebird.org\/checklist\/S79683212\" rel=\"noopener\">22 janv. 2021<\/a><\/div>\n<div class=\"Observation-meta-observer GridFlex-cell\"><span class=\"Observation-meta-observer-label\">Kenneth Schwartz<\/span><\/div>\n<\/div>\n<\/section>\n<section id=\"has-det-63\" class=\"Observation Observation--placeSpeciesObserved u-flushInPageSection Observation--forHotspot u-showForLarge\" aria-labelledby=\"species-heading-mancuc\" data-truncated=\"\">\n<div class=\"Observation-numberObserved Color-text-neutral-3 u-text-2\"><span class=\"is-visuallyHidden\">esp\u00e8ces<\/span>59.<\/div>\n<div class=\"Observation-species\">\n<h4 id=\"species-heading-mancuc\" class=\"Heading Heading--h5\"><a href=\"https:\/\/ebird.org\/species\/mancuc\/L296465\" data-species-code=\"mancuc\" rel=\"noopener\"><span class=\"Heading-main\">Coucou de la mangrove<\/span><\/a><\/h4>\n<\/div>\n<div class=\"Observation-meta GridFlex GridFlex--alignBaseline GridFlex--withGutterSmall GridFlex--grid\">\n<div class=\"Observation-meta-count GridFlex-cell\"><span class=\"is-visuallyHidden\">Compter\u00a0<\/span><span class=\"Observation-meta-count-label Color-text-neutral-4\">2<\/span><\/div>\n<div class=\"Observation-meta-date GridFlex-cell\"><a class=\"Observation-meta-date-label\" href=\"https:\/\/ebird.org\/checklist\/S76488873\" rel=\"noopener\">21 novembre 2020<\/a><\/div>\n<div class=\"Observation-meta-observer GridFlex-cell\"><span class=\"Observation-meta-observer-label\">Gary Nunn<\/span><\/div>\n<\/div>\n<\/section>\n<section id=\"has-det-64\" class=\"Observation Observation--placeSpeciesObserved u-flushInPageSection Observation--forHotspot u-showForLarge\" aria-labelledby=\"species-heading-whcpig2\" data-truncated=\"\">\n<div class=\"Observation-numberObserved Color-text-neutral-3 u-text-2\"><span class=\"is-visuallyHidden\">esp\u00e8ces<\/span>60.<\/div>\n<div class=\"Observation-species\">\n<h4 id=\"species-heading-whcpig2\" class=\"Heading Heading--h5\"><a href=\"https:\/\/ebird.org\/species\/whcpig2\/L296465\" data-species-code=\"whcpig2\" rel=\"noopener\"><span class=\"Heading-main\">Pigeon \u00e0 couronne blanche<\/span><\/a><\/h4>\n<\/div>\n<div class=\"Observation-meta GridFlex GridFlex--alignBaseline GridFlex--withGutterSmall GridFlex--grid\">\n<div class=\"Observation-meta-count GridFlex-cell\"><span class=\"is-visuallyHidden\">Compter\u00a0<\/span><span class=\"Observation-meta-count-label Color-text-neutral-4\">1<\/span><\/div>\n<div class=\"Observation-meta-date GridFlex-cell\"><a class=\"Observation-meta-date-label\" href=\"https:\/\/ebird.org\/checklist\/S76456303\" rel=\"noopener\">20 novembre 2020<\/a><\/div>\n<div class=\"Observation-meta-observer GridFlex-cell\"><span class=\"Observation-meta-observer-label\">Gary Nunn<\/span><\/div>\n<\/div>\n<\/section>\n<section id=\"has-det-65\" class=\"Observation Observation--placeSpeciesObserved u-flushInPageSection Observation--forHotspot u-showForLarge\" aria-labelledby=\"species-heading-comgal1\" data-truncated=\"\">\n<div class=\"Observation-numberObserved Color-text-neutral-3 u-text-2\"><span class=\"is-visuallyHidden\">esp\u00e8ces<\/span>61.<\/div>\n<div class=\"Observation-species\">\n<h4 id=\"species-heading-comgal1\" class=\"Heading Heading--h5\"><a href=\"https:\/\/ebird.org\/species\/comgal1\/L296465\" data-species-code=\"comgal1\" rel=\"noopener\"><span class=\"Heading-main\">Gallinule commune<\/span><\/a><\/h4>\n<\/div>\n<div class=\"Observation-meta GridFlex GridFlex--alignBaseline GridFlex--withGutterSmall GridFlex--grid\">\n<div class=\"Observation-meta-count GridFlex-cell\"><span class=\"is-visuallyHidden\">Compter\u00a0<\/span><span class=\"Observation-meta-count-label Color-text-neutral-4\">3<\/span><\/div>\n<div class=\"Observation-meta-date GridFlex-cell\"><a class=\"Observation-meta-date-label\" href=\"https:\/\/ebird.org\/checklist\/S76456303\" rel=\"noopener\">20 novembre 2020<\/a><\/div>\n<div class=\"Observation-meta-observer GridFlex-cell\"><span class=\"Observation-meta-observer-label\">Gary Nunn<\/span><\/div>\n<\/div>\n<\/section>\n<section id=\"has-det-66\" class=\"Observation Observation--placeSpeciesObserved u-flushInPageSection Observation--forHotspot u-showForLarge\" aria-labelledby=\"species-heading-royter1\" data-truncated=\"\">\n<div class=\"Observation-numberObserved Color-text-neutral-3 u-text-2\"><span class=\"is-visuallyHidden\">esp\u00e8ces<\/span>62.<\/div>\n<div class=\"Observation-species\">\n<h4 id=\"species-heading-royter1\" class=\"Heading Heading--h5\"><a href=\"https:\/\/ebird.org\/species\/royter1\/L296465\" data-species-code=\"royter1\" rel=\"noopener\"><span class=\"Heading-main\">Sterne royale<\/span><\/a><\/h4>\n<\/div>\n<div class=\"Observation-meta GridFlex GridFlex--alignBaseline GridFlex--withGutterSmall GridFlex--grid\">\n<div class=\"Observation-meta-count GridFlex-cell\"><span class=\"is-visuallyHidden\">Compter\u00a0<\/span><span class=\"Observation-meta-count-label Color-text-neutral-4\">50<\/span><\/div>\n<div class=\"Observation-meta-date GridFlex-cell\"><a class=\"Observation-meta-date-label\" href=\"https:\/\/ebird.org\/checklist\/S76456303\" rel=\"noopener\">20 novembre 2020<\/a><\/div>\n<div class=\"Observation-meta-observer GridFlex-cell\"><span class=\"Observation-meta-observer-label\">Gary Nunn<\/span><\/div>\n<\/div>\n<\/section>\n<section id=\"has-det-67\" class=\"Observation Observation--placeSpeciesObserved u-flushInPageSection Observation--forHotspot u-showForLarge\" aria-labelledby=\"species-heading-grbher3\" data-truncated=\"\">\n<div class=\"Observation-numberObserved Color-text-neutral-3 u-text-2\"><span class=\"is-visuallyHidden\">esp\u00e8ces<\/span>63.<\/div>\n<div class=\"Observation-species\">\n<h4 id=\"species-heading-grbher3\" class=\"Heading Heading--h5\"><a href=\"https:\/\/ebird.org\/species\/grbher3\/L296465\" data-species-code=\"grbher3\" rel=\"noopener\"><span class=\"Heading-main\">Grand H\u00e9ron<\/span><\/a><\/h4>\n<\/div>\n<div class=\"Observation-meta GridFlex GridFlex--alignBaseline GridFlex--withGutterSmall GridFlex--grid\">\n<div class=\"Observation-meta-count GridFlex-cell\"><span class=\"is-visuallyHidden\">Compter\u00a0<\/span><span class=\"Observation-meta-count-label Color-text-neutral-4\">1<\/span><\/div>\n<div class=\"Observation-meta-date GridFlex-cell\"><a class=\"Observation-meta-date-label\" href=\"https:\/\/ebird.org\/checklist\/S76456303\" rel=\"noopener\">20 novembre 2020<\/a><\/div>\n<div class=\"Observation-meta-observer GridFlex-cell\"><span class=\"Observation-meta-observer-label\">Gary Nunn<\/span><\/div>\n<\/div>\n<\/section>\n<section id=\"has-det-68\" class=\"Observation Observation--placeSpeciesObserved u-flushInPageSection Observation--forHotspot u-showForLarge\" aria-labelledby=\"species-heading-libher\" data-truncated=\"\">\n<div class=\"Observation-numberObserved Color-text-neutral-3 u-text-2\"><span class=\"is-visuallyHidden\">esp\u00e8ces<\/span>64.<\/div>\n<div class=\"Observation-species\">\n<h4 id=\"species-heading-libher\" class=\"Heading Heading--h5\"><a href=\"https:\/\/ebird.org\/species\/libher\/L296465\" data-species-code=\"libher\" rel=\"noopener\"><span class=\"Heading-main\">Petit H\u00e9ron Bleu<\/span><\/a><\/h4>\n<\/div>\n<div class=\"Observation-meta GridFlex GridFlex--alignBaseline GridFlex--withGutterSmall GridFlex--grid\">\n<div class=\"Observation-meta-count GridFlex-cell\"><span class=\"is-visuallyHidden\">Compter\u00a0<\/span><span class=\"Observation-meta-count-label Color-text-neutral-4\">6<\/span><\/div>\n<div class=\"Observation-meta-date GridFlex-cell\"><a class=\"Observation-meta-date-label\" href=\"https:\/\/ebird.org\/checklist\/S76456303\" rel=\"noopener\">20 novembre 2020<\/a><\/div>\n<div class=\"Observation-meta-observer GridFlex-cell\"><span class=\"Observation-meta-observer-label\">Gary Nunn<\/span><\/div>\n<\/div>\n<\/section>\n<section id=\"has-det-69\" class=\"Observation Observation--placeSpeciesObserved u-flushInPageSection Observation--forHotspot u-showForLarge\" aria-labelledby=\"species-heading-triher\" data-truncated=\"\">\n<div class=\"Observation-numberObserved Color-text-neutral-3 u-text-2\"><span class=\"is-visuallyHidden\">esp\u00e8ces<\/span>65.<\/div>\n<div class=\"Observation-species\">\n<h4 id=\"species-heading-triher\" class=\"Heading Heading--h5\"><a href=\"https:\/\/ebird.org\/species\/triher\/L296465\" data-species-code=\"triher\" rel=\"noopener\"><span class=\"Heading-main\">H\u00e9ron tricolore<\/span><\/a><\/h4>\n<\/div>\n<div class=\"Observation-meta GridFlex GridFlex--alignBaseline GridFlex--withGutterSmall GridFlex--grid\">\n<div class=\"Observation-meta-count GridFlex-cell\"><span class=\"is-visuallyHidden\">Compter\u00a0<\/span><span class=\"Observation-meta-count-label Color-text-neutral-4\">1<\/span><\/div>\n<div class=\"Observation-meta-date GridFlex-cell\"><a class=\"Observation-meta-date-label\" href=\"https:\/\/ebird.org\/checklist\/S76456303\" rel=\"noopener\">20 novembre 2020<\/a><\/div>\n<div class=\"Observation-meta-observer GridFlex-cell\"><span class=\"Observation-meta-observer-label\">Gary Nunn<\/span><\/div>\n<\/div>\n<\/section>\n<section id=\"has-det-70\" class=\"Observation Observation--placeSpeciesObserved u-flushInPageSection Observation--forHotspot u-showForLarge\" aria-labelledby=\"species-heading-bcnher\" data-truncated=\"\">\n<div class=\"Observation-numberObserved Color-text-neutral-3 u-text-2\"><span class=\"is-visuallyHidden\">esp\u00e8ces<\/span>66.<\/div>\n<div class=\"Observation-species\">\n<h4 id=\"species-heading-bcnher\" class=\"Heading Heading--h5\"><a href=\"https:\/\/ebird.org\/species\/bcnher\/L296465\" data-species-code=\"bcnher\" rel=\"noopener\"><span class=\"Heading-main\">Bihoreau gris<\/span><\/a><\/h4>\n<\/div>\n<div class=\"Observation-meta GridFlex GridFlex--alignBaseline GridFlex--withGutterSmall GridFlex--grid\">\n<div class=\"Observation-meta-count GridFlex-cell\"><span class=\"is-visuallyHidden\">Compter\u00a0<\/span><span class=\"Observation-meta-count-label Color-text-neutral-4\">4<\/span><\/div>\n<div class=\"Observation-meta-date GridFlex-cell\"><a class=\"Observation-meta-date-label\" href=\"https:\/\/ebird.org\/checklist\/S76456303\" rel=\"noopener\">20 novembre 2020<\/a><\/div>\n<div class=\"Observation-meta-observer GridFlex-cell\"><span class=\"Observation-meta-observer-label\">Gary Nunn<\/span><\/div>\n<\/div>\n<\/section>\n<section id=\"has-det-71\" class=\"Observation Observation--placeSpeciesObserved u-flushInPageSection Observation--forHotspot u-showForLarge\" aria-labelledby=\"species-heading-ycnher\" data-truncated=\"\">\n<div class=\"Observation-numberObserved Color-text-neutral-3 u-text-2\"><span class=\"is-visuallyHidden\">esp\u00e8ces<\/span>67.<\/div>\n<div class=\"Observation-species\">\n<h4 id=\"species-heading-ycnher\" class=\"Heading Heading--h5\"><a href=\"https:\/\/ebird.org\/species\/ycnher\/L296465\" data-species-code=\"ycnher\" rel=\"noopener\"><span class=\"Heading-main\">Bihoreau gris<\/span><\/a><\/h4>\n<\/div>\n<div class=\"Observation-meta GridFlex GridFlex--alignBaseline GridFlex--withGutterSmall GridFlex--grid\">\n<div class=\"Observation-meta-count GridFlex-cell\"><span class=\"is-visuallyHidden\">Compter\u00a0<\/span><span class=\"Observation-meta-count-label Color-text-neutral-4\">2<\/span><\/div>\n<div class=\"Observation-meta-date GridFlex-cell\"><a class=\"Observation-meta-date-label\" href=\"https:\/\/ebird.org\/checklist\/S76456303\" rel=\"noopener\">20 novembre 2020<\/a><\/div>\n<div class=\"Observation-meta-observer GridFlex-cell\"><span class=\"Observation-meta-observer-label\">Gary Nunn<\/span><\/div>\n<\/div>\n<\/section>\n<section id=\"has-det-72\" class=\"Observation Observation--placeSpeciesObserved u-flushInPageSection Observation--forHotspot u-showForLarge\" aria-labelledby=\"species-heading-osprey\" data-truncated=\"\">\n<div class=\"Observation-numberObserved Color-text-neutral-3 u-text-2\"><span class=\"is-visuallyHidden\">esp\u00e8ces<\/span>68.<\/div>\n<div class=\"Observation-species\">\n<h4 id=\"species-heading-osprey\" class=\"Heading Heading--h5\"><a href=\"https:\/\/ebird.org\/species\/osprey\/L296465\" data-species-code=\"osprey\" rel=\"noopener\"><span class=\"Heading-main\">Balbuzard<\/span><\/a><\/h4>\n<\/div>\n<div class=\"Observation-meta GridFlex GridFlex--alignBaseline GridFlex--withGutterSmall GridFlex--grid\">\n<div class=\"Observation-meta-count GridFlex-cell\"><span class=\"is-visuallyHidden\">Compter\u00a0<\/span><span class=\"Observation-meta-count-label Color-text-neutral-4\">1<\/span><\/div>\n<div class=\"Observation-meta-date GridFlex-cell\"><a class=\"Observation-meta-date-label\" href=\"https:\/\/ebird.org\/checklist\/S76456304\" rel=\"noopener\">20 novembre 2020<\/a><\/div>\n<div class=\"Observation-meta-observer GridFlex-cell\"><span class=\"Observation-meta-observer-label\">Jean Sterling<\/span><\/div>\n<\/div>\n<\/section>\n<section id=\"has-det-73\" class=\"Observation Observation--placeSpeciesObserved u-flushInPageSection Observation--forHotspot u-showForLarge\" aria-labelledby=\"species-heading-grabul1\" data-truncated=\"\">\n<div class=\"Observation-numberObserved Color-text-neutral-3 u-text-2\"><span class=\"is-visuallyHidden\">esp\u00e8ces<\/span>69.<\/div>\n<div class=\"Observation-species\">\n<h4 id=\"species-heading-grabul1\" class=\"Heading Heading--h5\"><a href=\"https:\/\/ebird.org\/species\/grabul1\/L296465\" data-species-code=\"grabul1\" rel=\"noopener\"><span class=\"Heading-main\">Bouvreuil du Grand Antillais<\/span><\/a><\/h4>\n<\/div>\n<div class=\"Observation-meta GridFlex GridFlex--alignBaseline GridFlex--withGutterSmall GridFlex--grid\">\n<div class=\"Observation-meta-count GridFlex-cell\"><span class=\"is-visuallyHidden\">Compter\u00a0<\/span><span class=\"Observation-meta-count-label Color-text-neutral-4\">3<\/span><\/div>\n<div class=\"Observation-meta-date GridFlex-cell\"><a class=\"Observation-meta-date-label\" href=\"https:\/\/ebird.org\/checklist\/S66024245\" rel=\"noopener\">15 mars 2020<\/a><\/div>\n<div class=\"Observation-meta-observer GridFlex-cell\"><span class=\"Observation-meta-observer-label\">Shailesh Pinto<\/span><\/div>\n<\/div>\n<\/section>\n<section id=\"has-det-74\" class=\"Observation Observation--placeSpeciesObserved u-flushInPageSection Observation--forHotspot u-showForLarge\" aria-labelledby=\"species-heading-camwar\" data-truncated=\"\">\n<div class=\"Observation-numberObserved Color-text-neutral-3 u-text-2\"><span class=\"is-visuallyHidden\">esp\u00e8ces<\/span>70.<\/div>\n<div class=\"Observation-species\">\n<h4 id=\"species-heading-camwar\" class=\"Heading Heading--h5\"><a href=\"https:\/\/ebird.org\/species\/camwar\/L296465\" data-species-code=\"camwar\" rel=\"noopener\"><span class=\"Heading-main\">Paruline du Cap<\/span><\/a><\/h4>\n<\/div>\n<div class=\"Observation-meta GridFlex GridFlex--alignBaseline GridFlex--withGutterSmall GridFlex--grid\">\n<div class=\"Observation-meta-count GridFlex-cell\"><span class=\"is-visuallyHidden\">Compter\u00a0<\/span><span class=\"Observation-meta-count-label Color-text-neutral-4\">1<\/span><\/div>\n<div class=\"Observation-meta-date GridFlex-cell\"><a class=\"Observation-meta-date-label\" href=\"https:\/\/ebird.org\/checklist\/S66863910\" rel=\"noopener\">14 mars 2020<\/a><\/div>\n<div class=\"Observation-meta-observer GridFlex-cell\"><span class=\"Observation-meta-observer-label\">Julie Van Moorhem<\/span><\/div>\n<\/div>\n<\/section>\n<section id=\"has-det-75\" class=\"Observation Observation--placeSpeciesObserved u-flushInPageSection Observation--forHotspot u-showForLarge\" aria-labelledby=\"species-heading-eucdov\" data-truncated=\"\">\n<div class=\"Observation-numberObserved Color-text-neutral-3 u-text-2\"><span class=\"is-visuallyHidden\">esp\u00e8ces<\/span>71.<\/div>\n<div class=\"Observation-species\">\n<h4 id=\"species-heading-eucdov\" class=\"Heading Heading--h5\"><a href=\"https:\/\/ebird.org\/species\/eucdov\/L296465\" data-species-code=\"eucdov\" rel=\"noopener\"><span class=\"Heading-main\">Tourterelle \u00e0 collier<\/span><\/a><\/h4>\n<\/div>\n<div class=\"Observation-meta GridFlex GridFlex--alignBaseline GridFlex--withGutterSmall GridFlex--grid\">\n<div class=\"Observation-meta-count GridFlex-cell\"><span class=\"is-visuallyHidden\">Compter\u00a0<\/span><span class=\"Observation-meta-count-label Color-text-neutral-4\">2<\/span><\/div>\n<div class=\"Observation-meta-date GridFlex-cell\"><a class=\"Observation-meta-date-label\" href=\"https:\/\/ebird.org\/checklist\/S65485125\" rel=\"noopener\">6 mars 2020<\/a><\/div>\n<div class=\"Observation-meta-observer GridFlex-cell\"><span class=\"Observation-meta-observer-label\">Michel-Robert<\/span><\/div>\n<\/div>\n<\/section>\n<section id=\"has-det-76\" class=\"Observation Observation--placeSpeciesObserved u-flushInPageSection Observation--forHotspot u-showForLarge\" aria-labelledby=\"species-heading-nutman\" data-truncated=\"\">\n<div class=\"Observation-numberObserved Color-text-neutral-3 u-text-2\"><span class=\"is-visuallyHidden\">esp\u00e8ces<\/span>72.<\/div>\n<div class=\"Observation-species\">\n<h4 id=\"species-heading-nutman\" class=\"Heading Heading--h5\"><a href=\"https:\/\/ebird.org\/species\/nutman\/L296465\" data-species-code=\"nutman\" rel=\"noopener\"><span class=\"Heading-main\">Munia \u00e0 poitrine \u00e9cailleuse<\/span><\/a><\/h4>\n<\/div>\n<div class=\"Observation-meta GridFlex GridFlex--alignBaseline GridFlex--withGutterSmall GridFlex--grid\">\n<div class=\"Observation-meta-count GridFlex-cell\"><span class=\"is-visuallyHidden\">Compter\u00a0<\/span><span class=\"Observation-meta-count-label Color-text-neutral-4\">2<\/span><\/div>\n<div class=\"Observation-meta-date GridFlex-cell\"><a class=\"Observation-meta-date-label\" href=\"https:\/\/ebird.org\/checklist\/S65485125\" rel=\"noopener\">6 mars 2020<\/a><\/div>\n<div class=\"Observation-meta-observer GridFlex-cell\"><span class=\"Observation-meta-observer-label\">Michel-Robert<\/span><\/div>\n<\/div>\n<\/section>\n<section id=\"has-det-77\" class=\"Observation Observation--placeSpeciesObserved u-flushInPageSection Observation--forHotspot u-showForLarge\" aria-labelledby=\"species-heading-brnpel\" data-truncated=\"\">\n<div class=\"Observation-numberObserved Color-text-neutral-3 u-text-2\"><span class=\"is-visuallyHidden\">esp\u00e8ces<\/span>73.<\/div>\n<div class=\"Observation-species\">\n<h4 id=\"species-heading-brnpel\" class=\"Heading Heading--h5\"><a href=\"https:\/\/ebird.org\/species\/brnpel\/L296465\" data-species-code=\"brnpel\" rel=\"noopener\"><span class=\"Heading-main\">P\u00e9lican brun<\/span><\/a><\/h4>\n<\/div>\n<div class=\"Observation-meta GridFlex GridFlex--alignBaseline GridFlex--withGutterSmall GridFlex--grid\">\n<div class=\"Observation-meta-count GridFlex-cell\"><span class=\"is-visuallyHidden\">Compter\u00a0<\/span><span class=\"Observation-meta-count-label Color-text-neutral-4\">1<\/span><\/div>\n<div class=\"Observation-meta-date GridFlex-cell\"><a class=\"Observation-meta-date-label\" href=\"https:\/\/ebird.org\/checklist\/S65474637\" rel=\"noopener\">5 mars 2020<\/a><\/div>\n<div class=\"Observation-meta-observer GridFlex-cell\"><span class=\"Observation-meta-observer-label\">Michel-Robert<\/span><\/div>\n<\/div>\n<\/section>\n<section id=\"has-det-78\" class=\"Observation Observation--placeSpeciesObserved u-flushInPageSection Observation--forHotspot u-showForLarge\" aria-labelledby=\"species-heading-zendov\" data-truncated=\"\">\n<div class=\"Observation-numberObserved Color-text-neutral-3 u-text-2\"><span class=\"is-visuallyHidden\">esp\u00e8ces<\/span>74.<\/div>\n<div class=\"Observation-species\">\n<h4 id=\"species-heading-zendov\" class=\"Heading Heading--h5\"><a href=\"https:\/\/ebird.org\/species\/zendov\/L296465\" data-species-code=\"zendov\" rel=\"noopener\"><span class=\"Heading-main\">Colombe Zenaida<\/span><\/a><\/h4>\n<\/div>\n<div class=\"Observation-meta GridFlex GridFlex--alignBaseline GridFlex--withGutterSmall GridFlex--grid\">\n<div class=\"Observation-meta-count GridFlex-cell\"><span class=\"is-visuallyHidden\">Compter\u00a0<\/span><span class=\"Observation-meta-count-label Color-text-neutral-4\">2<\/span><\/div>\n<div class=\"Observation-meta-date GridFlex-cell\"><a class=\"Observation-meta-date-label\" href=\"https:\/\/ebird.org\/checklist\/S64840948\" rel=\"noopener\">21 f\u00e9vrier 2020<\/a><\/div>\n<div class=\"Observation-meta-observer GridFlex-cell\"><span class=\"Observation-meta-observer-label\">Hector Andujar<\/span><\/div>\n<\/div>\n<\/section>\n<section id=\"has-det-79\" class=\"Observation Observation--placeSpeciesObserved u-flushInPageSection Observation--forHotspot u-showForLarge\" aria-labelledby=\"species-heading-graspa\" data-truncated=\"\">\n<div class=\"Observation-numberObserved Color-text-neutral-3 u-text-2\"><span class=\"is-visuallyHidden\">esp\u00e8ces<\/span>75.<\/div>\n<div class=\"Observation-species\">\n<h4 id=\"species-heading-graspa\" class=\"Heading Heading--h5\"><a href=\"https:\/\/ebird.org\/species\/graspa\/L296465\" data-species-code=\"graspa\" rel=\"noopener\"><span class=\"Heading-main\">Moineau sauterelle<\/span><\/a><\/h4>\n<\/div>\n<div class=\"Observation-meta GridFlex GridFlex--alignBaseline GridFlex--withGutterSmall GridFlex--grid\">\n<div class=\"Observation-meta-count GridFlex-cell\"><span class=\"is-visuallyHidden\">Compter\u00a0<\/span><span class=\"Observation-meta-count-label Color-text-neutral-4\">2<\/span><\/div>\n<div class=\"Observation-meta-date GridFlex-cell\"><a class=\"Observation-meta-date-label\" href=\"https:\/\/ebird.org\/checklist\/S64840948\" rel=\"noopener\">21 f\u00e9vrier 2020<\/a><\/div>\n<div class=\"Observation-meta-observer GridFlex-cell\"><span class=\"Observation-meta-observer-label\">Hector Andujar<\/span><\/div>\n<\/div>\n<\/section>\n<section id=\"has-det-80\" class=\"Observation Observation--placeSpeciesObserved u-flushInPageSection Observation--forHotspot u-showForLarge\" aria-labelledby=\"species-heading-btbwar\" data-truncated=\"\">\n<div class=\"Observation-numberObserved Color-text-neutral-3 u-text-2\"><span class=\"is-visuallyHidden\">esp\u00e8ces<\/span>76.<\/div>\n<div class=\"Observation-species\">\n<h4 id=\"species-heading-btbwar\" class=\"Heading Heading--h5\"><a href=\"https:\/\/ebird.org\/species\/btbwar\/L296465\" data-species-code=\"btbwar\" rel=\"noopener\"><span class=\"Heading-main\">Paruline bleue \u00e0 gorge noire<\/span><\/a><\/h4>\n<\/div>\n<div class=\"Observation-meta GridFlex GridFlex--alignBaseline GridFlex--withGutterSmall GridFlex--grid\">\n<div class=\"Observation-meta-count GridFlex-cell\"><span class=\"is-visuallyHidden\">Compter\u00a0<\/span><span class=\"Observation-meta-count-label Color-text-neutral-4\">5<\/span><\/div>\n<div class=\"Observation-meta-date GridFlex-cell\"><a class=\"Observation-meta-date-label\" href=\"https:\/\/ebird.org\/checklist\/S64840948\" rel=\"noopener\">21 f\u00e9vrier 2020<\/a><\/div>\n<div class=\"Observation-meta-observer GridFlex-cell\"><span class=\"Observation-meta-observer-label\">Hector Andujar<\/span><\/div>\n<\/div>\n<\/section>\n<section id=\"has-det-81\" class=\"Observation Observation--placeSpeciesObserved u-flushInPageSection Observation--forHotspot u-showForLarge\" aria-labelledby=\"species-heading-amewig\" data-truncated=\"\">\n<div class=\"Observation-numberObserved Color-text-neutral-3 u-text-2\"><span class=\"is-visuallyHidden\">esp\u00e8ces<\/span>77.<\/div>\n<div class=\"Observation-species\">\n<h4 id=\"species-heading-amewig\" class=\"Heading Heading--h5\"><a href=\"https:\/\/ebird.org\/species\/amewig\/L296465\" data-species-code=\"amewig\" rel=\"noopener\"><span class=\"Heading-main\">Canard d&#039;Am\u00e9rique<\/span><\/a><\/h4>\n<\/div>\n<div class=\"Observation-meta GridFlex GridFlex--alignBaseline GridFlex--withGutterSmall GridFlex--grid\">\n<div class=\"Observation-meta-count GridFlex-cell\"><span class=\"is-visuallyHidden\">Compter\u00a0<\/span><span class=\"Observation-meta-count-label Color-text-neutral-4\">1<\/span><\/div>\n<div class=\"Observation-meta-date GridFlex-cell\"><a class=\"Observation-meta-date-label\" href=\"https:\/\/ebird.org\/checklist\/S64633575\" rel=\"noopener\">17 f\u00e9vrier 2020<\/a><\/div>\n<div class=\"Observation-meta-observer GridFlex-cell\"><span class=\"Observation-meta-observer-label\">Kathy Isaac<\/span><\/div>\n<\/div>\n<\/section>\n<section id=\"has-det-82\" class=\"Observation Observation--placeSpeciesObserved u-flushInPageSection Observation--forHotspot u-showForLarge\" aria-labelledby=\"species-heading-dove1\" data-truncated=\"\">\n<div class=\"Observation-numberObserved Color-text-neutral-3 u-text-2\"><\/div>\n<div class=\"Observation-species\">\n<h4 id=\"species-heading-dove1\" class=\"Heading Heading--h5\"><span class=\"Heading-main\">pigeon\/colombe sp.<\/span><\/h4>\n<\/div>\n<div class=\"Observation-meta GridFlex GridFlex--alignBaseline GridFlex--withGutterSmall GridFlex--grid\">\n<div class=\"Observation-meta-count GridFlex-cell\"><span class=\"is-visuallyHidden\">Compter\u00a0<\/span><span class=\"Observation-meta-count-label Color-text-neutral-4\">3<\/span><\/div>\n<div class=\"Observation-meta-date GridFlex-cell\"><a class=\"Observation-meta-date-label\" href=\"https:\/\/ebird.org\/checklist\/S64633575\" rel=\"noopener\">17 f\u00e9vrier 2020<\/a><\/div>\n<div class=\"Observation-meta-observer GridFlex-cell\"><span class=\"Observation-meta-observer-label\">Kathy Isaac<\/span><\/div>\n<\/div>\n<\/section>\n<section id=\"has-det-83\" class=\"Observation Observation--placeSpeciesObserved u-flushInPageSection Observation--forHotspot u-showForLarge\" aria-labelledby=\"species-heading-hispar\" data-truncated=\"\">\n<div class=\"Observation-numberObserved Color-text-neutral-3 u-text-2\"><span class=\"is-visuallyHidden\">esp\u00e8ces<\/span>78.<\/div>\n<div class=\"Observation-species\">\n<h4 id=\"species-heading-hispar\" class=\"Heading Heading--h5\"><a href=\"https:\/\/ebird.org\/species\/hispar\/L296465\" data-species-code=\"hispar\" rel=\"noopener\"><span class=\"Heading-main\">Perruche hispaniolienne<\/span><\/a><\/h4>\n<\/div>\n<div class=\"Observation-meta GridFlex GridFlex--alignBaseline GridFlex--withGutterSmall GridFlex--grid\">\n<div class=\"Observation-meta-count GridFlex-cell\"><span class=\"is-visuallyHidden\">Compter\u00a0<\/span><span class=\"Observation-meta-count-label Color-text-neutral-4\">1<\/span><\/div>\n<div class=\"Observation-meta-date GridFlex-cell\"><a class=\"Observation-meta-date-label\" href=\"https:\/\/ebird.org\/checklist\/S64633575\" rel=\"noopener\">17 f\u00e9vrier 2020<\/a><\/div>\n<div class=\"Observation-meta-observer GridFlex-cell\"><span class=\"Observation-meta-observer-label\">Kathy Isaac<\/span><\/div>\n<\/div>\n<\/section>\n<section id=\"has-det-84\" class=\"Observation Observation--placeSpeciesObserved u-flushInPageSection Observation--forHotspot u-showForLarge\" aria-labelledby=\"species-heading-nabtod1\" data-truncated=\"\">\n<div class=\"Observation-numberObserved Color-text-neutral-3 u-text-2\"><span class=\"is-visuallyHidden\">esp\u00e8ces<\/span>79.<\/div>\n<div class=\"Observation-species\">\n<h4 id=\"species-heading-nabtod1\" class=\"Heading Heading--h5\"><a href=\"https:\/\/ebird.org\/species\/nabtod1\/L296465\" data-species-code=\"nabtod1\" rel=\"noopener\"><span class=\"Heading-main\">Todier \u00e0 bec \u00e9troit<\/span><\/a><\/h4>\n<\/div>\n<div class=\"Observation-meta GridFlex GridFlex--alignBaseline GridFlex--withGutterSmall GridFlex--grid\">\n<div class=\"Observation-meta-count GridFlex-cell\"><span class=\"is-visuallyHidden\">Compter\u00a0<\/span><span class=\"Observation-meta-count-label Color-text-neutral-4\">2<\/span><\/div>\n<div class=\"Observation-meta-date GridFlex-cell\"><a class=\"Observation-meta-date-label\" href=\"https:\/\/ebird.org\/checklist\/S64605498\" rel=\"noopener\">16 f\u00e9vrier 2020<\/a><\/div>\n<div class=\"Observation-meta-observer GridFlex-cell\"><span class=\"Observation-meta-observer-label\">Kathy Isaac<\/span><\/div>\n<\/div>\n<\/section>\n<section id=\"has-det-85\" class=\"Observation Observation--placeSpeciesObserved u-flushInPageSection Observation--forHotspot u-showForLarge\" aria-labelledby=\"species-heading-palcro2\" data-truncated=\"\">\n<div class=\"Observation-numberObserved Color-text-neutral-3 u-text-2\"><span class=\"is-visuallyHidden\">esp\u00e8ces<\/span>80.<\/div>\n<div class=\"Observation-species\">\n<h4 id=\"species-heading-palcro2\" class=\"Heading Heading--h5\"><a href=\"https:\/\/ebird.org\/species\/palcro2\/L296465\" data-species-code=\"palcro2\" rel=\"noopener\"><span class=\"Heading-main\">Corbeau des palmiers<\/span><\/a><\/h4>\n<\/div>\n<div class=\"Observation-meta GridFlex GridFlex--alignBaseline GridFlex--withGutterSmall GridFlex--grid\">\n<div class=\"Observation-meta-count GridFlex-cell\"><span class=\"is-visuallyHidden\">Compter\u00a0<\/span><span class=\"Observation-meta-count-label Color-text-neutral-4\">2<\/span><\/div>\n<div class=\"Observation-meta-date GridFlex-cell\"><a class=\"Observation-meta-date-label\" href=\"https:\/\/ebird.org\/checklist\/S64554898\" rel=\"noopener\">15 f\u00e9vrier 2020<\/a><\/div>\n<div class=\"Observation-meta-observer GridFlex-cell\"><span class=\"Observation-meta-observer-label\">Kathy Isaac<\/span><\/div>\n<\/div>\n<\/section>\n<section id=\"has-det-86\" class=\"Observation Observation--placeSpeciesObserved u-flushInPageSection Observation--forHotspot u-showForLarge\" aria-labelledby=\"species-heading-burowl\" data-truncated=\"\">\n<div class=\"Observation-numberObserved Color-text-neutral-3 u-text-2\"><span class=\"is-visuallyHidden\">esp\u00e8ces<\/span>81.<\/div>\n<div class=\"Observation-species\">\n<h4 id=\"species-heading-burowl\" class=\"Heading Heading--h5\"><a href=\"https:\/\/ebird.org\/species\/burowl\/L296465\" data-species-code=\"burowl\" rel=\"noopener\"><span class=\"Heading-main\">Chev\u00eache des terriers<\/span><\/a><\/h4>\n<\/div>\n<div class=\"Observation-meta GridFlex GridFlex--alignBaseline GridFlex--withGutterSmall GridFlex--grid\">\n<div class=\"Observation-meta-count GridFlex-cell\"><span class=\"is-visuallyHidden\">Compter\u00a0<\/span><span class=\"Observation-meta-count-label Color-text-neutral-4\">1<\/span><\/div>\n<div class=\"Observation-meta-date GridFlex-cell\"><a class=\"Observation-meta-date-label\" href=\"https:\/\/ebird.org\/checklist\/S64187586\" rel=\"noopener\">6 f\u00e9vrier 2020<\/a><\/div>\n<div class=\"Observation-meta-observer GridFlex-cell\"><span class=\"Observation-meta-observer-label\">Hector Andujar<\/span><\/div>\n<\/div>\n<\/section>\n<section id=\"has-det-87\" class=\"Observation Observation--placeSpeciesObserved u-flushInPageSection Observation--forHotspot u-showForLarge\" aria-labelledby=\"species-heading-palwar\" data-truncated=\"\">\n<div class=\"Observation-numberObserved Color-text-neutral-3 u-text-2\"><span class=\"is-visuallyHidden\">esp\u00e8ces<\/span>82.<\/div>\n<div class=\"Observation-species\">\n<h4 id=\"species-heading-palwar\" class=\"Heading Heading--h5\"><a href=\"https:\/\/ebird.org\/species\/palwar\/L296465\" data-species-code=\"palwar\" rel=\"noopener\"><span class=\"Heading-main\">Paruline des palmiers<\/span><\/a><\/h4>\n<\/div>\n<div class=\"Observation-meta GridFlex GridFlex--alignBaseline GridFlex--withGutterSmall GridFlex--grid\">\n<div class=\"Observation-meta-count GridFlex-cell\"><span class=\"is-visuallyHidden\">Compter\u00a0<\/span><span class=\"Observation-meta-count-label Color-text-neutral-4\">5<\/span><\/div>\n<div class=\"Observation-meta-date GridFlex-cell\"><a class=\"Observation-meta-date-label\" href=\"https:\/\/ebird.org\/checklist\/S64922983\" rel=\"noopener\">5 f\u00e9vrier 2020<\/a><\/div>\n<div class=\"Observation-meta-observer GridFlex-cell\"><span class=\"Observation-meta-observer-label\">L\u00e9v Frid<\/span><\/div>\n<\/div>\n<\/section>\n<section id=\"has-det-88\" class=\"Observation Observation--placeSpeciesObserved u-flushInPageSection Observation--forHotspot u-showForLarge\" aria-labelledby=\"species-heading-sposan\" data-truncated=\"\">\n<div class=\"Observation-numberObserved Color-text-neutral-3 u-text-2\"><span class=\"is-visuallyHidden\">esp\u00e8ces<\/span>83.<\/div>\n<div class=\"Observation-species\">\n<h4 id=\"species-heading-sposan\" class=\"Heading Heading--h5\"><a href=\"https:\/\/ebird.org\/species\/sposan\/L296465\" data-species-code=\"sposan\" rel=\"noopener\"><span class=\"Heading-main\">B\u00e9casseau tachet\u00e9<\/span><\/a><\/h4>\n<\/div>\n<div class=\"Observation-meta GridFlex GridFlex--alignBaseline GridFlex--withGutterSmall GridFlex--grid\">\n<div class=\"Observation-meta-count GridFlex-cell\"><span class=\"is-visuallyHidden\">Compter\u00a0<\/span><span class=\"Observation-meta-count-label Color-text-neutral-4\">2<\/span><\/div>\n<div class=\"Observation-meta-date GridFlex-cell\"><a class=\"Observation-meta-date-label\" href=\"https:\/\/ebird.org\/checklist\/S72116280\" rel=\"noopener\">3 f\u00e9vrier 2020<\/a><\/div>\n<div class=\"Observation-meta-observer GridFlex-cell\"><span class=\"Observation-meta-observer-label\">Gabriel Lugo-Ortiz<\/span><\/div>\n<\/div>\n<\/section>\n<section id=\"has-det-89\" class=\"Observation Observation--placeSpeciesObserved u-flushInPageSection Observation--forHotspot u-showForLarge\" aria-labelledby=\"species-heading-brnowl\" data-truncated=\"\">\n<div class=\"Observation-numberObserved Color-text-neutral-3 u-text-2\"><span class=\"is-visuallyHidden\">esp\u00e8ces<\/span>84.<\/div>\n<div class=\"Observation-species\">\n<h4 id=\"species-heading-brnowl\" class=\"Heading Heading--h5\"><a href=\"https:\/\/ebird.org\/species\/brnowl\/L296465\" data-species-code=\"brnowl\" rel=\"noopener\"><span class=\"Heading-main\">Effraie des clochers<\/span><\/a><\/h4>\n<\/div>\n<div class=\"Observation-meta GridFlex GridFlex--alignBaseline GridFlex--withGutterSmall GridFlex--grid\">\n<div class=\"Observation-meta-count GridFlex-cell\"><span class=\"is-visuallyHidden\">Compter\u00a0<\/span><span class=\"Observation-meta-count-label Color-text-neutral-4\">1<\/span><\/div>\n<div class=\"Observation-meta-date GridFlex-cell\"><a class=\"Observation-meta-date-label\" href=\"https:\/\/ebird.org\/checklist\/S66078843\" rel=\"noopener\">2 f\u00e9vrier 2020<\/a><\/div>\n<div class=\"Observation-meta-observer GridFlex-cell\"><span class=\"Observation-meta-observer-label\">Gabriel Lugo-Ortiz<\/span><\/div>\n<\/div>\n<\/section>\n<section id=\"has-det-90\" class=\"Observation Observation--placeSpeciesObserved u-flushInPageSection Observation--forHotspot u-showForLarge\" aria-labelledby=\"species-heading-hisspi\" data-truncated=\"\">\n<div class=\"Observation-numberObserved Color-text-neutral-3 u-text-2\"><span class=\"is-visuallyHidden\">esp\u00e8ces<\/span>85.<\/div>\n<div class=\"Observation-species\">\n<h4 id=\"species-heading-hisspi\" class=\"Heading Heading--h5\"><a href=\"https:\/\/ebird.org\/species\/hisspi\/L296465\" data-species-code=\"hisspi\" rel=\"noopener\"><span class=\"Heading-main\">Spindalis hispaniolienne<\/span><\/a><\/h4>\n<\/div>\n<div class=\"Observation-meta GridFlex GridFlex--alignBaseline GridFlex--withGutterSmall GridFlex--grid\">\n<div class=\"Observation-meta-count GridFlex-cell\"><span class=\"is-visuallyHidden\">Compter\u00a0<\/span><span class=\"Observation-meta-count-label Color-text-neutral-4\">1<\/span><\/div>\n<div class=\"Observation-meta-date GridFlex-cell\"><a class=\"Observation-meta-date-label\" href=\"https:\/\/ebird.org\/checklist\/S66078843\" rel=\"noopener\">2 f\u00e9vrier 2020<\/a><\/div>\n<div class=\"Observation-meta-observer GridFlex-cell\"><span class=\"Observation-meta-observer-label\">Gabriel Lugo-Ortiz<\/span><\/div>\n<\/div>\n<\/section>\n<section id=\"has-det-91\" class=\"Observation Observation--placeSpeciesObserved u-flushInPageSection Observation--forHotspot u-showForLarge\" aria-labelledby=\"species-heading-semplo\" data-truncated=\"\">\n<div class=\"Observation-numberObserved Color-text-neutral-3 u-text-2\"><span class=\"is-visuallyHidden\">esp\u00e8ces<\/span>86.<\/div>\n<div class=\"Observation-species\">\n<h4 id=\"species-heading-semplo\" class=\"Heading Heading--h5\"><a href=\"https:\/\/ebird.org\/species\/semplo\/L296465\" data-species-code=\"semplo\" rel=\"noopener\"><span class=\"Heading-main\">Pluvier semipalm\u00e9<\/span><\/a><\/h4>\n<\/div>\n<div class=\"Observation-meta GridFlex GridFlex--alignBaseline GridFlex--withGutterSmall GridFlex--grid\">\n<div class=\"Observation-meta-count GridFlex-cell\"><span class=\"is-visuallyHidden\">Compter\u00a0<\/span><span class=\"Observation-meta-count-label Color-text-neutral-4\">1<\/span><\/div>\n<div class=\"Observation-meta-date GridFlex-cell\"><a class=\"Observation-meta-date-label\" href=\"https:\/\/ebird.org\/checklist\/S63586938\" rel=\"noopener\">20 janv. 2020<\/a><\/div>\n<div class=\"Observation-meta-observer GridFlex-cell\"><span class=\"Observation-meta-observer-label\">Forrest Rowland<\/span><\/div>\n<\/div>\n<\/section>\n<section id=\"has-det-92\" class=\"Observation Observation--placeSpeciesObserved u-flushInPageSection Observation--forHotspot u-showForLarge\" aria-labelledby=\"species-heading-perfal\" data-truncated=\"\">\n<div class=\"Observation-numberObserved Color-text-neutral-3 u-text-2\"><span class=\"is-visuallyHidden\">esp\u00e8ces<\/span>87.<\/div>\n<div class=\"Observation-species\">\n<h4 id=\"species-heading-perfal\" class=\"Heading Heading--h5\"><a href=\"https:\/\/ebird.org\/species\/perfal\/L296465\" data-species-code=\"perfal\" rel=\"noopener\"><span class=\"Heading-main\">Faucon p\u00e8lerin<\/span><\/a><\/h4>\n<\/div>\n<div class=\"Observation-meta GridFlex GridFlex--alignBaseline GridFlex--withGutterSmall GridFlex--grid\">\n<div class=\"Observation-meta-count GridFlex-cell\"><span class=\"is-visuallyHidden\">Compter\u00a0<\/span><span class=\"Observation-meta-count-label Color-text-neutral-4\">1<\/span><\/div>\n<div class=\"Observation-meta-date GridFlex-cell\"><a class=\"Observation-meta-date-label\" href=\"https:\/\/ebird.org\/checklist\/S63586938\" rel=\"noopener\">20 janv. 2020<\/a><\/div>\n<div class=\"Observation-meta-observer GridFlex-cell\"><span class=\"Observation-meta-observer-label\">Forrest Rowland<\/span><\/div>\n<\/div>\n<\/section>\n<section id=\"has-det-93\" class=\"Observation Observation--placeSpeciesObserved u-flushInPageSection Observation--forHotspot u-showForLarge\" aria-labelledby=\"species-heading-wilsni1\" data-truncated=\"\">\n<div class=\"Observation-numberObserved Color-text-neutral-3 u-text-2\"><span class=\"is-visuallyHidden\">esp\u00e8ces<\/span>88.<\/div>\n<div class=\"Observation-species\">\n<h4 id=\"species-heading-wilsni1\" class=\"Heading Heading--h5\"><a href=\"https:\/\/ebird.org\/species\/wilsni1\/L296465\" data-species-code=\"wilsni1\" rel=\"noopener\"><span class=\"Heading-main\">B\u00e9cassine de Wilson<\/span><\/a><\/h4>\n<\/div>\n<div class=\"Observation-meta GridFlex GridFlex--alignBaseline GridFlex--withGutterSmall GridFlex--grid\">\n<div class=\"Observation-meta-count GridFlex-cell\"><span class=\"is-visuallyHidden\">Compter\u00a0<\/span><span class=\"Observation-meta-count-label Color-text-neutral-4\">1<\/span><\/div>\n<div class=\"Observation-meta-date GridFlex-cell\"><a class=\"Observation-meta-date-label\" href=\"https:\/\/ebird.org\/checklist\/S63608516\" rel=\"noopener\">20 janv. 2020<\/a><\/div>\n<div class=\"Observation-meta-observer GridFlex-cell\"><span class=\"Observation-meta-observer-label\">Jonathan Heller<\/span><\/div>\n<\/div>\n<\/section>\n<section id=\"has-det-94\" class=\"Observation Observation--placeSpeciesObserved u-flushInPageSection Observation--forHotspot u-showForLarge\" aria-labelledby=\"species-heading-carmar1\" data-truncated=\"\">\n<div class=\"Observation-numberObserved Color-text-neutral-3 u-text-2\"><span class=\"is-visuallyHidden\">esp\u00e8ces<\/span>89.<\/div>\n<div class=\"Observation-species\">\n<h4 id=\"species-heading-carmar1\" class=\"Heading Heading--h5\"><a href=\"https:\/\/ebird.org\/species\/carmar1\/L296465\" data-species-code=\"carmar1\" rel=\"noopener\"><span class=\"Heading-main\">Martin des Cara\u00efbes<\/span><\/a><\/h4>\n<\/div>\n<div class=\"Observation-meta GridFlex GridFlex--alignBaseline GridFlex--withGutterSmall GridFlex--grid\">\n<div class=\"Observation-meta-count GridFlex-cell\"><span class=\"is-visuallyHidden\">Compter\u00a0<\/span><span class=\"Observation-meta-count-label Color-text-neutral-4\">1<\/span><\/div>\n<div class=\"Observation-meta-date GridFlex-cell\"><a class=\"Observation-meta-date-label\" href=\"https:\/\/ebird.org\/checklist\/S63566791\" rel=\"noopener\">19 janv. 2020<\/a><\/div>\n<div class=\"Observation-meta-observer GridFlex-cell\"><span class=\"Observation-meta-observer-label\">Efrain F\u00e9liz<\/span><\/div>\n<\/div>\n<\/section>\n<section id=\"has-det-95\" class=\"Observation Observation--placeSpeciesObserved u-flushInPageSection Observation--forHotspot u-showForLarge\" aria-labelledby=\"species-heading-whcswi\" data-truncated=\"\">\n<div class=\"Observation-numberObserved Color-text-neutral-3 u-text-2\"><span class=\"is-visuallyHidden\">esp\u00e8ces<\/span>90.<\/div>\n<div class=\"Observation-species\">\n<h4 id=\"species-heading-whcswi\" class=\"Heading Heading--h5\"><a href=\"https:\/\/ebird.org\/species\/whcswi\/L296465\" data-species-code=\"whcswi\" rel=\"noopener\"><span class=\"Heading-main\">Martinet \u00e0 collier blanc<\/span><\/a><\/h4>\n<\/div>\n<div class=\"Observation-meta GridFlex GridFlex--alignBaseline GridFlex--withGutterSmall GridFlex--grid\">\n<div class=\"Observation-meta-count GridFlex-cell\"><span class=\"is-visuallyHidden\">Compter\u00a0<\/span><span class=\"Observation-meta-count-label Color-text-neutral-4\">3<\/span><\/div>\n<div class=\"Observation-meta-date GridFlex-cell\"><a class=\"Observation-meta-date-label\" href=\"https:\/\/ebird.org\/checklist\/S63566580\" rel=\"noopener\">19 janv. 2020<\/a><\/div>\n<div class=\"Observation-meta-observer GridFlex-cell\"><span class=\"Observation-meta-observer-label\">Jonathan Heller<\/span><\/div>\n<\/div>\n<\/section>\n<section id=\"has-det-96\" class=\"Observation Observation--placeSpeciesObserved u-flushInPageSection Observation--forHotspot u-showForLarge\" aria-labelledby=\"species-heading-nightj1\" data-truncated=\"\">\n<div class=\"Observation-numberObserved Color-text-neutral-3 u-text-2\"><\/div>\n<div class=\"Observation-species\">\n<h4 id=\"species-heading-nightj1\" class=\"Heading Heading--h5\"><span class=\"Heading-main\">engoulevent sp.<\/span><\/h4>\n<\/div>\n<div class=\"Observation-meta GridFlex GridFlex--alignBaseline GridFlex--withGutterSmall GridFlex--grid\">\n<div class=\"Observation-meta-count GridFlex-cell\"><span class=\"is-visuallyHidden\">Compter\u00a0<\/span><span class=\"Observation-meta-count-label Color-text-neutral-4\">1<\/span><\/div>\n<div class=\"Observation-meta-date GridFlex-cell\"><a class=\"Observation-meta-date-label\" href=\"https:\/\/ebird.org\/checklist\/S62685378\" rel=\"noopener\">27 d\u00e9cembre 2019<\/a><\/div>\n<div class=\"Observation-meta-observer GridFlex-cell\"><span class=\"Observation-meta-observer-label\">Yann Kolbeinsson<\/span><\/div>\n<\/div>\n<\/section>\n<section id=\"has-det-97\" class=\"Observation Observation--placeSpeciesObserved u-flushInPageSection Observation--forHotspot u-showForLarge\" aria-labelledby=\"species-heading-swallo\" data-truncated=\"\">\n<div class=\"Observation-numberObserved Color-text-neutral-3 u-text-2\"><\/div>\n<div class=\"Observation-species\">\n<h4 id=\"species-heading-swallo\" class=\"Heading Heading--h5\"><span class=\"Heading-main\">avaler sp.<\/span><\/h4>\n<\/div>\n<div class=\"Observation-meta GridFlex GridFlex--alignBaseline GridFlex--withGutterSmall GridFlex--grid\">\n<div class=\"Observation-meta-count GridFlex-cell\"><span class=\"is-visuallyHidden\">Compter\u00a0<\/span><span class=\"Observation-meta-count-label Color-text-neutral-4\">18<\/span><\/div>\n<div class=\"Observation-meta-date GridFlex-cell\"><a class=\"Observation-meta-date-label\" href=\"https:\/\/ebird.org\/checklist\/S62677797\" rel=\"noopener\">27 d\u00e9cembre 2019<\/a><\/div>\n<div class=\"Observation-meta-observer GridFlex-cell\"><span class=\"Observation-meta-observer-label\">Yann Kolbeinsson<\/span><\/div>\n<\/div>\n<\/section>\n<section id=\"has-det-98\" class=\"Observation Observation--placeSpeciesObserved u-flushInPageSection Observation--forHotspot u-showForLarge\" aria-labelledby=\"species-heading-prawar\" data-truncated=\"\">\n<div class=\"Observation-numberObserved Color-text-neutral-3 u-text-2\"><span class=\"is-visuallyHidden\">esp\u00e8ces<\/span>91.<\/div>\n<div class=\"Observation-species\">\n<h4 id=\"species-heading-prawar\" class=\"Heading Heading--h5\"><a href=\"https:\/\/ebird.org\/species\/prawar\/L296465\" data-species-code=\"prawar\" rel=\"noopener\"><span class=\"Heading-main\">Paruline des prairies<\/span><\/a><\/h4>\n<\/div>\n<div class=\"Observation-meta GridFlex GridFlex--alignBaseline GridFlex--withGutterSmall GridFlex--grid\">\n<div class=\"Observation-meta-count GridFlex-cell\"><span class=\"is-visuallyHidden\">Compter\u00a0<\/span><span class=\"Observation-meta-count-label Color-text-neutral-4\">1<\/span><\/div>\n<div class=\"Observation-meta-date GridFlex-cell\"><a class=\"Observation-meta-date-label\" href=\"https:\/\/ebird.org\/checklist\/S62677797\" rel=\"noopener\">27 d\u00e9cembre 2019<\/a><\/div>\n<div class=\"Observation-meta-observer GridFlex-cell\"><span class=\"Observation-meta-observer-label\">Yann Kolbeinsson<\/span><\/div>\n<\/div>\n<\/section>\n<section id=\"has-det-99\" class=\"Observation Observation--placeSpeciesObserved u-flushInPageSection Observation--forHotspot u-showForLarge\" aria-labelledby=\"species-heading-nrwswa\" data-truncated=\"\">\n<div class=\"Observation-numberObserved Color-text-neutral-3 u-text-2\"><span class=\"is-visuallyHidden\">esp\u00e8ces<\/span>92.<\/div>\n<div class=\"Observation-species\">\n<h4 id=\"species-heading-nrwswa\" class=\"Heading Heading--h5\"><a href=\"https:\/\/ebird.org\/species\/nrwswa\/L296465\" data-species-code=\"nrwswa\" rel=\"noopener\"><span class=\"Heading-main\">Hirondelle \u00e0 ailes h\u00e9riss\u00e9es<\/span><\/a><\/h4>\n<\/div>\n<div class=\"Observation-meta GridFlex GridFlex--alignBaseline GridFlex--withGutterSmall GridFlex--grid\">\n<div class=\"Observation-meta-count GridFlex-cell\"><span class=\"is-visuallyHidden\">Compter\u00a0<\/span><span class=\"Observation-meta-count-label Color-text-neutral-4\">15<\/span><\/div>\n<div class=\"Observation-meta-date GridFlex-cell\"><a class=\"Observation-meta-date-label\" href=\"https:\/\/ebird.org\/checklist\/S62157381\" rel=\"noopener\">8 d\u00e9c. 2019<\/a><\/div>\n<div class=\"Observation-meta-observer GridFlex-cell\"><span class=\"Observation-meta-observer-label\">Katinka Domen (becs et pics)<\/span><\/div>\n<\/div>\n<\/section>\n<section id=\"has-det-100\" class=\"Observation Observation--placeSpeciesObserved u-flushInPageSection Observation--forHotspot u-showForLarge\" aria-labelledby=\"species-heading-barswa\" data-truncated=\"\">\n<div class=\"Observation-numberObserved Color-text-neutral-3 u-text-2\"><span class=\"is-visuallyHidden\">esp\u00e8ces<\/span>93.<\/div>\n<div class=\"Observation-species\">\n<h4 id=\"species-heading-barswa\" class=\"Heading Heading--h5\"><a href=\"https:\/\/ebird.org\/species\/barswa\/L296465\" data-species-code=\"barswa\" rel=\"noopener\"><span class=\"Heading-main\">Hirondelle rustique<\/span><\/a><\/h4>\n<\/div>\n<div class=\"Observation-meta GridFlex GridFlex--alignBaseline GridFlex--withGutterSmall GridFlex--grid\">\n<div class=\"Observation-meta-count GridFlex-cell\"><span class=\"is-visuallyHidden\">Compter\u00a0<\/span><span class=\"Observation-meta-count-label Color-text-neutral-4\">2<\/span><\/div>\n<div class=\"Observation-meta-date GridFlex-cell\"><a class=\"Observation-meta-date-label\" href=\"https:\/\/ebird.org\/checklist\/S56964813\" rel=\"noopener\">15 avril 2019<\/a><\/div>\n<div class=\"Observation-meta-observer GridFlex-cell\"><span class=\"Observation-meta-observer-label\">Richard Dun<\/span><\/div>\n<\/div>\n<\/section>\n<section id=\"has-det-101\" class=\"Observation Observation--placeSpeciesObserved u-flushInPageSection Observation--forHotspot u-showForLarge\" aria-labelledby=\"species-heading-gragoo1\" data-truncated=\"\">\n<div class=\"Observation-numberObserved Color-text-neutral-3 u-text-2\"><\/div>\n<div class=\"Observation-species\">\n<h4 id=\"species-heading-gragoo1\" class=\"Heading Heading--h5\"><span class=\"Heading-main\">Oie cendr\u00e9e (type domestique)<\/span><\/h4>\n<\/div>\n<div class=\"Observation-meta GridFlex GridFlex--alignBaseline GridFlex--withGutterSmall GridFlex--grid\">\n<div class=\"Observation-meta-count GridFlex-cell\"><span class=\"is-visuallyHidden\">Compter\u00a0<\/span><span class=\"Observation-meta-count-label Color-text-neutral-4\">2<\/span><\/div>\n<div class=\"Observation-meta-date GridFlex-cell\"><a class=\"Observation-meta-date-label\" href=\"https:\/\/ebird.org\/checklist\/S54330792\" rel=\"noopener\">24 mars 2019<\/a><\/div>\n<div class=\"Observation-meta-observer GridFlex-cell\"><span class=\"Observation-meta-observer-label\">Jos\u00e9 Ram\u00edrez<\/span><\/div>\n<\/div>\n<\/section>\n<section id=\"has-det-102\" class=\"Observation Observation--placeSpeciesObserved u-flushInPageSection Observation--forHotspot u-showForLarge\" aria-labelledby=\"species-heading-cavswa\" data-truncated=\"\">\n<div class=\"Observation-numberObserved Color-text-neutral-3 u-text-2\"><span class=\"is-visuallyHidden\">esp\u00e8ces<\/span>94.<\/div>\n<div class=\"Observation-species\">\n<h4 id=\"species-heading-cavswa\" class=\"Heading Heading--h5\"><a href=\"https:\/\/ebird.org\/species\/cavswa\/L296465\" data-species-code=\"cavswa\" rel=\"noopener\"><span class=\"Heading-main\">Hirondelle des cavernes<\/span><\/a><\/h4>\n<\/div>\n<div class=\"Observation-meta GridFlex GridFlex--alignBaseline GridFlex--withGutterSmall GridFlex--grid\">\n<div class=\"Observation-meta-count GridFlex-cell\"><span class=\"is-visuallyHidden\">Compter\u00a0<\/span><span class=\"Observation-meta-count-label Color-text-neutral-4\">30<\/span><\/div>\n<div class=\"Observation-meta-date GridFlex-cell\"><a class=\"Observation-meta-date-label\" href=\"https:\/\/ebird.org\/checklist\/S54858128\" rel=\"noopener\">17 mars 2019<\/a><\/div>\n<div class=\"Observation-meta-observer GridFlex-cell\"><span class=\"Observation-meta-observer-label\">Tom Field<\/span><\/div>\n<\/div>\n<\/section>\n<section id=\"has-det-103\" class=\"Observation Observation--placeSpeciesObserved u-flushInPageSection Observation--forHotspot u-showForLarge\" aria-labelledby=\"species-heading-sporai\" data-truncated=\"\">\n<div class=\"Observation-numberObserved Color-text-neutral-3 u-text-2\"><span class=\"is-visuallyHidden\">esp\u00e8ces<\/span>95.<\/div>\n<div class=\"Observation-species\">\n<h4 id=\"species-heading-sporai\" class=\"Heading Heading--h5\"><a href=\"https:\/\/ebird.org\/species\/sporai\/L296465\" data-species-code=\"sporai\" rel=\"noopener\"><span class=\"Heading-main\">R\u00e2le tachet\u00e9<\/span><\/a><\/h4>\n<\/div>\n<div class=\"Observation-meta GridFlex GridFlex--alignBaseline GridFlex--withGutterSmall GridFlex--grid\">\n<div class=\"Observation-meta-count GridFlex-cell\"><span class=\"is-visuallyHidden\">Compter\u00a0<\/span><span class=\"Observation-meta-count-label Color-text-neutral-4\">2<\/span><\/div>\n<div class=\"Observation-meta-date GridFlex-cell\"><a class=\"Observation-meta-date-label\" href=\"https:\/\/ebird.org\/checklist\/S53926346\" rel=\"noopener\">16 mars 2019<\/a><\/div>\n<div class=\"Observation-meta-observer GridFlex-cell\"><span class=\"Observation-meta-observer-label\">Tom Field<\/span><\/div>\n<\/div>\n<\/section>\n<section id=\"has-det-104\" class=\"Observation Observation--placeSpeciesObserved u-flushInPageSection Observation--forHotspot u-showForLarge\" aria-labelledby=\"species-heading-kwqdov\" data-truncated=\"\">\n<div class=\"Observation-numberObserved Color-text-neutral-3 u-text-2\"><span class=\"is-visuallyHidden\">esp\u00e8ces<\/span>96.<\/div>\n<div class=\"Observation-species\">\n<h4 id=\"species-heading-kwqdov\" class=\"Heading Heading--h5\"><a href=\"https:\/\/ebird.org\/species\/kwqdov\/L296465\" data-species-code=\"kwqdov\" rel=\"noopener\"><span class=\"Heading-main\">Colombe de Key West<\/span><\/a><\/h4>\n<\/div>\n<div class=\"Observation-meta GridFlex GridFlex--alignBaseline GridFlex--withGutterSmall GridFlex--grid\">\n<div class=\"Observation-meta-count GridFlex-cell\"><span class=\"is-visuallyHidden\">Compter\u00a0<\/span><span class=\"Observation-meta-count-label Color-text-neutral-4\">1<\/span><\/div>\n<div class=\"Observation-meta-date GridFlex-cell\"><a class=\"Observation-meta-date-label\" href=\"https:\/\/ebird.org\/checklist\/S53884737\" rel=\"noopener\">7 mars 2019<\/a><\/div>\n<div class=\"Observation-meta-observer GridFlex-cell\"><span class=\"Observation-meta-observer-label\">Beth Wink<\/span><\/div>\n<\/div>\n<\/section>\n<section id=\"has-det-105\" class=\"Observation Observation--placeSpeciesObserved u-flushInPageSection Observation--forHotspot u-showForLarge\" aria-labelledby=\"species-heading-y00598\" data-truncated=\"\">\n<div class=\"Observation-numberObserved Color-text-neutral-3 u-text-2\"><\/div>\n<div class=\"Observation-species\">\n<h4 id=\"species-heading-y00598\" class=\"Heading Heading--h5\"><span class=\"Heading-main\">Louisiane \/ Paruline hochequeue<\/span><\/h4>\n<\/div>\n<div class=\"Observation-meta GridFlex GridFlex--alignBaseline GridFlex--withGutterSmall GridFlex--grid\">\n<div class=\"Observation-meta-count GridFlex-cell\"><span class=\"is-visuallyHidden\">Compter\u00a0<\/span><span class=\"Observation-meta-count-label Color-text-neutral-4\">1<\/span><\/div>\n<div class=\"Observation-meta-date GridFlex-cell\"><a class=\"Observation-meta-date-label\" href=\"https:\/\/ebird.org\/checklist\/S53884737\" rel=\"noopener\">7 mars 2019<\/a><\/div>\n<div class=\"Observation-meta-observer GridFlex-cell\"><span class=\"Observation-meta-observer-label\">Beth Wink<\/span><\/div>\n<\/div>\n<\/section>\n<section id=\"has-det-106\" class=\"Observation Observation--placeSpeciesObserved u-flushInPageSection Observation--forHotspot u-showForLarge\" aria-labelledby=\"species-heading-prowar\" data-truncated=\"\">\n<div class=\"Observation-numberObserved Color-text-neutral-3 u-text-2\"><span class=\"is-visuallyHidden\">esp\u00e8ces<\/span>97.<\/div>\n<div class=\"Observation-species\">\n<h4 id=\"species-heading-prowar\" class=\"Heading Heading--h5\"><a href=\"https:\/\/ebird.org\/species\/prowar\/L296465\" data-species-code=\"prowar\" rel=\"noopener\"><span class=\"Heading-main\">Paruline protonotaire<\/span><\/a><\/h4>\n<\/div>\n<div class=\"Observation-meta GridFlex GridFlex--alignBaseline GridFlex--withGutterSmall GridFlex--grid\">\n<div class=\"Observation-meta-count GridFlex-cell\"><span class=\"is-visuallyHidden\">Compter\u00a0<\/span><span class=\"Observation-meta-count-label Color-text-neutral-4\">1<\/span><\/div>\n<div class=\"Observation-meta-date GridFlex-cell\"><a class=\"Observation-meta-date-label\" href=\"https:\/\/ebird.org\/checklist\/S50206604\" rel=\"noopener\">24 novembre 2018<\/a><\/div>\n<div class=\"Observation-meta-observer GridFlex-cell\"><span class=\"Observation-meta-observer-label\">Jim Throckmorton<\/span><\/div>\n<\/div>\n<\/section>\n<section id=\"has-det-107\" class=\"Observation Observation--placeSpeciesObserved u-flushInPageSection Observation--forHotspot u-showForLarge\" aria-labelledby=\"species-heading-bknsti\" data-truncated=\"\">\n<div class=\"Observation-numberObserved Color-text-neutral-3 u-text-2\"><span class=\"is-visuallyHidden\">esp\u00e8ces<\/span>98.<\/div>\n<div class=\"Observation-species\">\n<h4 id=\"species-heading-bknsti\" class=\"Heading Heading--h5\"><a href=\"https:\/\/ebird.org\/species\/bknsti\/L296465\" data-species-code=\"bknsti\" rel=\"noopener\"><span class=\"Heading-main\">\u00c9chasse \u00e0 cou noir<\/span><\/a><\/h4>\n<\/div>\n<div class=\"Observation-meta GridFlex GridFlex--alignBaseline GridFlex--withGutterSmall GridFlex--grid\">\n<div class=\"Observation-meta-count GridFlex-cell\"><span class=\"is-visuallyHidden\">Compter\u00a0<\/span><span class=\"Observation-meta-count-label Color-text-neutral-4\">3<\/span><\/div>\n<div class=\"Observation-meta-date GridFlex-cell\"><a class=\"Observation-meta-date-label\" href=\"https:\/\/ebird.org\/checklist\/S47451967\" rel=\"noopener\">25 juil. 2018<\/a><\/div>\n<div class=\"Observation-meta-observer GridFlex-cell\"><span class=\"Observation-meta-observer-label\">Eric Baldo<\/span><\/div>\n<\/div>\n<\/section>\n<section id=\"has-det-108\" class=\"Observation Observation--placeSpeciesObserved u-flushInPageSection Observation--forHotspot u-showForLarge\" aria-labelledby=\"species-heading-laugul\" data-truncated=\"\">\n<div class=\"Observation-numberObserved Color-text-neutral-3 u-text-2\"><span class=\"is-visuallyHidden\">esp\u00e8ces<\/span>99.<\/div>\n<div class=\"Observation-species\">\n<h4 id=\"species-heading-laugul\" class=\"Heading Heading--h5\"><a href=\"https:\/\/ebird.org\/species\/laugul\/L296465\" data-species-code=\"laugul\" rel=\"noopener\"><span class=\"Heading-main\">Mouette qui rit<\/span><\/a><\/h4>\n<\/div>\n<div class=\"Observation-meta GridFlex GridFlex--alignBaseline GridFlex--withGutterSmall GridFlex--grid\">\n<div class=\"Observation-meta-count GridFlex-cell\"><span class=\"is-visuallyHidden\">Compter\u00a0<\/span><span class=\"Observation-meta-count-label Color-text-neutral-4\">X<\/span><\/div>\n<div class=\"Observation-meta-date GridFlex-cell\"><a class=\"Observation-meta-date-label\" href=\"https:\/\/ebird.org\/checklist\/S60142458\" rel=\"noopener\">12 avril 2018<\/a><\/div>\n<div class=\"Observation-meta-observer GridFlex-cell\"><span class=\"Observation-meta-observer-label\">juan carlos dieguez<\/span><\/div>\n<\/div>\n<\/section>\n<section id=\"has-det-109\" class=\"Observation Observation--placeSpeciesObserved u-flushInPageSection Observation--forHotspot u-showForLarge\" aria-labelledby=\"species-heading-santer1\" data-truncated=\"\">\n<div class=\"Observation-numberObserved Color-text-neutral-3 u-text-2\"><span class=\"is-visuallyHidden\">esp\u00e8ces<\/span>100.<\/div>\n<div class=\"Observation-species\">\n<h4 id=\"species-heading-santer1\" class=\"Heading Heading--h5\"><a href=\"https:\/\/ebird.org\/species\/santer1\/L296465\" data-species-code=\"santer1\" rel=\"noopener\"><span class=\"Heading-main\">Sterne caugek<\/span><\/a><\/h4>\n<\/div>\n<div class=\"Observation-meta GridFlex GridFlex--alignBaseline GridFlex--withGutterSmall GridFlex--grid\">\n<div class=\"Observation-meta-count GridFlex-cell\"><span class=\"is-visuallyHidden\">Compter\u00a0<\/span><span class=\"Observation-meta-count-label Color-text-neutral-4\">X<\/span><\/div>\n<div class=\"Observation-meta-date GridFlex-cell\"><a class=\"Observation-meta-date-label\" href=\"https:\/\/ebird.org\/checklist\/S60142458\" rel=\"noopener\">12 avril 2018<\/a><\/div>\n<div class=\"Observation-meta-observer GridFlex-cell\"><span class=\"Observation-meta-observer-label\">juan carlos dieguez<\/span><\/div>\n<\/div>\n<\/section>\n<section id=\"has-det-110\" class=\"Observation Observation--placeSpeciesObserved u-flushInPageSection Observation--forHotspot u-showForLarge\" aria-labelledby=\"species-heading-blkswi\" data-truncated=\"\">\n<div class=\"Observation-numberObserved Color-text-neutral-3 u-text-2\"><span class=\"is-visuallyHidden\">esp\u00e8ces<\/span>101.<\/div>\n<div class=\"Observation-species\">\n<h4 id=\"species-heading-blkswi\" class=\"Heading Heading--h5\"><a href=\"https:\/\/ebird.org\/species\/blkswi\/L296465\" data-species-code=\"blkswi\" rel=\"noopener\"><span class=\"Heading-main\">Martinet noir<\/span><\/a><\/h4>\n<\/div>\n<div class=\"Observation-meta GridFlex GridFlex--alignBaseline GridFlex--withGutterSmall GridFlex--grid\">\n<div class=\"Observation-meta-count GridFlex-cell\"><span class=\"is-visuallyHidden\">Compter\u00a0<\/span><span class=\"Observation-meta-count-label Color-text-neutral-4\">1<\/span><\/div>\n<div class=\"Observation-meta-date GridFlex-cell\"><a class=\"Observation-meta-date-label\" href=\"https:\/\/ebird.org\/checklist\/S44408807\" rel=\"noopener\">4 mars 2018<\/a><\/div>\n<div class=\"Observation-meta-observer GridFlex-cell\"><span class=\"Observation-meta-observer-label\">Pete lu<\/span><\/div>\n<\/div>\n<\/section>\n<section id=\"has-det-111\" class=\"Observation Observation--placeSpeciesObserved u-flushInPageSection Observation--forHotspot u-showForLarge\" aria-labelledby=\"species-heading-grtwar1\" data-truncated=\"\">\n<div class=\"Observation-numberObserved Color-text-neutral-3 u-text-2\"><span class=\"is-visuallyHidden\">esp\u00e8ces<\/span>102.<\/div>\n<div class=\"Observation-species\">\n<h4 id=\"species-heading-grtwar1\" class=\"Heading Heading--h5\"><a href=\"https:\/\/ebird.org\/species\/grtwar1\/L296465\" data-species-code=\"grtwar1\" rel=\"noopener\"><span class=\"Heading-main\">Paruline \u00e0 queue verte<\/span><\/a><\/h4>\n<\/div>\n<div class=\"Observation-meta GridFlex GridFlex--alignBaseline GridFlex--withGutterSmall GridFlex--grid\">\n<div class=\"Observation-meta-count GridFlex-cell\"><span class=\"is-visuallyHidden\">Compter\u00a0<\/span><span class=\"Observation-meta-count-label Color-text-neutral-4\">1<\/span><\/div>\n<div class=\"Observation-meta-date GridFlex-cell\"><a class=\"Observation-meta-date-label\" href=\"https:\/\/ebird.org\/checklist\/S43030934\" rel=\"noopener\">20 f\u00e9vrier 2018<\/a><\/div>\n<div class=\"Observation-meta-observer GridFlex-cell\"><span class=\"Observation-meta-observer-label\">Jorge Brocca jbrocca@soh.org.do 809-753-1388<\/span><\/div>\n<\/div>\n<\/section>\n<section id=\"has-det-112\" class=\"Observation Observation--placeSpeciesObserved u-flushInPageSection Observation--forHotspot u-showForLarge\" aria-labelledby=\"species-heading-shshaw\" data-truncated=\"\">\n<div class=\"Observation-numberObserved Color-text-neutral-3 u-text-2\"><span class=\"is-visuallyHidden\">esp\u00e8ces<\/span>103.<\/div>\n<div class=\"Observation-species\">\n<h4 id=\"species-heading-shshaw\" class=\"Heading Heading--h5\"><a href=\"https:\/\/ebird.org\/species\/shshaw\/L296465\" data-species-code=\"shshaw\" rel=\"noopener\"><span class=\"Heading-main\">Buse brun<\/span><\/a><\/h4>\n<\/div>\n<div class=\"Observation-meta GridFlex GridFlex--alignBaseline GridFlex--withGutterSmall GridFlex--grid\">\n<div class=\"Observation-meta-count GridFlex-cell\"><span class=\"is-visuallyHidden\">Compter\u00a0<\/span><span class=\"Observation-meta-count-label Color-text-neutral-4\">1<\/span><\/div>\n<div class=\"Observation-meta-date GridFlex-cell\"><a class=\"Observation-meta-date-label\" href=\"https:\/\/ebird.org\/checklist\/S42749172\" rel=\"noopener\">14 f\u00e9vrier 2018<\/a><\/div>\n<div class=\"Observation-meta-observer GridFlex-cell\"><span class=\"Observation-meta-observer-label\">Forrest Rowland<\/span><\/div>\n<\/div>\n<\/section>\n<section id=\"has-det-113\" class=\"Observation Observation--placeSpeciesObserved u-flushInPageSection Observation--forHotspot u-showForLarge\" aria-labelledby=\"species-heading-treswa\" data-truncated=\"\">\n<div class=\"Observation-numberObserved Color-text-neutral-3 u-text-2\"><span class=\"is-visuallyHidden\">esp\u00e8ces<\/span>104.<\/div>\n<div class=\"Observation-species\">\n<h4 id=\"species-heading-treswa\" class=\"Heading Heading--h5\"><a href=\"https:\/\/ebird.org\/species\/treswa\/L296465\" data-species-code=\"treswa\" rel=\"noopener\"><span class=\"Heading-main\">Hirondelle bicolore<\/span><\/a><\/h4>\n<\/div>\n<div class=\"Observation-meta GridFlex GridFlex--alignBaseline GridFlex--withGutterSmall GridFlex--grid\">\n<div class=\"Observation-meta-count GridFlex-cell\"><span class=\"is-visuallyHidden\">Compter\u00a0<\/span><span class=\"Observation-meta-count-label Color-text-neutral-4\">3<\/span><\/div>\n<div class=\"Observation-meta-date GridFlex-cell\"><a class=\"Observation-meta-date-label\" href=\"https:\/\/ebird.org\/checklist\/S42749172\" rel=\"noopener\">14 f\u00e9vrier 2018<\/a><\/div>\n<div class=\"Observation-meta-observer GridFlex-cell\"><span class=\"Observation-meta-observer-label\">Forrest Rowland<\/span><\/div>\n<\/div>\n<\/section>\n<section id=\"has-det-114\" class=\"Observation Observation--placeSpeciesObserved u-flushInPageSection Observation--forHotspot u-showForLarge\" aria-labelledby=\"species-heading-shicow\" data-truncated=\"\">\n<div class=\"Observation-numberObserved Color-text-neutral-3 u-text-2\"><span class=\"is-visuallyHidden\">esp\u00e8ces<\/span>105.<\/div>\n<div class=\"Observation-species\">\n<h4 id=\"species-heading-shicow\" class=\"Heading Heading--h5\"><a href=\"https:\/\/ebird.org\/species\/shicow\/L296465\" data-species-code=\"shicow\" rel=\"noopener\"><span class=\"Heading-main\">Vacher brillant<\/span><\/a><\/h4>\n<\/div>\n<div class=\"Observation-meta GridFlex GridFlex--alignBaseline GridFlex--withGutterSmall GridFlex--grid\">\n<div class=\"Observation-meta-count GridFlex-cell\"><span class=\"is-visuallyHidden\">Compter\u00a0<\/span><span class=\"Observation-meta-count-label Color-text-neutral-4\">1<\/span><\/div>\n<div class=\"Observation-meta-date GridFlex-cell\"><a class=\"Observation-meta-date-label\" href=\"https:\/\/ebird.org\/checklist\/S42749172\" rel=\"noopener\">14 f\u00e9vrier 2018<\/a><\/div>\n<div class=\"Observation-meta-observer GridFlex-cell\"><span class=\"Observation-meta-observer-label\">Forrest Rowland<\/span><\/div>\n<\/div>\n<\/section>\n<section id=\"has-det-115\" class=\"Observation Observation--placeSpeciesObserved u-flushInPageSection Observation--forHotspot u-showForLarge\" aria-labelledby=\"species-heading-trimun\" data-truncated=\"\">\n<div class=\"Observation-numberObserved Color-text-neutral-3 u-text-2\"><span class=\"is-visuallyHidden\">esp\u00e8ces<\/span>106.<\/div>\n<div class=\"Observation-species\">\n<h4 id=\"species-heading-trimun\" class=\"Heading Heading--h5\"><a href=\"https:\/\/ebird.org\/species\/trimun\/L296465\" data-species-code=\"trimun\" rel=\"noopener\"><span class=\"Heading-main\">Munia tricolore<\/span><\/a><\/h4>\n<\/div>\n<div class=\"Observation-meta GridFlex GridFlex--alignBaseline GridFlex--withGutterSmall GridFlex--grid\">\n<div class=\"Observation-meta-count GridFlex-cell\"><span class=\"is-visuallyHidden\">Compter\u00a0<\/span><span class=\"Observation-meta-count-label Color-text-neutral-4\">7<\/span><\/div>\n<div class=\"Observation-meta-date GridFlex-cell\"><a class=\"Observation-meta-date-label\" href=\"https:\/\/ebird.org\/checklist\/S42294940\" rel=\"noopener\">24 janv. 2018<\/a><\/div>\n<div class=\"Observation-meta-observer GridFlex-cell\"><span class=\"Observation-meta-observer-label\">Barbara Carlson<\/span><\/div>\n<\/div>\n<\/section>\n<section id=\"has-det-116\" class=\"Observation Observation--placeSpeciesObserved u-flushInPageSection Observation--forHotspot u-showForLarge\" aria-labelledby=\"species-heading-yelwar\" data-truncated=\"\">\n<div class=\"Observation-numberObserved Color-text-neutral-3 u-text-2\"><span class=\"is-visuallyHidden\">esp\u00e8ces<\/span>107.<\/div>\n<div class=\"Observation-species\">\n<h4 id=\"species-heading-yelwar\" class=\"Heading Heading--h5\"><a href=\"https:\/\/ebird.org\/species\/yelwar\/L296465\" data-species-code=\"yelwar\" rel=\"noopener\"><span class=\"Heading-main\">Paruline jaune<\/span><\/a><\/h4>\n<\/div>\n<div class=\"Observation-meta GridFlex GridFlex--alignBaseline GridFlex--withGutterSmall GridFlex--grid\">\n<div class=\"Observation-meta-count GridFlex-cell\"><span class=\"is-visuallyHidden\">Compter\u00a0<\/span><span class=\"Observation-meta-count-label Color-text-neutral-4\">1<\/span><\/div>\n<div class=\"Observation-meta-date GridFlex-cell\"><a class=\"Observation-meta-date-label\" href=\"https:\/\/ebird.org\/checklist\/S41771953\" rel=\"noopener\">8 janv. 2018<\/a><\/div>\n<div class=\"Observation-meta-observer GridFlex-cell\"><span class=\"Observation-meta-observer-label\">John W. Cobb<\/span><\/div>\n<\/div>\n<\/section>\n<section id=\"has-det-117\" class=\"Observation Observation--placeSpeciesObserved u-flushInPageSection Observation--forHotspot u-showForLarge\" aria-labelledby=\"species-heading-passer1\" data-truncated=\"\">\n<div class=\"Observation-numberObserved Color-text-neutral-3 u-text-2\"><\/div>\n<div class=\"Observation-species\">\n<h4 id=\"species-heading-passer1\" class=\"Heading Heading--h5\"><span class=\"Heading-main\">passereau sp.<\/span><\/h4>\n<\/div>\n<div class=\"Observation-meta GridFlex GridFlex--alignBaseline GridFlex--withGutterSmall GridFlex--grid\">\n<div class=\"Observation-meta-count GridFlex-cell\"><span class=\"is-visuallyHidden\">Compter\u00a0<\/span><span class=\"Observation-meta-count-label Color-text-neutral-4\">3<\/span><\/div>\n<div class=\"Observation-meta-date GridFlex-cell\"><a class=\"Observation-meta-date-label\" href=\"https:\/\/ebird.org\/checklist\/S38940247\" rel=\"noopener\">1er septembre 2017<\/a><\/div>\n<div class=\"Observation-meta-observer GridFlex-cell\"><span class=\"Observation-meta-observer-label\">Michel Hurben<\/span><\/div>\n<\/div>\n<\/section>\n<section id=\"has-det-118\" class=\"Observation Observation--placeSpeciesObserved u-flushInPageSection Observation--forHotspot u-showForLarge\" aria-labelledby=\"species-heading-purgal2\" data-truncated=\"\">\n<div class=\"Observation-numberObserved Color-text-neutral-3 u-text-2\"><span class=\"is-visuallyHidden\">esp\u00e8ces<\/span>108.<\/div>\n<div class=\"Observation-species\">\n<h4 id=\"species-heading-purgal2\" class=\"Heading Heading--h5\"><a href=\"https:\/\/ebird.org\/species\/purgal2\/L296465\" data-species-code=\"purgal2\" rel=\"noopener\"><span class=\"Heading-main\">Gallinule pourpre<\/span><\/a><\/h4>\n<\/div>\n<div class=\"Observation-meta GridFlex GridFlex--alignBaseline GridFlex--withGutterSmall GridFlex--grid\">\n<div class=\"Observation-meta-count GridFlex-cell\"><span class=\"is-visuallyHidden\">Compter\u00a0<\/span><span class=\"Observation-meta-count-label Color-text-neutral-4\">1<\/span><\/div>\n<div class=\"Observation-meta-date GridFlex-cell\"><a class=\"Observation-meta-date-label\" href=\"https:\/\/ebird.org\/checklist\/S74701589\" rel=\"noopener\">17 avril 2017<\/a><\/div>\n<div class=\"Observation-meta-observer GridFlex-cell\"><span class=\"Observation-meta-observer-label\">Bruce Bohmke<\/span><\/div>\n<\/div>\n<\/section>\n<section id=\"has-det-119\" class=\"Observation Observation--placeSpeciesObserved u-flushInPageSection Observation--forHotspot u-showForLarge\" aria-labelledby=\"species-heading-bicthr\" data-truncated=\"\">\n<div class=\"Observation-numberObserved Color-text-neutral-3 u-text-2\"><span class=\"is-visuallyHidden\">esp\u00e8ces<\/span>109.<\/div>\n<div class=\"Observation-species\">\n<h4 id=\"species-heading-bicthr\" class=\"Heading Heading--h5\"><a href=\"https:\/\/ebird.org\/species\/bicthr\/L296465\" data-species-code=\"bicthr\" rel=\"noopener\"><span class=\"Heading-main\">Grive de Bicknell<\/span><\/a><\/h4>\n<\/div>\n<div class=\"Observation-meta GridFlex GridFlex--alignBaseline GridFlex--withGutterSmall GridFlex--grid\">\n<div class=\"Observation-meta-count GridFlex-cell\"><span class=\"is-visuallyHidden\">Compter\u00a0<\/span><span class=\"Observation-meta-count-label Color-text-neutral-4\">1<\/span><\/div>\n<div class=\"Observation-meta-date GridFlex-cell\"><a class=\"Observation-meta-date-label\" href=\"https:\/\/ebird.org\/checklist\/S32396152\" rel=\"noopener\">6 novembre 2016<\/a><\/div>\n<div class=\"Observation-meta-observer GridFlex-cell\"><span class=\"Observation-meta-observer-label\">Patrick Van Thull<\/span><\/div>\n<\/div>\n<\/section>\n<section id=\"has-det-120\" class=\"Observation Observation--placeSpeciesObserved u-flushInPageSection Observation--forHotspot u-showForLarge\" aria-labelledby=\"species-heading-brnboo\" data-truncated=\"\">\n<div class=\"Observation-numberObserved Color-text-neutral-3 u-text-2\"><span class=\"is-visuallyHidden\">esp\u00e8ces<\/span>110.<\/div>\n<div class=\"Observation-species\">\n<h4 id=\"species-heading-brnboo\" class=\"Heading Heading--h5\"><a href=\"https:\/\/ebird.org\/species\/brnboo\/L296465\" data-species-code=\"brnboo\" rel=\"noopener\"><span class=\"Heading-main\">Fou brun<\/span><\/a><\/h4>\n<\/div>\n<div class=\"Observation-meta GridFlex GridFlex--alignBaseline GridFlex--withGutterSmall GridFlex--grid\">\n<div class=\"Observation-meta-count GridFlex-cell\"><span class=\"is-visuallyHidden\">Compter\u00a0<\/span><span class=\"Observation-meta-count-label Color-text-neutral-4\">12<\/span><\/div>\n<div class=\"Observation-meta-date GridFlex-cell\"><a class=\"Observation-meta-date-label\" href=\"https:\/\/ebird.org\/checklist\/S33655478\" rel=\"noopener\">3 novembre 2016<\/a><\/div>\n<div class=\"Observation-meta-observer GridFlex-cell\"><span class=\"Observation-meta-observer-label\">Paul Mc Laren<\/span><\/div>\n<\/div>\n<\/section>\n<section id=\"has-det-121\" class=\"Observation Observation--placeSpeciesObserved u-flushInPageSection Observation--forHotspot u-showForLarge\" aria-labelledby=\"species-heading-graela1\" data-truncated=\"\">\n<div class=\"Observation-numberObserved Color-text-neutral-3 u-text-2\"><span class=\"is-visuallyHidden\">esp\u00e8ces<\/span>111.<\/div>\n<div class=\"Observation-species\">\n<h4 id=\"species-heading-graela1\" class=\"Heading Heading--h5\"><a href=\"https:\/\/ebird.org\/species\/graela1\/L296465\" data-species-code=\"graela1\" rel=\"noopener\"><span class=\"Heading-main\">Grand Antillais Elenia<\/span><\/a><\/h4>\n<\/div>\n<div class=\"Observation-meta GridFlex GridFlex--alignBaseline GridFlex--withGutterSmall GridFlex--grid\">\n<div class=\"Observation-meta-count GridFlex-cell\"><span class=\"is-visuallyHidden\">Compter\u00a0<\/span><span class=\"Observation-meta-count-label Color-text-neutral-4\">1<\/span><\/div>\n<div class=\"Observation-meta-date GridFlex-cell\"><a class=\"Observation-meta-date-label\" href=\"https:\/\/ebird.org\/checklist\/S33506966\" rel=\"noopener\">28 juil. 2016<\/a><\/div>\n<div class=\"Observation-meta-observer GridFlex-cell\"><span class=\"Observation-meta-observer-label\">Chris Boccia<\/span><\/div>\n<\/div>\n<\/section>\n<section id=\"has-det-122\" class=\"Observation Observation--placeSpeciesObserved u-flushInPageSection Observation--forHotspot u-showForLarge\" aria-labelledby=\"species-heading-roster\" data-truncated=\"\">\n<div class=\"Observation-numberObserved Color-text-neutral-3 u-text-2\"><span class=\"is-visuallyHidden\">esp\u00e8ces<\/span>112.<\/div>\n<div class=\"Observation-species\">\n<h4 id=\"species-heading-roster\" class=\"Heading Heading--h5\"><a href=\"https:\/\/ebird.org\/species\/roster\/L296465\" data-species-code=\"roster\" rel=\"noopener\"><span class=\"Heading-main\">Sterne de Dougall<\/span><\/a><\/h4>\n<\/div>\n<div class=\"Observation-meta GridFlex GridFlex--alignBaseline GridFlex--withGutterSmall GridFlex--grid\">\n<div class=\"Observation-meta-count GridFlex-cell\"><span class=\"is-visuallyHidden\">Compter\u00a0<\/span><span class=\"Observation-meta-count-label Color-text-neutral-4\">1<\/span><\/div>\n<div class=\"Observation-meta-date GridFlex-cell\"><a class=\"Observation-meta-date-label\" href=\"https:\/\/ebird.org\/checklist\/S30274645\" rel=\"noopener\">17 juin 2016<\/a><\/div>\n<div class=\"Observation-meta-observer GridFlex-cell\"><span class=\"Observation-meta-observer-label\">K\u00e9vin Nick<\/span><\/div>\n<\/div>\n<\/section>\n<section id=\"has-det-123\" class=\"Observation Observation--placeSpeciesObserved u-flushInPageSection Observation--forHotspot u-showForLarge\" aria-labelledby=\"species-heading-logkin\" data-truncated=\"\">\n<div class=\"Observation-numberObserved Color-text-neutral-3 u-text-2\"><span class=\"is-visuallyHidden\">esp\u00e8ces<\/span>113.<\/div>\n<div class=\"Observation-species\">\n<h4 id=\"species-heading-logkin\" class=\"Heading Heading--h5\"><a href=\"https:\/\/ebird.org\/species\/logkin\/L296465\" data-species-code=\"logkin\" rel=\"noopener\"><span class=\"Heading-main\">Tyran caouanne<\/span><\/a><\/h4>\n<\/div>\n<div class=\"Observation-meta GridFlex GridFlex--alignBaseline GridFlex--withGutterSmall GridFlex--grid\">\n<div class=\"Observation-meta-count GridFlex-cell\"><span class=\"is-visuallyHidden\">Compter\u00a0<\/span><span class=\"Observation-meta-count-label Color-text-neutral-4\">1<\/span><\/div>\n<div class=\"Observation-meta-date GridFlex-cell\"><a class=\"Observation-meta-date-label\" href=\"https:\/\/ebird.org\/checklist\/S28117475\" rel=\"noopener\">11 mars 2016<\/a><\/div>\n<div class=\"Observation-meta-observer GridFlex-cell\"><span class=\"Observation-meta-observer-label\">Rich Hoyer<\/span><\/div>\n<\/div>\n<\/section>\n<section id=\"has-det-124\" class=\"Observation Observation--placeSpeciesObserved u-flushInPageSection Observation--forHotspot u-showForLarge\" aria-labelledby=\"species-heading-chwwid\" data-truncated=\"\">\n<div class=\"Observation-numberObserved Color-text-neutral-3 u-text-2\"><span class=\"is-visuallyHidden\">esp\u00e8ces<\/span>114.<\/div>\n<div class=\"Observation-species\">\n<h4 id=\"species-heading-chwwid\" class=\"Heading Heading--h5\"><a href=\"https:\/\/ebird.org\/species\/chwwid\/L296465\" data-species-code=\"chwwid\" rel=\"noopener\"><span class=\"Heading-main\">Chuck-will&#039;s-veuve<\/span><\/a><\/h4>\n<\/div>\n<div class=\"Observation-meta GridFlex GridFlex--alignBaseline GridFlex--withGutterSmall GridFlex--grid\">\n<div class=\"Observation-meta-count GridFlex-cell\"><span class=\"is-visuallyHidden\">Compter\u00a0<\/span><span class=\"Observation-meta-count-label Color-text-neutral-4\">1<\/span><\/div>\n<div class=\"Observation-meta-date GridFlex-cell\"><a class=\"Observation-meta-date-label\" href=\"https:\/\/ebird.org\/checklist\/S28117476\" rel=\"noopener\">11 mars 2016<\/a><\/div>\n<div class=\"Observation-meta-observer GridFlex-cell\"><span class=\"Observation-meta-observer-label\">Rich Hoyer<\/span><\/div>\n<\/div>\n<\/section>\n<section id=\"has-det-125\" class=\"Observation Observation--placeSpeciesObserved u-flushInPageSection Observation--forHotspot u-showForLarge\" aria-labelledby=\"species-heading-anteup1\" data-truncated=\"\">\n<div class=\"Observation-numberObserved Color-text-neutral-3 u-text-2\"><span class=\"is-visuallyHidden\">esp\u00e8ces<\/span>115.<\/div>\n<div class=\"Observation-species\">\n<h4 id=\"species-heading-anteup1\" class=\"Heading Heading--h5\"><a href=\"https:\/\/ebird.org\/species\/anteup1\/L296465\" data-species-code=\"anteup1\" rel=\"noopener\"><span class=\"Heading-main\">Euphonie antillaise<\/span><\/a><\/h4>\n<\/div>\n<div class=\"Observation-meta GridFlex GridFlex--alignBaseline GridFlex--withGutterSmall GridFlex--grid\">\n<div class=\"Observation-meta-count GridFlex-cell\"><span class=\"is-visuallyHidden\">Compter\u00a0<\/span><span class=\"Observation-meta-count-label Color-text-neutral-4\">2<\/span><\/div>\n<div class=\"Observation-meta-date GridFlex-cell\"><a class=\"Observation-meta-date-label\" href=\"https:\/\/ebird.org\/checklist\/S22185686\" rel=\"noopener\">3 mars 2015<\/a><\/div>\n<div class=\"Observation-meta-observer GridFlex-cell\"><span class=\"Observation-meta-observer-label\">Richard Preston<\/span><\/div>\n<\/div>\n<\/section>\n<section id=\"has-det-126\" class=\"Observation Observation--placeSpeciesObserved u-flushInPageSection Observation--forHotspot u-showForLarge\" aria-labelledby=\"species-heading-sora\" data-truncated=\"\">\n<div class=\"Observation-numberObserved Color-text-neutral-3 u-text-2\"><span class=\"is-visuallyHidden\">esp\u00e8ces<\/span>116.<\/div>\n<div class=\"Observation-species\">\n<h4 id=\"species-heading-sora\" class=\"Heading Heading--h5\"><a href=\"https:\/\/ebird.org\/species\/sora\/L296465\" data-species-code=\"sora\" rel=\"noopener\"><span class=\"Heading-main\">Sora<\/span><\/a><\/h4>\n<\/div>\n<div class=\"Observation-meta GridFlex GridFlex--alignBaseline GridFlex--withGutterSmall GridFlex--grid\">\n<div class=\"Observation-meta-count GridFlex-cell\"><span class=\"is-visuallyHidden\">Compter\u00a0<\/span><span class=\"Observation-meta-count-label Color-text-neutral-4\">1<\/span><\/div>\n<div class=\"Observation-meta-date GridFlex-cell\"><a class=\"Observation-meta-date-label\" href=\"https:\/\/ebird.org\/checklist\/S20923785\" rel=\"noopener\">13 d\u00e9cembre 2014<\/a><\/div>\n<div class=\"Observation-meta-observer GridFlex-cell\"><span class=\"Observation-meta-observer-label\">Jim Zook<\/span><\/div>\n<\/div>\n<\/section>\n<section id=\"has-det-127\" class=\"Observation Observation--placeSpeciesObserved u-flushInPageSection Observation--forHotspot u-showForLarge\" aria-labelledby=\"species-heading-yebcuc\" data-truncated=\"\">\n<div class=\"Observation-numberObserved Color-text-neutral-3 u-text-2\"><span class=\"is-visuallyHidden\">esp\u00e8ces<\/span>117.<\/div>\n<div class=\"Observation-species\">\n<h4 id=\"species-heading-yebcuc\" class=\"Heading Heading--h5\"><a href=\"https:\/\/ebird.org\/species\/yebcuc\/L296465\" data-species-code=\"yebcuc\" rel=\"noopener\"><span class=\"Heading-main\">Coucou \u00e0 bec jaune<\/span><\/a><\/h4>\n<\/div>\n<div class=\"Observation-meta GridFlex GridFlex--alignBaseline GridFlex--withGutterSmall GridFlex--grid\">\n<div class=\"Observation-meta-count GridFlex-cell\"><span class=\"is-visuallyHidden\">Compter\u00a0<\/span><span class=\"Observation-meta-count-label Color-text-neutral-4\">1<\/span><\/div>\n<div class=\"Observation-meta-date GridFlex-cell\"><a class=\"Observation-meta-date-label\" href=\"https:\/\/ebird.org\/checklist\/S20923730\" rel=\"noopener\">13 d\u00e9cembre 2014<\/a><\/div>\n<div class=\"Observation-meta-observer GridFlex-cell\"><span class=\"Observation-meta-observer-label\">Jim Zook<\/span><\/div>\n<\/div>\n<\/section>\n<section id=\"has-det-128\" class=\"Observation Observation--placeSpeciesObserved u-flushInPageSection Observation--forHotspot u-showForLarge\" aria-labelledby=\"species-heading-pibgre\" data-truncated=\"\">\n<div class=\"Observation-numberObserved Color-text-neutral-3 u-text-2\"><span class=\"is-visuallyHidden\">esp\u00e8ces<\/span>118.<\/div>\n<div class=\"Observation-species\">\n<h4 id=\"species-heading-pibgre\" class=\"Heading Heading--h5\"><a href=\"https:\/\/ebird.org\/species\/pibgre\/L296465\" data-species-code=\"pibgre\" rel=\"noopener\"><span class=\"Heading-main\">Gr\u00e8be \u00e0 bec bigarr\u00e9<\/span><\/a><\/h4>\n<\/div>\n<div class=\"Observation-meta GridFlex GridFlex--alignBaseline GridFlex--withGutterSmall GridFlex--grid\">\n<div class=\"Observation-meta-count GridFlex-cell\"><span class=\"is-visuallyHidden\">Compter\u00a0<\/span><span class=\"Observation-meta-count-label Color-text-neutral-4\">1<\/span><\/div>\n<div class=\"Observation-meta-date GridFlex-cell\"><a class=\"Observation-meta-date-label\" href=\"https:\/\/ebird.org\/checklist\/S20637907\" rel=\"noopener\">17 novembre 2014<\/a><\/div>\n<div class=\"Observation-meta-observer GridFlex-cell\"><span class=\"Observation-meta-observer-label\">K\u00e9vin Seymour<\/span><\/div>\n<\/div>\n<\/section>\n<section id=\"has-det-129\" class=\"Observation Observation--placeSpeciesObserved u-flushInPageSection Observation--forHotspot u-showForLarge\" aria-labelledby=\"species-heading-bkfgra\" data-truncated=\"\">\n<div class=\"Observation-numberObserved Color-text-neutral-3 u-text-2\"><span class=\"is-visuallyHidden\">esp\u00e8ces<\/span>119.<\/div>\n<div class=\"Observation-species\">\n<h4 id=\"species-heading-bkfgra\" class=\"Heading Heading--h5\"><a href=\"https:\/\/ebird.org\/species\/bkfgra\/L296465\" data-species-code=\"bkfgra\" rel=\"noopener\"><span class=\"Heading-main\">Grassquit \u00e0 face noire<\/span><\/a><\/h4>\n<\/div>\n<div class=\"Observation-meta GridFlex GridFlex--alignBaseline GridFlex--withGutterSmall GridFlex--grid\">\n<div class=\"Observation-meta-count GridFlex-cell\"><span class=\"is-visuallyHidden\">Compter\u00a0<\/span><span class=\"Observation-meta-count-label Color-text-neutral-4\">1<\/span><\/div>\n<div class=\"Observation-meta-date GridFlex-cell\"><a class=\"Observation-meta-date-label\" href=\"https:\/\/ebird.org\/checklist\/S38777440\" rel=\"noopener\">7 mars 2014<\/a><\/div>\n<div class=\"Observation-meta-observer GridFlex-cell\"><span class=\"Observation-meta-observer-label\">St\u00e9phane Gast<\/span><\/div>\n<\/div>\n<\/section>\n<section id=\"has-det-130\" class=\"Observation Observation--placeSpeciesObserved u-flushInPageSection Observation--forHotspot u-showForLarge\" aria-labelledby=\"species-heading-balori\" data-truncated=\"\">\n<div class=\"Observation-numberObserved Color-text-neutral-3 u-text-2\"><span class=\"is-visuallyHidden\">esp\u00e8ces<\/span>120.<\/div>\n<div class=\"Observation-species\">\n<h4 id=\"species-heading-balori\" class=\"Heading Heading--h5\"><a href=\"https:\/\/ebird.org\/species\/balori\/L296465\" data-species-code=\"balori\" rel=\"noopener\"><span class=\"Heading-main\">Oriole de Baltimore<\/span><\/a><\/h4>\n<\/div>\n<div class=\"Observation-meta GridFlex GridFlex--alignBaseline GridFlex--withGutterSmall GridFlex--grid\">\n<div class=\"Observation-meta-count GridFlex-cell\"><span class=\"is-visuallyHidden\">Compter\u00a0<\/span><span class=\"Observation-meta-count-label Color-text-neutral-4\">1<\/span><\/div>\n<div class=\"Observation-meta-date GridFlex-cell\"><a class=\"Observation-meta-date-label\" href=\"https:\/\/ebird.org\/checklist\/S57699787\" rel=\"noopener\">26 f\u00e9vrier 2014<\/a><\/div>\n<div class=\"Observation-meta-observer GridFlex-cell\"><span class=\"Observation-meta-observer-label\">Clayton Burne<\/span><\/div>\n<\/div>\n<\/section>\n<section id=\"has-det-131\" class=\"Observation Observation--placeSpeciesObserved u-flushInPageSection Observation--forHotspot u-showForLarge\" aria-labelledby=\"species-heading-bkbplo\" data-truncated=\"\">\n<div class=\"Observation-numberObserved Color-text-neutral-3 u-text-2\"><span class=\"is-visuallyHidden\">esp\u00e8ces<\/span>121.<\/div>\n<div class=\"Observation-species\">\n<h4 id=\"species-heading-bkbplo\" class=\"Heading Heading--h5\"><a href=\"https:\/\/ebird.org\/species\/bkbplo\/L296465\" data-species-code=\"bkbplo\" rel=\"noopener\"><span class=\"Heading-main\">Pluvier argent\u00e9<\/span><\/a><\/h4>\n<\/div>\n<div class=\"Observation-meta GridFlex GridFlex--alignBaseline GridFlex--withGutterSmall GridFlex--grid\">\n<div class=\"Observation-meta-count GridFlex-cell\"><span class=\"is-visuallyHidden\">Compter\u00a0<\/span><span class=\"Observation-meta-count-label Color-text-neutral-4\">X<\/span><\/div>\n<div class=\"Observation-meta-date GridFlex-cell\"><a class=\"Observation-meta-date-label\" href=\"https:\/\/ebird.org\/checklist\/S73228292\" rel=\"noopener\">26 f\u00e9vrier 2014<\/a><\/div>\n<div class=\"Observation-meta-observer GridFlex-cell\"><span class=\"Observation-meta-observer-label\">R\u00e9al Bisson<\/span><\/div>\n<\/div>\n<\/section>\n<section id=\"has-det-132\" class=\"Observation Observation--placeSpeciesObserved u-flushInPageSection Observation--forHotspot u-showForLarge\" aria-labelledby=\"species-heading-rutsol1\" data-truncated=\"\">\n<div class=\"Observation-numberObserved Color-text-neutral-3 u-text-2\"><span class=\"is-visuallyHidden\">esp\u00e8ces<\/span>122.<\/div>\n<div class=\"Observation-species\">\n<h4 id=\"species-heading-rutsol1\" class=\"Heading Heading--h5\"><a href=\"https:\/\/ebird.org\/species\/rutsol1\/L296465\" data-species-code=\"rutsol1\" rel=\"noopener\"><span class=\"Heading-main\">Solitaire \u00e0 gorge rousse<\/span><\/a><\/h4>\n<\/div>\n<div class=\"Observation-meta GridFlex GridFlex--alignBaseline GridFlex--withGutterSmall GridFlex--grid\">\n<div class=\"Observation-meta-count GridFlex-cell\"><span class=\"is-visuallyHidden\">Compter\u00a0<\/span><span class=\"Observation-meta-count-label Color-text-neutral-4\">X<\/span><\/div>\n<div class=\"Observation-meta-date GridFlex-cell\"><a class=\"Observation-meta-date-label\" href=\"https:\/\/ebird.org\/checklist\/S16214768\" rel=\"noopener\">21 d\u00e9cembre 2013<\/a><\/div>\n<div class=\"Observation-meta-observer GridFlex-cell\"><span class=\"Observation-meta-observer-label\">Lynn Schofield<\/span><\/div>\n<\/div>\n<\/section>\n<section id=\"has-det-133\" class=\"Observation Observation--placeSpeciesObserved u-flushInPageSection Observation--forHotspot u-showForLarge\" aria-labelledby=\"species-heading-woewar1\" data-truncated=\"\">\n<div class=\"Observation-numberObserved Color-text-neutral-3 u-text-2\"><span class=\"is-visuallyHidden\">esp\u00e8ces<\/span>123.<\/div>\n<div class=\"Observation-species\">\n<h4 id=\"species-heading-woewar1\" class=\"Heading Heading--h5\"><a href=\"https:\/\/ebird.org\/species\/woewar1\/L296465\" data-species-code=\"woewar1\" rel=\"noopener\"><span class=\"Heading-main\">Paruline vermivore<\/span><\/a><\/h4>\n<\/div>\n<div class=\"Observation-meta GridFlex GridFlex--alignBaseline GridFlex--withGutterSmall GridFlex--grid\">\n<div class=\"Observation-meta-count GridFlex-cell\"><span class=\"is-visuallyHidden\">Compter\u00a0<\/span><span class=\"Observation-meta-count-label Color-text-neutral-4\">X<\/span><\/div>\n<div class=\"Observation-meta-date GridFlex-cell\"><a class=\"Observation-meta-date-label\" href=\"https:\/\/ebird.org\/checklist\/S16214768\" rel=\"noopener\">21 d\u00e9cembre 2013<\/a><\/div>\n<div class=\"Observation-meta-observer GridFlex-cell\"><span class=\"Observation-meta-observer-label\">Lynn Schofield<\/span><\/div>\n<\/div>\n<\/section>\n<section id=\"has-det-134\" class=\"Observation Observation--placeSpeciesObserved u-flushInPageSection Observation--forHotspot u-showForLarge\" aria-labelledby=\"species-heading-kenwar\" data-truncated=\"\">\n<div class=\"Observation-numberObserved Color-text-neutral-3 u-text-2\"><span class=\"is-visuallyHidden\">esp\u00e8ces<\/span>124.<\/div>\n<div class=\"Observation-species\">\n<h4 id=\"species-heading-kenwar\" class=\"Heading Heading--h5\"><a href=\"https:\/\/ebird.org\/species\/kenwar\/L296465\" data-species-code=\"kenwar\" rel=\"noopener\"><span class=\"Heading-main\">Paruline du Kentucky<\/span><\/a><\/h4>\n<\/div>\n<div class=\"Observation-meta GridFlex GridFlex--alignBaseline GridFlex--withGutterSmall GridFlex--grid\">\n<div class=\"Observation-meta-count GridFlex-cell\"><span class=\"is-visuallyHidden\">Compter\u00a0<\/span><span class=\"Observation-meta-count-label Color-text-neutral-4\">X<\/span><\/div>\n<div class=\"Observation-meta-date GridFlex-cell\"><a class=\"Observation-meta-date-label\" href=\"https:\/\/ebird.org\/checklist\/S16214768\" rel=\"noopener\">21 d\u00e9cembre 2013<\/a><\/div>\n<div class=\"Observation-meta-observer GridFlex-cell\"><span class=\"Observation-meta-observer-label\">Lynn Schofield<\/span><\/div>\n<\/div>\n<\/section>\n<section id=\"has-det-135\" class=\"Observation Observation--placeSpeciesObserved u-flushInPageSection Observation--forHotspot u-showForLarge\" aria-labelledby=\"species-heading-rudtur\" data-truncated=\"\">\n<div class=\"Observation-numberObserved Color-text-neutral-3 u-text-2\"><span class=\"is-visuallyHidden\">esp\u00e8ces<\/span>125.<\/div>\n<div class=\"Observation-species\">\n<h4 id=\"species-heading-rudtur\" class=\"Heading Heading--h5\"><a href=\"https:\/\/ebird.org\/species\/rudtur\/L296465\" data-species-code=\"rudtur\" rel=\"noopener\"><span class=\"Heading-main\">Tournepierre \u00e0 collier<\/span><\/a><\/h4>\n<\/div>\n<div class=\"Observation-meta GridFlex GridFlex--alignBaseline GridFlex--withGutterSmall GridFlex--grid\">\n<div class=\"Observation-meta-count GridFlex-cell\"><span class=\"is-visuallyHidden\">Compter\u00a0<\/span><span class=\"Observation-meta-count-label Color-text-neutral-4\">10<\/span><\/div>\n<div class=\"Observation-meta-date GridFlex-cell\"><a class=\"Observation-meta-date-label\" href=\"https:\/\/ebird.org\/checklist\/S62395245\" rel=\"noopener\">13 avril 2013<\/a><\/div>\n<div class=\"Observation-meta-observer GridFlex-cell\"><span class=\"Observation-meta-observer-label\">Christophe Escott<\/span><\/div>\n<\/div>\n<\/section>\n<section id=\"has-det-136\" class=\"Observation Observation--placeSpeciesObserved u-flushInPageSection Observation--forHotspot u-showForLarge\" aria-labelledby=\"species-heading-leasan\" data-truncated=\"\">\n<div class=\"Observation-numberObserved Color-text-neutral-3 u-text-2\"><span class=\"is-visuallyHidden\">esp\u00e8ces<\/span>126.<\/div>\n<div class=\"Observation-species\">\n<h4 id=\"species-heading-leasan\" class=\"Heading Heading--h5\"><a href=\"https:\/\/ebird.org\/species\/leasan\/L296465\" data-species-code=\"leasan\" rel=\"noopener\"><span class=\"Heading-main\">B\u00e9casseau mineur<\/span><\/a><\/h4>\n<\/div>\n<div class=\"Observation-meta GridFlex GridFlex--alignBaseline GridFlex--withGutterSmall GridFlex--grid\">\n<div class=\"Observation-meta-count GridFlex-cell\"><span class=\"is-visuallyHidden\">Compter\u00a0<\/span><span class=\"Observation-meta-count-label Color-text-neutral-4\">4<\/span><\/div>\n<div class=\"Observation-meta-date GridFlex-cell\"><a class=\"Observation-meta-date-label\" href=\"https:\/\/ebird.org\/checklist\/S62395245\" rel=\"noopener\">13 avril 2013<\/a><\/div>\n<div class=\"Observation-meta-observer GridFlex-cell\"><span class=\"Observation-meta-observer-label\">Christophe Escott<\/span><\/div>\n<\/div>\n<\/section>\n<section id=\"has-det-137\" class=\"Observation Observation--placeSpeciesObserved u-flushInPageSection Observation--forHotspot u-showForLarge\" aria-labelledby=\"species-heading-greyel\" data-truncated=\"\">\n<div class=\"Observation-numberObserved Color-text-neutral-3 u-text-2\"><span class=\"is-visuallyHidden\">esp\u00e8ces<\/span>127.<\/div>\n<div class=\"Observation-species\">\n<h4 id=\"species-heading-greyel\" class=\"Heading Heading--h5\"><a href=\"https:\/\/ebird.org\/species\/greyel\/L296465\" data-species-code=\"greyel\" rel=\"noopener\"><span class=\"Heading-main\">Grand Chevalier<\/span><\/a><\/h4>\n<\/div>\n<div class=\"Observation-meta GridFlex GridFlex--alignBaseline GridFlex--withGutterSmall GridFlex--grid\">\n<div class=\"Observation-meta-count GridFlex-cell\"><span class=\"is-visuallyHidden\">Compter\u00a0<\/span><span class=\"Observation-meta-count-label Color-text-neutral-4\">1<\/span><\/div>\n<div class=\"Observation-meta-date GridFlex-cell\"><a class=\"Observation-meta-date-label\" href=\"https:\/\/ebird.org\/checklist\/S62395245\" rel=\"noopener\">13 avril 2013<\/a><\/div>\n<div class=\"Observation-meta-observer GridFlex-cell\"><span class=\"Observation-meta-observer-label\">Christophe Escott<\/span><\/div>\n<\/div>\n<\/section>\n<section id=\"has-det-138\" class=\"Observation Observation--placeSpeciesObserved u-flushInPageSection Observation--forHotspot u-showForLarge\" aria-labelledby=\"species-heading-lesyel\" data-truncated=\"\">\n<div class=\"Observation-numberObserved Color-text-neutral-3 u-text-2\"><span class=\"is-visuallyHidden\">esp\u00e8ces<\/span>128.<\/div>\n<div class=\"Observation-species\">\n<h4 id=\"species-heading-lesyel\" class=\"Heading Heading--h5\"><a href=\"https:\/\/ebird.org\/species\/lesyel\/L296465\" data-species-code=\"lesyel\" rel=\"noopener\"><span class=\"Heading-main\">Petit Chevalier<\/span><\/a><\/h4>\n<\/div>\n<div class=\"Observation-meta GridFlex GridFlex--alignBaseline GridFlex--withGutterSmall GridFlex--grid\">\n<div class=\"Observation-meta-count GridFlex-cell\"><span class=\"is-visuallyHidden\">Compter\u00a0<\/span><span class=\"Observation-meta-count-label Color-text-neutral-4\">2<\/span><\/div>\n<div class=\"Observation-meta-date GridFlex-cell\"><a class=\"Observation-meta-date-label\" href=\"https:\/\/ebird.org\/checklist\/S62395245\" rel=\"noopener\">13 avril 2013<\/a><\/div>\n<div class=\"Observation-meta-observer GridFlex-cell\"><span class=\"Observation-meta-observer-label\">Christophe Escott<\/span><\/div>\n<\/div>\n<\/section>\n<section id=\"has-det-139\" class=\"Observation Observation--placeSpeciesObserved u-flushInPageSection Observation--forHotspot u-showForLarge\" aria-labelledby=\"species-heading-hiscro\" data-truncated=\"\">\n<div class=\"Observation-numberObserved Color-text-neutral-3 u-text-2\"><span class=\"is-visuallyHidden\">esp\u00e8ces<\/span>129.<\/div>\n<div class=\"Observation-species\">\n<h4 id=\"species-heading-hiscro\" class=\"Heading Heading--h5\"><a href=\"https:\/\/ebird.org\/species\/hiscro\/L296465\" data-species-code=\"hiscro\" rel=\"noopener\"><span class=\"Heading-main\">Bec-crois\u00e9 d&#039;Hispaniola<\/span><\/a><\/h4>\n<\/div>\n<div class=\"Observation-meta GridFlex GridFlex--alignBaseline GridFlex--withGutterSmall GridFlex--grid\">\n<div class=\"Observation-meta-count GridFlex-cell\"><span class=\"is-visuallyHidden\">Compter\u00a0<\/span><span class=\"Observation-meta-count-label Color-text-neutral-4\">1<\/span><\/div>\n<div class=\"Observation-meta-date GridFlex-cell\"><a class=\"Observation-meta-date-label\" href=\"https:\/\/ebird.org\/checklist\/S64095844\" rel=\"noopener\">16 novembre 2012<\/a><\/div>\n<div class=\"Observation-meta-observer GridFlex-cell\"><span class=\"Observation-meta-observer-label\">Richard Waldrop<\/span><\/div>\n<\/div>\n<\/section>\n<section id=\"has-det-140\" class=\"Observation Observation--placeSpeciesObserved u-flushInPageSection Observation--forHotspot u-showForLarge\" aria-labelledby=\"species-heading-granig1\" data-truncated=\"\">\n<div class=\"Observation-numberObserved Color-text-neutral-3 u-text-2\"><span class=\"is-visuallyHidden\">esp\u00e8ces<\/span>130.<\/div>\n<div class=\"Observation-species\">\n<h4 id=\"species-heading-granig1\" class=\"Heading Heading--h5\"><a href=\"https:\/\/ebird.org\/species\/granig1\/L296465\" data-species-code=\"granig1\" rel=\"noopener\"><span class=\"Heading-main\">Engoulevent du Grand Antillais<\/span><\/a><\/h4>\n<\/div>\n<div class=\"Observation-meta GridFlex GridFlex--alignBaseline GridFlex--withGutterSmall GridFlex--grid\">\n<div class=\"Observation-meta-count GridFlex-cell\"><span class=\"is-visuallyHidden\">Compter\u00a0<\/span><span class=\"Observation-meta-count-label Color-text-neutral-4\">1<\/span><\/div>\n<div class=\"Observation-meta-date GridFlex-cell\"><a class=\"Observation-meta-date-label\" href=\"https:\/\/ebird.org\/checklist\/S68607533\" rel=\"noopener\">12 mars 2010<\/a><\/div>\n<div class=\"Observation-meta-observer GridFlex-cell\"><span class=\"Observation-meta-observer-label\">ALBERTO GARCIA<\/span><\/div>\n<\/div>\n<\/section>\n<section id=\"has-det-141\" class=\"Observation Observation--placeSpeciesObserved u-flushInPageSection Observation--forHotspot u-showForLarge\" aria-labelledby=\"species-heading-rosspo1\" data-truncated=\"\">\n<div class=\"Observation-numberObserved Color-text-neutral-3 u-text-2\"><span class=\"is-visuallyHidden\">esp\u00e8ces<\/span>131.<\/div>\n<div class=\"Observation-species\">\n<h4 id=\"species-heading-rosspo1\" class=\"Heading Heading--h5\"><a href=\"https:\/\/ebird.org\/species\/rosspo1\/L296465\" data-species-code=\"rosspo1\" rel=\"noopener\"><span class=\"Heading-main\">Spatule ros\u00e9e<\/span><\/a><\/h4>\n<\/div>\n<div class=\"Observation-meta GridFlex GridFlex--alignBaseline GridFlex--withGutterSmall GridFlex--grid\">\n<div class=\"Observation-meta-count GridFlex-cell\"><span class=\"is-visuallyHidden\">Compter\u00a0<\/span><span class=\"Observation-meta-count-label Color-text-neutral-4\">4<\/span><\/div>\n<div class=\"Observation-meta-date GridFlex-cell\"><a class=\"Observation-meta-date-label\" href=\"https:\/\/ebird.org\/checklist\/S22812405\" rel=\"noopener\">18 ao\u00fbt 2009<\/a><\/div>\n<div class=\"Observation-meta-observer GridFlex-cell\"><span class=\"Observation-meta-observer-label\">Cynthia Sandeno<\/span><\/div>\n<\/div>\n<\/section>\n<section id=\"has-det-142\" class=\"Observation Observation--placeSpeciesObserved u-flushInPageSection Observation--forHotspot u-showForLarge\" aria-labelledby=\"species-heading-redegr\" data-truncated=\"\">\n<div class=\"Observation-numberObserved Color-text-neutral-3 u-text-2\"><span class=\"is-visuallyHidden\">esp\u00e8ces<\/span>132.<\/div>\n<div class=\"Observation-species\">\n<h4 id=\"species-heading-redegr\" class=\"Heading Heading--h5\"><a href=\"https:\/\/ebird.org\/species\/redegr\/L296465\" data-species-code=\"redegr\" rel=\"noopener\"><span class=\"Heading-main\">Aigrette rouge\u00e2tre<\/span><\/a><\/h4>\n<\/div>\n<div class=\"Observation-meta GridFlex GridFlex--alignBaseline GridFlex--withGutterSmall GridFlex--grid\">\n<div class=\"Observation-meta-count GridFlex-cell\"><span class=\"is-visuallyHidden\">Compter\u00a0<\/span><span class=\"Observation-meta-count-label Color-text-neutral-4\">X<\/span><\/div>\n<div class=\"Observation-meta-date GridFlex-cell\"><a class=\"Observation-meta-date-label\" href=\"https:\/\/ebird.org\/checklist\/S7052560\" rel=\"noopener\">14 novembre 2008<\/a><\/div>\n<div class=\"Observation-meta-observer GridFlex-cell\"><span class=\"Observation-meta-observer-label\">Knut Hansen<\/span><\/div>\n<\/div>\n<\/section>\n<section id=\"has-det-143\" class=\"Observation Observation--placeSpeciesObserved u-flushInPageSection Observation--forHotspot u-showForLarge\" aria-labelledby=\"species-heading-whttro\" data-truncated=\"\">\n<div class=\"Observation-numberObserved Color-text-neutral-3 u-text-2\"><span class=\"is-visuallyHidden\">esp\u00e8ces<\/span>133.<\/div>\n<div class=\"Observation-species\">\n<h4 id=\"species-heading-whttro\" class=\"Heading Heading--h5\"><a href=\"https:\/\/ebird.org\/species\/whttro\/L296465\" data-species-code=\"whttro\" rel=\"noopener\"><span class=\"Heading-main\">Tropicbird \u00e0 queue blanche<\/span><\/a><\/h4>\n<\/div>\n<div class=\"Observation-meta GridFlex GridFlex--alignBaseline GridFlex--withGutterSmall GridFlex--grid\">\n<div class=\"Observation-meta-count GridFlex-cell\"><span class=\"is-visuallyHidden\">Compter\u00a0<\/span><span class=\"Observation-meta-count-label Color-text-neutral-4\">1<\/span><\/div>\n<div class=\"Observation-meta-date GridFlex-cell\"><a class=\"Observation-meta-date-label\" href=\"https:\/\/ebird.org\/checklist\/S36264014\" rel=\"noopener\">9 avril 2008<\/a><\/div>\n<div class=\"Observation-meta-observer GridFlex-cell\"><span class=\"Observation-meta-observer-label\">Fernando Cabral<\/span><\/div>\n<\/div>\n<\/section>\n<section id=\"has-det-144\" class=\"Observation Observation--placeSpeciesObserved u-flushInPageSection Observation--forHotspot u-showForLarge\" aria-labelledby=\"species-heading-whimbr\" data-truncated=\"\">\n<div class=\"Observation-numberObserved Color-text-neutral-3 u-text-2\"><span class=\"is-visuallyHidden\">esp\u00e8ces<\/span>134.<\/div>\n<div class=\"Observation-species\">\n<h4 id=\"species-heading-whimbr\" class=\"Heading Heading--h5\"><a href=\"https:\/\/ebird.org\/species\/whimbr\/L296465\" data-species-code=\"whimbr\" rel=\"noopener\"><span class=\"Heading-main\">Courlis corlieu<\/span><\/a><\/h4>\n<\/div>\n<div class=\"Observation-meta GridFlex GridFlex--alignBaseline GridFlex--withGutterSmall GridFlex--grid\">\n<div class=\"Observation-meta-count GridFlex-cell\"><span class=\"is-visuallyHidden\">Compter\u00a0<\/span><span class=\"Observation-meta-count-label Color-text-neutral-4\">1<\/span><\/div>\n<div class=\"Observation-meta-date GridFlex-cell\"><a class=\"Observation-meta-date-label\" href=\"https:\/\/ebird.org\/checklist\/S45760910\" rel=\"noopener\">24 mars 2004<\/a><\/div>\n<div class=\"Observation-meta-observer GridFlex-cell\"><span class=\"Observation-meta-observer-label\">Jeff Peters<\/span><\/div>\n<\/div>\n<\/section>\n<section id=\"has-det-145\" class=\"Observation Observation--placeSpeciesObserved u-flushInPageSection Observation--forHotspot u-showForLarge\" aria-labelledby=\"species-heading-caster1\" data-truncated=\"\">\n<div class=\"Observation-numberObserved Color-text-neutral-3 u-text-2\"><span class=\"is-visuallyHidden\">esp\u00e8ces<\/span>135.<\/div>\n<div class=\"Observation-species\">\n<h4 id=\"species-heading-caster1\" class=\"Heading Heading--h5\"><a href=\"https:\/\/ebird.org\/species\/caster1\/L296465\" data-species-code=\"caster1\" rel=\"noopener\"><span class=\"Heading-main\">Sterne caspienne<\/span><\/a><\/h4>\n<\/div>\n<div class=\"Observation-meta GridFlex GridFlex--alignBaseline GridFlex--withGutterSmall GridFlex--grid\">\n<div class=\"Observation-meta-count GridFlex-cell\"><span class=\"is-visuallyHidden\">Compter\u00a0<\/span><span class=\"Observation-meta-count-label Color-text-neutral-4\">X<\/span><\/div>\n<div class=\"Observation-meta-date GridFlex-cell\"><a class=\"Observation-meta-date-label\" href=\"https:\/\/ebird.org\/checklist\/S45760910\" rel=\"noopener\">24 mars 2004<\/a><\/div>\n<div class=\"Observation-meta-observer GridFlex-cell\"><span class=\"Observation-meta-observer-label\">Jeff Peters<\/span><\/div>\n<\/div>\n<\/section>\n<section id=\"has-det-146\" class=\"Observation Observation--placeSpeciesObserved u-flushInPageSection Observation--forHotspot u-showForLarge\" aria-labelledby=\"species-heading-leabit\" data-truncated=\"\">\n<div class=\"Observation-numberObserved Color-text-neutral-3 u-text-2\"><span class=\"is-visuallyHidden\">esp\u00e8ces<\/span>136.<\/div>\n<div class=\"Observation-species\">\n<h4 id=\"species-heading-leabit\" class=\"Heading Heading--h5\"><a href=\"https:\/\/ebird.org\/species\/leabit\/L296465\" data-species-code=\"leabit\" rel=\"noopener\"><span class=\"Heading-main\">Petit Blongios<\/span><\/a><\/h4>\n<\/div>\n<div class=\"Observation-meta GridFlex GridFlex--alignBaseline GridFlex--withGutterSmall GridFlex--grid\">\n<div class=\"Observation-meta-count GridFlex-cell\"><span class=\"is-visuallyHidden\">Compter\u00a0<\/span><span class=\"Observation-meta-count-label Color-text-neutral-4\">X<\/span><\/div>\n<div class=\"Observation-meta-date GridFlex-cell\"><a class=\"Observation-meta-date-label\" href=\"https:\/\/ebird.org\/checklist\/S45760910\" rel=\"noopener\">24 mars 2004<\/a><\/div>\n<div class=\"Observation-meta-observer GridFlex-cell\"><span class=\"Observation-meta-observer-label\">Jeff Peters<\/span><\/div>\n<\/div>\n<\/section>\n<section id=\"has-det-147\" class=\"Observation Observation--placeSpeciesObserved u-flushInPageSection Observation--forHotspot u-showForLarge\" aria-labelledby=\"species-heading-hoowar\" data-truncated=\"\">\n<div class=\"Observation-numberObserved Color-text-neutral-3 u-text-2\"><span class=\"is-visuallyHidden\">esp\u00e8ces<\/span>137.<\/div>\n<div class=\"Observation-species\">\n<h4 id=\"species-heading-hoowar\" class=\"Heading Heading--h5\"><a href=\"https:\/\/ebird.org\/species\/hoowar\/L296465\" data-species-code=\"hoowar\" rel=\"noopener\"><span class=\"Heading-main\">Paruline \u00e0 capuchon<\/span><\/a><\/h4>\n<\/div>\n<div class=\"Observation-meta GridFlex GridFlex--alignBaseline GridFlex--withGutterSmall GridFlex--grid\">\n<div class=\"Observation-meta-count GridFlex-cell\"><span class=\"is-visuallyHidden\">Compter\u00a0<\/span><span class=\"Observation-meta-count-label Color-text-neutral-4\">X<\/span><\/div>\n<div class=\"Observation-meta-date GridFlex-cell\"><a class=\"Observation-meta-date-label\" href=\"https:\/\/ebird.org\/checklist\/S8485856\" rel=\"noopener\">4 novembre 2002<\/a><\/div>\n<div class=\"Observation-meta-observer GridFlex-cell\"><span class=\"Observation-meta-observer-label\">Olivier Komar<\/span><\/div>\n<\/div>\n<\/section>\n\n\t\t<\/div>\n\t<\/div>\n<div class=\"vc_empty_space\"   style=\"height: 32px\"><span class=\"vc_empty_space_inner\"><\/span><\/div><\/div><\/div><\/div><\/div>","protected":false},"excerpt":{"rendered":"Book with Locals expert from Los Haitises a private trip for birding. Bird Watching In Los Haitises Check List Here the update Check List from Los Haitises National Park. 1. Louisiana Waterthrush Count\u00a01 14 Oct 2021 Hector Andujar species2. Smooth-billed Ani Count\u00a06 14 Oct 2021 Hector Andujar species3. Hispaniolan Lizard-Cuckoo Count\u00a01 14 Oct 2021 Hector Andujar species4. Cattle Egret Count\u00a05 14 Oct 2021 Hector Andujar species5. Turkey Vulture Count\u00a017 14 Oct 2021 Hector Andujar species6. Antillean Piculet Count\u00a03 14 Oct [...]","protected":false},"author":8,"featured_media":8195,"parent":0,"menu_order":0,"comment_status":"closed","ping_status":"closed","template":"","meta":{"footnotes":""},"class_list":["post-13278","page","type-page","status-publish","has-post-thumbnail","hentry"],"_links":{"self":[{"href":"https:\/\/www.boattoursamana.com\/fr\/wp-json\/wp\/v2\/pages\/13278","targetHints":{"allow":["GET"]}}],"collection":[{"href":"https:\/\/www.boattoursamana.com\/fr\/wp-json\/wp\/v2\/pages"}],"about":[{"href":"https:\/\/www.boattoursamana.com\/fr\/wp-json\/wp\/v2\/types\/page"}],"author":[{"embeddable":true,"href":"https:\/\/www.boattoursamana.com\/fr\/wp-json\/wp\/v2\/users\/8"}],"replies":[{"embeddable":true,"href":"https:\/\/www.boattoursamana.com\/fr\/wp-json\/wp\/v2\/comments?post=13278"}],"version-history":[{"count":0,"href":"https:\/\/www.boattoursamana.com\/fr\/wp-json\/wp\/v2\/pages\/13278\/revisions"}],"wp:featuredmedia":[{"embeddable":true,"href":"https:\/\/www.boattoursamana.com\/fr\/wp-json\/wp\/v2\/media\/8195"}],"wp:attachment":[{"href":"https:\/\/www.boattoursamana.com\/fr\/wp-json\/wp\/v2\/media?parent=13278"}],"curies":[{"name":"wp","href":"https:\/\/api.w.org\/{rel}","templated":true}]}}