{"id":15822,"date":"2023-07-15T07:44:18","date_gmt":"2023-07-15T07:44:18","guid":{"rendered":"https:\/\/www.ticketswhales.com\/hike-kayak-los-haitises-national-park-from-juan-dolio\/"},"modified":"2023-07-15T07:44:18","modified_gmt":"2023-07-15T07:44:18","slug":"hike-kayak-los-haitises-national-park-from-juan-dolio","status":"publish","type":"page","link":"https:\/\/www.boattoursamana.com\/hu\/tura-kajak-los-haitises-nemzeti-park-juan-doliotol","title":{"rendered":"T\u00fara + kajak Los Haitises Nemzeti Park Juan Doliot\u00f3l"},"content":{"rendered":"<p><span style=\"vertical-align: inherit;\"><span style=\"vertical-align: inherit;\">Caminata de 3 horas y kajak \u00e9s manglares en el Parque Nacional Los Haitises egy gu\u00eda tur\u00edstico helyi desde Sabana de la mar. <\/span><span style=\"vertical-align: inherit;\">L\u00e1togassa meg Selva Tropical, Cocos, Caf\u00e9 y Cacao k\u00f6rny\u00e9keit. <\/span><span style=\"vertical-align: inherit;\">A Los Haitises Nemzeti Park eredeti t\u00f6rt\u00e9net\u00e9nek \u00e9rt\u00e9kel\u00e9se.<\/span><\/span><br \/>\nn<br \/>\nn&nbsp;<br \/>\nn<br \/>\nn<strong><span style=\"vertical-align: inherit;\"><span style=\"vertical-align: inherit;\">Selectione la fecha para el viaje de senderismo:<\/span><\/span><\/strong><\/p>\n<p>&nbsp;<\/p>\n<div class=\"vc_row wpb_row vc_row-fluid\" ><div class=\"wpb_column vc_column_container vc_col-sm-12\"><div class=\"vc_column-inner\"><div class=\"wpb_wrapper\"><div class=\"vc_btn3-container vc_btn3-inline\" ><button class=\"vc_general vc_btn3 vc_btn3-size-md vc_btn3-shape-rounded vc_btn3-style-modern vc_btn3-color-green\">FOGLALD LE MOST<\/button><\/div>\n\t<div class=\"wpb_text_column wpb_content_element\" >\n\t\t<div class=\"wpb_wrapper\">\n\t\t\t<p>\nn<\/p>\n<h4><b><i>\u00c1ttekint\u00e9s <\/i><\/b><\/h4>\n<p>nThis Hiking Trail + Kayaking Tour starts from Juan Dolio with a Transfer from Hotels. After this we arrive to the park where we will hike for around 2 hours along the Humid Forest in the Los Haitises National Park. You will learn about the medicinal plants of this area, see the broadleaf forest primary and secondary Los Haitises National Park mountains and at the same time reach the spring of the Jivales River from which the waters of the natural pools of Eco-lodge Ca\u00f1o Hondo. Then we take the equipment required for your safety (Lifejackets, etc), kayaks, and going through mangrove swamps. You will see some bird-filled mangroves, rolling hills of lush vegetation. Through the mangroves and Land at the open San Lorenzo Bay, from where you can photograph the rugged forest landscape.<br \/>\nn<br \/>\nnAfter this experience, you will get Back to Cano Hondo or Sabana de la mar drive back to Juan Dolio areas.<br \/>\nn<\/p>\n<ul>\nn \t<\/p>\n<li style=\"font-weight: 400;\">A d\u00edjak benne vannak<\/li>\n<p>n \t<\/p>\n<li>Los Haitises Nemzeti Park T\u00farat\u00fara<\/li>\n<p>n \t<\/p>\n<li style=\"font-weight: 400;\"><span style=\"font-weight: 400;\">Az \u00fatmutat\u00f3 oktat\u00e1st \u00e9s fel\u00fcgyeletet biztos\u00edt<\/span><\/li>\n<p>n<\/ul>\n<p>n&nbsp;<br \/>\nn<\/p>\n<h4><b>Befoglal\u00e1sok \u00e9s kiz\u00e1r\u00e1sok<\/b><\/h4>\n<p>n&nbsp;<br \/>\nn<br \/>\nn<b>Z\u00e1rv\u00e1nyok<\/b><br \/>\nn<br \/>\nn&nbsp;<br \/>\nn<\/p>\n<ol>\nn \t<\/p>\n<li style=\"font-weight: 400;\">Los Haitises Nemzeti Park<\/li>\n<p>n \t<\/p>\n<li>T\u00fara + kajak<\/li>\n<p>n \t<\/p>\n<li style=\"font-weight: 400;\"><span style=\"font-weight: 400;\">Minden ad\u00f3, d\u00edj \u00e9s kezel\u00e9si k\u00f6lts\u00e9g<\/span><\/li>\n<p>n \t<\/p>\n<li style=\"font-weight: 400;\"><span style=\"font-weight: 400;\">Helyi ad\u00f3k<\/span><\/li>\n<p>n \t<\/p>\n<li style=\"font-weight: 400;\"><span style=\"font-weight: 400;\">Italok<\/span><\/li>\n<p>n \t<\/p>\n<li style=\"font-weight: 400;\"><span style=\"font-weight: 400;\">Minden tev\u00e9kenys\u00e9g<\/span><\/li>\n<p>n \t<\/p>\n<li style=\"font-weight: 400;\"><span style=\"font-weight: 400;\">Helyi idegenvezet\u0151<\/span><\/li>\n<p>n \t<\/p>\n<li><span style=\"font-weight: 400;\">\u00c1truh\u00e1z\u00e1s<\/span><\/li>\n<p>n \t<\/p>\n<li>Eb\u00e9d a helyiekkel<\/li>\n<p>n<\/ol>\n<p>n<b> Kiz\u00e1r\u00e1sok<\/b><br \/>\nn<\/p>\n<ol>\nn \t<\/p>\n<li style=\"font-weight: 400;\"><span style=\"font-weight: 400;\">h\u00e1lap\u00e9nz<\/span><\/li>\n<p>n \t<\/p>\n<li style=\"font-weight: 400;\"><span style=\"font-weight: 400;\">Alkoholos italok<\/span><\/li>\n<p>n<\/ol>\n<p>n&nbsp;<br \/>\nn<\/p>\n<h4><em><strong>Indul\u00e1s \u00e9s vissza\u00fat<\/strong><\/em><\/h4>\n<p>n<span style=\"font-weight: 400;\">A Foglal\u00e1si folyamat ut\u00e1n az utaz\u00f3 tal\u00e1lkoz\u00e1si pontot kap. A t\u00far\u00e1k tal\u00e1lkoz\u00e1si pontjainkon indulnak \u00e9s fejez\u0151dnek be.<\/span><br \/>\nn<br \/>\nn&nbsp;<br \/>\nn<\/p>\n<h2>T\u00fara + kajak Los Haitises Nemzeti Park Juan Doliot\u00f3l<\/h2>\n<p>n<\/p>\n<h4><b><i>Mi v\u00e1rhat\u00f3?<\/i><\/b><\/h4>\n<p>nA nemzeti park neve eredeti lak\u00f3ir\u00f3l, a taino indi\u00e1nokr\u00f3l sz\u00e1rmazik. Nyelv\u00fck\u00f6n a \u201ehaitisek\u201d felf\u00f6ldet vagy dombokat jelentenek, utalva a partvonal meredek geol\u00f3giai k\u00e9pz\u0151dm\u00e9nyeire, m\u00e9szk\u00f6vekkel. A kajakoz\u00e1s 2 \u00f3ra.<br \/>\nn<br \/>\nnT\u00f6rt\u00e9nelem \u00e9s term\u00e9szet megismer\u00e9se a helyiekkel t\u00faravezet\u0151k, akik k\u00f6rnyezetv\u00e9d\u0151k\u00e9nt \u00e9s \u00f6nk\u00e9ntesk\u00e9nt n\u0151nek fel a projekt ter\u00fclet\u00e9n. A \u201eBooking Adventures\u201d \u00e1ltal szervezett t\u00fara az idegenvezet\u0151vel meghat\u00e1rozott tal\u00e1lkoz\u00e1si pontn\u00e1l kezd\u0151dik.<br \/>\nn<br \/>\nn Egy kezdeti s\u00e9ta ut\u00e1n a sz\u00e1nt\u00f3f\u00f6ldeken \u00e9s a mez\u0151gazdas\u00e1gi ter\u00fcleteken s\u00e9t\u00e1lni kezd a k\u00f3kusz- \u00e9s kaka\u00f3erd\u0151 mellett. Minden percben bejutni a Los Haitises Nemzeti Park els\u0151dleges \u00e9s egyed\u00fcl\u00e1ll\u00f3an meg\u0151rz\u00f6tt erd\u0151ter\u00fclet\u00e9re. J\u00f6jj\u00f6n el a Booking Adventures programmal, \u00e9s kezdjen el ellen\u0151rizni n\u00e9h\u00e1ny endemics mad\u00e1r-, eml\u0151s- \u00e9s n\u00f6v\u00e9nyfajt, a buja n\u00f6v\u00e9nyzettel teli dombokat \u00e9s a barlangokat. <em><strong>Los Haitises Nemzeti Park<\/strong><\/em>.<br \/>\nn<\/p>\n<div class=\"body-description secondary\">\nn<br \/>\nA nemzeti park neve eredeti lak\u00f3ir\u00f3l, a taino indi\u00e1nokr\u00f3l sz\u00e1rmazik. Nyelv\u00fck\u00f6n a \u201ehaitisek\u201d felf\u00f6ldet vagy dombokat jelentenek, utalva a partvonal meredek geol\u00f3giai k\u00e9pz\u0151dm\u00e9nyeire, m\u00e9szk\u00f6vekkel. Menjen m\u00e9lyebbre a parkban, \u00e9s fedezze fel a barlangokat, p\u00e9ld\u00e1ul a <em><strong>Cueva de la Arena<\/strong><\/em> \u00e9s <strong><em>Cueva de la L\u00ednea. A haj\u00f3kir\u00e1ndul\u00e1st a Gyalogt\u00far\u00e1val p\u00e1ros\u00edthatja. Csak l\u00e9pjen kapcsolatba vel\u00fcnk.<\/em><\/strong><br \/>\nn<br \/>\nA rezerv\u00e1tumban l\u00e9v\u0151 barlangokat a taino indi\u00e1nok, majd k\u00e9s\u0151bb a kal\u00f3zok rejt\u0151zk\u00f6d\u0151k\u00e9nt haszn\u00e1lt\u00e1k. Keresse az indi\u00e1nok rajzait, amelyek d\u00edsz\u00edtik n\u00e9h\u00e1ny falat. Az Es\u0151erd\u0151ben t\u00f6bb mint 700 sz\u00e1z n\u00f6v\u00e9nyfaj tal\u00e1lhat\u00f3, ezen a t\u00fara\u00fatvonalon igyeksz\u00fcnk minden \u00e1ltalunk ismert gy\u00f3gyn\u00f6v\u00e9nyt megtan\u00edtani a l\u00e1togat\u00f3knak.<br \/>\nn<br \/>\nnGyere tanulni, t\u00far\u00e1zni \u00e9s \u00e9lvezni a Los Haitises Nemzeti Park val\u00f3di term\u00e9szet\u00e9t.<br \/>\nn<br \/>\nn<\/div>\n<p>n&nbsp;<br \/>\nn<\/p>\n<h4><em><strong>Mit kell vinni?<\/strong><\/em><\/h4>\n<p>n<\/p>\n<ul>\nn \t<\/p>\n<li style=\"font-weight: 400;\"><span style=\"font-weight: 400;\">Kamera<\/span><\/li>\n<p>n \t<\/p>\n<li style=\"font-weight: 400;\"><span style=\"font-weight: 400;\">Riaszt\u00f3 bimb\u00f3k<\/span><\/li>\n<p>n \t<\/p>\n<li style=\"font-weight: 400;\"><span style=\"font-weight: 400;\">Naptej<\/span><\/li>\n<p>n \t<\/p>\n<li style=\"font-weight: 400;\"><span style=\"font-weight: 400;\">Kalap<\/span><\/li>\n<p>n \t<\/p>\n<li style=\"font-weight: 400;\"><span style=\"font-weight: 400;\">K\u00e9nyelmes nadr\u00e1g<\/span><\/li>\n<p>n \t<\/p>\n<li style=\"font-weight: 400;\"><span style=\"font-weight: 400;\">Erdei t\u00faracip\u0151<\/span><\/li>\n<p>n \t<\/p>\n<li style=\"font-weight: 400;\"><span style=\"font-weight: 400;\">Szand\u00e1lok a tavaszi ter\u00fcletekre.<\/span><\/li>\n<p>n \t<\/p>\n<li style=\"font-weight: 400;\"><span style=\"font-weight: 400;\">\u00dasz\u00f3ruha<\/span><\/li>\n<p>n<\/ul>\n<p>n&nbsp;<br \/>\nn<\/p>\n<h4><b><i>Sz\u00e1llodai \u00e1tv\u00e9tel <\/i><\/b><\/h4>\n<p>n<span style=\"font-weight: 400;\">Ezen a t\u00far\u00e1n a sz\u00e1lloda \u00e1tv\u00e9tele biztos\u00edtott.\u00a0<\/span><br \/>\nn<br \/>\nn<b>Jegyzet:<\/b><span style=\"font-weight: 400;\"> Ha a t\u00fara\/kir\u00e1ndul\u00e1s indul\u00e1si id\u0151pontj\u00e1t\u00f3l sz\u00e1m\u00edtott 24 \u00f3r\u00e1n bel\u00fcl foglal, fel\u00e1r ellen\u00e9ben meg tudjuk szervezni a sz\u00e1llodai \u00e1tv\u00e9telt. Amint a v\u00e1s\u00e1rl\u00e1s befejez\u0151d\u00f6tt, elk\u00fcldj\u00fck \u00d6nnek a helyi idegenvezet\u0151nk teljes el\u00e9rhet\u0151s\u00e9gi adatait (telefonsz\u00e1m, e-mail c\u00edm stb.), hogy megszervezhess\u00fck az \u00e1tv\u00e9tel megszervez\u00e9s\u00e9t.<\/span><br \/>\nn<\/p>\n<h4><b><i>Tov\u00e1bbi inform\u00e1ci\u00f3k meger\u0151s\u00edt\u00e9se <\/i><\/b><\/h4>\n<p>n<\/p>\n<ol>\nn \t<\/p>\n<li>A jegyek a t\u00fara befizet\u00e9s\u00e9t k\u00f6vet\u0151 nyugt\u00e1k. A fizet\u00e9st a telefonon tudod megjelen\u00edteni.<\/li>\n<p>n \t<\/p>\n<li style=\"font-weight: 400;\"><span style=\"font-weight: 400;\">A tal\u00e1lkoz\u00e1si pontot a foglal\u00e1si folyamat ut\u00e1n veszik \u00e1t.<\/span><\/li>\n<p>n \t<\/p>\n<li style=\"font-weight: 400;\"><span style=\"font-weight: 400;\">A gyermekeket feln\u0151tt k\u00eds\u00e9ret\u00e9ben kell biztos\u00edtani.<\/span><\/li>\n<p>n \t<\/p>\n<li style=\"font-weight: 400;\"><span style=\"font-weight: 400;\"> Kerekessz\u00e9kkel nem megk\u00f6zel\u00edthet\u0151 <\/span><\/li>\n<p>n \t<\/p>\n<li style=\"font-weight: 400;\"><span style=\"font-weight: 400;\">A csecsem\u0151knek \u00f6lben kell \u00fclni\u00fck <\/span><\/li>\n<p>n \t<\/p>\n<li style=\"font-weight: 400;\"><span style=\"font-weight: 400;\">H\u00e1tprobl\u00e9m\u00e1kkal k\u00fczd\u0151 utaz\u00f3knak nem aj\u00e1nlott<\/span><\/li>\n<p>n \t<\/p>\n<li style=\"font-weight: 400;\"><span style=\"font-weight: 400;\">Terhes utaz\u00f3knak nem aj\u00e1nlott <\/span><\/li>\n<p>n \t<\/p>\n<li style=\"font-weight: 400;\"><span style=\"font-weight: 400;\"> Nincsenek sz\u00edvprobl\u00e9m\u00e1k vagy egy\u00e9b s\u00falyos eg\u00e9szs\u00e9g\u00fcgyi \u00e1llapotok <\/span><\/li>\n<p>n \t<\/p>\n<li style=\"font-weight: 400;\"><span style=\"font-weight: 400;\">A legt\u00f6bb utaz\u00f3 r\u00e9szt vehet<\/span><\/li>\n<p>n<\/ol>\n<p>n<\/p>\n<h4><b><i>Lemond\u00e1si felt\u00e9telek<\/i><\/b><\/h4>\n<p>A teljes visszat\u00e9r\u00edt\u00e9s\u00e9rt k\u00e9rj\u00fck, olvassa el lemond\u00e1si szab\u00e1lyzatunkat\u00a0<a href=\"https:\/\/www.boattoursamana.com\/hu\/online-foglalas\/\" target=\"_blank\" rel=\"noopener\" data-saferedirecturl=\"https:\/\/www.google.com\/url?q=https:\/\/www.boattoursamana.com\/online-booking\/&amp;source=gmail&amp;ust=1672449202351000&amp;usg=AOvVaw1yAeVAPktmaVCqDujgUn90\">Kattints ide<\/a>. Az \u00f6sszeg elveszik, ha a foglal\u00e1st az utaz\u00e1s napj\u00e1n lemondj\u00e1k.<\/p>\n\n\t\t<\/div>\n\t<\/div>\n<\/div><\/div><\/div><\/div><div class=\"vc_row wpb_row vc_row-fluid\" ><div class=\"wpb_column vc_column_container vc_col-sm-12\"><div class=\"vc_column-inner\"><div class=\"wpb_wrapper\"><\/div><\/div><\/div><\/div><div class=\"vc_row wpb_row vc_row-fluid\" ><\/div><div class=\"wpb_column vc_column_container vc_col-sm-12\"><div class=\"vc_column-inner\"><div class=\"wpb_wrapper\"><\/div><\/div><\/div><div class=\"vc_empty_space\"   style=\"height: 32px\"><span class=\"vc_empty_space_inner\"><\/span><\/div><div class=\"vc_empty_space\"   style=\"height: 32px\"><span class=\"vc_empty_space_inner\"><\/span><\/div><div class=\"vc_row wpb_row vc_row-fluid\" ><div class=\"wpb_column vc_column_container vc_col-sm-12\"><div class=\"vc_column-inner\"><div class=\"wpb_wrapper\"><div class=\"vc_btn3-container vc_btn3-inline\" ><button class=\"vc_general vc_btn3 vc_btn3-size-md vc_btn3-shape-rounded vc_btn3-style-modern vc_btn3-color-green\">FOGLALD LE MOST<\/button><\/div><\/div><\/div><\/div><\/div>","protected":false},"excerpt":{"rendered":"<p>Caminata de 3 horas y kajak \u00e9s manglares en el Parque Nacional Los Haitises egy gu\u00eda tur\u00edstico helyi desde Sabana de la mar. L\u00e1togassa meg Selva Tropical, Cocos, Caf\u00e9 y Cacao k\u00f6rny\u00e9keit. A Los Haitises Nemzeti Park eredeti t\u00f6rt\u00e9net\u00e9nek \u00e9rt\u00e9kel\u00e9se. n n n nSeleccione la fecha para el viaje de senderismo: &nbsp;<\/p>","protected":false},"author":2,"featured_media":0,"parent":0,"menu_order":0,"comment_status":"open","ping_status":"closed","template":"","meta":{"footnotes":""},"class_list":["post-15822","page","type-page","status-publish","hentry"],"_links":{"self":[{"href":"https:\/\/www.boattoursamana.com\/hu\/wp-json\/wp\/v2\/pages\/15822","targetHints":{"allow":["GET"]}}],"collection":[{"href":"https:\/\/www.boattoursamana.com\/hu\/wp-json\/wp\/v2\/pages"}],"about":[{"href":"https:\/\/www.boattoursamana.com\/hu\/wp-json\/wp\/v2\/types\/page"}],"author":[{"embeddable":true,"href":"https:\/\/www.boattoursamana.com\/hu\/wp-json\/wp\/v2\/users\/2"}],"replies":[{"embeddable":true,"href":"https:\/\/www.boattoursamana.com\/hu\/wp-json\/wp\/v2\/comments?post=15822"}],"version-history":[{"count":0,"href":"https:\/\/www.boattoursamana.com\/hu\/wp-json\/wp\/v2\/pages\/15822\/revisions"}],"wp:attachment":[{"href":"https:\/\/www.boattoursamana.com\/hu\/wp-json\/wp\/v2\/media?parent=15822"}],"curies":[{"name":"wp","href":"https:\/\/api.w.org\/{rel}","templated":true}]}}