{"id":15830,"date":"2023-07-15T07:44:42","date_gmt":"2023-07-15T07:44:42","guid":{"rendered":"https:\/\/www.ticketswhales.com\/las-galeras-las-7-playas-escondidas-de-samana-the-7-hidden-beaches-in-samana\/"},"modified":"2023-07-15T07:44:42","modified_gmt":"2023-07-15T07:44:42","slug":"las-galeras-las-7-playas-escondidas-de-samana-the-7-hidden-beaches-in-samana","status":"publish","type":"page","link":"https:\/\/www.boattoursamana.com\/hu\/las-galeras-las-7-playas-escondidas-de-samana-samana-7-rejtett-strandja","title":{"rendered":"Las Galeras: Las 7 Playas Escondidas de Saman\u00e1 \u2013 A 7 rejtett strand Saman\u00e1ban"},"content":{"rendered":"<p><span style=\"vertical-align: inherit;\"><span style=\"vertical-align: inherit;\">Si est\u00e1 visitando Saman\u00e1 y le gustar\u00eda tener una verdadera experiencia local haciendo senderismo, un viaje en barco m\u00e1s un almuerzo en la playa de Rinc\u00f3n, este es el viaje que necesita hacer. <\/span><span style=\"vertical-align: inherit;\">L\u00e1togassa meg a las 7 playas escondidas de Saman\u00e1 en el \u00e1rea de Las Galeras, donde tambi\u00e9n puede visitar una cueva y tomar excelentes vide\u00f3k vagy fot\u00f3k az elk\u00e9peszt\u0151en meggy\u00f5z\u00f5d\u00f5k sz\u00e1m\u00e1ra.<\/span><\/span><br \/>\nn<br \/>\nn<strong><span style=\"vertical-align: inherit;\"><span style=\"vertical-align: inherit;\">Selectione la fecha para el Tour:\u00a0<\/span><\/span><\/strong><\/p>\n<p>&nbsp;<\/p>\n<div class=\"vc_row wpb_row vc_row-fluid\" ><div class=\"wpb_column vc_column_container vc_col-sm-12\"><div class=\"vc_column-inner\"><div class=\"wpb_wrapper\"><div class=\"mkdf-section-title-holder\" style=\"text-align: left\">\n\t<div class=\"mkdf-st-inner\">\n\t\t\t\t\t<h5 class=\"mkdf-st-subtitle\" >\n\t\t\t\tEb\u00e9d, haj\u00f3k\u00e1z\u00e1s \u00e9s mag\u00e1nsz\u00e1ll\u00edt\u00e1s a sz\u00e1llod\u00e1kb\u00f3l.\t\t\t<\/h5>\n\t\t\t\t\t\t\t<h3 class=\"mkdf-st-title\" >\n\t\t\t\tPlaya Rinc\u00f3n, Playa Fronton + Playa Madame Beach, Saman\u00e1 - Dominikai K\u00f6zt\u00e1rsas\u00e1g.\t\t\t<\/h3>\n\t\t\t\t\t<\/div>\n<\/div>\n\t<div class=\"wpb_text_column wpb_content_element\" >\n\t\t<div class=\"wpb_wrapper\">\n\t\t\t<p>\nn<\/p>\n<h3>Playa Calet\u00f3n, Playa Escondida, Playa Colorado, Playa del Amor, Playa La Vaca, Playa la Playita Playa Brem\u00e1n.<\/h3>\n<p>n<\/p>\n<h4><b><i>\u00c1ttekint\u00e9s <\/i><\/b><\/h4>\n<p>n Az egyik legszebb kir\u00e1ndul\u00e1s a Saman\u00e1-f\u00e9lszigeten.<br \/>\nn<br \/>\nn<span class=\"Y2IQFc\" lang=\"en\">A Saman\u00e1-f\u00e9lszigeten tal\u00e1lhat\u00f3 Saman\u00e1 7 rejtett strandja a t\u00f6rt\u00e9nelem gy\u00f6ny\u00f6r\u0171 titkait \u0151rzi, \u00e9s ezen helyek ismeret\u00e9ben is hozz\u00e1j\u00e1rulunk a helyi gazdas\u00e1ghoz, amely l\u00e9tfontoss\u00e1g\u00fa egy n\u00e9p meg\u00e9lhet\u00e9s\u00e9hez.<\/span><br \/>\nn<br \/>\nL\u00e9pjen be az egyed\u00fcl\u00e1ll\u00f3 hangulatba, l\u00e1togasson el 7 strandra a haj\u00f3n, \u00e9s t\u00far\u00e1zzon egy kis barlangban a tengerparton. Egyes strandok csak egy korallz\u00e1tony \u00e1ltal k\u00f6r\u00fclvett haj\u00f3val \u00e9rhet\u0151k el, amely k\u00f6r\u00fcl sznorkelezhet, \u00faszhat a halakkal, felfedezheti koralljait, valamint pihenhet \u00e9s gy\u00f6ny\u00f6rk\u00f6dhet a csod\u00e1latos t\u00e1jban. Pihen\u00e9s, \u00fasz\u00e1s, majd indul\u00e1s Playa colorad\u00f3ba, egy m\u00e1sik, elszigetelt, t\u00f6k\u00e9letes strand a szabadt\u00fcd\u0151s mer\u00fcl\u00e9shez, ahol megl\u00e1togathat egy barlangot, \u00e9s nagyszer\u0171 vide\u00f3kat vagy f\u00e9nyk\u00e9peket k\u00e9sz\u00edthet a fantasztikus eml\u00e9kek\u00e9rt.<br \/>\nn<br \/>\nEb\u00e9delni fog a l\u00e1bujjaival a homokban a Merengue \u00e9s a Bachata hangja mellett az \u201eEl Paraiso\u201d-ban \u2013 az utols\u00f3 \u00e9tteremben a dzsungel el\u0151tt \u2013, ahol hal\u00e9telt is tartalmaz\u00f3 komplett \u00e9tkez\u00e9st szolg\u00e1lnak fel helyi italok \u00e9s kokt\u00e9lok k\u00eds\u00e9ret\u00e9ben. A vissza\u00faton meg\u00e1llunk az El Rincon strandon, ahol egy term\u00e9szeti gy\u00f6ngyszem tal\u00e1lhat\u00f3, amelyet az orsz\u00e1g egyik legszebb strandjak\u00e9nt tartanak sz\u00e1mon. A feh\u00e9r, finom homok, a t\u00fcrkizk\u00e9k tenger \u00e9s a m\u00e9teres p\u00e1lmaf\u00e1k maguk\u00e9rt besz\u00e9lnek.<br \/>\nn<br \/>\nn&nbsp;<br \/>\nn<\/p>\n<ul>\nn \t<\/p>\n<li><span style=\"font-weight: 400;\">Helyi idegenvezet\u0151 biztons\u00e1gi tapasztalattal a k\u00f6rny\u00e9ken.<\/span><\/li>\n<p>n \t<\/p>\n<li style=\"font-weight: 400;\">A d\u00edjak benne vannak<\/li>\n<p>n \t<\/p>\n<li>Eb\u00e9d a tengerparton<\/li>\n<p>n \t<\/p>\n<li>Haj\u00f3\u00fatra<\/li>\n<p>n \t<\/p>\n<li style=\"font-weight: 400;\">Helyi idegenvezet\u0151 spanyol, angol vagy francia nyelven.<\/li>\n<p>n \t<\/p>\n<li>T\u00far\u00e1z\u00e1s<\/li>\n<p>n \t<\/p>\n<li>\u00fasz\u00e1s<\/li>\n<p>n<\/ul>\n<p>n&nbsp;<br \/>\nn<\/p>\n<h4><b>Befoglal\u00e1sok \u00e9s kiz\u00e1r\u00e1sok<\/b><\/h4>\n<p>n&nbsp;<br \/>\nn<br \/>\nn<b>Z\u00e1rv\u00e1nyok<\/b><br \/>\nn<\/p>\n<ol>\nn \t<\/p>\n<li><span style=\"font-weight: 400;\">Helyi idegenvezet\u0151 biztons\u00e1gi tapasztalattal a k\u00f6rny\u00e9ken.<\/span><\/li>\n<p>n \t<\/p>\n<li style=\"font-weight: 400;\">El Rincon Beach<\/li>\n<p>n \t<\/p>\n<li>Colorado Beach<\/li>\n<p>n \t<\/p>\n<li>La Playita strand<\/li>\n<p>n \t<\/p>\n<li>La Vaca strand<\/li>\n<p>n \t<\/p>\n<li>Breman Beach<\/li>\n<p>n \t<\/p>\n<li>Mariano Beach<\/li>\n<p>n \t<\/p>\n<li>Caleton Beach<\/li>\n<p>n \t<\/p>\n<li style=\"font-weight: 400;\"><span style=\"font-weight: 400;\">Minden ad\u00f3, d\u00edj \u00e9s kezel\u00e9si k\u00f6lts\u00e9g<\/span><\/li>\n<p>n \t<\/p>\n<li style=\"font-weight: 400;\"><span style=\"font-weight: 400;\">Helyi ad\u00f3k<\/span><\/li>\n<p>n \t<\/p>\n<li>Eb\u00e9d a tengerparton<\/li>\n<p>n \t<\/p>\n<li>T\u00far\u00e1z\u00e1s<\/li>\n<p>n \t<\/p>\n<li style=\"font-weight: 400;\"><span style=\"font-weight: 400;\">Minden tev\u00e9kenys\u00e9g<\/span><\/li>\n<p>n<\/ol>\n<p>n<b> Kiz\u00e1r\u00e1sok<\/b><br \/>\nn<\/p>\n<ol>\nn \t<\/p>\n<li style=\"font-weight: 400;\"><span style=\"font-weight: 400;\">h\u00e1lap\u00e9nz<\/span><\/li>\n<p>n<\/ol>\n<p>n<\/p>\n<h4><em><strong>Indul\u00e1s \u00e9s vissza\u00fat<\/strong><\/em><\/h4>\n<p>n<span style=\"font-weight: 400;\">A Foglal\u00e1si folyamat ut\u00e1n az utaz\u00f3 tal\u00e1lkoz\u00e1si pontot kap. A t\u00far\u00e1k tal\u00e1lkoz\u00e1si pontjainkon indulnak \u00e9s fejez\u0151dnek be.<\/span><br \/>\nn<\/p>\n<h3>Playa Calet\u00f3n, Playa Escondida, Playa Colorado, Playa del Amor, Playa La Vaca, Playa la Playita Playa Brem\u00e1n.<\/h3>\n<p>n<\/p>\n<h4><b><i>Mi v\u00e1rhat\u00f3?<\/i><\/b><\/h4>\n<p>n<em><strong>Vedd meg a jegyeidet<\/strong><\/em> a Dominikai K\u00f6zt\u00e1rsas\u00e1g 7 legegyedibb strandj\u00e1nak megl\u00e1togat\u00e1s\u00e1hoz. A kiindul\u00f3 utaz\u00e1s tal\u00e1lkoz\u00e1si pontja a Las Galeras k\u00f6rzet\u00e9ben, t\u00far\u00e1z\u00e1s \u00e9s \u00fasz\u00e1s egy nap alatt 7 strand plusz el Rincon strand. El\u0151sz\u00f6r megl\u00e1togatjuk a Duarte-barlangot, t\u00far\u00e1zunk, \u00e9s megn\u00e9zz\u00fck Las Galeras legszebb barlangj\u00e1t. Ez a barlang 900 m\u00e9teres, \u00e9s 2 k\u00fcl\u00f6nb\u00f6z\u0151 bej\u00e1rattal rendelkezik, hogy ne ism\u00e9tl\u0151dj\u00f6n ugyanaz a t\u00e1j.<br \/>\nn<br \/>\nA barlangl\u00e1togat\u00e1s ut\u00e1n visszamegy\u00fcnk a motorcs\u00f3nakhoz, hogy megl\u00e1togassuk Playa Caletont, amely a tiszta vize miatt az egyik legt\u00f6bbet emlegetett Samana strand. El\u0151sz\u00f6r \u00faszunk \u00e9s \u00e9lvezz\u00fck ezt a strandot, hogy folytathassuk utaz\u00e1sunkat Playa del Amor fel\u00e9.<br \/>\nn<br \/>\nn<strong>playa 7<\/strong><br \/>\nn<br \/>\nAz nPlaya Rinc\u00f3n egy \u00e9rintetlen feh\u00e9r homokos s\u00e1v, amely k\u00f6r\u00fclbel\u00fcl 2,5 m\u00e9rf\u00f6ld (4 kilom\u00e9ter) hosszan h\u00faz\u00f3dik a part be\u00e9p\u00edtetlen r\u00e9sz\u00e9n. A k\u00f3kuszp\u00e1lm\u00e1kkal szeg\u00e9lyezett, mindk\u00e9t v\u00e9g\u00e9n hegy- \u00e9s sziklacs\u00facsokkal k\u00f6r\u00fclvett f\u00e9lrees\u0151 strand igazi ut\u00f3pi\u00e1nak t\u0171nik, elz\u00e1rva a civiliz\u00e1ci\u00f3t\u00f3l.<br \/>\nn<br \/>\nnAz El Rincon strand ut\u00e1n motorcs\u00f3nakkal indulunk vissza a Las Galeras tal\u00e1lkoz\u00e1si ponthoz!<br \/>\nn<br \/>\nnA \u201eBooking Adventures\u201d \u00e1ltal szervezett t\u00fara az idegenvezet\u0151nkkel meghat\u00e1rozott tal\u00e1lkoz\u00e1si pontt\u00f3l indul. J\u00f6jj\u00f6n el a Booking Adventures programmal, eb\u00e9deljen a tengerparton, \u00e9s \u00e9lvezze a dominikai k\u00f6zt\u00e1rsas\u00e1gbeli Samana 7 legcsod\u00e1latosabb strandj\u00e1t.<br \/>\nn<\/p>\n<div class=\"body-description secondary\">\nn<br \/>\nn&nbsp;<br \/>\nn<br \/>\nn<\/div>\n<p>n<\/p>\n<h4><em><strong>Mit kell vinni?<\/strong><\/em><\/h4>\n<p>n<\/p>\n<ul>\nn \t<\/p>\n<li style=\"font-weight: 400;\"><span style=\"font-weight: 400;\">Kamera<\/span><\/li>\n<p>n \t<\/p>\n<li style=\"font-weight: 400;\"><span style=\"font-weight: 400;\">Riaszt\u00f3 bimb\u00f3k<\/span><\/li>\n<p>n \t<\/p>\n<li style=\"font-weight: 400;\"><span style=\"font-weight: 400;\">Naptej<\/span><\/li>\n<p>n \t<\/p>\n<li>V\u00edz<\/li>\n<p>n \t<\/p>\n<li style=\"font-weight: 400;\"><span style=\"font-weight: 400;\">Kalap<\/span><\/li>\n<p>n \t<\/p>\n<li style=\"font-weight: 400;\"><span style=\"font-weight: 400;\">K\u00e9nyelmes nadr\u00e1g<\/span><\/li>\n<p>n \t<\/p>\n<li style=\"font-weight: 400;\"><span style=\"font-weight: 400;\">Erdei t\u00faracip\u0151<\/span><\/li>\n<p>n \t<\/p>\n<li style=\"font-weight: 400;\"><span style=\"font-weight: 400;\">Szand\u00e1lok a tavaszi ter\u00fcletekre.<\/span><\/li>\n<p>n \t<\/p>\n<li style=\"font-weight: 400;\"><span style=\"font-weight: 400;\">\u00dasz\u00f3ruha<\/span><\/li>\n<p>n<\/ul>\n<p>n&nbsp;<br \/>\nn<\/p>\n<h4><b><i>Sz\u00e1llodai \u00e1tv\u00e9tel <\/i><\/b><\/h4>\n<p>n<span style=\"font-weight: 400;\">Ez a t\u00fara nem tartalmazza a sz\u00e1llodai \u00e1tv\u00e9telt. <\/span><br \/>\nn<br \/>\nn&nbsp;<br \/>\nn<br \/>\nn<b>Jegyzet:<\/b><span style=\"font-weight: 400;\"> Ha a t\u00fara\/kir\u00e1ndul\u00e1s indul\u00e1si id\u0151pontj\u00e1t\u00f3l sz\u00e1m\u00edtott 24 \u00f3r\u00e1n bel\u00fcl foglal, fel\u00e1r ellen\u00e9ben tudunk gondoskodni a hotelr\u0151l. Csak felvessz\u00fck Samana k\u00f6rny\u00e9k\u00e9n. Amint a v\u00e1s\u00e1rl\u00e1s befejez\u0151d\u00f6tt, elk\u00fcldj\u00fck \u00d6nnek a helyi idegenvezet\u0151nk teljes el\u00e9rhet\u0151s\u00e9gi adatait (telefonsz\u00e1m, e-mail c\u00edm stb.), hogy megszervezhess\u00fck az \u00e1tv\u00e9tel megszervez\u00e9s\u00e9t.<\/span><br \/>\nn<\/p>\n<h4><b><i>Tov\u00e1bbi inform\u00e1ci\u00f3k meger\u0151s\u00edt\u00e9se <\/i><\/b><\/h4>\n<p>n<\/p>\n<ol>\nn \t<\/p>\n<li>A jegyek a t\u00fara befizet\u00e9s\u00e9t k\u00f6vet\u0151 nyugt\u00e1k. A fizet\u00e9st a telefonon tudod megjelen\u00edteni.<\/li>\n<p>n \t<\/p>\n<li style=\"font-weight: 400;\"><span style=\"font-weight: 400;\">A tal\u00e1lkoz\u00e1si pontot a foglal\u00e1si folyamat ut\u00e1n veszik \u00e1t.<\/span><\/li>\n<p>n \t<\/p>\n<li style=\"font-weight: 400;\"><span style=\"font-weight: 400;\">A gyermekeket feln\u0151tt k\u00eds\u00e9ret\u00e9ben kell biztos\u00edtani.<\/span><\/li>\n<p>n \t<\/p>\n<li style=\"font-weight: 400;\"><span style=\"font-weight: 400;\"> Kerekessz\u00e9kkel nem megk\u00f6zel\u00edthet\u0151 <\/span><\/li>\n<p>n \t<\/p>\n<li style=\"font-weight: 400;\"><span style=\"font-weight: 400;\">A csecsem\u0151knek \u00f6lben kell \u00fclni\u00fck <\/span><\/li>\n<p>n \t<\/p>\n<li style=\"font-weight: 400;\"><span style=\"font-weight: 400;\">H\u00e1tprobl\u00e9m\u00e1kkal k\u00fczd\u0151 utaz\u00f3knak nem aj\u00e1nlott<\/span><\/li>\n<p>n \t<\/p>\n<li style=\"font-weight: 400;\"><span style=\"font-weight: 400;\">Terhes utaz\u00f3knak nem aj\u00e1nlott <\/span><\/li>\n<p>n \t<\/p>\n<li style=\"font-weight: 400;\"><span style=\"font-weight: 400;\"> Nincsenek sz\u00edvprobl\u00e9m\u00e1k vagy egy\u00e9b s\u00falyos eg\u00e9szs\u00e9g\u00fcgyi \u00e1llapotok <\/span><\/li>\n<p>n \t<\/p>\n<li style=\"font-weight: 400;\"><span style=\"font-weight: 400;\">A legt\u00f6bb utaz\u00f3 r\u00e9szt vehet<\/span><\/li>\n<p>n<\/ol>\n<p>n<\/p>\n<h4><b><i>Lemond\u00e1si felt\u00e9telek<\/i><\/b><\/h4>\n<p>A teljes visszat\u00e9r\u00edt\u00e9s\u00e9rt k\u00e9rj\u00fck, olvassa el lemond\u00e1si szab\u00e1lyzatunkat\u00a0<a href=\"https:\/\/www.boattoursamana.com\/hu\/online-foglalas\/\" target=\"_blank\" rel=\"noopener\" data-saferedirecturl=\"https:\/\/www.google.com\/url?q=https:\/\/www.boattoursamana.com\/online-booking\/&amp;source=gmail&amp;ust=1672449202351000&amp;usg=AOvVaw1yAeVAPktmaVCqDujgUn90\">Kattints ide<\/a>. Az \u00f6sszeg elveszik, ha a foglal\u00e1st az utaz\u00e1s napj\u00e1n lemondj\u00e1k.<\/p>\n\n\t\t<\/div>\n\t<\/div>\n<\/div><\/div><\/div><\/div><div class=\"vc_row wpb_row vc_row-fluid\" ><div class=\"wpb_column vc_column_container vc_col-sm-12\"><div class=\"vc_column-inner\"><div class=\"wpb_wrapper\">\n\t<div class=\"wpb_video_widget wpb_content_element vc_clearfix   vc_video-aspect-ratio-169 vc_video-el-width-100 vc_video-align-left\" >\n\t\t<div class=\"wpb_wrapper\">\n\t\t\t<h2 class=\"wpb_heading wpb_video_heading\">Boca del Diablo \u00e9s Fronton strand<\/h2>\n\t\t\t<div class=\"wpb_video_wrapper\"><iframe loading=\"lazy\" title=\"A Saman\u00e1-f\u00e9lsziget, Dominikai K\u00f6zt\u00e1rsas\u00e1g (DJI Phantom 4 4K)\" width=\"1100\" height=\"619\" src=\"https:\/\/www.youtube.com\/embed\/DYDXVm8Q_iM?feature=oembed\" frameborder=\"0\" allow=\"accelerometer; autoplay; clipboard-write; encrypted-media; gyroscope; picture-in-picture; web-share\" allowfullscreen><\/iframe><\/div>\n\t\t<\/div>\n\t<\/div>\n<\/div><\/div><\/div><\/div><div class=\"vc_row wpb_row vc_row-fluid\" ><\/div><div class=\"wpb_column vc_column_container vc_col-sm-12\"><div class=\"vc_column-inner\"><div class=\"wpb_wrapper\"><\/div><\/div><\/div><div class=\"vc_empty_space\"   style=\"height: 32px\"><span class=\"vc_empty_space_inner\"><\/span><\/div>\n\t<div class=\"wpb_text_column wpb_content_element\" >\n\t\t<div class=\"wpb_wrapper\">\n\t\t\t<p>\nn<br \/>\nn Sz\u00f6vegblokk vagyok. A sz\u00f6veg m\u00f3dos\u00edt\u00e1s\u00e1hoz kattintson a Szerkeszt\u00e9s gombra. Lorem ipsum dolor sit amet, consectetur adipiscing elit. Ut elit tellus, luctus nec ullamcorper mattis, pulvinar dapibus leo.<br \/>\nn<br \/>\nn<\/p>\n\n\t\t<\/div>\n\t<\/div>\n<div class=\"vc_empty_space\"   style=\"height: 32px\"><span class=\"vc_empty_space_inner\"><\/span><\/div>","protected":false},"excerpt":{"rendered":"<p>Si est\u00e1 visitando Saman\u00e1 y le gustar\u00eda tener una verdadera experiencia local haciendo senderismo, un viaje en barco m\u00e1s un almuerzo en la playa de Rinc\u00f3n, este es el viaje que necesita hacer. L\u00e1togassa meg a las 7 playas escondidas de Saman\u00e1 en el \u00e1rea de Las Galeras, donde tambi\u00e9n puede visitar una cueva y tomar excelentes vide\u00f3k vagy fot\u00f3k az elk\u00e9peszt\u0151en meggy\u00f5z\u00f5d\u00f5k sz\u00e1m\u00e1ra. n nSelectione la fecha para el Tour:\u00a0 &nbsp;<\/p>","protected":false},"author":2,"featured_media":0,"parent":0,"menu_order":0,"comment_status":"open","ping_status":"closed","template":"","meta":{"footnotes":""},"class_list":["post-15830","page","type-page","status-publish","hentry"],"_links":{"self":[{"href":"https:\/\/www.boattoursamana.com\/hu\/wp-json\/wp\/v2\/pages\/15830","targetHints":{"allow":["GET"]}}],"collection":[{"href":"https:\/\/www.boattoursamana.com\/hu\/wp-json\/wp\/v2\/pages"}],"about":[{"href":"https:\/\/www.boattoursamana.com\/hu\/wp-json\/wp\/v2\/types\/page"}],"author":[{"embeddable":true,"href":"https:\/\/www.boattoursamana.com\/hu\/wp-json\/wp\/v2\/users\/2"}],"replies":[{"embeddable":true,"href":"https:\/\/www.boattoursamana.com\/hu\/wp-json\/wp\/v2\/comments?post=15830"}],"version-history":[{"count":0,"href":"https:\/\/www.boattoursamana.com\/hu\/wp-json\/wp\/v2\/pages\/15830\/revisions"}],"wp:attachment":[{"href":"https:\/\/www.boattoursamana.com\/hu\/wp-json\/wp\/v2\/media?parent=15830"}],"curies":[{"name":"wp","href":"https:\/\/api.w.org\/{rel}","templated":true}]}}