{"id":11750,"date":"2020-12-03T12:24:44","date_gmt":"2020-12-03T12:24:44","guid":{"rendered":"https:\/\/www.ticketswhales.com\/?post_type=product&#038;p=11750"},"modified":"2023-11-07T21:25:16","modified_gmt":"2023-11-07T21:25:16","slug":"bahia-de-las-aguilas-beach-day-trip-by-boat-day-pass-pedernales","status":"publish","type":"product","link":"https:\/\/www.boattoursamana.com\/hu\/tura\/bahia-de-las-aguilas-tengerparti-egynapos-kirandulas-hajoval-egynapos-berlet-pedernales-2","title":{"rendered":"Bah\u00eda de las Aguilas: Napos tengerparti kir\u00e1ndul\u00e1s haj\u00f3val \u2013 Day Pass \u2013 Pedernales"},"content":{"rendered":"<div class=\"vc_row wpb_row vc_row-fluid\" ><div class=\"wpb_column vc_column_container vc_col-sm-12\"><div class=\"vc_column-inner\"><div class=\"wpb_wrapper\"><div class=\"vc_btn3-container vc_btn3-inline\" ><button class=\"vc_general vc_btn3 vc_btn3-size-md vc_btn3-shape-rounded vc_btn3-style-modern vc_btn3-color-green\">FOGLALD LE MOST<\/button><\/div><div class=\"mkdf-section-title-holder\" style=\"text-align: left\">\n\t<div class=\"mkdf-st-inner\">\n\t\t\t\t\t<h5 class=\"mkdf-st-subtitle\" >\n\t\t\t\tNapijegy \u2013 sznorkelez\u00e9s \u00e9s eb\u00e9d\t\t\t<\/h5>\n\t\t\t\t\t\t\t<h3 class=\"mkdf-st-title\" >\n\t\t\t\tBah\u00eda de las Aguilas: Napos tengerparti kir\u00e1ndul\u00e1s haj\u00f3val\t\t\t<\/h3>\n\t\t\t\t\t<\/div>\n<\/div><\/div><\/div><\/div><\/div><div class=\"vc_row wpb_row vc_row-fluid\" ><div class=\"wpb_column vc_column_container vc_col-sm-12\"><div class=\"vc_column-inner\"><div class=\"wpb_wrapper\">\n\t<div class=\"wpb_text_column wpb_content_element\" >\n\t\t<div class=\"wpb_wrapper\">\n\t\t\t<h4><b><i>\u00c1ttekint\u00e9s<\/i><\/b><\/h4>\n<p>T\u00f6lts\u00f6n el egy napot a tengerparton, \u00e9s hagyja, hogy a lelke \u00e1radjon, t\u00e1vol a turisztikai ter\u00fcletekt\u0151l \u00e9s a stresszt\u0151l. J\u00f6jj\u00f6n \u00e9s fedezze fel a Jaragua Nemzeti Parkot \u00e9s a Bahia de las \u00c1guilast. Vezessen v\u00e9gig egy gy\u00f6ny\u00f6r\u0171 \u00faton, ahonnan l\u00e9legzetel\u00e1ll\u00edt\u00f3 kil\u00e1t\u00e1s ny\u00edlik a kis kik\u00f6t\u0151re \u00e9s Cabo Rojo hal\u00e1szfalura. Las Cuevasban felsz\u00e1ll egy haj\u00f3ra, amely 15 perces \u00fatra viszi a vil\u00e1g egyik legszebb term\u00e9szetes strandj\u00e1ra. Bah\u00eda de las Aguilas homokja \u00e9rintetlen, az \u00f6b\u00f6l pedig 8 km-es. Tapasztalja meg a kiv\u00e9teles tengerparti t\u00e1jat, ahol a krist\u00e1lytiszta v\u00edz \u00e1rnyalatai t\u00fcrkizt\u0151l az op\u00e1lk\u00e9kig olvadnak a horizontba. Az eb\u00e9det a tengerparton szolg\u00e1lj\u00e1k fel, menjen \u00faszni vagy sznorkelezzen, \u00e9s fedezze fel ezt az \u00e9rintetlen term\u00e9szeti paradicsomot.<\/p>\n<p>&nbsp;<\/p>\n<ul>\n<li>Helyi idegenvezet\u0151 biztons\u00e1gi tapasztalattal a k\u00f6rny\u00e9ken.<\/li>\n<li>Egy\u00e9ni sz\u00e1ll\u00edt\u00e1s<\/li>\n<li>A d\u00edjak benne vannak<\/li>\n<li>Eb\u00e9d<\/li>\n<li>Helyi idegenvezet\u0151 spanyol, angol vagy francia nyelven.<\/li>\n<li>T\u00far\u00e1z\u00e1s<\/li>\n<li>B\u00fav\u00e1rkod\u00e1s<\/li>\n<\/ul>\n<h4><b>Befoglal\u00e1sok \u00e9s kiz\u00e1r\u00e1sok<\/b><\/h4>\n<p>&nbsp;<\/p>\n<p><b>Z\u00e1rv\u00e1nyok<\/b><\/p>\n<ol>\n<li>Helyi idegenvezet\u0151 biztons\u00e1gi tapasztalattal a k\u00f6rny\u00e9ken.<\/li>\n<li>Kiscsoportos egy\u00e9ni sz\u00e1ll\u00edt\u00e1s<\/li>\n<li>Minden ad\u00f3, d\u00edj \u00e9s kezel\u00e9si k\u00f6lts\u00e9g<\/li>\n<li>Helyi ad\u00f3k<\/li>\n<li>Eb\u00e9d<\/li>\n<li>T\u00far\u00e1z\u00e1s<\/li>\n<li>Term\u00e9szetes medenc\u00e9k<\/li>\n<li>B\u00fav\u00e1rkod\u00e1s<\/li>\n<li>Minden tev\u00e9kenys\u00e9g<\/li>\n<\/ol>\n<p><b>Kiz\u00e1r\u00e1sok<\/b><\/p>\n<ol>\n<li>h\u00e1lap\u00e9nz<\/li>\n<li>Minden ital<\/li>\n<\/ol>\n<h4><em><strong>Indul\u00e1s \u00e9s vissza\u00fat<\/strong><\/em><\/h4>\n<p>A Foglal\u00e1si folyamat ut\u00e1n az utaz\u00f3 tal\u00e1lkoz\u00e1si pontot kap. A t\u00far\u00e1k tal\u00e1lkoz\u00e1si pontjainkon indulnak \u00e9s fejez\u0151dnek be.<\/p>\n<h2 class=\"styles__heading___mD4_3\" data-radium=\"true\">Bah\u00eda de las Aguilas: Napos tengerparti kir\u00e1ndul\u00e1s haj\u00f3val \u2013 napijegy \u2013 sznorkelez\u00e9s \u00e9s eb\u00e9d<\/h2>\n<h4><em>Mi v\u00e1rhat\u00f3?<\/em><\/h4>\n<p>Playa de las Aguilas az \u0151slakos sasr\u00f3l kapta a nev\u00e9t. A t\u00fara mag\u00e1nsz\u00e1ll\u00edt\u00e1ssal t\u00f6rt\u00e9nik Bahia de las Aguilasb\u00f3l, ahol lehet\u0151v\u00e9 teszi, hogy felfedezze ennek az afrodizi\u00e1kum strandnak a term\u00e9szeti csod\u00e1it egy nagyon elt\u00e9r\u0151 \u00e9s fenntarthat\u00f3 m\u00f3don. T\u00f6lts\u00f6n egy napot egy term\u00e9szetj\u00e1r\u00e1ssal az orsz\u00e1g d\u00e9li r\u00e9sz\u00e9n, ahol megismerheti a Bahia de las Aguil\u00e1t, a Dominikai K\u00f6zt\u00e1rsas\u00e1g egyik legszebb strandj\u00e1t, ahov\u00e1 motorcs\u00f3nakkal \u00e9rkez\u00fcnk erre a paradicsomi strandra, egy ter\u00fcletre. teljes m\u00e9rt\u00e9kben a k\u00f6rnyezetv\u00e9delmi t\u00f6rv\u00e9ny \u00e1ltal v\u00e9dett. T\u00f6lts\u00f6n el egy pihentet\u0151 id\u0151t Bahia de las Aguilasban, egy lakatlan term\u00e9szetv\u00e9delmi ter\u00fcleten \u00e9s nemzeti parkban, \u00e9s fogyasszon el egy barbecue st\u00edlus\u00fa eb\u00e9det a barlangokban.<\/p>\n<p>A nyugodt tenger \u00e9s az enyhe sz\u00e9l meg\u00f3vja \u00d6nt att\u00f3l, hogy t\u00fals\u00e1gosan szenvedjen a napt\u00f3l \u00e9s a melegt\u0151l. Legyen felfedez\u0151 a napra, \u00e9s fedezze fel az \u00f6kol\u00f3giai, term\u00e9szetes \u00e9s teljesen \u00e9rintetlen paradicsomot. T\u00f6bb mint 130 mad\u00e1rfajt figyelhet\u00fcnk meg, amelyek k\u00f6z\u00fcl 76 \u00e1lland\u00f3an az \u00f6b\u00f6lben \u00e9l, 10 endemikus \u00e9s 47 v\u00e1ndorl\u00f3.<\/p>\n<p>08.30 \u2013 Indul\u00e1s a tal\u00e1lkoz\u00e1si pontr\u00f3l<br \/>\n08.45 \u2013 Indul\u00e1s haj\u00f3val La Cueva falub\u00f3l a Bahia de las Aguilasba<br \/>\n12.30 \u2013 Tipikus eb\u00e9d a tengerparton<br \/>\n03.00 \u2013 Visszat\u00e9r\u00e9s La Cuev\u00e1ba<br \/>\n05.30 \u2013 \u00c9rkez\u00e9s a tal\u00e1lkoz\u00e1si pontra<\/p>\n<h4><em><strong>Mit kell vinni?<\/strong><\/em><\/h4>\n<ul>\n<li>Kamera<\/li>\n<li>Riaszt\u00f3 bimb\u00f3k<\/li>\n<li>Naptej<\/li>\n<li>V\u00edz<\/li>\n<li>Kalap<\/li>\n<li>K\u00e9nyelmes nadr\u00e1g<\/li>\n<li>Erdei t\u00faracip\u0151<\/li>\n<li>Szand\u00e1lok a tavaszi ter\u00fcletekre.<\/li>\n<li>\u00dasz\u00f3ruha<\/li>\n<\/ul>\n<p>&nbsp;<\/p>\n<h4><b><i>Sz\u00e1llodai \u00e1tv\u00e9tel<\/i><\/b><\/h4>\n<p>Ezen a t\u00far\u00e1n fel\u00e1r ellen\u00e9ben transzfert biztos\u00edtanak a sz\u00e1llod\u00e1b\u00f3l.<\/p>\n<p><b>Jegyzet:<\/b> Ha a t\u00fara\/kir\u00e1ndul\u00e1s indul\u00e1si id\u0151pontj\u00e1t\u00f3l sz\u00e1m\u00edtott 24 \u00f3r\u00e1n bel\u00fcl foglal, meg tudjuk szervezni a sz\u00e1llodai \u00e1tv\u00e9telt. Csak felvesz\u00fcnk Pedernales k\u00f6rny\u00e9k\u00e9n. Amint a v\u00e1s\u00e1rl\u00e1s befejez\u0151d\u00f6tt, elk\u00fcldj\u00fck \u00d6nnek a helyi idegenvezet\u0151nk teljes el\u00e9rhet\u0151s\u00e9gi adatait (telefonsz\u00e1m, e-mail c\u00edm stb.), hogy megszervezhess\u00fck az \u00e1tv\u00e9tel megszervez\u00e9s\u00e9t.<\/p>\n<h4><b><i>Tov\u00e1bbi inform\u00e1ci\u00f3k meger\u0151s\u00edt\u00e9se<\/i><\/b><\/h4>\n<ol>\n<li>A jegyek a t\u00fara befizet\u00e9s\u00e9t k\u00f6vet\u0151 nyugt\u00e1k. A fizet\u00e9st a telefonon tudod megjelen\u00edteni.<\/li>\n<li>A tal\u00e1lkoz\u00e1si pontot a foglal\u00e1si folyamat ut\u00e1n veszik \u00e1t.<\/li>\n<li>A gyermekeket feln\u0151tt k\u00eds\u00e9ret\u00e9ben kell biztos\u00edtani.<\/li>\n<li>Kerekessz\u00e9kkel nem megk\u00f6zel\u00edthet\u0151<\/li>\n<li>A csecsem\u0151knek \u00f6lben kell \u00fclni\u00fck<\/li>\n<li>H\u00e1tprobl\u00e9m\u00e1kkal k\u00fczd\u0151 utaz\u00f3knak nem aj\u00e1nlott<\/li>\n<li>Terhes utaz\u00f3knak nem aj\u00e1nlott<\/li>\n<li>Nincsenek sz\u00edvprobl\u00e9m\u00e1k vagy egy\u00e9b s\u00falyos eg\u00e9szs\u00e9g\u00fcgyi \u00e1llapotok<\/li>\n<li>A legt\u00f6bb utaz\u00f3 r\u00e9szt vehet<\/li>\n<\/ol>\n<h4><b><i>Lemond\u00e1si felt\u00e9telek<\/i><\/b><\/h4>\n<p>A teljes visszat\u00e9r\u00edt\u00e9s\u00e9rt k\u00e9rj\u00fck, olvassa el lemond\u00e1si szab\u00e1lyzatunkat\u00a0<a href=\"https:\/\/www.boattoursamana.com\/hu\/online-foglalas\/\" target=\"_blank\" rel=\"noopener\" data-saferedirecturl=\"https:\/\/www.google.com\/url?q=https:\/\/www.boattoursamana.com\/online-booking\/&amp;source=gmail&amp;ust=1672449202351000&amp;usg=AOvVaw1yAeVAPktmaVCqDujgUn90\">Kattints ide<\/a>. Az \u00f6sszeg elveszik, ha a foglal\u00e1st az utaz\u00e1s napj\u00e1n lemondj\u00e1k.<\/p>\n\n\t\t<\/div>\n\t<\/div>\n<\/div><\/div><\/div><\/div><div class=\"vc_row wpb_row vc_row-fluid\" ><div class=\"wpb_column vc_column_container vc_col-sm-12\"><div class=\"vc_column-inner\"><div class=\"wpb_wrapper\"><div class=\"vc_btn3-container vc_btn3-inline\" ><button class=\"vc_general vc_btn3 vc_btn3-size-md vc_btn3-shape-rounded vc_btn3-style-modern vc_btn3-color-green\">FOGLALD LE MOST<\/button><\/div><\/div><\/div><\/div><\/div>","protected":false},"excerpt":{"rendered":"<p><span style=\"vertical-align: inherit;\"><span style=\"vertical-align: inherit;\">V\u00e1s\u00e1roljon napijegyet Bahia las Aguilasba Pedernales ter\u00fclet\u00e9r\u0151l. T\u00f6lts\u00f6n el egy napot a tengerparton, \u00e9s hagyja, hogy a lelke \u00e1radjon, t\u00e1vol a turisztikai ter\u00fcletekt\u0151l \u00e9s minden stresszt\u0151l. J\u00f6jj\u00f6n \u00e9s fedezze fel a Jaragua Nemzeti Parkot \u00e9s a Bah\u00eda de las \u00c1guilast. Vezessen v\u00e9gig egy gy\u00f6ny\u00f6r\u0171 \u00faton, ahonnan leny\u0171g\u00f6z\u0151 kil\u00e1t\u00e1s ny\u00edlik a kis kik\u00f6t\u0151re \u00e9s Cabo Rojo hal\u00e1szfaluj\u00e1ra. Las Cuevasban felsz\u00e1ll egy haj\u00f3ra, amely 15 perces \u00fatra viszi a vil\u00e1g egyik legszebb term\u00e9szetes strandj\u00e1ra. A Sas-\u00f6b\u00f6l homokja \u00e9rintetlen, az \u00f6b\u00f6l hossza 8 km.<\/span><\/span><\/p>\n<p>Tapasztalja meg a kiv\u00e9teles tengerparti t\u00e1jat krist\u00e1lytiszta vizekkel, amelyek a t\u00fcrkizt\u0151l az op\u00e1lk\u00e9kig terjed\u0151 \u00e1rnyalatokban szikr\u00e1znak a l\u00e1that\u00e1ron. Az eb\u00e9det a tengerparton szolg\u00e1lj\u00e1k fel, \u00fasszon vagy sznorkelezzen, \u00e9s fedezze fel ezt az \u00e9rintetlen term\u00e9szeti paradicsomot.<\/p>\n<p><em><strong>V\u00e1lassza ki az utaz\u00e1s napj\u00e1t:<\/strong><\/em><\/p>","protected":false},"featured_media":9739,"template":"","meta":[],"product_cat":[549,160],"product_tag":[557,554,555,563,560,556,564,559,553,567,566,561,565,558,562],"class_list":["post-11750","product","type-product","status-publish","has-post-thumbnail","hentry","product_cat-bahia-de-las-aguilas-dominican-republic","product_cat-lunch","product_tag-bahia-de-las-aguilas","product_tag-bahia-de-las-aguilas-pedernales","product_tag-bahia-de-las-aguilas-beach-tour","product_tag-bahia-de-las-aguilas-hoteles","product_tag-bahia-de-las-aguilas-map","product_tag-bahia-de-las-aguilas-private-tour","product_tag-bahia-de-las-aguilas-republica-dominicana-hotel","product_tag-bahia-de-las-aguilas-tour-from-punta-cana","product_tag-bahia-de-las-aguilas-beach-day-trip-by-boat","product_tag-bahia-las-aguilas-tours","product_tag-barahona-tours","product_tag-closest-airport-to-bahia-de-las-aguilas","product_tag-hotel-barahona","product_tag-playa-bahia-de-las-aguilas-dominican-republic","product_tag-tours-a-bahia-de-las-aguilas-desde-santo-domingo"],"_links":{"self":[{"href":"https:\/\/www.boattoursamana.com\/hu\/wp-json\/wp\/v2\/product\/11750","targetHints":{"allow":["GET"]}}],"collection":[{"href":"https:\/\/www.boattoursamana.com\/hu\/wp-json\/wp\/v2\/product"}],"about":[{"href":"https:\/\/www.boattoursamana.com\/hu\/wp-json\/wp\/v2\/types\/product"}],"wp:featuredmedia":[{"embeddable":true,"href":"https:\/\/www.boattoursamana.com\/hu\/wp-json\/wp\/v2\/media\/9739"}],"wp:attachment":[{"href":"https:\/\/www.boattoursamana.com\/hu\/wp-json\/wp\/v2\/media?parent=11750"}],"wp:term":[{"taxonomy":"product_cat","embeddable":true,"href":"https:\/\/www.boattoursamana.com\/hu\/wp-json\/wp\/v2\/product_cat?post=11750"},{"taxonomy":"product_tag","embeddable":true,"href":"https:\/\/www.boattoursamana.com\/hu\/wp-json\/wp\/v2\/product_tag?post=11750"}],"curies":[{"name":"wp","href":"https:\/\/api.w.org\/{rel}","templated":true}]}}