{"id":15810,"date":"2023-07-15T07:44:18","date_gmt":"2023-07-15T07:44:18","guid":{"rendered":"https:\/\/www.ticketswhales.com\/altos-de-cano-hondo-mountain-bike-tour\/"},"modified":"2023-07-15T07:44:18","modified_gmt":"2023-07-15T07:44:18","slug":"altos-de-cano-hondo-mountain-bike-tour","status":"publish","type":"page","link":"https:\/\/www.boattoursamana.com\/tr\/altos-de-cano-hondo-dag-bisiklet-turu-2","title":{"rendered":"Altos de Ca\u00f1o Hondo + Da\u011f Bisikleti Turu"},"content":{"rendered":"<p><span style=\"font-weight: 400;\">Cano Hondo, b\u00f6lgenin yerel \u00e7ift\u00e7ileri taraf\u0131ndan verilen bir isimdir ve bu isim, bulundu\u011fu yerin co\u011frafya t\u00fcr\u00fcnden gelmektedir, buras\u0131 deniz seviyesinin alt\u0131ndad\u0131r ve Jivales ve Cano Hondo gibi yer alt\u0131 nehirlerinden do\u011frudan gelen k\u00fc\u00e7\u00fck kaynaklar vard\u0131r. Los Haitises Da\u011f\u0131.\u00a0<\/span><br \/>\nn<br \/>\nn&nbsp;<br \/>\nn<br \/>\nn<span style=\"font-weight: 400;\"><span style=\"vertical-align: inherit;\"><span style=\"vertical-align: inherit;\">Yolun bir par\u00e7as\u0131yken, Los Haitises Ulusal Park\u0131&#039;n\u0131 ziyaret eden Altos de Cano Hondo&#039;yu ziyaret edin, 1600 km2&#039;den daha b\u00fcy\u00fck bir ulusal park ve d\u00fcnyan\u0131n en b\u00fcy\u00fck \u00e7al\u0131lar\u0131ndan biri.\u00a0<\/span><\/span><\/span><br \/>\nn<br \/>\nn<span style=\"font-weight: 400;\"><span style=\"vertical-align: inherit;\"><span style=\"vertical-align: inherit;\">Altos de Cano Hondo&#039;da bir turta kayd\u0131ndan sonra, kamp \u00f6ncesi do\u011fal bal\u0131klar\u0131 tuzlamak i\u00e7in haz\u0131rlay\u0131n ve kamptan sonra, Sabana de la Mart&#039;a geri d\u00f6n\u00fcn. Mart ay\u0131nda, bu gezi, geli\u015fiyle ayn\u0131 \u015fekilde sona eriyor.<\/span><\/span><\/span><br \/>\nn<br \/>\nn<span style=\"font-weight: 400;\"><span style=\"vertical-align: inherit;\"><span style=\"vertical-align: inherit;\">D.<\/span><\/span><\/span><br \/>\nn<br \/>\nn&nbsp;<br \/>\nn<br \/>\nn<strong><span style=\"vertical-align: inherit;\"><span style=\"vertical-align: inherit;\">Tur i\u00e7in se\u00e7im yap\u0131n:<\/span><\/span><\/strong><\/p>\n<p>&nbsp;<\/p>\n<div class=\"vc_row wpb_row vc_row-fluid\" ><div class=\"wpb_column vc_column_container vc_col-sm-12\"><div class=\"vc_column-inner\"><div class=\"wpb_wrapper\"><div class=\"vc_empty_space\"   style=\"height: 32px\"><span class=\"vc_empty_space_inner\"><\/span><\/div><\/div><\/div><\/div><\/div><div class=\"vc_row wpb_row vc_row-fluid\" ><div class=\"wpb_column vc_column_container vc_col-sm-12\"><div class=\"vc_column-inner\"><div class=\"wpb_wrapper\"><\/div><\/div><\/div><\/div><div class=\"vc_row wpb_row vc_row-fluid\" ><div class=\"wpb_column vc_column_container vc_col-sm-12\"><div class=\"vc_column-inner\"><div class=\"wpb_wrapper\"><div class=\"vc_empty_space\"   style=\"height: 32px\"><span class=\"vc_empty_space_inner\"><\/span><\/div><\/div><\/div><\/div><\/div><div class=\"vc_row wpb_row vc_row-fluid\" ><div class=\"wpb_column vc_column_container vc_col-sm-12\"><div class=\"vc_column-inner\"><div class=\"wpb_wrapper\"><div class=\"vc_btn3-container vc_btn3-inline\" ><button class=\"vc_general vc_btn3 vc_btn3-size-md vc_btn3-shape-rounded vc_btn3-style-modern vc_btn3-color-green\">REZERVASYON YAP<\/button><\/div>\n\t<div class=\"wpb_text_column wpb_content_element\" >\n\t\t<div class=\"wpb_wrapper\">\n\t\t\t<p>\nn<\/p>\n<h4><b><i>genel bak\u0131\u015f<\/i><\/b><\/h4>\n<p>n<span style=\"font-weight: 400;\">Yerel bir uzmanla seyahat edin ve Sabana de la Mar&#039;dan ba\u015flayarak e\u015fsiz bir bisiklet deneyimi ya\u015fay\u0131n, bu tur sizi Dominik Cumhuriyeti k\u0131rsal\u0131n\u0131n g\u00fczel manzaras\u0131n\u0131 g\u00f6rmeye g\u00f6t\u00fcrecek. Bisikletinizi s\u00fcrerken merhaba diyebileceksiniz! m\u00fclklerine atlar\u0131n\u0131 veya motosikletlerini s\u00fcren \u00e7ift\u00e7ilere ve tur s\u0131ras\u0131nda Sabana de la Mar&#039;dan macera ve yerel k\u00fclt\u00fcrde ortaya \u00e7\u0131kabileceksiniz. Bu kasaba resmi olarak 1756&#039;da gelen yakla\u015f\u0131k on bir (11) aile taraf\u0131ndan kuruldu. \u0130spanya&#039;daki Kanarya Adalar\u0131&#039;ndan. Sabana de la Mar&#039;\u0131n ba\u015fl\u0131ca ekonomik faaliyetleri tar\u0131m, ekoturizm ve bal\u0131k\u00e7\u0131l\u0131kt\u0131r.\u00a0<\/span><br \/>\nn<br \/>\nn&nbsp;<br \/>\nn<br \/>\nn<span style=\"font-weight: 400;\">Dahil Edilenler ve Hari\u00e7 Tutulanlar<\/span><br \/>\nn<br \/>\nn&nbsp;<br \/>\nn<br \/>\nn<span style=\"font-weight: 400;\">Dahil olanlar<\/span><br \/>\nn<br \/>\nn&nbsp;<br \/>\nn<br \/>\nn<span style=\"font-weight: 400;\">bisiklet s\u00fcrmek<\/span><br \/>\nn<br \/>\nnLunch with Locals<br \/>\nn<br \/>\nn<span style=\"font-weight: 400;\">Altos de Ca\u00f1o Hondo ve Do\u011fal Havuzlar<\/span><br \/>\nn<br \/>\nn<span style=\"font-weight: 400;\">T\u00fcm vergiler, \u00fccretler ve i\u015flem \u00fccretleri<\/span><br \/>\nn<br \/>\nn<span style=\"font-weight: 400;\">Yerel vergiler<\/span><br \/>\nn<br \/>\nn<span style=\"font-weight: 400;\">Yetkililer Ekolojist tur rehberleri \u0130ngilizce\/\u0130spanyolca<\/span><br \/>\nn<br \/>\nn&nbsp;<br \/>\nn<br \/>\nn<span style=\"font-weight: 400;\">\u0130stisnalar<\/span><br \/>\nn<br \/>\nn&nbsp;<br \/>\nn<br \/>\nn<span style=\"font-weight: 400;\">Bah\u015fi\u015fler<\/span><br \/>\nn<br \/>\nn<span style=\"font-weight: 400;\">Aktar<\/span><br \/>\nn<br \/>\nn<span style=\"font-weight: 400;\">\u0130\u00e7ecek<\/span><br \/>\nn<br \/>\nn&nbsp;<br \/>\nn<br \/>\nn<span style=\"font-weight: 400;\">Gidi\u015f &amp; D\u00f6n\u00fc\u015f<\/span><br \/>\nn<br \/>\nn&nbsp;<br \/>\nn<br \/>\nn<span style=\"font-weight: 400;\">\u201cBooking Adventures\u201d taraf\u0131ndan d\u00fczenlenen tur, Tur Rehberi ile belirlenen bulu\u015fma noktas\u0131nda ba\u015flar. Yolcu, Rezervasyon \u0130\u015fleminden sonra bir bulu\u015fma noktas\u0131 alacakt\u0131r. Turlar bulu\u015fma noktalar\u0131m\u0131zda ba\u015flar ve biter.<\/span><br \/>\nn<br \/>\nn&nbsp;<br \/>\nn<br \/>\nn<span style=\"font-weight: 400;\">Ne bekleyebilece\u011finizi?<\/span><br \/>\nn<br \/>\nn<span style=\"font-weight: 400;\">Sabana de la Mar&#039;dan Bisiklet ve Altos de Cano Hondo ve Do\u011fal Havuzlar i\u00e7in biletinizi al\u0131n<\/span><br \/>\nn<br \/>\nn&nbsp;<br \/>\nn<br \/>\nn<span style=\"font-weight: 400;\">Bu Gezi, herhangi bir yere gitmeden \u00f6nce seyahat Acentelerimiz veya Tur Rehberiniz ile onaylaman\u0131z gereken bulu\u015fma noktas\u0131ndan ba\u015flar. Rehberinizle tan\u0131\u015ft\u0131\u011f\u0131n\u0131zda, tur ve g\u00fcn\u00fcn\u00fczle ilgili her \u015fey hakk\u0131nda bilgi alm\u0131\u015f olacaks\u0131n\u0131z.<\/span><br \/>\nn<br \/>\nn<span style=\"font-weight: 400;\">Herkes haz\u0131r oldu\u011funda, Forbes dergisi taraf\u0131ndan d\u00fcnyan\u0131n en iyi 10 ekoturizm destinasyonundan birini denetlemek i\u00e7in bir y\u00fcr\u00fcy\u00fc\u015f turuna ba\u015flayaca\u011f\u0131n\u0131z Altos de Cano Hondo ve Natural Pools&#039;a gidece\u011fiz bu macera s\u0131ras\u0131nda e\u015fsiz mimari hakk\u0131nda bilgi edineceksiniz. bu ecolodge&#039;un\u00a0<\/span><br \/>\nn<br \/>\nn<span style=\"font-weight: 400;\">Cano Hondo, b\u00f6lgenin yerel \u00e7ift\u00e7ileri taraf\u0131ndan verilen bir isimdir ve bu isim, bulundu\u011fu yerin co\u011frafya t\u00fcr\u00fcnden gelmektedir, buras\u0131 deniz seviyesinin alt\u0131ndad\u0131r ve Jivales ve Cano Hondo gibi yer alt\u0131 nehirlerinden do\u011frudan gelen k\u00fc\u00e7\u00fck kaynaklar vard\u0131r. Los Haitises Da\u011f\u0131.\u00a0<\/span><br \/>\nn<br \/>\nn<span style=\"font-weight: 400;\">Gezinizin bu b\u00f6l\u00fcm\u00fcnde, 1600 km2&#039;den fazla alan\u0131 ve d\u00fcnyan\u0131n en b\u00fcy\u00fck kire\u00e7ta\u015f\u0131 olu\u015fumlar\u0131ndan biri ile \u00fclkenin en b\u00fcy\u00fck milli parklar\u0131ndan biri olan Los Haitises Ulusal Park\u0131&#039;n\u0131n yan\u0131nda yer alan Altos de Cano Hondo&#039;yu ziyaret edeceksiniz.\u00a0<\/span><br \/>\nn<br \/>\nn&nbsp;<br \/>\nn<br \/>\nn<span style=\"font-weight: 400;\">Altos de Cano Hondo y\u00fcr\u00fcy\u00fc\u015f turunuzun ard\u0131ndan \u00f6\u011fle yeme\u011finden \u00f6nce do\u011fal havuzlara atlamaya haz\u0131rlan\u0131n ve \u00f6\u011fle yeme\u011finden sonra Sabana de la Mar&#039;a geri d\u00f6neceksiniz. Cano Hondo&#039;da 4 saat ve yar\u0131m saatlik aktivitelerin ard\u0131ndan da\u011f\u0131m\u0131z\u0131 s\u00fcrmeye ba\u015fl\u0131yoruz. Sabana de la Mar&#039;a bisikletle geri d\u00f6nerseniz, bu gezi ba\u015flad\u0131\u011f\u0131 yerde biter.<\/span><br \/>\nn<br \/>\nn&nbsp;<br \/>\nn<br \/>\nn<span style=\"font-weight: 400;\">Not: Bu turlar, Yetkili Ekolojist tur rehberleri e\u015fli\u011findedir. L\u00fctfen zaman\u0131nda rezervasyon yap\u0131n \u00e7\u00fcnk\u00fc parkta \u00e7ok fazla uzman yok.<\/span><br \/>\nn<br \/>\nn&nbsp;<br \/>\nn<br \/>\nn&nbsp;<br \/>\nn<br \/>\nn<span style=\"font-weight: 400;\">Ne getirmelisin?<\/span><br \/>\nn<\/p>\n<ul>\nn \t<\/p>\n<li style=\"font-weight: 400;\" aria-level=\"1\"><span style=\"font-weight: 400;\">Kamera<\/span><\/li>\n<p>n \t<\/p>\n<li style=\"font-weight: 400;\" aria-level=\"1\"><span style=\"font-weight: 400;\">Kovucu tomurcuklar<\/span><\/li>\n<p>n \t<\/p>\n<li style=\"font-weight: 400;\" aria-level=\"1\"><span style=\"font-weight: 400;\">G\u00fcne\u015f kremi<\/span><\/li>\n<p>n \t<\/p>\n<li style=\"font-weight: 400;\" aria-level=\"1\"><span style=\"font-weight: 400;\">rahat pantolon<\/span><\/li>\n<p>n \t<\/p>\n<li style=\"font-weight: 400;\" aria-level=\"1\"><span style=\"font-weight: 400;\">Ko\u015fu ayakkab\u0131s\u0131\u00a0<\/span><\/li>\n<p>n<\/ul>\n<p>n&nbsp;<br \/>\nn<\/p>\n<h4><b><i>otelden alma <\/i><\/b><\/h4>\n<p>n<span style=\"font-weight: 400;\">Bu tur i\u00e7in otelden alma hizmeti sunulmamaktad\u0131r. <\/span><br \/>\nn<br \/>\nn<b>Not:<\/b><span style=\"font-weight: 400;\"> tur\/Gezi hareket saatinden sonraki 24 saat i\u00e7inde rezervasyon yap\u0131yorsan\u0131z, ek \u00fccret kar\u015f\u0131l\u0131\u011f\u0131nda otelden alma ayarlayabiliriz. Sat\u0131n alma i\u015fleminiz tamamland\u0131\u011f\u0131nda, teslim alma d\u00fczenlemelerini organize etmesi i\u00e7in size yerel Tur rehberimizin eksiksiz ileti\u015fim bilgilerini (telefon numaras\u0131, e-posta adresi vb.) g\u00f6nderece\u011fiz.<\/span><br \/>\nn<\/p>\n<h4><b><i>Ek Bilgi Onay\u0131 <\/i><\/b><\/h4>\n<p>n<\/p>\n<ol>\nn \t<\/p>\n<li>Biletler, bu Tur i\u00e7in \u00f6deme yap\u0131ld\u0131ktan sonra Makbuzdur. \u00d6demeyi telefonunuzda g\u00f6sterebilirsiniz.<\/li>\n<p>n \t<\/p>\n<li style=\"font-weight: 400;\"><span style=\"font-weight: 400;\">Bulu\u015fma Noktas\u0131 Rezervasyon \u0130\u015fleminden Sonra Al\u0131nacakt\u0131r.<\/span><\/li>\n<p>n \t<\/p>\n<li style=\"font-weight: 400;\"><span style=\"font-weight: 400;\">\u00c7ocuklara bir yeti\u015fkin e\u015flik etmelidir.<\/span><\/li>\n<p>n \t<\/p>\n<li style=\"font-weight: 400;\"><span style=\"font-weight: 400;\"> Tekerlekli sandalye eri\u015fimine uygun de\u011fil <\/span><\/li>\n<p>n \t<\/p>\n<li style=\"font-weight: 400;\"><span style=\"font-weight: 400;\">Bebekler kuca\u011fa oturmal\u0131 <\/span><\/li>\n<p>n \t<\/p>\n<li style=\"font-weight: 400;\"><span style=\"font-weight: 400;\">S\u0131rt sorunu olan gezginler i\u00e7in \u00f6nerilmez<\/span><\/li>\n<p>n \t<\/p>\n<li style=\"font-weight: 400;\"><span style=\"font-weight: 400;\">Hamile gezginler i\u00e7in \u00f6nerilmez <\/span><\/li>\n<p>n \t<\/p>\n<li style=\"font-weight: 400;\"><span style=\"font-weight: 400;\"> Kalp problemi veya di\u011fer ciddi t\u0131bbi durumlar yok <\/span><\/li>\n<p>n \t<\/p>\n<li style=\"font-weight: 400;\"><span style=\"font-weight: 400;\">\u00c7o\u011fu gezgin kat\u0131labilir<\/span><\/li>\n<p>n<\/ol>\n<p>n<\/p>\n<h4><b><i>\u0130ptal politikas\u0131<\/i><\/b><\/h4>\n<p>nTam para iadesi i\u00e7in l\u00fctfen \u0130ptal politikalar\u0131m\u0131z\u0131 okuyun\u00a0<a href=\"https:\/\/www.boattoursamana.com\/tr\/cevrimici-rezervasyon\/\" target=\"_blank\" rel=\"noopener\" data-saferedirecturl=\"https:\/\/www.google.com\/url?q=https:\/\/www.boattoursamana.com\/online-booking\/&amp;source=gmail&amp;ust=1672449202351000&amp;usg=AOvVaw1yAeVAPktmaVCqDujgUn90\">Buraya T\u0131kla<\/a>. Seyahatle ayn\u0131 g\u00fcn rezervasyon iptal edilirse para kaybedilecektir.<\/p>\n\n\t\t<\/div>\n\t<\/div>\n<\/div><\/div><\/div><\/div><div class=\"vc_row wpb_row vc_row-fluid\" ><div class=\"wpb_column vc_column_container vc_col-sm-12\"><div class=\"vc_column-inner\"><div class=\"wpb_wrapper\"><div class=\"vc_empty_space\"   style=\"height: 32px\"><span class=\"vc_empty_space_inner\"><\/span><\/div>\n\t<div class=\"wpb_text_column wpb_content_element\" >\n\t\t<div class=\"wpb_wrapper\">\n\t\t\t<p>\nn<\/p>\n<h4>Bize Ula\u015f\u0131n?<\/h4>\n<p>n<\/p>\n<h5>Rezervasyon Maceralar\u0131<\/h5>\n<p>n<em><strong>Yerliler<\/strong>\u00a0ve\u00a0<strong>uyruklular<\/strong>\u00a0Tur Rehberleri ve Misafir Hizmetleri<\/em><br \/>\nn<br \/>\nn<span class=\"text-turquoise\">Rezervasyonlar:<\/span>\u00a0Dom s\u0131n\u0131rlar\u0131ndaki Turlar ve Geziler temsilci<br \/>\nn<br \/>\nn<img decoding=\"async\" class=\"emoji\" draggable=\"false\" src=\"https:\/\/s.w.org\/images\/core\/emoji\/11.2.0\/svg\/1f4de.svg\" alt=\" \" title=\"\">\u00a0Tel \/ Naber\u00a0\u00a0<a href=\"tel:+1-809-720-6035\">+1-809-720-6035<\/a>.<br \/>\nn<br \/>\nn<img decoding=\"async\" class=\"emoji\" draggable=\"false\" src=\"https:\/\/s.w.org\/images\/core\/emoji\/11.2.0\/svg\/1f4e9.svg\" alt=\" \" title=\"\">\u00a0<a href=\"mailto:info@bookingadventures.com.do\">info@bookingadventures.com.do<\/a><br \/>\nn<br \/>\nn<strong>Whatsapp ile Esnek \u00d6zel Turlar Ayarl\u0131yoruz:\u00a0<a href=\"tel:+18097206035\">+18097206035.<\/a><\/strong><\/p>\n\n\t\t<\/div>\n\t<\/div>\n<div class=\"vc_empty_space\"   style=\"height: 32px\"><span class=\"vc_empty_space_inner\"><\/span><\/div><\/div><\/div><\/div><\/div><div class=\"vc_row wpb_row vc_row-fluid\" ><div class=\"wpb_column vc_column_container vc_col-sm-12\"><div class=\"vc_column-inner\"><div class=\"wpb_wrapper\"><div class=\"vc_btn3-container vc_btn3-inline\" ><button class=\"vc_general vc_btn3 vc_btn3-size-md vc_btn3-shape-rounded vc_btn3-style-modern vc_btn3-color-green\">REZERVASYON YAP<\/button><\/div><\/div><\/div><\/div><\/div>","protected":false},"excerpt":{"rendered":"<p>Cano Hondo is a name given by the local farmers of the area and this name comes from the type of geography of the location, this place is below sea level and there are small springs like Jivales and Cano Hondo which are coming from underground river straight from Los Haitises Mountain.\u00a0 n n&nbsp; n nDurante esta parte de su viaje, visitar\u00e1 Altos de Cano Hondo, que se encuentra junto al Parque Nacional Los Haitises, uno de los parques nacionales [&hellip;]<\/p>\n","protected":false},"author":2,"featured_media":0,"parent":0,"menu_order":0,"comment_status":"open","ping_status":"closed","template":"","meta":{"footnotes":""},"class_list":["post-15810","page","type-page","status-publish","hentry"],"_links":{"self":[{"href":"https:\/\/www.boattoursamana.com\/tr\/wp-json\/wp\/v2\/pages\/15810","targetHints":{"allow":["GET"]}}],"collection":[{"href":"https:\/\/www.boattoursamana.com\/tr\/wp-json\/wp\/v2\/pages"}],"about":[{"href":"https:\/\/www.boattoursamana.com\/tr\/wp-json\/wp\/v2\/types\/page"}],"author":[{"embeddable":true,"href":"https:\/\/www.boattoursamana.com\/tr\/wp-json\/wp\/v2\/users\/2"}],"replies":[{"embeddable":true,"href":"https:\/\/www.boattoursamana.com\/tr\/wp-json\/wp\/v2\/comments?post=15810"}],"version-history":[{"count":0,"href":"https:\/\/www.boattoursamana.com\/tr\/wp-json\/wp\/v2\/pages\/15810\/revisions"}],"wp:attachment":[{"href":"https:\/\/www.boattoursamana.com\/tr\/wp-json\/wp\/v2\/media?parent=15810"}],"curies":[{"name":"wp","href":"https:\/\/api.w.org\/{rel}","templated":true}]}}